{"id":12542,"date":"2016-01-29T17:44:57","date_gmt":"2016-01-29T17:44:57","guid":{"rendered":"http:\/\/mula.es\/web\/?page_id=12542"},"modified":"2026-04-28T08:48:03","modified_gmt":"2026-04-28T06:48:03","slug":"seleccion-de-personal","status":"publish","type":"page","link":"https:\/\/mula.es\/web\/secretaria-general\/seleccion-de-personal\/","title":{"rendered":"Selecci\u00f3n de Personal"},"content":{"rendered":"<p><div class=\"fusion-fullwidth fullwidth-box fusion-builder-row-1 fusion-flex-container has-pattern-background has-mask-background nonhundred-percent-fullwidth non-hundred-percent-height-scrolling\" style=\"--awb-border-radius-top-left:0px;--awb-border-radius-top-right:0px;--awb-border-radius-bottom-right:0px;--awb-border-radius-bottom-left:0px;--awb-flex-wrap:wrap;\" ><div class=\"fusion-builder-row fusion-row fusion-flex-align-items-flex-start fusion-flex-content-wrap\" style=\"max-width:1144px;margin-left: calc(-4% \/ 2 );margin-right: calc(-4% \/ 2 );\"><div class=\"fusion-layout-column fusion_builder_column fusion-builder-column-0 fusion_builder_column_1_1 1_1 fusion-flex-column\" style=\"--awb-bg-size:cover;--awb-width-large:100%;--awb-margin-top-large:0px;--awb-spacing-right-large:1.92%;--awb-margin-bottom-large:20px;--awb-spacing-left-large:1.92%;--awb-width-medium:100%;--awb-order-medium:0;--awb-spacing-right-medium:1.92%;--awb-spacing-left-medium:1.92%;--awb-width-small:100%;--awb-order-small:0;--awb-spacing-right-small:1.92%;--awb-spacing-left-small:1.92%;\"><div class=\"fusion-column-wrapper fusion-column-has-shadow fusion-flex-justify-content-flex-start fusion-content-layout-column\"><div class=\"fusion-title title fusion-title-1 fusion-title-text fusion-title-size-three\" style=\"--awb-margin-top-small:0px;--awb-margin-right-small:0px;--awb-margin-bottom-small:20px;--awb-margin-left-small:0px;\"><div class=\"title-sep-container title-sep-container-left fusion-no-large-visibility fusion-no-medium-visibility fusion-no-small-visibility\"><div class=\"title-sep sep-double sep-solid\" style=\"border-color:#e0dede;\"><\/div><\/div><span class=\"awb-title-spacer fusion-no-large-visibility fusion-no-medium-visibility fusion-no-small-visibility\"><\/span><h3 class=\"fusion-title-heading title-heading-left\" style=\"margin:0;\"><strong>Procesos de selecci\u00f3n a\u00f1o 2026<\/strong><\/h3><span class=\"awb-title-spacer\"><\/span><div class=\"title-sep-container title-sep-container-right\"><div class=\"title-sep sep-double sep-solid\" style=\"border-color:#e0dede;\"><\/div><\/div><\/div><div class=\"accordian fusion-accordian\" style=\"--awb-border-size:1px;--awb-icon-size:13px;--awb-content-font-size:15px;--awb-icon-alignment:left;--awb-hover-color:#f9f9f9;--awb-border-color:#cccccc;--awb-background-color:#ffffff;--awb-divider-color:#e0dede;--awb-divider-hover-color:#e0dede;--awb-icon-color:#ffffff;--awb-title-color:#333333;--awb-content-color:#747474;--awb-icon-box-color:#333333;--awb-toggle-hover-accent-color:#e10707;--awb-title-font-family:&quot;Antic Slab&quot;;--awb-title-font-weight:regular;--awb-title-font-style:normal;--awb-title-font-size:15px;--awb-content-font-family:&quot;PT Sans&quot;;--awb-content-font-style:normal;--awb-content-font-weight:400;\"><div class=\"panel-group fusion-toggle-icon-boxed\" id=\"accordion-12542-1\"><div class=\"fusion-panel panel-default panel-8e84adf38b022d5c8 fusion-toggle-has-divider\" style=\"--awb-title-color:#333333;--awb-content-color:#747474;\"><div class=\"panel-heading\"><h4 class=\"panel-title toggle\" id=\"toggle_8e84adf38b022d5c8\"><a aria-expanded=\"false\" aria-controls=\"8e84adf38b022d5c8\" role=\"button\" data-toggle=\"collapse\" data-parent=\"#accordion-12542-1\" data-target=\"#8e84adf38b022d5c8\" href=\"#8e84adf38b022d5c8\"><span class=\"fusion-toggle-icon-wrapper\" aria-hidden=\"true\"><i class=\"fa-fusion-box active-icon awb-icon-minus\" aria-hidden=\"true\"><\/i><i class=\"fa-fusion-box inactive-icon awb-icon-plus\" aria-hidden=\"true\"><\/i><\/span><span class=\"fusion-toggle-heading\">Programa experiencial El Albacar - Selecci\u00f3n de personal docente<\/span><\/a><\/h4><\/div><div id=\"8e84adf38b022d5c8\" class=\"panel-collapse collapse \" aria-labelledby=\"toggle_8e84adf38b022d5c8\"><div class=\"panel-body toggle-content fusion-clearfix\">\n<ul>\n<li><a href=\"https:\/\/mula.es\/web\/wp-content\/uploads\/2026\/03\/BASES-SELECCION-PERSONAL-Y-ALUMNOS-PE-EL-ALBACAR-v.4.pdf\" target=\"_blank\" rel=\"noopener\">Bases &#8211; Fecha de publicaci\u00f3n 25\/03\/2026<\/a><\/li>\n<li><a href=\"https:\/\/mula.es\/web\/wp-content\/uploads\/2026\/03\/Solicitud-Coordinador-o-Docente.docx\" target=\"_blank\" rel=\"noopener\">Modelo de solicitud &#8211; Fecha de publicaci\u00f3n 25\/03\/2026<\/a><\/li>\n<li><a href=\"https:\/\/mula.es\/web\/wp-content\/uploads\/2026\/03\/Anexo-Autoevaluacion.docx\" target=\"_blank\" rel=\"noopener\">Modelo anexo autoevaluaci\u00f3n &#8211; Fecha de publicaci\u00f3n 25\/03\/2026<\/a><\/li>\n<li><a href=\"https:\/\/mula.es\/web\/wp-content\/uploads\/2026\/03\/anuncio.pdf\" target=\"_blank\" rel=\"noopener\">Anuncio BORM &#8211; Fecha de publicaci\u00f3n 25\/03\/2026<\/a><\/li>\n<li><a href=\"https:\/\/mula.es\/web\/wp-content\/uploads\/2026\/04\/Anuncio_1_44090_117184_2.pdf\">Listado provisional de admitidos y excluidos &#8211; Fecha de publicaci\u00f3n 15\/04\/2026<\/a><\/li>\n<li><a href=\"https:\/\/mula.es\/web\/wp-content\/uploads\/2026\/04\/Anuncio_2_55059_117184_6.pdf\" target=\"_blank\" rel=\"noopener\">Resoluci\u00f3n de alegaciones &#8211; Fecha de publicaci\u00f3n 22\/04\/2026<\/a><\/li>\n<li><a href=\"https:\/\/mula.es\/web\/wp-content\/uploads\/2026\/04\/Anuncio_3_57584_117184_9.pdf\">Resultados tras apertura de plicas &#8211; Fecha de publicaci\u00f3n 24\/04\/2026<\/a><\/li>\n<li><a href=\"https:\/\/mula.es\/web\/wp-content\/uploads\/2026\/04\/Anuncio_4_03705_117184_11.pdf\">Convocatoria entrevista &#8211; Fecha de publicaci\u00f3n 27\/04\/2026<\/a><\/li>\n<\/ul>\n<\/div><\/div><\/div><div class=\"fusion-panel panel-default panel-3a1a4c3c3f6311a72 fusion-toggle-has-divider\" style=\"--awb-title-color:#333333;--awb-content-color:#747474;\"><div class=\"panel-heading\"><h4 class=\"panel-title toggle\" id=\"toggle_3a1a4c3c3f6311a72\"><a aria-expanded=\"false\" aria-controls=\"3a1a4c3c3f6311a72\" role=\"button\" data-toggle=\"collapse\" data-parent=\"#accordion-12542-1\" data-target=\"#3a1a4c3c3f6311a72\" href=\"#3a1a4c3c3f6311a72\"><span class=\"fusion-toggle-icon-wrapper\" aria-hidden=\"true\"><i class=\"fa-fusion-box active-icon awb-icon-minus\" aria-hidden=\"true\"><\/i><i class=\"fa-fusion-box inactive-icon awb-icon-plus\" aria-hidden=\"true\"><\/i><\/span><span class=\"fusion-toggle-heading\">Programa experiencial El Albacar - Selecci\u00f3n de personal coordinador<\/span><\/a><\/h4><\/div><div id=\"3a1a4c3c3f6311a72\" class=\"panel-collapse collapse \" aria-labelledby=\"toggle_3a1a4c3c3f6311a72\"><div class=\"panel-body toggle-content fusion-clearfix\">\n<ul>\n<li><a href=\"https:\/\/mula.es\/web\/wp-content\/uploads\/2026\/03\/BASES-SELECCION-PERSONAL-Y-ALUMNOS-PE-EL-ALBACAR-v.4.pdf\" target=\"_blank\" rel=\"noopener\">Bases &#8211; Fecha de publicaci\u00f3n 25\/03\/2026<\/a><\/li>\n<li><a href=\"https:\/\/mula.es\/web\/wp-content\/uploads\/2026\/03\/Solicitud-Coordinador-o-Docente.docx\" target=\"_blank\" rel=\"noopener\">Modelo de solicitud &#8211; Fecha de publicaci\u00f3n 25\/03\/2026<\/a><\/li>\n<li><a href=\"https:\/\/mula.es\/web\/wp-content\/uploads\/2026\/03\/Anexo-Autoevaluacion.docx\" target=\"_blank\" rel=\"noopener\">Modelo anexo autoevaluaci\u00f3n &#8211; Fecha de publicaci\u00f3n 25\/03\/2026<\/a><\/li>\n<li><a href=\"https:\/\/mula.es\/web\/wp-content\/uploads\/2026\/03\/anuncio.pdf\" target=\"_blank\" rel=\"noopener\">Anuncio BORM &#8211; Fecha de publicaci\u00f3n 25\/03\/2026<\/a><\/li>\n<li><a href=\"https:\/\/mula.es\/web\/wp-content\/uploads\/2026\/04\/Anuncio_1_00115_117182_2.pdf\">Listado provisional de admitidos y excluidos &#8211; Fecha de publicaci\u00f3n 15\/04\/2026<\/a><\/li>\n<li><a href=\"https:\/\/mula.es\/web\/wp-content\/uploads\/2026\/04\/Anuncio_2_49485_117182_7.pdf\" target=\"_blank\" rel=\"noopener\">Resoluci\u00f3n de alegaciones &#8211; Fecha de publicaci\u00f3n 22\/04\/2026<\/a><\/li>\n<li><a href=\"https:\/\/mula.es\/web\/wp-content\/uploads\/2026\/04\/Anuncio_3_85389_117182_10.pdf\">Resultado tras apertura de plicas &#8211; Fecha de publicaci\u00f3n 24\/04\/2026<\/a><\/li>\n<li><a href=\"https:\/\/mula.es\/web\/wp-content\/uploads\/2026\/04\/Anuncio_4_10480_117182_12.pdf\">Estimaci\u00f3n alegaci\u00f3n y convocatoria entrevista &#8211; Fecha de publicaci\u00f3n 27\/04\/2026<\/a><\/li>\n<\/ul>\n<\/div><\/div><\/div><div class=\"fusion-panel panel-default panel-7f181d789baa5cc9a fusion-toggle-has-divider\" style=\"--awb-title-color:#333333;--awb-content-color:#747474;\"><div class=\"panel-heading\"><h4 class=\"panel-title toggle\" id=\"toggle_7f181d789baa5cc9a\"><a aria-expanded=\"false\" aria-controls=\"7f181d789baa5cc9a\" role=\"button\" data-toggle=\"collapse\" data-parent=\"#accordion-12542-1\" data-target=\"#7f181d789baa5cc9a\" href=\"#7f181d789baa5cc9a\"><span class=\"fusion-toggle-icon-wrapper\" aria-hidden=\"true\"><i class=\"fa-fusion-box active-icon awb-icon-minus\" aria-hidden=\"true\"><\/i><i class=\"fa-fusion-box inactive-icon awb-icon-plus\" aria-hidden=\"true\"><\/i><\/span><span class=\"fusion-toggle-heading\">Programa experiencial El Albacar - Selecci\u00f3n de alumnado trabajador<\/span><\/a><\/h4><\/div><div id=\"7f181d789baa5cc9a\" class=\"panel-collapse collapse \" aria-labelledby=\"toggle_7f181d789baa5cc9a\"><div class=\"panel-body toggle-content fusion-clearfix\">\n<ul>\n<li><a href=\"https:\/\/mula.es\/web\/wp-content\/uploads\/2026\/03\/BASES-SELECCION-PERSONAL-Y-ALUMNOS-PE-EL-ALBACAR-v.4.pdf\" target=\"_blank\" rel=\"noopener\">Bases &#8211; Fecha de publicaci\u00f3n 25\/03\/2026<\/a><\/li>\n<li><a href=\"https:\/\/mula.es\/web\/wp-content\/uploads\/2026\/03\/Solicitud-Alumnado.docx\" target=\"_blank\" rel=\"noopener\">Modelo de solicitud del alumnado &#8211; Fecha de publicaci\u00f3n 25\/03\/2026<\/a><\/li>\n<li><a href=\"https:\/\/mula.es\/web\/wp-content\/uploads\/2026\/03\/anuncio.pdf\" target=\"_blank\" rel=\"noopener\">Anuncio BORM &#8211; Fecha de publicaci\u00f3n 25\/03\/2026<\/a><\/li>\n<li><a href=\"https:\/\/mula.es\/web\/wp-content\/uploads\/2026\/04\/Anuncio_1_44306_106411_37.pdf\">Listado provisional de admitidos y excluidos &#8211; Fecha de publicaci\u00f3n 15\/04\/2026<\/a><\/li>\n<li><a href=\"https:\/\/mula.es\/web\/wp-content\/uploads\/2026\/04\/Anuncio_2_34175_106411_41.pdf\">Listado definitivo de admitidos y excluidos &#8211; Fecha de publicaci\u00f3n 20\/04\/2026<\/a><\/li>\n<li><a href=\"https:\/\/mula.es\/web\/wp-content\/uploads\/2026\/04\/Anuncio_3_89785_106411_44.pdf\" target=\"_blank\" rel=\"noopener\">Anuncio 3 &#8211; Fecha de publicaci\u00f3n 23\/04\/2026<\/a><\/li>\n<li><del><a href=\"https:\/\/mula.es\/web\/wp-content\/uploads\/2026\/04\/Anuncio_4_89643_106411_46.pdf\">Estimaci\u00f3n alegaci\u00f3n y convocatoria entrevista &#8211; Fecha de publicaci\u00f3n 27\/04\/2026<\/a><\/del><\/li>\n<li><a href=\"https:\/\/mula.es\/web\/wp-content\/uploads\/2026\/04\/Anuncio_4_80159_106411_48-2.pdf\">Correcci\u00f3n publicaci\u00f3n estimaci\u00f3n y convocatoria &#8211; Fecha de publicaci\u00f3n 28\/04\/2026<\/a><\/li>\n<\/ul>\n<\/div><\/div><\/div><div class=\"fusion-panel panel-default panel-7288c6e034d31abf9 fusion-toggle-has-divider\" style=\"--awb-title-color:#333333;--awb-content-color:#747474;\"><div class=\"panel-heading\"><h4 class=\"panel-title toggle\" id=\"toggle_7288c6e034d31abf9\"><a aria-expanded=\"false\" aria-controls=\"7288c6e034d31abf9\" role=\"button\" data-toggle=\"collapse\" data-parent=\"#accordion-12542-1\" data-target=\"#7288c6e034d31abf9\" href=\"#7288c6e034d31abf9\"><span class=\"fusion-toggle-icon-wrapper\" aria-hidden=\"true\"><i class=\"fa-fusion-box active-icon awb-icon-minus\" aria-hidden=\"true\"><\/i><i class=\"fa-fusion-box inactive-icon awb-icon-plus\" aria-hidden=\"true\"><\/i><\/span><span class=\"fusion-toggle-heading\">Selecci\u00f3n de un operario de usos m\u00faltiples<\/span><\/a><\/h4><\/div><div id=\"7288c6e034d31abf9\" class=\"panel-collapse collapse \" aria-labelledby=\"toggle_7288c6e034d31abf9\"><div class=\"panel-body toggle-content fusion-clearfix\">\n<ul>\n<li><a href=\"https:\/\/mula.es\/web\/wp-content\/uploads\/2026\/02\/Anuncio_1_operario_41130_96003_11.pdf\" target=\"_blank\" rel=\"noopener\">Anuncio 1 del Tribunal de selecci\u00f3n &#8211; Fecha de publicaci\u00f3n 11\/02\/2026<\/a><\/li>\n<li><a href=\"https:\/\/mula.es\/web\/wp-content\/uploads\/2026\/02\/Anuncio_2_operario_01929_96003_13.pdf\">Anuncio 2 del Tribunal de selecci\u00f3n &#8211; Fecha de publicaci\u00f3n 16\/02\/2026<\/a><\/li>\n<\/ul>\n<\/div><\/div><\/div><div class=\"fusion-panel panel-default panel-8ffc23dad11976b81 fusion-toggle-has-divider\" style=\"--awb-title-color:#333333;--awb-content-color:#747474;\"><div class=\"panel-heading\"><h4 class=\"panel-title toggle\" id=\"toggle_8ffc23dad11976b81\"><a aria-expanded=\"false\" aria-controls=\"8ffc23dad11976b81\" role=\"button\" data-toggle=\"collapse\" data-parent=\"#accordion-12542-1\" data-target=\"#8ffc23dad11976b81\" href=\"#8ffc23dad11976b81\"><span class=\"fusion-toggle-icon-wrapper\" aria-hidden=\"true\"><i class=\"fa-fusion-box active-icon awb-icon-minus\" aria-hidden=\"true\"><\/i><i class=\"fa-fusion-box inactive-icon awb-icon-plus\" aria-hidden=\"true\"><\/i><\/span><span class=\"fusion-toggle-heading\">Selecci\u00f3n de un conserje<\/span><\/a><\/h4><\/div><div id=\"8ffc23dad11976b81\" class=\"panel-collapse collapse \" aria-labelledby=\"toggle_8ffc23dad11976b81\"><div class=\"panel-body toggle-content fusion-clearfix\">\n<ul>\n<li><a href=\"https:\/\/mula.es\/web\/wp-content\/uploads\/2026\/02\/Anuncio_1_conserje_52534_96006_11.pdf\" target=\"_blank\" rel=\"noopener\">Anuncio 1 del Tribunal de selecci\u00f3n &#8211; Fecha de publicaci\u00f3n 11\/02\/2026<\/a><\/li>\n<li><a href=\"https:\/\/mula.es\/web\/wp-content\/uploads\/2026\/02\/Anuncio_2_conserje_14495_96006_13.pdf\">Anuncio 2 del Tribunal de selecci\u00f3n &#8211; Fecha de publicaci\u00f3n 16\/02\/2026<\/a><\/li>\n<\/ul>\n<\/div><\/div><\/div><\/div><\/div><\/div><\/div><\/div><\/div><div class=\"fusion-fullwidth fullwidth-box fusion-builder-row-2 fusion-flex-container has-pattern-background has-mask-background nonhundred-percent-fullwidth non-hundred-percent-height-scrolling\" style=\"--awb-border-radius-top-left:0px;--awb-border-radius-top-right:0px;--awb-border-radius-bottom-right:0px;--awb-border-radius-bottom-left:0px;--awb-flex-wrap:wrap;\" ><div class=\"fusion-builder-row fusion-row fusion-flex-align-items-flex-start fusion-flex-content-wrap\" style=\"max-width:1144px;margin-left: calc(-4% \/ 2 );margin-right: calc(-4% \/ 2 );\"><div class=\"fusion-layout-column fusion_builder_column fusion-builder-column-1 fusion_builder_column_1_1 1_1 fusion-flex-column\" style=\"--awb-bg-size:cover;--awb-width-large:100%;--awb-margin-top-large:0px;--awb-spacing-right-large:1.92%;--awb-margin-bottom-large:20px;--awb-spacing-left-large:1.92%;--awb-width-medium:100%;--awb-order-medium:0;--awb-spacing-right-medium:1.92%;--awb-spacing-left-medium:1.92%;--awb-width-small:100%;--awb-order-small:0;--awb-spacing-right-small:1.92%;--awb-spacing-left-small:1.92%;\"><div class=\"fusion-column-wrapper fusion-column-has-shadow fusion-flex-justify-content-flex-start fusion-content-layout-column\"><div class=\"fusion-title title fusion-title-2 fusion-title-text fusion-title-size-three\" style=\"--awb-margin-top-small:0px;--awb-margin-right-small:0px;--awb-margin-bottom-small:20px;--awb-margin-left-small:0px;\"><div class=\"title-sep-container title-sep-container-left fusion-no-large-visibility fusion-no-medium-visibility fusion-no-small-visibility\"><div class=\"title-sep sep-double sep-solid\" style=\"border-color:#e0dede;\"><\/div><\/div><span class=\"awb-title-spacer fusion-no-large-visibility fusion-no-medium-visibility fusion-no-small-visibility\"><\/span><h3 class=\"fusion-title-heading title-heading-left\" style=\"margin:0;\"><strong>Procesos de selecci\u00f3n a\u00f1o 2025<\/strong><\/h3><span class=\"awb-title-spacer\"><\/span><div class=\"title-sep-container title-sep-container-right\"><div class=\"title-sep sep-double sep-solid\" style=\"border-color:#e0dede;\"><\/div><\/div><\/div><div class=\"accordian fusion-accordian\" style=\"--awb-border-size:1px;--awb-icon-size:13px;--awb-content-font-size:15px;--awb-icon-alignment:left;--awb-hover-color:#f9f9f9;--awb-border-color:#cccccc;--awb-background-color:#ffffff;--awb-divider-color:#e0dede;--awb-divider-hover-color:#e0dede;--awb-icon-color:#ffffff;--awb-title-color:#333333;--awb-content-color:#747474;--awb-icon-box-color:#333333;--awb-toggle-hover-accent-color:#e10707;--awb-title-font-family:&quot;Antic Slab&quot;;--awb-title-font-weight:regular;--awb-title-font-style:normal;--awb-title-font-size:15px;--awb-content-font-family:&quot;PT Sans&quot;;--awb-content-font-style:normal;--awb-content-font-weight:400;\"><div class=\"panel-group fusion-toggle-icon-boxed\" id=\"accordion-12542-2\"><div class=\"fusion-panel panel-default panel-dd2fd9bb137d9302a fusion-toggle-has-divider\" style=\"--awb-title-color:#333333;--awb-content-color:#747474;\"><div class=\"panel-heading\"><h4 class=\"panel-title toggle\" id=\"toggle_dd2fd9bb137d9302a\"><a aria-expanded=\"false\" aria-controls=\"dd2fd9bb137d9302a\" role=\"button\" data-toggle=\"collapse\" data-parent=\"#accordion-12542-2\" data-target=\"#dd2fd9bb137d9302a\" href=\"#dd2fd9bb137d9302a\"><span class=\"fusion-toggle-icon-wrapper\" aria-hidden=\"true\"><i class=\"fa-fusion-box active-icon awb-icon-minus\" aria-hidden=\"true\"><\/i><i class=\"fa-fusion-box inactive-icon awb-icon-plus\" aria-hidden=\"true\"><\/i><\/span><span class=\"fusion-toggle-heading\">Convocatoria para la creaci\u00f3n de bolsa de empleo de funcionario\/a interino\/a arquitecto\/a t\u00e9cnico<\/span><\/a><\/h4><\/div><div id=\"dd2fd9bb137d9302a\" class=\"panel-collapse collapse \" aria-labelledby=\"toggle_dd2fd9bb137d9302a\"><div class=\"panel-body toggle-content fusion-clearfix\">\n<ul>\n<li><a href=\"https:\/\/borm.es\/services\/anuncio\/ano\/2025\/numero\/5599\/pdf?id=839731\">Publicaci\u00f3n BORM 25 de noviembre de 2025<\/a><\/li>\n<li><a href=\"https:\/\/mula.es\/web\/wp-content\/uploads\/2025\/11\/30029_CertificadoJGL_47676_106408_4.pdf\">Certificado aprobaci\u00f3n bases y tribunal JGL<\/a><\/li>\n<li><a href=\"https:\/\/mula.es\/web\/wp-content\/uploads\/2025\/11\/BASES-TECNICO-ARQUITECTO.pdf\">Bases<\/a><\/li>\n<li><a href=\"https:\/\/mula.es\/web\/wp-content\/uploads\/2025\/11\/NOTA-A-LAS-BASES_PLAZO-PRESENTACION.pdf\">Nota aclaratoria plazos presentaci\u00f3n solicitudes &#8211; Fecha de publicaci\u00f3n 26\/11\/2025<\/a><\/li>\n<li><a href=\"https:\/\/mula.es\/web\/wp-content\/uploads\/2025\/12\/anuncio-1.pdf\" target=\"_blank\" rel=\"noopener\">Rectificaci\u00f3n bases &#8211; BORM &#8211; Fecha de publicaci\u00f3n 03\/12\/2025<\/a><\/li>\n<li><a href=\"https:\/\/mula.es\/web\/wp-content\/uploads\/2025\/12\/Resolucion_72926_106408_6.pdf\">Resoluci\u00f3n lista provisional admitidos\/as &#8211; Fecha de publicaci\u00f3n 30\/12\/2025<\/a><\/li>\n<li><a href=\"https:\/\/mula.es\/web\/wp-content\/uploads\/2026\/01\/Anuncio_1_66378_106408_9.pdf\">Anuncio tribunal selecci\u00f3n n\u00ba1 &#8211; Valoraci\u00f3n de m\u00e9ritos &#8211; Fecha de publicaci\u00f3n 12\/01\/2026<\/a><\/li>\n<li><a href=\"https:\/\/mula.es\/web\/wp-content\/uploads\/2026\/01\/Anuncio_2_44967_106408_18-1.pdf\">Anuncio tribunal selecci\u00f3n n\u00ba2 &#8211; Resoluci\u00f3n alegaciones &#8211; Fecha de publicaci\u00f3n 16\/01\/2026<\/a><\/li>\n<li><a href=\"https:\/\/mula.es\/web\/wp-content\/uploads\/2026\/01\/Anuncio_3_57397_106408_24.pdf\">Anuncio tribunal selecci\u00f3n n\u00ba3 &#8211; Puntuaci\u00f3n provisional plicas &#8211; Fecha de publicaci\u00f3n 19\/01\/2026<\/a><\/li>\n<li><a href=\"https:\/\/mula.es\/web\/wp-content\/uploads\/2026\/01\/Anuncio_4_84221_106408_26.pdf\" target=\"_blank\" rel=\"noopener\">Anuncio tribunal selecci\u00f3n n\u00ba 4 &#8211; Plantilla provisional de respuestas &#8211; Fecha de publicaci\u00f3n 20\/01\/2026<\/a><\/li>\n<li><a href=\"https:\/\/mula.es\/web\/wp-content\/uploads\/2026\/01\/Anuncio_5_54508_106408_31.pdf\" target=\"_blank\" rel=\"noopener\">Anuncio tribunal selecci\u00f3n n\u00ba 5 &#8211; Aspirantes que han superado la primera prueba &#8211; Fecha de publicaci\u00f3n 26\/01\/2026<\/a><\/li>\n<li><a href=\"https:\/\/mula.es\/web\/wp-content\/uploads\/2026\/02\/Anuncio_7_07888_106408_34.pdf\">Anuncio tribunal selecci\u00f3n n\u00ba7 &#8211; Puntuaci\u00f3n provisional plicas ejercicio pr\u00e1ctico &#8211; Fecha de publicaci\u00f3n 02\/02\/2026<\/a><\/li>\n<li><a href=\"https:\/\/mula.es\/web\/wp-content\/uploads\/2026\/02\/Anuncio_8_89085_106408_37-1.pdf\" target=\"_blank\" rel=\"noopener\">Anuncio tribunal selecci\u00f3n n\u00ba 8 &#8211; Aspirantes que han superado el segundo ejercicio &#8211; Fecha de publicaci\u00f3n 04\/02\/2026<\/a><\/li>\n<li><a href=\"https:\/\/mula.es\/web\/wp-content\/uploads\/2026\/02\/Anuncio_9_31197_106408_47.pdf\">Anuncio tribunal selecci\u00f3n n\u00ba9 &#8211; Solicitud y publicaci\u00f3n ejercicio resuelto &#8211; Fecha de publicaci\u00f3n 05\/02\/2026<\/a><\/li>\n<li><a href=\"https:\/\/mula.es\/web\/wp-content\/uploads\/2026\/02\/Anuncio_10_89544_106408_50.pdf\">Anuncio tribunal selecci\u00f3n n\u00ba10 &#8211; Resultado proceso selectivo y resoluci\u00f3n alegaciones &#8211; Fecha de publicaci\u00f3n 09\/02\/2026<\/a><\/li>\n<li><a href=\"https:\/\/mula.es\/web\/wp-content\/uploads\/2026\/02\/2026_5782_3851517_Anuncio-11_11_02_2026_ArquitectoTecnico.pdf\">Anuncio tribunal selecci\u00f3n n\u00ba11 &#8211; Resoluci\u00f3n alegaci\u00f3n puntuaci\u00f3n final proceso &#8211; Fecha de publicaci\u00f3n 12\/02\/2026<\/a><\/li>\n<\/ul>\n<\/div><\/div><\/div><div class=\"fusion-panel panel-default panel-429fb0975bd29beab fusion-toggle-has-divider\" style=\"--awb-title-color:#333333;--awb-content-color:#747474;\"><div class=\"panel-heading\"><h4 class=\"panel-title toggle\" id=\"toggle_429fb0975bd29beab\"><a aria-expanded=\"false\" aria-controls=\"429fb0975bd29beab\" role=\"button\" data-toggle=\"collapse\" data-parent=\"#accordion-12542-2\" data-target=\"#429fb0975bd29beab\" href=\"#429fb0975bd29beab\"><span class=\"fusion-toggle-icon-wrapper\" aria-hidden=\"true\"><i class=\"fa-fusion-box active-icon awb-icon-minus\" aria-hidden=\"true\"><\/i><i class=\"fa-fusion-box inactive-icon awb-icon-plus\" aria-hidden=\"true\"><\/i><\/span><span class=\"fusion-toggle-heading\">Convocatoria para la creaci\u00f3n de bolsa de empleo de funcionario\/a interino\/a administrativo por programas <\/span><\/a><\/h4><\/div><div id=\"429fb0975bd29beab\" class=\"panel-collapse collapse \" aria-labelledby=\"toggle_429fb0975bd29beab\"><div class=\"panel-body toggle-content fusion-clearfix\">\n<ul>\n<li><a href=\"https:\/\/borm.es\/services\/anuncio\/ano\/2025\/numero\/5280\/pdf?id=839379\">Publicaci\u00f3n BORM 7 de noviembre de 2025<\/a><\/li>\n<li><a href=\"https:\/\/mula.es\/web\/wp-content\/uploads\/2025\/11\/30029_CertificadoJGL_76574_105824_5.pdf\">Certificado Junta de Gobierno Local<\/a><\/li>\n<li><a href=\"https:\/\/mula.es\/web\/wp-content\/uploads\/2025\/11\/BASE_FUNC_INTERINO_PROGRAMAS_INTERVENCION_33269_105824_6.pdf\">Bases creaci\u00f3n bolsa de empleo de funcionario\/a interino\/a por programas<\/a><\/li>\n<li><a href=\"https:\/\/mula.es\/web\/wp-content\/uploads\/2025\/11\/Resolucion_48436_105824_8.pdf\" target=\"_blank\" rel=\"noopener\">Resoluci\u00f3n lista provisional de admitidos &#8211; Fecha de publicaci\u00f3n 20\/11\/2025<\/a><\/li>\n<li><a href=\"https:\/\/mula.es\/web\/wp-content\/uploads\/2025\/11\/Resolucion_lista_de_admitidosas_definitiva_43608_105824_11.pdf\">Resoluci\u00f3n lista definitiva de admitidos &#8211; Fecha de publicaci\u00f3n 25\/11\/2025<\/a><\/li>\n<li><a href=\"https:\/\/mula.es\/web\/wp-content\/uploads\/2025\/12\/Anuncio-1_01-12-25_95554_105824_16.pdf\">Anuncio del tribunal calificador n\u00ba1 &#8211; Fecha de publicaci\u00f3n 02\/12\/2025<\/a><\/li>\n<li><a href=\"https:\/\/mula.es\/web\/wp-content\/uploads\/2025\/12\/Anuncio-2_03-12-25-1.pdf\">Anuncio del tribunal calificador n\u00ba2 &#8211; Fecha de publicaci\u00f3n 03\/12\/2025<\/a><\/li>\n<li><a href=\"https:\/\/mula.es\/web\/wp-content\/uploads\/2025\/12\/Anuncio-3_10-12-25_73639_105824_24.pdf\" target=\"_blank\" rel=\"noopener\">Anuncio del tribunal calificador n\u00ba 3 &#8211; Fecha de publicaci\u00f3n 10\/12\/2025<\/a><\/li>\n<li><a href=\"https:\/\/mula.es\/web\/wp-content\/uploads\/2025\/12\/Anuncio-4_11-12-25_10070_105824_27.pdf\" target=\"_blank\" rel=\"noopener\">Anuncio del tribunal calificador n\u00ba 4 &#8211; Fecha de publicaci\u00f3n 11\/12\/2025<\/a><\/li>\n<li><a href=\"https:\/\/mula.es\/web\/wp-content\/uploads\/2025\/12\/Anuncio-5_12-12-25_42813_105824_30.pdf\" target=\"_blank\" rel=\"noopener\">Anuncio del tribunal calificador n\u00ba 5 &#8211; Fecha de publicaci\u00f3n 12\/12\/2025<\/a><\/li>\n<li><a href=\"https:\/\/mula.es\/web\/wp-content\/uploads\/2025\/12\/Anuncio-6_15-12-25_08684_105824_33.pdf\" target=\"_blank\" rel=\"noopener\">Anuncio del tribunal calificador n\u00ba 6 &#8211; Fecha de publicaci\u00f3n 15\/12\/2025<\/a><\/li>\n<li><a href=\"https:\/\/mula.es\/web\/wp-content\/uploads\/2025\/12\/Anuncio-7_17-12-25_42871_105824_37.pdf\">Anuncio del tribunal calificador n\u00ba 7 &#8211; Fecha de publicaci\u00f3n 17\/12\/2025<\/a><\/li>\n<li><a href=\"https:\/\/mula.es\/web\/wp-content\/uploads\/2025\/12\/Anuncio-8_22-12-25_26491_105824_41.pdf\">Anuncio del tribunal calificador n\u00ba 8 &#8211; Fecha de publicaci\u00f3n 22\/12\/2025<\/a><\/li>\n<\/ul>\n<\/div><\/div><\/div><div class=\"fusion-panel panel-default panel-210be0bcc2ff1da93 fusion-toggle-has-divider\" style=\"--awb-title-color:#333333;--awb-content-color:#747474;\"><div class=\"panel-heading\"><h4 class=\"panel-title toggle\" id=\"toggle_210be0bcc2ff1da93\"><a aria-expanded=\"false\" aria-controls=\"210be0bcc2ff1da93\" role=\"button\" data-toggle=\"collapse\" data-parent=\"#accordion-12542-2\" data-target=\"#210be0bcc2ff1da93\" href=\"#210be0bcc2ff1da93\"><span class=\"fusion-toggle-icon-wrapper\" aria-hidden=\"true\"><i class=\"fa-fusion-box active-icon awb-icon-minus\" aria-hidden=\"true\"><\/i><i class=\"fa-fusion-box inactive-icon awb-icon-plus\" aria-hidden=\"true\"><\/i><\/span><span class=\"fusion-toggle-heading\">Convocatoria para proveer, mediante promoci\u00f3n interna, una plaza de Administrativo<\/span><\/a><\/h4><\/div><div id=\"210be0bcc2ff1da93\" class=\"panel-collapse collapse \" aria-labelledby=\"toggle_210be0bcc2ff1da93\"><div class=\"panel-body toggle-content fusion-clearfix\">\n<ul>\n<li><a href=\"https:\/\/mula.es\/web\/wp-content\/uploads\/2025\/08\/30029_CertificadoJGL_04249_99089_4.pdf\" target=\"_blank\" rel=\"noopener\">Certificado JGL &#8211; Fecha de publicaci\u00f3n 14\/08\/2025<\/a><\/li>\n<li><a href=\"https:\/\/mula.es\/web\/wp-content\/uploads\/2025\/08\/bases_anuncio_borm_13082025-1.pdf\" target=\"_blank\" rel=\"noopener\">Bases &#8211; BORM &#8211; Fecha de publicaci\u00f3n 14\/08\/2025<\/a><\/li>\n<li><a href=\"https:\/\/mula.es\/web\/wp-content\/uploads\/2025\/09\/anuncio.pdf\" target=\"_blank\" rel=\"noopener\">Listado provisional de admitidos y excluidos &#8211; Fecha de publicaci\u00f3n 12\/09\/2025<\/a><\/li>\n<li><a href=\"https:\/\/mula.es\/web\/wp-content\/uploads\/2025\/09\/2025_36028_7932529_Anuncio1_15_09_2025_PSEL-0005-2025.pdf\">Anuncio n\u00ba1 del tribunal de selecci\u00f3n &#8211; Fecha de publicaci\u00f3n 15\/09\/2025<\/a><\/li>\n<li><a href=\"https:\/\/mula.es\/web\/wp-content\/uploads\/2025\/09\/Anuncio2_19.09.2025_28249_99089_32.pdf\">Anuncio n\u00ba2 del tribunal de selecci\u00f3n &#8211; Fecha de publicaci\u00f3n 19\/09\/2025<\/a><\/li>\n<li><a href=\"https:\/\/mula.es\/web\/wp-content\/uploads\/2025\/09\/Anuncio3_24.09.2025_40926_99089_34-1.pdf\">Anuncio n\u00ba3 del tribunal de selecci\u00f3n &#8211; Fecha de publicaci\u00f3n 24\/09\/2025<\/a><\/li>\n<li><a href=\"https:\/\/mula.es\/web\/wp-content\/uploads\/2025\/09\/Anuncio4_26.09.2025.pdf\">Anuncio n\u00ba4 del tribunal de selecci\u00f3n &#8211; Fecha de publicaci\u00f3n 26\/09\/2025<\/a><\/li>\n<\/ul>\n<\/div><\/div><\/div><div class=\"fusion-panel panel-default panel-8324b4dfca92cee8f fusion-toggle-has-divider\" style=\"--awb-title-color:#333333;--awb-content-color:#747474;\"><div class=\"panel-heading\"><h4 class=\"panel-title toggle\" id=\"toggle_8324b4dfca92cee8f\"><a aria-expanded=\"false\" aria-controls=\"8324b4dfca92cee8f\" role=\"button\" data-toggle=\"collapse\" data-parent=\"#accordion-12542-2\" data-target=\"#8324b4dfca92cee8f\" href=\"#8324b4dfca92cee8f\"><span class=\"fusion-toggle-icon-wrapper\" aria-hidden=\"true\"><i class=\"fa-fusion-box active-icon awb-icon-minus\" aria-hidden=\"true\"><\/i><i class=\"fa-fusion-box inactive-icon awb-icon-plus\" aria-hidden=\"true\"><\/i><\/span><span class=\"fusion-toggle-heading\">Puesto a cubrir en Secretaria, mediante traslado interno<\/span><\/a><\/h4><\/div><div id=\"8324b4dfca92cee8f\" class=\"panel-collapse collapse \" aria-labelledby=\"toggle_8324b4dfca92cee8f\"><div class=\"panel-body toggle-content fusion-clearfix\">\n<ul>\n<li style=\"list-style-type: none;\">\n<ul>\n<li><a href=\"https:\/\/mula.es\/web\/wp-content\/uploads\/2025\/07\/JuntaGobiernoLocal_04.07.25_PuestoSecretaria-1.pdf\">Certificado Junta de Gobierno Local &#8211; Fecha de publicaci\u00f3n 04\/07\/2025<\/a><\/li>\n<li><a href=\"https:\/\/mula.es\/web\/wp-content\/uploads\/2025\/07\/CertificadoJuntaGobiernoLocal_04.07.25_PuestoSecretaria_74955_98439_5.pdf\">Certificado Junta de Gobierno Local firmado &#8211; Fecha de publicaci\u00f3n 09\/07\/2025<\/a>\n<ul>\n<li>Plazo de presentaci\u00f3n de instancias seg\u00fan acuerdo marco regulador empleados p\u00fablicos: 15 d\u00edas<\/li>\n<\/ul>\n<\/li>\n<li><a href=\"https:\/\/mula.es\/web\/wp-content\/uploads\/2025\/07\/Anuncio_1_65148_100661_2.pdf\" target=\"_blank\" rel=\"noopener\">Anuncio n\u00ba 1<\/a> &#8211; Fecha de publicaci\u00f3n 31\/07\/2025<\/li>\n<li><a href=\"https:\/\/mula.es\/web\/wp-content\/uploads\/2025\/09\/Anuncio_acta_3_65787_100661_6.pdf\" target=\"_blank\" rel=\"noopener\">Anuncio n\u00ba 2 &#8211; Fecha de publicaci\u00f3n 10\/09\/2025<\/a><\/li>\n<li><a href=\"https:\/\/mula.es\/web\/wp-content\/uploads\/2025\/09\/Anuncio_acta_4_80834_100661_8.pdf\" target=\"_blank\" rel=\"noopener\">Anuncio n\u00ba 3 &#8211; Fecha de publicaci\u00f3n 12\/09\/2025<\/a><\/li>\n<\/ul>\n<\/li>\n<\/ul>\n<\/div><\/div><\/div><div class=\"fusion-panel panel-default panel-54d393e106beae48b fusion-toggle-has-divider\" style=\"--awb-title-color:#333333;--awb-content-color:#747474;\"><div class=\"panel-heading\"><h4 class=\"panel-title toggle\" id=\"toggle_54d393e106beae48b\"><a aria-expanded=\"false\" aria-controls=\"54d393e106beae48b\" role=\"button\" data-toggle=\"collapse\" data-parent=\"#accordion-12542-2\" data-target=\"#54d393e106beae48b\" href=\"#54d393e106beae48b\"><span class=\"fusion-toggle-icon-wrapper\" aria-hidden=\"true\"><i class=\"fa-fusion-box active-icon awb-icon-minus\" aria-hidden=\"true\"><\/i><i class=\"fa-fusion-box inactive-icon awb-icon-plus\" aria-hidden=\"true\"><\/i><\/span><span class=\"fusion-toggle-heading\">Convocatoria para proveer, mediante promoci\u00f3n interna, una plaza de T\u00e9cnico de Desarrollo Tur\u00edstico<\/span><\/a><\/h4><\/div><div id=\"54d393e106beae48b\" class=\"panel-collapse collapse \" aria-labelledby=\"toggle_54d393e106beae48b\"><div class=\"panel-body toggle-content fusion-clearfix\">\n<ul>\n<li><a href=\"https:\/\/mula.es\/web\/wp-content\/uploads\/2025\/05\/proc_tec_turismo_2024.pdf\" target=\"_blank\" rel=\"noopener\">Bases del proceso selectivo &#8211; Fecha de publicaci\u00f3n 08\/05\/2025<\/a><\/li>\n<li><a href=\"https:\/\/mula.es\/web\/wp-content\/uploads\/2025\/07\/Decreto_89022_97406_5.pdf\">Lista provisional de admitidos y excluidos &#8211; Fecha de publicaci\u00f3n 03\/07\/2025<\/a><\/li>\n<li><a href=\"https:\/\/www.borm.es\/services\/anuncio\/ano\/2025\/numero\/3571\/pdf?id=837632\">Publicaci\u00f3n BORM: Lista provisional de admitidos y excluidos &#8211; Fecha de publicaci\u00f3n 17\/07\/2025<\/a><\/li>\n<li><a href=\"https:\/\/mula.es\/web\/wp-content\/uploads\/2025\/07\/Acta_2_14350_100659_1.pdf\">Acta n\u00ba 2 &#8211; Fecha de publicaci\u00f3n 31\/07\/2025<\/a><\/li>\n<li><a href=\"https:\/\/mula.es\/web\/wp-content\/uploads\/2025\/09\/Anuncio_acta_3_02201_100659_4.pdf\" target=\"_blank\" rel=\"noopener\">Acta n\u00ba 3 &#8211; Fecha de publicaci\u00f3n 02\/09\/2025<\/a><\/li>\n<li><a href=\"https:\/\/mula.es\/web\/wp-content\/uploads\/2025\/09\/Anuncio_acta_4_24261_100659_6.pdf\" target=\"_blank\" rel=\"noopener\">Acta n\u00ba 4 &#8211; Fecha de publicaci\u00f3n 05\/09\/2025<\/a><\/li>\n<\/ul>\n<\/div><\/div><\/div><div class=\"fusion-panel panel-default panel-456cd9df01f05303e fusion-toggle-has-divider\" style=\"--awb-title-color:#333333;--awb-content-color:#747474;\"><div class=\"panel-heading\"><h4 class=\"panel-title toggle\" id=\"toggle_456cd9df01f05303e\"><a aria-expanded=\"false\" aria-controls=\"456cd9df01f05303e\" role=\"button\" data-toggle=\"collapse\" data-parent=\"#accordion-12542-2\" data-target=\"#456cd9df01f05303e\" href=\"#456cd9df01f05303e\"><span class=\"fusion-toggle-icon-wrapper\" aria-hidden=\"true\"><i class=\"fa-fusion-box active-icon awb-icon-minus\" aria-hidden=\"true\"><\/i><i class=\"fa-fusion-box inactive-icon awb-icon-plus\" aria-hidden=\"true\"><\/i><\/span><span class=\"fusion-toggle-heading\">Programas Experienciales de Empleo y Formaci\u00f3n R\u00edo Mula<\/span><\/a><\/h4><\/div><div id=\"456cd9df01f05303e\" class=\"panel-collapse collapse \" aria-labelledby=\"toggle_456cd9df01f05303e\"><div class=\"panel-body toggle-content fusion-clearfix\">\n<p>En este proceso selectivo s\u00f3lo podr\u00e1n participar aquellas personas preseleccionadas y derivadas por el SEF.<\/p>\n<ul>\n<li><a href=\"https:\/\/mula.es\/web\/wp-content\/uploads\/2025\/03\/BASES_SELECCION_ALUMNOS_PE_RIO_MULA_14344_81473_42.pdf\">Bases Selecci\u00f3n Alumnos PE R\u00edo Mula &#8211; Fecha de publicaci\u00f3n 20\/03\/2015<\/a><\/li>\n<li><a href=\"https:\/\/mula.es\/web\/wp-content\/uploads\/2025\/03\/BASES_SELECCION_PERSONAL_DOCENTE_PE_RIO_MULA_10137_81473_45-1.pdf\">Bases Selecci\u00f3n Personal Docente PE R\u00edo Mula &#8211; Fecha de publicaci\u00f3n 20\/03\/2025<\/a><\/li>\n<li><a href=\"https:\/\/mula.es\/web\/wp-content\/uploads\/2025\/04\/Anuncio_1_95556_81473_48.pdf\">Anuncio n\u00ba1 proceso selectivo del alumnado PE R\u00edo Mula &#8211; Fecha de publicaci\u00f3n 03\/04\/2025<\/a><\/li>\n<li><a href=\"https:\/\/mula.es\/web\/wp-content\/uploads\/2025\/04\/Anuncio_1_Personal_Docente_Programa_Experiencial_49017_81473_55.pdf\" target=\"_blank\" rel=\"noopener\">Anuncio n\u00ba1 proceso selectivo del personal docente &#8211; Fecha de publicaci\u00f3n 09\/04\/2025<\/a><\/li>\n<li><a href=\"https:\/\/mula.es\/web\/wp-content\/uploads\/2025\/04\/Anuncio_2_91812_81473_54.pdf\" target=\"_blank\" rel=\"noopener\">Anuncio n\u00ba2 proceso selectivo de alumnado &#8211; Fecha de publicaci\u00f3n 09\/04\/2025<\/a><\/li>\n<li><a href=\"https:\/\/mula.es\/web\/wp-content\/uploads\/2025\/04\/Anuncio_2_Personal_Docente_Programa_Experiencial_59654_81473_94.pdf\">Anuncio n\u00ba2 proceso selectivo del personal docente &#8211; Fecha de publicaci\u00f3n 16\/04\/2025<\/a><\/li>\n<li><a href=\"https:\/\/mula.es\/web\/wp-content\/uploads\/2025\/04\/Anuncio_3_Personal_Docente_Programa_Experiencial_42444_81473_96.pdf\">Anuncio n\u00ba3 proceso selectivo del personal docente &#8211; Fecha de publicaci\u00f3n 24\/04\/2025<\/a><\/li>\n<li><a href=\"https:\/\/mula.es\/web\/wp-content\/uploads\/2025\/04\/Anuncio_3_alumnado_19392_81473_106.pdf\" target=\"_blank\" rel=\"noopener\">Anuncio n\u00ba3 proceso selectivo del alumnado &#8211; Fecha de publicaci\u00f3n 25\/04\/2025<\/a><\/li>\n<li><a href=\"https:\/\/mula.es\/web\/wp-content\/uploads\/2025\/04\/Anuncio_4_Personal_Docente_Programa_Experiencial_18817_81473_114.pdf\">Anuncio n\u00ba4 proceso selectivo del personal docente &#8211; Fecha de publicaci\u00f3n 25\/04\/2025<\/a><\/li>\n<li><a href=\"https:\/\/mula.es\/web\/wp-content\/uploads\/2025\/05\/Acta_6_docente_45074_81473_120.pdf\">Anuncio n\u00ba5 proceso selectivo del personal docente &#8211; Fecha de publicaci\u00f3n 14\/05\/2025<\/a><\/li>\n<\/ul>\n<\/div><\/div><\/div><div class=\"fusion-panel panel-default panel-c5550eda8dc85a462 fusion-toggle-has-divider\" style=\"--awb-title-color:#333333;--awb-content-color:#747474;\"><div class=\"panel-heading\"><h4 class=\"panel-title toggle\" id=\"toggle_c5550eda8dc85a462\"><a aria-expanded=\"false\" aria-controls=\"c5550eda8dc85a462\" role=\"button\" data-toggle=\"collapse\" data-parent=\"#accordion-12542-2\" data-target=\"#c5550eda8dc85a462\" href=\"#c5550eda8dc85a462\"><span class=\"fusion-toggle-icon-wrapper\" aria-hidden=\"true\"><i class=\"fa-fusion-box active-icon awb-icon-minus\" aria-hidden=\"true\"><\/i><i class=\"fa-fusion-box inactive-icon awb-icon-plus\" aria-hidden=\"true\"><\/i><\/span><span class=\"fusion-toggle-heading\">Selecci\u00f3n de una psic\u00f3logo\/a para el programa de apoyo psicosocial de j\u00f3venes del Ayuntamiento de Mula<\/span><\/a><\/h4><\/div><div id=\"c5550eda8dc85a462\" class=\"panel-collapse collapse \" aria-labelledby=\"toggle_c5550eda8dc85a462\"><div class=\"panel-body toggle-content fusion-clearfix\">\n<ul>\n<li><a href=\"https:\/\/mula.es\/web\/wp-content\/uploads\/2025\/03\/Acta_2_06938_79356_15-1.pdf\">Acta n\u00ba2 del tribunal calificador &#8211; Fecha de publicaci\u00f3n 08\/03\/2025<\/a><\/li>\n<li><a href=\"https:\/\/mula.es\/web\/wp-content\/uploads\/2025\/03\/Acta_3_37373_79356_16.pdf\">Acta n\u00ba3 del tribunal calificador &#8211; Fecha de publicaci\u00f3n 12\/03\/2025<\/a><\/li>\n<\/ul>\n<\/div><\/div><\/div><div class=\"fusion-panel panel-default panel-ce6571534321f2879 fusion-toggle-has-divider\" style=\"--awb-title-color:#333333;--awb-content-color:#747474;\"><div class=\"panel-heading\"><h4 class=\"panel-title toggle\" id=\"toggle_ce6571534321f2879\"><a aria-expanded=\"false\" aria-controls=\"ce6571534321f2879\" role=\"button\" data-toggle=\"collapse\" data-parent=\"#accordion-12542-2\" data-target=\"#ce6571534321f2879\" href=\"#ce6571534321f2879\"><span class=\"fusion-toggle-icon-wrapper\" aria-hidden=\"true\"><i class=\"fa-fusion-box active-icon awb-icon-minus\" aria-hidden=\"true\"><\/i><i class=\"fa-fusion-box inactive-icon awb-icon-plus\" aria-hidden=\"true\"><\/i><\/span><span class=\"fusion-toggle-heading\">Proceso de selecci\u00f3n de empleo p\u00fablico local: Dos conserjes<\/span><\/a><\/h4><\/div><div id=\"ce6571534321f2879\" class=\"panel-collapse collapse \" aria-labelledby=\"toggle_ce6571534321f2879\"><div class=\"panel-body toggle-content fusion-clearfix\">\n<ul>\n<li><a href=\"https:\/\/mula.es\/web\/wp-content\/uploads\/2025\/02\/ACTA_1_82132_88353_9.pdf\" target=\"_blank\" rel=\"noopener\">Acta n\u00ba 1<\/a>\n<ul>\n<li>Fecha de publicaci\u00f3n 25\/02\/2025<\/li>\n<\/ul>\n<\/li>\n<li><a href=\"https:\/\/mula.es\/web\/wp-content\/uploads\/2025\/03\/ACTA_2_RECTIFICADA_04731_88353_17.pdf\" target=\"_blank\" rel=\"noopener\">Acta n\u00ba 2<\/a>\n<ul>\n<li>Fecha de publicaci\u00f3n 14\/03\/2025<\/li>\n<\/ul>\n<\/li>\n<\/ul>\n<\/div><\/div><\/div><div class=\"fusion-panel panel-default panel-504939d0193154190 fusion-toggle-has-divider\" style=\"--awb-title-color:#333333;--awb-content-color:#747474;\"><div class=\"panel-heading\"><h4 class=\"panel-title toggle\" id=\"toggle_504939d0193154190\"><a aria-expanded=\"false\" aria-controls=\"504939d0193154190\" role=\"button\" data-toggle=\"collapse\" data-parent=\"#accordion-12542-2\" data-target=\"#504939d0193154190\" href=\"#504939d0193154190\"><span class=\"fusion-toggle-icon-wrapper\" aria-hidden=\"true\"><i class=\"fa-fusion-box active-icon awb-icon-minus\" aria-hidden=\"true\"><\/i><i class=\"fa-fusion-box inactive-icon awb-icon-plus\" aria-hidden=\"true\"><\/i><\/span><span class=\"fusion-toggle-heading\">Proceso de selecci\u00f3n Mi primer empleo para la contrataci\u00f3n de un educador social y un trabajador social<\/span><\/a><\/h4><\/div><div id=\"504939d0193154190\" class=\"panel-collapse collapse \" aria-labelledby=\"toggle_504939d0193154190\"><div class=\"panel-body toggle-content fusion-clearfix\">\n<ul>\n<li><a href=\"https:\/\/mula.es\/web\/wp-content\/uploads\/2025\/02\/ACTA_SELECCION_1_EDUCADOR_SOCIAL_pub.pdf\" target=\"_blank\" rel=\"noopener\">Acta 1 &#8211; Educador social<\/a><\/li>\n<li><a href=\"https:\/\/mula.es\/web\/wp-content\/uploads\/2025\/02\/ACTA_2_EDUCADOR_SOCIAL_pub.pdf\" target=\"_blank\" rel=\"noopener\">Acta 2 &#8211; Educador social<\/a><\/li>\n<li><a href=\"https:\/\/mula.es\/web\/wp-content\/uploads\/2025\/02\/ACTA_1_SELECCION_TRABAJADOR_SOCIAL_pub.pdf\" target=\"_blank\" rel=\"noopener\">Acta 1 &#8211; Trabajador social<\/a><\/li>\n<li><a href=\"https:\/\/mula.es\/web\/wp-content\/uploads\/2025\/02\/ACTA_2_TRABAJADOR_SOCIAL_pub.pdf\" target=\"_blank\" rel=\"noopener\">Acta 2 &#8211; Trabajador social<\/a><\/li>\n<li><a href=\"https:\/\/mula.es\/web\/wp-content\/uploads\/2025\/02\/ACTA_3_TRABAJADOR_SOCIAL_pub.pdf\" target=\"_blank\" rel=\"noopener\">Acta 3 &#8211; Trabajador social<\/a>\n<ul>\n<li>Fecha de publicaci\u00f3n 25\/02\/2025<\/li>\n<\/ul>\n<\/li>\n<\/ul>\n<\/div><\/div><\/div><div class=\"fusion-panel panel-default panel-7d267dd03b1e22b02 fusion-toggle-has-divider\" style=\"--awb-title-color:#333333;--awb-content-color:#747474;\"><div class=\"panel-heading\"><h4 class=\"panel-title toggle\" id=\"toggle_7d267dd03b1e22b02\"><a aria-expanded=\"false\" aria-controls=\"7d267dd03b1e22b02\" role=\"button\" data-toggle=\"collapse\" data-parent=\"#accordion-12542-2\" data-target=\"#7d267dd03b1e22b02\" href=\"#7d267dd03b1e22b02\"><span class=\"fusion-toggle-icon-wrapper\" aria-hidden=\"true\"><i class=\"fa-fusion-box active-icon awb-icon-minus\" aria-hidden=\"true\"><\/i><i class=\"fa-fusion-box inactive-icon awb-icon-plus\" aria-hidden=\"true\"><\/i><\/span><span class=\"fusion-toggle-heading\">Bolsa de empleo de funcionario\/a interino\/a por programas de psic\u00f3logo\/a, asesor\/a jur\u00eddico y trabajador\/a social (T\u00e9cnicos\/a del CAVI) - GRAL\/2743\/2024<\/span><\/a><\/h4><\/div><div id=\"7d267dd03b1e22b02\" class=\"panel-collapse collapse \" aria-labelledby=\"toggle_7d267dd03b1e22b02\"><div class=\"panel-body toggle-content fusion-clearfix\">\n<ul>\n<li style=\"list-style-type: none;\">\n<ul>\n<li><a href=\"https:\/\/www.borm.es\/services\/anuncio\/ano\/2025\/numero\/387\/pdf?id=833719\">Publicaci\u00f3n BORM &#8211; Fecha de publicaci\u00f3n 28\/01\/2025<\/a><\/li>\n<li><a href=\"https:\/\/mula.es\/web\/wp-content\/uploads\/2025\/01\/CertificadoAcuerdo_JuntaMU_00324_86374_3.pdf\">Certificado Junta de Gobierno Local aprobaci\u00f3n programa CAVI 2025 &#8211; Fecha de publicaci\u00f3n 28\/01\/2025<\/a><\/li>\n<li><a href=\"https:\/\/mula.es\/web\/wp-content\/uploads\/2025\/01\/BASES_CAVI_2025_75450_86374_1.pdf\">Bases bolsa de empleo &#8211; Fecha de publicaci\u00f3n 28\/01\/2025<\/a><\/li>\n<li><a href=\"https:\/\/mula.es\/web\/wp-content\/uploads\/2025\/02\/Resoluci-n-lista-provisional-de-admitidos-y-excluidos-y-anulaci-n-anterior-por-error-material_754385.pdf\">Resoluci\u00f3n lista provisional de admitidos y excluidos y anulaci\u00f3n anterior por error material en fecha &#8211; Fecha de publicaci\u00f3n 19\/02\/2025<\/a><\/li>\n<li><a href=\"https:\/\/mula.es\/web\/wp-content\/uploads\/2025\/02\/Resolucion_lista_provisional_de_admitidos_y_excluidos_y_anulacion_anterior_por_error_material_45402_89704_3.pdf\">Resoluci\u00f3n lista provisional de admitidos y excluidos y anulaci\u00f3n anterior por error material en fecha &#8211; Fecha de publicaci\u00f3n 19\/02\/2025<\/a><\/li>\n<li><a href=\"https:\/\/mula.es\/web\/wp-content\/uploads\/2025\/02\/Resoluci-n-lista-provisional-de-admitidos-y-excluidos-y-anulaci-n-anterior-por-error-material_755309.pdf\">Resoluci\u00f3n lista provisional de admitidos y excluidos y anulaci\u00f3n anterior por error material en fecha &#8211; Fecha de publicaci\u00f3n 19\/02\/2025<\/a><\/li>\n<li><a href=\"https:\/\/mula.es\/web\/wp-content\/uploads\/2025\/02\/Resolucion_lista_aprobados_definitiva_77223_.pdf\">Resoluci\u00f3n lista definitiva de admitidos y excluidos trabajador\/a social &#8211; Fecha de publicaci\u00f3n 25\/02\/2025<\/a><\/li>\n<li><a href=\"https:\/\/mula.es\/web\/wp-content\/uploads\/2025\/02\/Resoluci-n-lista-definitiva-de-admitidos-y-excluidos_759040-1.pdf\">Resoluci\u00f3n lista definitiva de admitidos y excluidos psic\u00f3logo\/a- Fecha de publicaci\u00f3n 25\/02\/2025<\/a><\/li>\n<li><a href=\"https:\/\/mula.es\/web\/wp-content\/uploads\/2025\/02\/75350_89694_19.pdf\">Nota informativa urgente tribunales &#8211; Fecha de publicaci\u00f3n 28\/02\/2025<\/a><\/li>\n<li><a href=\"https:\/\/mula.es\/web\/wp-content\/uploads\/2025\/03\/Resolucion_lista_provisional_de_admitidos_y_excluidos_y_anulacion_anterior_por_error_material_Resolu_26335_89707_130.pdf\">Resoluci\u00f3n lista definitiva de admitidos y excluidos psic\u00f3logo\/a y anulaci\u00f3n anterior por error material &#8211; Fecha de publicaci\u00f3n 04\/03\/2025<\/a><\/li>\n<li><a href=\"https:\/\/mula.es\/web\/wp-content\/uploads\/2025\/03\/Anuncio_tribunal_seleccion_asesora_juridica_del_CAVI_61430_91150_1.pdf\" target=\"_blank\" rel=\"noopener\">Anuncio del tribunal selecci\u00f3n de asesora jur\u00eddica &#8211; Fecha de publicaci\u00f3n 07\/03\/2025<\/a><\/li>\n<li><a href=\"https:\/\/mula.es\/web\/wp-content\/uploads\/2025\/03\/Anuncio_acta_3_Psicologa_CAVI_76452_91150_4.pdf\">Anuncio del tribunal selecci\u00f3n psic\u00f3logo\/a &#8211; Acta n\u00ba3 reclamaciones presentadas &#8211; Fecha de publicaci\u00f3n 11\/03\/2025<\/a><\/li>\n<li><a href=\"https:\/\/mula.es\/web\/wp-content\/uploads\/2025\/03\/Acta_4_Asesora_juridica_CAVI_73763_91150_3-1.pdf\">Anuncio del tribunal selecci\u00f3n asesor\/a jur\u00eddico &#8211; Acta 4 &#8211; Resultado apertura plicas &#8211; Fecha de publicaci\u00f3n 11\/03\/2025<\/a><\/li>\n<li><a href=\"https:\/\/mula.es\/web\/wp-content\/uploads\/2025\/03\/Anuncio_acta_5_trabajo_social_20106_91150_7.pdf\">Anuncio del tribunal selecci\u00f3n trabajador\/a social &#8211; Apertura plicas &#8211; Fecha de publicaci\u00f3n 12\/03\/2025<\/a><\/li>\n<li><a href=\"https:\/\/mula.es\/web\/wp-content\/uploads\/2025\/03\/Acta_5_Asesora_juridica_CAVI_27740_91150_9.pdf\">Anuncio del tribunal selecci\u00f3n asesor\/a jur\u00eddico &#8211; Acta n\u00ba5 propuesta nombramiento 14\/03\/2025<\/a><\/li>\n<li><a href=\"https:\/\/mula.es\/web\/wp-content\/uploads\/2025\/03\/ACTA_6_TRABAJADOR_SOCIAL_34983_91150_20.pdf\">Anuncio del tribunal selecci\u00f3n trabajador\/a social &#8211; Acta n\u00ba6 resultado apertura plicas &#8211; Fecha de publicaci\u00f3n 14\/03\/2025<\/a><\/li>\n<li><a href=\"https:\/\/mula.es\/web\/wp-content\/uploads\/2025\/03\/Acta_5_Asesora_juridica_CAVI_27740_91150_9-1.pdf\">Anuncio del tribunal selecci\u00f3n asesor\/a jur\u00eddico &#8211; Fecha de publicaci\u00f3n 21\/03\/2025<\/a><\/li>\n<li><a href=\"https:\/\/mula.es\/web\/wp-content\/uploads\/2025\/03\/Anuncio_acta_6_Psicologa_del_CAVI_95252_91150_25.pdf\">Anuncio del tribunal selecci\u00f3n psic\u00f3logo\/a &#8211; Acta n\u00ba6 apertura plicas &#8211; Fecha de publicaci\u00f3n 24\/03\/2025<\/a><\/li>\n<li><a href=\"https:\/\/mula.es\/web\/wp-content\/uploads\/2025\/03\/Acta_7_Trabajadora_Social_98254_91150_23-1.pdf\">Anuncio del tribunal selecci\u00f3n trabajador\/a social -Acta n\u00ba7 valoraci\u00f3n provisional m\u00e9ritos &#8211; Fecha de publicaci\u00f3n 24\/03\/2025<\/a><\/li>\n<li><a href=\"https:\/\/mula.es\/web\/wp-content\/uploads\/2025\/03\/Acta_8_Psicologa_CAVI_45123_91150_26.pdf\">Anuncio del tribunal selecci\u00f3n psic\u00f3logo\/a CAVI &#8211; Acta n\u00ba8 &#8211; Fecha de publicaci\u00f3n 27\/03\/2025<\/a><\/li>\n<li><a href=\"https:\/\/mula.es\/web\/wp-content\/uploads\/2025\/03\/Acta_8_Trabajadora_Social_08648_91150_27.pdf\">Anuncio del tribunal selecci\u00f3n trabajador\/a social &#8211; Acta n\u00ba8 &#8211; Fecha de publicaci\u00f3n 27\/03\/2025<\/a><\/li>\n<li><a href=\"https:\/\/mula.es\/web\/wp-content\/uploads\/2025\/04\/Acta_9_Trabajadora_Social_42039_91150_32.pdf\">Anuncio del tribunal selecci\u00f3n trabajador\/a social &#8211; Acta n\u00ba9 &#8211; Fecha de publicaci\u00f3n 02\/04\/2025<\/a><\/li>\n<li><a href=\"https:\/\/mula.es\/web\/wp-content\/uploads\/2025\/04\/Acta_9_Psicologa_CAVI_43478_91150_33.pdf\">Anuncio del tribunal selecci\u00f3n psic\u00f3logo\/a CAVI &#8211; Acta n\u00ba9 &#8211; Fecha de publicaci\u00f3n 02\/04\/2025<\/a><\/li>\n<li><a href=\"https:\/\/mula.es\/web\/wp-content\/uploads\/2025\/04\/Acta_10_Psicologa_CAVI_04098_91150_34.pdf\">Anuncio del tribunal selecci\u00f3n psic\u00f3logo\/a CAVI &#8211; Acta n\u00ba10 &#8211; Fecha de publicaci\u00f3n 03\/04\/2025<\/a><\/li>\n<li><a href=\"https:\/\/mula.es\/web\/wp-content\/uploads\/2025\/04\/Acta_11_Psicologa_CAVI_51600_91150_35.pdf\">Anuncio del tribunal selecci\u00f3n psic\u00f3logo\/a &#8211; Acta n\u00ba11 &#8211; Fecha de publicaci\u00f3n 08\/04\/2025<\/a><\/li>\n<\/ul>\n<\/li>\n<\/ul>\n<\/div><\/div><\/div><\/div><\/div><div class=\"fusion-title title fusion-title-3 fusion-title-text fusion-title-size-one\" style=\"--awb-margin-top:30px;--awb-margin-top-small:0px;--awb-margin-right-small:0px;--awb-margin-bottom-small:20px;--awb-margin-left-small:0px;\"><div class=\"title-sep-container title-sep-container-left fusion-no-large-visibility fusion-no-medium-visibility fusion-no-small-visibility\"><div class=\"title-sep sep-double sep-solid\" style=\"border-color:#e0dede;\"><\/div><\/div><span class=\"awb-title-spacer fusion-no-large-visibility fusion-no-medium-visibility fusion-no-small-visibility\"><\/span><h1 class=\"fusion-title-heading title-heading-left\" style=\"margin:0;\"><div class=\"video-shortcode\">\n<blockquote class=\"wp-embedded-content\" data-secret=\"DPOHjhuK4v\"><p><a href=\"https:\/\/mula.es\/web\/secretaria-general\/seleccion-de-personal-historico\/\">Selecci\u00f3n de Personal: Hist\u00f3rico<\/a><\/p><\/blockquote>\n<p><iframe class=\"wp-embedded-content\" sandbox=\"allow-scripts\" security=\"restricted\" style=\"position: absolute; clip: rect(1px, 1px, 1px, 1px);\" title=\"\u00abSelecci\u00f3n de Personal: Hist\u00f3rico\u00bb \u2014 Ayuntamiento de Mula\" src=\"https:\/\/mula.es\/web\/secretaria-general\/seleccion-de-personal-historico\/embed\/#?secret=KXAB5oUDXm#?secret=DPOHjhuK4v\" data-secret=\"DPOHjhuK4v\" width=\"600\" height=\"338\" frameborder=\"0\" marginwidth=\"0\" marginheight=\"0\" scrolling=\"no\"><\/iframe><\/div><\/h1><span class=\"awb-title-spacer\"><\/span><div class=\"title-sep-container title-sep-container-right\"><div class=\"title-sep sep-double sep-solid\" style=\"border-color:#e0dede;\"><\/div><\/div><\/div><\/div><\/div><\/div><\/div><\/p>\n","protected":false},"excerpt":{"rendered":"","protected":false},"author":1,"featured_media":0,"parent":12385,"menu_order":0,"comment_status":"closed","ping_status":"closed","template":"","meta":{"jetpack_post_was_ever_published":false,"footnotes":""},"class_list":["post-12542","page","type-page","status-publish","hentry"],"yoast_head":"<!-- This site is optimized with the Yoast SEO plugin v27.5 - https:\/\/yoast.com\/product\/yoast-seo-wordpress\/ -->\n<title>Selecci\u00f3n de Personal - Ayuntamiento de Mula<\/title>\n<meta name=\"robots\" content=\"index, follow, max-snippet:-1, max-image-preview:large, max-video-preview:-1\" \/>\n<link rel=\"canonical\" href=\"https:\/\/mula.es\/web\/secretaria-general\/seleccion-de-personal\/\" \/>\n<meta property=\"og:locale\" content=\"es_ES\" \/>\n<meta property=\"og:type\" content=\"article\" \/>\n<meta property=\"og:title\" content=\"Selecci\u00f3n de Personal - Ayuntamiento de Mula\" \/>\n<meta property=\"og:url\" content=\"https:\/\/mula.es\/web\/secretaria-general\/seleccion-de-personal\/\" \/>\n<meta property=\"og:site_name\" content=\"Ayuntamiento de Mula\" \/>\n<meta property=\"article:modified_time\" content=\"2026-04-28T06:48:03+00:00\" \/>\n<meta property=\"og:image\" content=\"https:\/\/mula.es\/web\/wp-content\/uploads\/2020\/06\/escudo-cuadrado-e1591045058235.jpg\" \/>\n\t<meta property=\"og:image:width\" content=\"200\" \/>\n\t<meta property=\"og:image:height\" content=\"218\" \/>\n\t<meta property=\"og:image:type\" content=\"image\/jpeg\" \/>\n<meta name=\"twitter:card\" content=\"summary_large_image\" \/>\n<meta name=\"twitter:site\" content=\"@AyuntamientMula\" \/>\n<meta name=\"twitter:label1\" content=\"Tiempo de lectura\" \/>\n\t<meta name=\"twitter:data1\" content=\"7 minutos\" \/>\n<script type=\"application\/ld+json\" class=\"yoast-schema-graph\">{\"@context\":\"https:\\\/\\\/schema.org\",\"@graph\":[{\"@type\":\"WebPage\",\"@id\":\"https:\\\/\\\/mula.es\\\/web\\\/secretaria-general\\\/seleccion-de-personal\\\/\",\"url\":\"https:\\\/\\\/mula.es\\\/web\\\/secretaria-general\\\/seleccion-de-personal\\\/\",\"name\":\"Selecci\u00f3n de Personal - Ayuntamiento de Mula\",\"isPartOf\":{\"@id\":\"https:\\\/\\\/mula.es\\\/web\\\/#website\"},\"datePublished\":\"2016-01-29T17:44:57+00:00\",\"dateModified\":\"2026-04-28T06:48:03+00:00\",\"breadcrumb\":{\"@id\":\"https:\\\/\\\/mula.es\\\/web\\\/secretaria-general\\\/seleccion-de-personal\\\/#breadcrumb\"},\"inLanguage\":\"es\",\"potentialAction\":[{\"@type\":\"ReadAction\",\"target\":[\"https:\\\/\\\/mula.es\\\/web\\\/secretaria-general\\\/seleccion-de-personal\\\/\"]}]},{\"@type\":\"BreadcrumbList\",\"@id\":\"https:\\\/\\\/mula.es\\\/web\\\/secretaria-general\\\/seleccion-de-personal\\\/#breadcrumb\",\"itemListElement\":[{\"@type\":\"ListItem\",\"position\":1,\"name\":\"Portada\",\"item\":\"https:\\\/\\\/mula.es\\\/web\\\/\"},{\"@type\":\"ListItem\",\"position\":2,\"name\":\"Secretar\u00eda General\",\"item\":\"https:\\\/\\\/mula.es\\\/web\\\/secretaria-general\\\/\"},{\"@type\":\"ListItem\",\"position\":3,\"name\":\"Selecci\u00f3n de Personal\"}]},{\"@type\":\"WebSite\",\"@id\":\"https:\\\/\\\/mula.es\\\/web\\\/#website\",\"url\":\"https:\\\/\\\/mula.es\\\/web\\\/\",\"name\":\"Ayuntamiento de Mula\",\"description\":\"P\u00e1gina web del Ayuntamiento de Mula (Regi\u00f3n de Murcia)\",\"potentialAction\":[{\"@type\":\"SearchAction\",\"target\":{\"@type\":\"EntryPoint\",\"urlTemplate\":\"https:\\\/\\\/mula.es\\\/web\\\/?s={search_term_string}\"},\"query-input\":{\"@type\":\"PropertyValueSpecification\",\"valueRequired\":true,\"valueName\":\"search_term_string\"}}],\"inLanguage\":\"es\"}]}<\/script>\n<!-- \/ Yoast SEO plugin. -->","yoast_head_json":{"title":"Selecci\u00f3n de Personal - Ayuntamiento de Mula","robots":{"index":"index","follow":"follow","max-snippet":"max-snippet:-1","max-image-preview":"max-image-preview:large","max-video-preview":"max-video-preview:-1"},"canonical":"https:\/\/mula.es\/web\/secretaria-general\/seleccion-de-personal\/","og_locale":"es_ES","og_type":"article","og_title":"Selecci\u00f3n de Personal - Ayuntamiento de Mula","og_url":"https:\/\/mula.es\/web\/secretaria-general\/seleccion-de-personal\/","og_site_name":"Ayuntamiento de Mula","article_modified_time":"2026-04-28T06:48:03+00:00","og_image":[{"width":200,"height":218,"url":"https:\/\/mula.es\/web\/wp-content\/uploads\/2020\/06\/escudo-cuadrado-e1591045058235.jpg","type":"image\/jpeg"}],"twitter_card":"summary_large_image","twitter_site":"@AyuntamientMula","twitter_misc":{"Tiempo de lectura":"7 minutos"},"schema":{"@context":"https:\/\/schema.org","@graph":[{"@type":"WebPage","@id":"https:\/\/mula.es\/web\/secretaria-general\/seleccion-de-personal\/","url":"https:\/\/mula.es\/web\/secretaria-general\/seleccion-de-personal\/","name":"Selecci\u00f3n de Personal - Ayuntamiento de Mula","isPartOf":{"@id":"https:\/\/mula.es\/web\/#website"},"datePublished":"2016-01-29T17:44:57+00:00","dateModified":"2026-04-28T06:48:03+00:00","breadcrumb":{"@id":"https:\/\/mula.es\/web\/secretaria-general\/seleccion-de-personal\/#breadcrumb"},"inLanguage":"es","potentialAction":[{"@type":"ReadAction","target":["https:\/\/mula.es\/web\/secretaria-general\/seleccion-de-personal\/"]}]},{"@type":"BreadcrumbList","@id":"https:\/\/mula.es\/web\/secretaria-general\/seleccion-de-personal\/#breadcrumb","itemListElement":[{"@type":"ListItem","position":1,"name":"Portada","item":"https:\/\/mula.es\/web\/"},{"@type":"ListItem","position":2,"name":"Secretar\u00eda General","item":"https:\/\/mula.es\/web\/secretaria-general\/"},{"@type":"ListItem","position":3,"name":"Selecci\u00f3n de Personal"}]},{"@type":"WebSite","@id":"https:\/\/mula.es\/web\/#website","url":"https:\/\/mula.es\/web\/","name":"Ayuntamiento de Mula","description":"P\u00e1gina web del Ayuntamiento de Mula (Regi\u00f3n de Murcia)","potentialAction":[{"@type":"SearchAction","target":{"@type":"EntryPoint","urlTemplate":"https:\/\/mula.es\/web\/?s={search_term_string}"},"query-input":{"@type":"PropertyValueSpecification","valueRequired":true,"valueName":"search_term_string"}}],"inLanguage":"es"}]}},"_hostinger_reach_plugin_has_subscription_block":false,"_hostinger_reach_plugin_is_elementor":false,"jetpack_sharing_enabled":true,"jetpack_shortlink":"https:\/\/wp.me\/Pa9DMY-3gi","jetpack-related-posts":[],"_links":{"self":[{"href":"https:\/\/mula.es\/web\/wp-json\/wp\/v2\/pages\/12542","targetHints":{"allow":["GET"]}}],"collection":[{"href":"https:\/\/mula.es\/web\/wp-json\/wp\/v2\/pages"}],"about":[{"href":"https:\/\/mula.es\/web\/wp-json\/wp\/v2\/types\/page"}],"author":[{"embeddable":true,"href":"https:\/\/mula.es\/web\/wp-json\/wp\/v2\/users\/1"}],"replies":[{"embeddable":true,"href":"https:\/\/mula.es\/web\/wp-json\/wp\/v2\/comments?post=12542"}],"version-history":[{"count":1050,"href":"https:\/\/mula.es\/web\/wp-json\/wp\/v2\/pages\/12542\/revisions"}],"predecessor-version":[{"id":61489,"href":"https:\/\/mula.es\/web\/wp-json\/wp\/v2\/pages\/12542\/revisions\/61489"}],"up":[{"embeddable":true,"href":"https:\/\/mula.es\/web\/wp-json\/wp\/v2\/pages\/12385"}],"wp:attachment":[{"href":"https:\/\/mula.es\/web\/wp-json\/wp\/v2\/media?parent=12542"}],"curies":[{"name":"wp","href":"https:\/\/api.w.org\/{rel}","templated":true}]}}