{"id":13927,"date":"2016-02-16T11:27:07","date_gmt":"2016-02-16T10:27:07","guid":{"rendered":"http:\/\/mula.es\/web\/?page_id=13927"},"modified":"2021-08-12T09:47:21","modified_gmt":"2021-08-12T07:47:21","slug":"face-factura-electronica","status":"publish","type":"page","link":"https:\/\/mula.es\/web\/face-factura-electronica\/","title":{"rendered":"FACe &#8211; Factura Electr\u00f3nica"},"content":{"rendered":"<div class=\"fusion-fullwidth fullwidth-box fusion-builder-row-1 fusion-flex-container hundred-percent-fullwidth non-hundred-percent-height-scrolling\" style=\"--awb-border-radius-top-left:0px;--awb-border-radius-top-right:0px;--awb-border-radius-bottom-right:0px;--awb-border-radius-bottom-left:0px;--awb-overflow:visible;--awb-flex-wrap:wrap;\" ><div class=\"fusion-builder-row fusion-row fusion-flex-align-items-flex-start fusion-flex-content-wrap\" style=\"width:104% !important;max-width:104% !important;margin-left: calc(-4% \/ 2 );margin-right: calc(-4% \/ 2 );\"><div class=\"fusion-layout-column fusion_builder_column fusion-builder-column-0 fusion_builder_column_1_1 1_1 fusion-flex-column fusion-flex-align-self-flex-start fusion-column-no-min-height\" style=\"--awb-bg-size:cover;--awb-width-large:100%;--awb-margin-top-large:0px;--awb-spacing-right-large:1.92%;--awb-margin-bottom-large:0px;--awb-spacing-left-large:1.92%;--awb-width-medium:100%;--awb-spacing-right-medium:1.92%;--awb-spacing-left-medium:1.92%;--awb-width-small:100%;--awb-spacing-right-small:1.92%;--awb-spacing-left-small:1.92%;\"><div class=\"fusion-column-wrapper fusion-flex-justify-content-flex-start fusion-content-layout-column\"><div class=\"fusion-text fusion-text-1\"><p style=\"text-align: justify;\">\n<\/div><\/div><\/div><div class=\"fusion-layout-column fusion_builder_column fusion-builder-column-1 fusion_builder_column_1_1 1_1 fusion-flex-column\" style=\"--awb-bg-size:cover;--awb-width-large:100%;--awb-margin-top-large:0px;--awb-spacing-right-large:1.92%;--awb-margin-bottom-large:20px;--awb-spacing-left-large:1.92%;--awb-width-medium:100%;--awb-spacing-right-medium:1.92%;--awb-spacing-left-medium:1.92%;--awb-width-small:100%;--awb-spacing-right-small:1.92%;--awb-spacing-left-small:1.92%;\"><div class=\"fusion-column-wrapper fusion-flex-justify-content-flex-start fusion-content-layout-column\"><div class=\"fusion-image-element \" style=\"text-align:center;--awb-caption-title-font-family:var(--h2_typography-font-family);--awb-caption-title-font-weight:var(--h2_typography-font-weight);--awb-caption-title-font-style:var(--h2_typography-font-style);--awb-caption-title-size:var(--h2_typography-font-size);--awb-caption-title-transform:var(--h2_typography-text-transform);--awb-caption-title-line-height:var(--h2_typography-line-height);--awb-caption-title-letter-spacing:var(--h2_typography-letter-spacing);\"><span class=\" fusion-imageframe imageframe-glow imageframe-1 hover-type-none\" style=\"-webkit-box-shadow: 0 0 3px rgba(0,0,0,0.3);box-shadow: 0 0 3px rgba(0,0,0,0.3);\"><a class=\"fusion-no-lightbox\" href=\"https:\/\/aytomula.face.gob.es\/#\/es\" target=\"_blank\" aria-label=\"Punto General de Entrada de Facturas FACe\" rel=\"noopener noreferrer\"><img decoding=\"async\" width=\"320\" height=\"170\" alt=\"Punto General de Entrada de Facturas Electr\u00f3nicas\" src=\"https:\/\/mula.es\/web\/wp-content\/uploads\/2016\/02\/face.png\" class=\"img-responsive wp-image-13939\" srcset=\"https:\/\/mula.es\/web\/wp-content\/uploads\/2016\/02\/face-300x159.png 300w, https:\/\/mula.es\/web\/wp-content\/uploads\/2016\/02\/face.png 320w\" sizes=\"(max-width: 320px) 100vw, 320px\" \/><\/a><\/span><\/div><\/div><\/div><div class=\"fusion-layout-column fusion_builder_column fusion-builder-column-2 fusion_builder_column_1_1 1_1 fusion-flex-column fusion-flex-align-self-flex-start fusion-column-no-min-height\" style=\"--awb-bg-size:cover;--awb-width-large:100%;--awb-margin-top-large:0px;--awb-spacing-right-large:1.92%;--awb-margin-bottom-large:0px;--awb-spacing-left-large:1.92%;--awb-width-medium:100%;--awb-spacing-right-medium:1.92%;--awb-spacing-left-medium:1.92%;--awb-width-small:100%;--awb-spacing-right-small:1.92%;--awb-spacing-left-small:1.92%;\"><div class=\"fusion-column-wrapper fusion-flex-justify-content-flex-start fusion-content-layout-column\"><div class=\"fusion-separator fusion-full-width-sep\" style=\"align-self: center;margin-left: auto;margin-right: auto;margin-top:20px;margin-bottom:20px;width:100%;\"><div class=\"fusion-separator-border sep-double sep-solid\" style=\"--awb-height:20px;--awb-amount:20px;border-color:#e0dede;border-top-width:1px;border-bottom-width:1px;\"><\/div><\/div><\/div><\/div><div class=\"fusion-layout-column fusion_builder_column fusion-builder-column-3 fusion_builder_column_1_2 1_2 fusion-flex-column\" style=\"--awb-bg-size:cover;--awb-width-large:50%;--awb-margin-top-large:0px;--awb-spacing-right-large:3.84%;--awb-margin-bottom-large:20px;--awb-spacing-left-large:3.84%;--awb-width-medium:50%;--awb-spacing-right-medium:3.84%;--awb-spacing-left-medium:3.84%;--awb-width-small:100%;--awb-spacing-right-small:1.92%;--awb-spacing-left-small:1.92%;\"><div class=\"fusion-column-wrapper fusion-flex-justify-content-flex-start fusion-content-layout-column\"><div class=\"fusion-text fusion-text-2\"><p style=\"text-align: justify;\">Datos del Ayuntamiento de Mula:<\/p>\n<\/div><\/div><\/div><div class=\"fusion-layout-column fusion_builder_column fusion-builder-column-4 fusion_builder_column_1_2 1_2 fusion-flex-column\" style=\"--awb-bg-size:cover;--awb-width-large:50%;--awb-margin-top-large:0px;--awb-spacing-right-large:3.84%;--awb-margin-bottom-large:20px;--awb-spacing-left-large:3.84%;--awb-width-medium:50%;--awb-spacing-right-medium:3.84%;--awb-spacing-left-medium:3.84%;--awb-width-small:100%;--awb-spacing-right-small:1.92%;--awb-spacing-left-small:1.92%;\"><div class=\"fusion-column-wrapper fusion-flex-justify-content-flex-start fusion-content-layout-column\"><div class=\"fusion-text fusion-text-3\"><p style=\"text-align: justify;\">\u2022 Oficina Contable: L01300294<br \/>\n\u2022 \u00d3rgano Gestor: L01300294<br \/>\n\u2022 Unidad Tramitadora: L01300294<\/p>\n<\/div><\/div><\/div><div class=\"fusion-layout-column fusion_builder_column fusion-builder-column-5 fusion_builder_column_1_1 1_1 fusion-flex-column\" style=\"--awb-padding-top:20px;--awb-padding-right:20px;--awb-padding-bottom:20px;--awb-padding-left:20px;--awb-bg-size:cover;--awb-width-large:100%;--awb-margin-top-large:0px;--awb-spacing-right-large:1.92%;--awb-margin-bottom-large:20px;--awb-spacing-left-large:1.92%;--awb-width-medium:100%;--awb-spacing-right-medium:1.92%;--awb-spacing-left-medium:1.92%;--awb-width-small:100%;--awb-spacing-right-small:1.92%;--awb-spacing-left-small:1.92%;\"><div class=\"fusion-column-wrapper fusion-flex-justify-content-flex-start fusion-content-layout-column\"><div class=\"accordian fusion-accordian\" style=\"--awb-border-size:1px;--awb-icon-size:13px;--awb-content-font-size:15px;--awb-icon-alignment:left;--awb-hover-color:#f9f9f9;--awb-border-color:#cccccc;--awb-background-color:#ffffff;--awb-divider-color:#e0dede;--awb-divider-hover-color:#e0dede;--awb-icon-color:#ffffff;--awb-title-color:#333333;--awb-content-color:#747474;--awb-icon-box-color:#333333;--awb-toggle-hover-accent-color:#e10707;--awb-title-font-family:&quot;Antic Slab&quot;;--awb-title-font-weight:regular;--awb-title-font-style:normal;--awb-title-font-size:15px;--awb-content-font-family:&quot;PT Sans&quot;;--awb-content-font-style:normal;--awb-content-font-weight:400;\"><div class=\"panel-group fusion-toggle-icon-boxed\" id=\"accordion-13927-1\"><div class=\"fusion-panel panel-default panel-5553b2051109e8974 fusion-toggle-has-divider\"><div class=\"panel-heading\"><h4 class=\"panel-title toggle\" id=\"toggle_5553b2051109e8974\"><a class=\"active\" aria-expanded=\"true\" aria-controls=\"5553b2051109e8974\" role=\"button\" data-toggle=\"collapse\" data-parent=\"#accordion-13927-1\" data-target=\"#5553b2051109e8974\" href=\"#5553b2051109e8974\"><span class=\"fusion-toggle-icon-wrapper\" aria-hidden=\"true\"><i class=\"fa-fusion-box active-icon awb-icon-minus\" aria-hidden=\"true\"><\/i><i class=\"fa-fusion-box inactive-icon awb-icon-plus\" aria-hidden=\"true\"><\/i><\/span><span class=\"fusion-toggle-heading\">\u00bfQu\u00e9 es la factura electr\u00f3nica?<\/span><\/a><\/h4><\/div><div id=\"5553b2051109e8974\" class=\"panel-collapse collapse in\" aria-labelledby=\"toggle_5553b2051109e8974\"><div class=\"panel-body toggle-content fusion-clearfix\">La factura electr\u00f3nica es un documento electr\u00f3nico que cumple con los mismos requisitos legales exigidos a la factura tradicional en papel.<\/div><\/div><\/div><div class=\"fusion-panel panel-default panel-748b6458d1b3e6f07 fusion-toggle-has-divider\"><div class=\"panel-heading\"><h4 class=\"panel-title toggle\" id=\"toggle_748b6458d1b3e6f07\"><a aria-expanded=\"false\" aria-controls=\"748b6458d1b3e6f07\" role=\"button\" data-toggle=\"collapse\" data-parent=\"#accordion-13927-1\" data-target=\"#748b6458d1b3e6f07\" href=\"#748b6458d1b3e6f07\"><span class=\"fusion-toggle-icon-wrapper\" aria-hidden=\"true\"><i class=\"fa-fusion-box active-icon awb-icon-minus\" aria-hidden=\"true\"><\/i><i class=\"fa-fusion-box inactive-icon awb-icon-plus\" aria-hidden=\"true\"><\/i><\/span><span class=\"fusion-toggle-heading\">\u00bfDesde cu\u00e1ndo ser\u00e1 obligatorio facturar electr\u00f3nicamente al Ayuntamiento de Mula?<\/span><\/a><\/h4><\/div><div id=\"748b6458d1b3e6f07\" class=\"panel-collapse collapse \" aria-labelledby=\"toggle_748b6458d1b3e6f07\"><div class=\"panel-body toggle-content fusion-clearfix\">Desde el 15 de enero de 2015. A partir de esta fecha las facturas dirigidas a las Administraciones P\u00fablicas (Estatal, Auton\u00f3mica y Local), comprendidas en el \u00e1mbito de aplicaci\u00f3n de la Ley 25\/2013, deber\u00e1n ser electr\u00f3nicas y presentadas en sus puntos generales de entrada de facturas electr\u00f3nicas.<\/div><\/div><\/div><div class=\"fusion-panel panel-default panel-2a52090ea5dae3acd fusion-toggle-has-divider\"><div class=\"panel-heading\"><h4 class=\"panel-title toggle\" id=\"toggle_2a52090ea5dae3acd\"><a aria-expanded=\"false\" aria-controls=\"2a52090ea5dae3acd\" role=\"button\" data-toggle=\"collapse\" data-parent=\"#accordion-13927-1\" data-target=\"#2a52090ea5dae3acd\" href=\"#2a52090ea5dae3acd\"><span class=\"fusion-toggle-icon-wrapper\" aria-hidden=\"true\"><i class=\"fa-fusion-box active-icon awb-icon-minus\" aria-hidden=\"true\"><\/i><i class=\"fa-fusion-box inactive-icon awb-icon-plus\" aria-hidden=\"true\"><\/i><\/span><span class=\"fusion-toggle-heading\">\u00bfPara qui\u00e9n ser\u00e1 obligatorio?<\/span><\/a><\/h4><\/div><div id=\"2a52090ea5dae3acd\" class=\"panel-collapse collapse \" aria-labelledby=\"toggle_2a52090ea5dae3acd\"><div class=\"panel-body toggle-content fusion-clearfix\">\n<p style=\"text-align: justify;\">Para todos los proveedores que no sean personas f\u00edsicas cuyas facturas tengan un importe superior a 1.000\u20ac*. (Sociedades, personas jur\u00eddicas, entidades, UTEs, agrupaciones y fondos)<br \/>\n<small>*Otras administraciones p\u00fablicas pueden regular la obligatoriedad hasta un importe m\u00e1ximo de 5.000\u20ac<\/small><\/p>\n<\/div><\/div><\/div><div class=\"fusion-panel panel-default panel-0075d865ed9aa4537 fusion-toggle-has-divider\"><div class=\"panel-heading\"><h4 class=\"panel-title toggle\" id=\"toggle_0075d865ed9aa4537\"><a aria-expanded=\"false\" aria-controls=\"0075d865ed9aa4537\" role=\"button\" data-toggle=\"collapse\" data-parent=\"#accordion-13927-1\" data-target=\"#0075d865ed9aa4537\" href=\"#0075d865ed9aa4537\"><span class=\"fusion-toggle-icon-wrapper\" aria-hidden=\"true\"><i class=\"fa-fusion-box active-icon awb-icon-minus\" aria-hidden=\"true\"><\/i><i class=\"fa-fusion-box inactive-icon awb-icon-plus\" aria-hidden=\"true\"><\/i><\/span><span class=\"fusion-toggle-heading\">\u00bfC\u00f3mo se env\u00edan las facturas electr\u00f3nicas?<\/span><\/a><\/h4><\/div><div id=\"0075d865ed9aa4537\" class=\"panel-collapse collapse \" aria-labelledby=\"toggle_0075d865ed9aa4537\"><div class=\"panel-body toggle-content fusion-clearfix\">\n<p style=\"text-align: justify;\">El Ayuntamiento de Mula tiene su Punto General de Entrada de Facturas Electr\u00f3nicas en <a href=\"https:\/\/aytomula.face.gob.es\" target=\"_blank\" rel=\"noopener\">https:\/\/aytomula.face.gob.es<\/a>, mediante adhesi\u00f3n al FACE <a href=\"https:\/\/face.gob.es\" target=\"_blank\" rel=\"noopener\">https:\/\/face.gob.es<\/a> de la Administraci\u00f3n General del Estado.<\/p>\n<p style=\"text-align: justify;\">El env\u00edo de la factura electr\u00f3nica se realiza a trav\u00e9s de Internet. Los m\u00e9todos m\u00e1s habituales son los siguientes:<\/p>\n<p style=\"text-align: justify;\">\u2022 A trav\u00e9s del portal web del Punto General de Entrada de las Facturas Electr\u00f3nicas<br \/>\n\u2022 Mediante la conexi\u00f3n autom\u00e1tica entre el servicio de facturaci\u00f3n electr\u00f3nica del proveedor y el punto general de entrada de las facturas electr\u00f3nicas.<\/p>\n<p style=\"text-align: justify;\">El env\u00edo de la factura electr\u00f3nica al Punto General de Entrada produce, autom\u00e1ticamente, su apunte en un registro electr\u00f3nico administrativo, dotando a la presentaci\u00f3n de su correspondiente asiento registral.<\/p>\n<p style=\"text-align: justify;\">En cualquiera de estos casos es necesario disponer de un certificado electr\u00f3nico en vigor. En caso de no disponer de ninguno puede solicitarlo en la sede electr\u00f3nica de la FNMT-RCM<\/p>\n<\/div><\/div><\/div><div class=\"fusion-panel panel-default panel-e7ab57bf719427086 fusion-toggle-has-divider\"><div class=\"panel-heading\"><h4 class=\"panel-title toggle\" id=\"toggle_e7ab57bf719427086\"><a aria-expanded=\"false\" aria-controls=\"e7ab57bf719427086\" role=\"button\" data-toggle=\"collapse\" data-parent=\"#accordion-13927-1\" data-target=\"#e7ab57bf719427086\" href=\"#e7ab57bf719427086\"><span class=\"fusion-toggle-icon-wrapper\" aria-hidden=\"true\"><i class=\"fa-fusion-box active-icon awb-icon-minus\" aria-hidden=\"true\"><\/i><i class=\"fa-fusion-box inactive-icon awb-icon-plus\" aria-hidden=\"true\"><\/i><\/span><span class=\"fusion-toggle-heading\">\u00bfC\u00f3mo indico que mi factura va dirigida al Ayuntamiento de Mula?<\/span><\/a><\/h4><\/div><div id=\"e7ab57bf719427086\" class=\"panel-collapse collapse \" aria-labelledby=\"toggle_e7ab57bf719427086\"><div class=\"panel-body toggle-content fusion-clearfix\">\n<p style=\"text-align: justify;\">Toda factura dirigida a cualquier administraci\u00f3n p\u00fablica a trav\u00e9s del FACE debe ir dirigida a una oficina contable, a un \u00f3rgano gestor y a una unidad tramitadora del directorio. Las puede encontrar todas en el directorio del portal FACE<\/p>\n<p style=\"text-align: justify;\">Los datos del Ayuntamiento de Mula son:<\/p>\n<p style=\"text-align: justify;\">\u2022 Oficina Contable: L01300294<br \/>\n\u2022 \u00d3rgano Gestor: L01300294<br \/>\n\u2022 Unidad Tramitadora: L01300294<\/p>\n<\/div><\/div><\/div><div class=\"fusion-panel panel-default panel-c67bba912a2c58fbd fusion-toggle-has-divider\"><div class=\"panel-heading\"><h4 class=\"panel-title toggle\" id=\"toggle_c67bba912a2c58fbd\"><a aria-expanded=\"false\" aria-controls=\"c67bba912a2c58fbd\" role=\"button\" data-toggle=\"collapse\" data-parent=\"#accordion-13927-1\" data-target=\"#c67bba912a2c58fbd\" href=\"#c67bba912a2c58fbd\"><span class=\"fusion-toggle-icon-wrapper\" aria-hidden=\"true\"><i class=\"fa-fusion-box active-icon awb-icon-minus\" aria-hidden=\"true\"><\/i><i class=\"fa-fusion-box inactive-icon awb-icon-plus\" aria-hidden=\"true\"><\/i><\/span><span class=\"fusion-toggle-heading\">\u00bfQu\u00e9 formatos de factura electr\u00f3nica se aceptan?<\/span><\/a><\/h4><\/div><div id=\"c67bba912a2c58fbd\" class=\"panel-collapse collapse \" aria-labelledby=\"toggle_c67bba912a2c58fbd\"><div class=\"panel-body toggle-content fusion-clearfix\">\n<p style=\"text-align: justify;\">El formato admitido por la plataforma es FACTURAE (formato .xsig), concretamente las versiones 3.2. y 3.2.1.<\/p>\n<p style=\"text-align: justify;\">Puede realizar su factura electr\u00f3nica desde su programa de contabilidad. Si no dispusiera de un programa de contabilidad actualizado al formato FACTURAE, puede realizarlas desde el portal <a href=\"https:\/\/facturae.cecarm.es\/integra\/\" target=\"_blank\" rel=\"noopener\">CECARM<\/a> o desde la aplicaci\u00f3n de escritorio <a href=\"http:\/\/www.facturae.gob.es\/formato\/Paginas\/descarga-aplicacion-escritorio.aspx\" target=\"_blank\" rel=\"noopener\">facturae<\/a>.<\/p>\n<p style=\"text-align: justify;\">Tiene m\u00e1s informaci\u00f3n sobre dicho formato en facturae.gob.es y en el manual de usuario para proveedores de FACE.<\/p>\n<\/div><\/div><\/div><div class=\"fusion-panel panel-default panel-773ce2b2e90f28241 fusion-toggle-has-divider\"><div class=\"panel-heading\"><h4 class=\"panel-title toggle\" id=\"toggle_773ce2b2e90f28241\"><a aria-expanded=\"false\" aria-controls=\"773ce2b2e90f28241\" role=\"button\" data-toggle=\"collapse\" data-parent=\"#accordion-13927-1\" data-target=\"#773ce2b2e90f28241\" href=\"#773ce2b2e90f28241\"><span class=\"fusion-toggle-icon-wrapper\" aria-hidden=\"true\"><i class=\"fa-fusion-box active-icon awb-icon-minus\" aria-hidden=\"true\"><\/i><i class=\"fa-fusion-box inactive-icon awb-icon-plus\" aria-hidden=\"true\"><\/i><\/span><span class=\"fusion-toggle-heading\">\u00bfQu\u00e9 software necesito para hacer una factura electr\u00f3nica?<\/span><\/a><\/h4><\/div><div id=\"773ce2b2e90f28241\" class=\"panel-collapse collapse \" aria-labelledby=\"toggle_773ce2b2e90f28241\"><div class=\"panel-body toggle-content fusion-clearfix\">\n<p style=\"text-align: justify;\">En caso de que disponga de un software de facturaci\u00f3n, pregunte a su proveedor, pues los programas de facturaci\u00f3n se est\u00e1n actualizando al nuevo formato.<\/p>\n<p style=\"text-align: justify;\">En caso contrario, puede descargar la aplicaci\u00f3n del Ministerio de Industria, Energ\u00eda y Turismo Gesti\u00f3n de Facturaci\u00f3n Electr\u00f3nica: <a href=\"http:\/\/www.facturae.gob.es\/formato\/Paginas\/descarga-aplicaciones.aspx\">FACTURAE<\/a><\/p>\n<\/div><\/div><\/div><div class=\"fusion-panel panel-default panel-311b535367d73102c fusion-toggle-has-divider\"><div class=\"panel-heading\"><h4 class=\"panel-title toggle\" id=\"toggle_311b535367d73102c\"><a aria-expanded=\"false\" aria-controls=\"311b535367d73102c\" role=\"button\" data-toggle=\"collapse\" data-parent=\"#accordion-13927-1\" data-target=\"#311b535367d73102c\" href=\"#311b535367d73102c\"><span class=\"fusion-toggle-icon-wrapper\" aria-hidden=\"true\"><i class=\"fa-fusion-box active-icon awb-icon-minus\" aria-hidden=\"true\"><\/i><i class=\"fa-fusion-box inactive-icon awb-icon-plus\" aria-hidden=\"true\"><\/i><\/span><span class=\"fusion-toggle-heading\">\u00bfPuedo anular una factura emitida y presentada en FACE?<\/span><\/a><\/h4><\/div><div id=\"311b535367d73102c\" class=\"panel-collapse collapse \" aria-labelledby=\"toggle_311b535367d73102c\"><div class=\"panel-body toggle-content fusion-clearfix\">Si el proveedor detecta que la factura remitida es incorrecta puede solicitar la anulaci\u00f3n de la factura. La factura quedar\u00e1 en estado de \u201csolicitud de anulaci\u00f3n\u201d, en este estado es el \u00f3rgano tramitador del organismo el que debe anular la factura a partir de la solicitud de anulaci\u00f3n del proveedor.<\/div><\/div><\/div><div class=\"fusion-panel panel-default panel-6a8add8ccd93df30b fusion-toggle-has-divider\"><div class=\"panel-heading\"><h4 class=\"panel-title toggle\" id=\"toggle_6a8add8ccd93df30b\"><a aria-expanded=\"false\" aria-controls=\"6a8add8ccd93df30b\" role=\"button\" data-toggle=\"collapse\" data-parent=\"#accordion-13927-1\" data-target=\"#6a8add8ccd93df30b\" href=\"#6a8add8ccd93df30b\"><span class=\"fusion-toggle-icon-wrapper\" aria-hidden=\"true\"><i class=\"fa-fusion-box active-icon awb-icon-minus\" aria-hidden=\"true\"><\/i><i class=\"fa-fusion-box inactive-icon awb-icon-plus\" aria-hidden=\"true\"><\/i><\/span><span class=\"fusion-toggle-heading\">\u00bfQu\u00e9 ventajas tengo?<\/span><\/a><\/h4><\/div><div id=\"6a8add8ccd93df30b\" class=\"panel-collapse collapse \" aria-labelledby=\"toggle_6a8add8ccd93df30b\"><div class=\"panel-body toggle-content fusion-clearfix\">\n<p style=\"text-align: justify;\">\u2022 Seguridad jur\u00eddica: obtengo inmediatamente un justificante de entrega de la factura con un c\u00f3digo de registro.<br \/>\n\u2022 Agilidad e informaci\u00f3n: los tr\u00e1mites administrativos se simplifican y agilizan. Puedo conocer el estado de mis facturas en segundos.<br \/>\n\u2022 Ahorro de costes: no necesito desplazarme, ni gastar dinero en papel e impresi\u00f3n.<br \/>\n\u2022 Mejora del medioambiente: no necesito desplazamientos, ni uso de papel ni t\u00f3ner de impresi\u00f3n.<\/p>\n<\/div><\/div><\/div><div class=\"fusion-panel panel-default panel-433799a4655b0911c fusion-toggle-has-divider\"><div class=\"panel-heading\"><h4 class=\"panel-title toggle\" id=\"toggle_433799a4655b0911c\"><a aria-expanded=\"false\" aria-controls=\"433799a4655b0911c\" role=\"button\" data-toggle=\"collapse\" data-parent=\"#accordion-13927-1\" data-target=\"#433799a4655b0911c\" href=\"#433799a4655b0911c\"><span class=\"fusion-toggle-icon-wrapper\" aria-hidden=\"true\"><i class=\"fa-fusion-box active-icon awb-icon-minus\" aria-hidden=\"true\"><\/i><i class=\"fa-fusion-box inactive-icon awb-icon-plus\" aria-hidden=\"true\"><\/i><\/span><span class=\"fusion-toggle-heading\">Leyes y reglamentos<\/span><\/a><\/h4><\/div><div id=\"433799a4655b0911c\" class=\"panel-collapse collapse \" aria-labelledby=\"toggle_433799a4655b0911c\"><div class=\"panel-body toggle-content fusion-clearfix\">\n<p style=\"text-align: justify;\"><a href=\"http:\/\/www.borm.es\/borm\/documento?obj=anu&amp;id=717663\">Reglamento de 7 de noviembre de 2014 de Facturaci\u00f3n Electr\u00f3nica Ayuntamiento de Mula. \u2013 BORM<\/a><\/p>\n<p style=\"text-align: justify;\"><a href=\"https:\/\/www.boe.es\/boe\/dias\/2014\/10\/21\/pdfs\/BOE-A-2014-10660.pdf\">Resoluci\u00f3n de 10 de octubre de 2014, de la Secretar\u00eda de Estado de Administraciones P\u00fablicas y de la Secretar\u00eda de Estado de Presupuestos y Gastos, por la que se establecen las condiciones t\u00e9cnicas normalizadas del punto general de entrada de facturas electr\u00f3nicas. &#8211; BOE<\/a><\/p>\n<p style=\"text-align: justify;\"><a href=\"http:\/\/www.boe.es\/boe\/dias\/2014\/06\/28\/pdfs\/BOE-A-2014-6787.pdf\">Resoluci\u00f3n de 25 de junio de 2014, de la Secretar\u00eda de Estado de Administraciones P\u00fablicas, por la que se establecen las condiciones de uso de la plataforma FACe-Punto General de Entrada de Facturas Electr\u00f3nicas de la Administraci\u00f3n General del Estado &#8211; BOE<\/a><\/p>\n<p style=\"text-align: justify;\"><a href=\"http:\/\/boe.es\/boe\/dias\/2013\/12\/28\/pdfs\/BOE-A-2013-13722.pdf\">Ley 25\/2013, de 27 de diciembre, de impulso de la factura electr\u00f3nica y creaci\u00f3n del registro contable de facturas en el Sector P\u00fablico. &#8211; BOE<\/a><\/p>\n<\/div><\/div><\/div><div class=\"fusion-panel panel-default panel-2682b4bb43bed710a fusion-toggle-has-divider\"><div class=\"panel-heading\"><h4 class=\"panel-title toggle\" id=\"toggle_2682b4bb43bed710a\"><a aria-expanded=\"false\" aria-controls=\"2682b4bb43bed710a\" role=\"button\" data-toggle=\"collapse\" data-parent=\"#accordion-13927-1\" data-target=\"#2682b4bb43bed710a\" href=\"#2682b4bb43bed710a\"><span class=\"fusion-toggle-icon-wrapper\" aria-hidden=\"true\"><i class=\"fa-fusion-box active-icon awb-icon-minus\" aria-hidden=\"true\"><\/i><i class=\"fa-fusion-box inactive-icon awb-icon-plus\" aria-hidden=\"true\"><\/i><\/span><span class=\"fusion-toggle-heading\">Dudas y Contacto<\/span><\/a><\/h4><\/div><div id=\"2682b4bb43bed710a\" class=\"panel-collapse collapse \" aria-labelledby=\"toggle_2682b4bb43bed710a\"><div class=\"panel-body toggle-content fusion-clearfix\">Para m\u00e1s informaci\u00f3n de FACE y el Ayuntamiento de Mula:<br \/>\nEnviar correo a nuevastecnologias@aytomula.es<\/p>\n<p style=\"text-align: justify;\">Para dudas o problemas t\u00e9cnicos con FACE:<br \/>\nTel\u00e9fono soporte a proveedores: 900 900 555<\/p>\n<\/div><\/div><\/div><\/div><\/div><\/div><\/div><div class=\"fusion-layout-column fusion_builder_column fusion-builder-column-6 fusion_builder_column_1_1 1_1 fusion-flex-column fusion-flex-align-self-flex-start fusion-column-no-min-height\" style=\"--awb-bg-size:cover;--awb-width-large:100%;--awb-margin-top-large:0px;--awb-spacing-right-large:1.92%;--awb-margin-bottom-large:0px;--awb-spacing-left-large:1.92%;--awb-width-medium:100%;--awb-spacing-right-medium:1.92%;--awb-spacing-left-medium:1.92%;--awb-width-small:100%;--awb-spacing-right-small:1.92%;--awb-spacing-left-small:1.92%;\"><div class=\"fusion-column-wrapper fusion-flex-justify-content-flex-start fusion-content-layout-column\"><div class=\"fusion-text fusion-text-4\"><p style=\"text-align: justify;\">\n<\/div><div class=\"fusion-text fusion-text-5\"><\/div><\/div><\/div><\/div><\/div>\n","protected":false},"excerpt":{"rendered":"","protected":false},"author":1,"featured_media":0,"parent":0,"menu_order":0,"comment_status":"closed","ping_status":"closed","template":"","meta":{"jetpack_post_was_ever_published":false,"footnotes":""},"class_list":["post-13927","page","type-page","status-publish","hentry"],"yoast_head":"<!-- This site is optimized with the Yoast SEO plugin v27.5 - https:\/\/yoast.com\/product\/yoast-seo-wordpress\/ -->\n<title>FACe - Factura Electr\u00f3nica - Ayuntamiento de Mula<\/title>\n<meta name=\"robots\" content=\"index, follow, max-snippet:-1, max-image-preview:large, max-video-preview:-1\" \/>\n<link rel=\"canonical\" href=\"https:\/\/mula.es\/web\/face-factura-electronica\/\" \/>\n<meta property=\"og:locale\" content=\"es_ES\" \/>\n<meta property=\"og:type\" content=\"article\" \/>\n<meta property=\"og:title\" content=\"FACe - Factura Electr\u00f3nica - Ayuntamiento de Mula\" \/>\n<meta property=\"og:url\" content=\"https:\/\/mula.es\/web\/face-factura-electronica\/\" \/>\n<meta property=\"og:site_name\" content=\"Ayuntamiento de Mula\" \/>\n<meta property=\"article:modified_time\" content=\"2021-08-12T07:47:21+00:00\" \/>\n<meta property=\"og:image\" content=\"http:\/\/mula.es\/web\/wp-content\/uploads\/2016\/02\/face.png\" \/>\n<meta name=\"twitter:card\" content=\"summary_large_image\" \/>\n<meta name=\"twitter:site\" content=\"@AyuntamientMula\" \/>\n<meta name=\"twitter:label1\" content=\"Tiempo de lectura\" \/>\n\t<meta name=\"twitter:data1\" content=\"5 minutos\" \/>\n<script type=\"application\/ld+json\" class=\"yoast-schema-graph\">{\"@context\":\"https:\\\/\\\/schema.org\",\"@graph\":[{\"@type\":\"WebPage\",\"@id\":\"https:\\\/\\\/mula.es\\\/web\\\/face-factura-electronica\\\/\",\"url\":\"https:\\\/\\\/mula.es\\\/web\\\/face-factura-electronica\\\/\",\"name\":\"FACe - Factura Electr\u00f3nica - Ayuntamiento de Mula\",\"isPartOf\":{\"@id\":\"https:\\\/\\\/mula.es\\\/web\\\/#website\"},\"primaryImageOfPage\":{\"@id\":\"https:\\\/\\\/mula.es\\\/web\\\/face-factura-electronica\\\/#primaryimage\"},\"image\":{\"@id\":\"https:\\\/\\\/mula.es\\\/web\\\/face-factura-electronica\\\/#primaryimage\"},\"thumbnailUrl\":\"http:\\\/\\\/mula.es\\\/web\\\/wp-content\\\/uploads\\\/2016\\\/02\\\/face.png\",\"datePublished\":\"2016-02-16T10:27:07+00:00\",\"dateModified\":\"2021-08-12T07:47:21+00:00\",\"breadcrumb\":{\"@id\":\"https:\\\/\\\/mula.es\\\/web\\\/face-factura-electronica\\\/#breadcrumb\"},\"inLanguage\":\"es\",\"potentialAction\":[{\"@type\":\"ReadAction\",\"target\":[\"https:\\\/\\\/mula.es\\\/web\\\/face-factura-electronica\\\/\"]}]},{\"@type\":\"ImageObject\",\"inLanguage\":\"es\",\"@id\":\"https:\\\/\\\/mula.es\\\/web\\\/face-factura-electronica\\\/#primaryimage\",\"url\":\"http:\\\/\\\/mula.es\\\/web\\\/wp-content\\\/uploads\\\/2016\\\/02\\\/face.png\",\"contentUrl\":\"http:\\\/\\\/mula.es\\\/web\\\/wp-content\\\/uploads\\\/2016\\\/02\\\/face.png\"},{\"@type\":\"BreadcrumbList\",\"@id\":\"https:\\\/\\\/mula.es\\\/web\\\/face-factura-electronica\\\/#breadcrumb\",\"itemListElement\":[{\"@type\":\"ListItem\",\"position\":1,\"name\":\"Portada\",\"item\":\"https:\\\/\\\/mula.es\\\/web\\\/\"},{\"@type\":\"ListItem\",\"position\":2,\"name\":\"FACe &#8211; Factura Electr\u00f3nica\"}]},{\"@type\":\"WebSite\",\"@id\":\"https:\\\/\\\/mula.es\\\/web\\\/#website\",\"url\":\"https:\\\/\\\/mula.es\\\/web\\\/\",\"name\":\"Ayuntamiento de Mula\",\"description\":\"P\u00e1gina web del Ayuntamiento de Mula (Regi\u00f3n de Murcia)\",\"potentialAction\":[{\"@type\":\"SearchAction\",\"target\":{\"@type\":\"EntryPoint\",\"urlTemplate\":\"https:\\\/\\\/mula.es\\\/web\\\/?s={search_term_string}\"},\"query-input\":{\"@type\":\"PropertyValueSpecification\",\"valueRequired\":true,\"valueName\":\"search_term_string\"}}],\"inLanguage\":\"es\"}]}<\/script>\n<!-- \/ Yoast SEO plugin. -->","yoast_head_json":{"title":"FACe - Factura Electr\u00f3nica - Ayuntamiento de Mula","robots":{"index":"index","follow":"follow","max-snippet":"max-snippet:-1","max-image-preview":"max-image-preview:large","max-video-preview":"max-video-preview:-1"},"canonical":"https:\/\/mula.es\/web\/face-factura-electronica\/","og_locale":"es_ES","og_type":"article","og_title":"FACe - Factura Electr\u00f3nica - Ayuntamiento de Mula","og_url":"https:\/\/mula.es\/web\/face-factura-electronica\/","og_site_name":"Ayuntamiento de Mula","article_modified_time":"2021-08-12T07:47:21+00:00","og_image":[{"url":"http:\/\/mula.es\/web\/wp-content\/uploads\/2016\/02\/face.png","type":"","width":"","height":""}],"twitter_card":"summary_large_image","twitter_site":"@AyuntamientMula","twitter_misc":{"Tiempo de lectura":"5 minutos"},"schema":{"@context":"https:\/\/schema.org","@graph":[{"@type":"WebPage","@id":"https:\/\/mula.es\/web\/face-factura-electronica\/","url":"https:\/\/mula.es\/web\/face-factura-electronica\/","name":"FACe - Factura Electr\u00f3nica - Ayuntamiento de Mula","isPartOf":{"@id":"https:\/\/mula.es\/web\/#website"},"primaryImageOfPage":{"@id":"https:\/\/mula.es\/web\/face-factura-electronica\/#primaryimage"},"image":{"@id":"https:\/\/mula.es\/web\/face-factura-electronica\/#primaryimage"},"thumbnailUrl":"http:\/\/mula.es\/web\/wp-content\/uploads\/2016\/02\/face.png","datePublished":"2016-02-16T10:27:07+00:00","dateModified":"2021-08-12T07:47:21+00:00","breadcrumb":{"@id":"https:\/\/mula.es\/web\/face-factura-electronica\/#breadcrumb"},"inLanguage":"es","potentialAction":[{"@type":"ReadAction","target":["https:\/\/mula.es\/web\/face-factura-electronica\/"]}]},{"@type":"ImageObject","inLanguage":"es","@id":"https:\/\/mula.es\/web\/face-factura-electronica\/#primaryimage","url":"http:\/\/mula.es\/web\/wp-content\/uploads\/2016\/02\/face.png","contentUrl":"http:\/\/mula.es\/web\/wp-content\/uploads\/2016\/02\/face.png"},{"@type":"BreadcrumbList","@id":"https:\/\/mula.es\/web\/face-factura-electronica\/#breadcrumb","itemListElement":[{"@type":"ListItem","position":1,"name":"Portada","item":"https:\/\/mula.es\/web\/"},{"@type":"ListItem","position":2,"name":"FACe &#8211; Factura Electr\u00f3nica"}]},{"@type":"WebSite","@id":"https:\/\/mula.es\/web\/#website","url":"https:\/\/mula.es\/web\/","name":"Ayuntamiento de Mula","description":"P\u00e1gina web del Ayuntamiento de Mula (Regi\u00f3n de Murcia)","potentialAction":[{"@type":"SearchAction","target":{"@type":"EntryPoint","urlTemplate":"https:\/\/mula.es\/web\/?s={search_term_string}"},"query-input":{"@type":"PropertyValueSpecification","valueRequired":true,"valueName":"search_term_string"}}],"inLanguage":"es"}]}},"_hostinger_reach_plugin_has_subscription_block":false,"_hostinger_reach_plugin_is_elementor":false,"jetpack_sharing_enabled":true,"jetpack_shortlink":"https:\/\/wp.me\/Pa9DMY-3CD","jetpack-related-posts":[],"_links":{"self":[{"href":"https:\/\/mula.es\/web\/wp-json\/wp\/v2\/pages\/13927","targetHints":{"allow":["GET"]}}],"collection":[{"href":"https:\/\/mula.es\/web\/wp-json\/wp\/v2\/pages"}],"about":[{"href":"https:\/\/mula.es\/web\/wp-json\/wp\/v2\/types\/page"}],"author":[{"embeddable":true,"href":"https:\/\/mula.es\/web\/wp-json\/wp\/v2\/users\/1"}],"replies":[{"embeddable":true,"href":"https:\/\/mula.es\/web\/wp-json\/wp\/v2\/comments?post=13927"}],"version-history":[{"count":29,"href":"https:\/\/mula.es\/web\/wp-json\/wp\/v2\/pages\/13927\/revisions"}],"predecessor-version":[{"id":41742,"href":"https:\/\/mula.es\/web\/wp-json\/wp\/v2\/pages\/13927\/revisions\/41742"}],"wp:attachment":[{"href":"https:\/\/mula.es\/web\/wp-json\/wp\/v2\/media?parent=13927"}],"curies":[{"name":"wp","href":"https:\/\/api.w.org\/{rel}","templated":true}]}}