{"id":14045,"date":"2016-02-17T14:46:57","date_gmt":"2016-02-17T13:46:57","guid":{"rendered":"http:\/\/mula.es\/web\/?page_id=14045"},"modified":"2021-05-12T20:04:55","modified_gmt":"2021-05-12T18:04:55","slug":"el-alcalde-responde","status":"publish","type":"page","link":"https:\/\/mula.es\/web\/el-alcalde-responde\/","title":{"rendered":"El Alcalde Responde"},"content":{"rendered":"<div class=\"fusion-fullwidth fullwidth-box fusion-builder-row-1 fusion-flex-container hundred-percent-fullwidth non-hundred-percent-height-scrolling\" style=\"--awb-border-radius-top-left:0px;--awb-border-radius-top-right:0px;--awb-border-radius-bottom-right:0px;--awb-border-radius-bottom-left:0px;--awb-overflow:visible;--awb-flex-wrap:wrap;\" ><div class=\"fusion-builder-row fusion-row fusion-flex-align-items-flex-start fusion-flex-content-wrap\" style=\"width:calc( 100% + 0px ) !important;max-width:calc( 100% + 0px ) !important;margin-left: calc(-0px \/ 2 );margin-right: calc(-0px \/ 2 );\"><div class=\"fusion-layout-column fusion_builder_column fusion-builder-column-0 fusion_builder_column_1_1 1_1 fusion-flex-column\" style=\"--awb-bg-size:cover;--awb-width-large:100%;--awb-margin-top-large:0px;--awb-spacing-right-large:0px;--awb-margin-bottom-large:20px;--awb-spacing-left-large:0px;--awb-width-medium:100%;--awb-spacing-right-medium:0px;--awb-spacing-left-medium:0px;--awb-width-small:100%;--awb-spacing-right-small:0px;--awb-spacing-left-small:0px;\"><div class=\"fusion-column-wrapper fusion-flex-justify-content-flex-start fusion-content-layout-column\"><div class=\"fusion-text fusion-text-1\"><p style=\"text-align: justify;\">Esta nueva secci\u00f3n nace del convencimiento de que la transparencia y la cercan\u00eda con mis vecinos es una de las partes m\u00e1s importantes de mi trabajo como Alcalde de Mula. Por esta raz\u00f3n quiero que cualquier vecino pueda realizarme cualquier pregunta, con la seguridad de que, en el menor breve plazo de tiempo posible, se la responder\u00e9 personalmente, y en caso de que lo estime oportuno y la pregunta pueda afectar a m\u00e1s ciudadanos, la respuesta ser\u00e1 publicada en esta misma secci\u00f3n.<\/p>\n<p style=\"text-align: center;\"><em>Juan Jes\u00fas Moreno Garc\u00eda<\/em><\/p>\n<p style=\"text-align: center;\"><em>Alcalde de Mula<\/em><\/p>\n<\/div><div class=\"fusion-flip-boxes flip-boxes row fusion-columns-2 flip-effect-classic margin-top:15px;\"><div class=\"fusion-flip-box-wrapper fusion-column col-lg-6 col-md-6 col-sm-6\"><div class=\"fusion-flip-box flip-right\" tabindex=\"0\"><div class=\"flip-box-inner-wrapper\"><div class=\"flip-box-front\" style=\"--awb-border-size:1px;--awb-border-radius:4px;\"><div class=\"flip-box-front-inner\">Pregunta a tu alcalde: enlace al formulario<\/div><\/div><div class=\"flip-box-back\" style=\"--awb-border-size:1px;--awb-border-radius:4px;\"><div class=\"flip-box-back-inner\"><a href=\"https:\/\/mula.es\/web\/el-alcalde-responde-2\/formulario-para-preguntar-a-tu-alcalde\/\">Pregunta a tu alcalde: enlace al formulario<\/a><\/div><\/div><\/div><\/div><\/div><div class=\"fusion-flip-box-wrapper fusion-column col-lg-6 col-md-6 col-sm-6\"><div class=\"fusion-flip-box flip-right\" tabindex=\"0\"><div class=\"flip-box-inner-wrapper\"><div class=\"flip-box-front\" style=\"--awb-border-size:1px;--awb-border-radius:4px;\"><div class=\"flip-box-front-inner\">Ver las respuestas de tu alcalde<\/div><\/div><div class=\"flip-box-back\" style=\"--awb-border-size:1px;--awb-border-radius:4px;\"><div class=\"flip-box-back-inner\">Ver las respuestas de tu alcalde<\/div><\/div><\/div><\/div><\/div><\/div><div class=\"fusion-text fusion-text-2\"><hr \/>\n<p><img data-attachment-id=\"11954\" data-permalink=\"https:\/\/mula.es\/web\/saludo-alcalde\/294_\/\" data-orig-file=\"https:\/\/mula.es\/web\/wp-content\/uploads\/2016\/01\/294_.jpg\" data-orig-size=\"430,638\" data-comments-opened=\"0\" data-image-meta=\"\" data-image-title=\"Alcalde de Mula\" data-image-description=\"\" data-image-caption=\"\n\n<p>Alcalde de Mula<\/p>\n<p>\" data-large-file=\"https:\/\/mula.es\/web\/wp-content\/uploads\/2016\/01\/294_.jpg\" class=\"alignleft wp-image-11954\" title=\"Alcalde de Mula\" src=\"https:\/\/mula.es\/web\/wp-content\/uploads\/2016\/01\/294_-202x300.jpg\" alt=\"Alcalde de Mula\" width=\"100\" height=\"148\" \/><\/p>\n<div>\n<div dir=\"ltr\">\n<div><span style=\"color: #000000;\">Muy buenas Antonio, soy Juanje (alcalde de Mula) . Ya en la legislatura anterior estando en la oposici\u00f3n presentamos una moci\u00f3n exigiendo a la Consejer\u00eda de Sanidad que se dotara a Mula del servicio de vigilancia en el centro de salud, que como tu bien dices en otros centros de salud ya existe. Pues bien desde que ahora estamos en el Gobierno Municipal , no hemos parado ni un segundo en seguir insistiendo en este tema , manteniendo reuniones con el Gerente del Servicio Murciano de Salud, con el Director del 061 y con la Propia Consejera , tanto en Murcia como en su visita de hace un mes a nuestro municipio. En esa misma visita que hizo la Consejera de Sanidad hace un mes , ella misma se comprometi\u00f3 a que antes del verano tendr\u00edamos el servicio de vigilancia en el Centro de Salud de Mula . Adem\u00e1s en los presupuestos de la Comunidad Aut\u00f3noma de Murcia hay una enmienda que presentamos nosotros para que se contemplara este servicio con una cantidad de 120.000 euros .<\/span><\/div>\n<div><span style=\"color: #000000;\">\u00a0<\/span><\/div>\n<div><span style=\"color: #000000;\">Espero que tu duda o inquietud se te haya podido aclarar, si no es as\u00ed no dudes en ponerte en contacto para cualquier sugerencia.<\/span><\/div>\n<div><span style=\"color: #000000;\">\u00a0<\/span><\/div>\n<div><span style=\"color: #000000;\">Un cordial saludo.<\/span><\/div>\n<div><span style=\"color: #000000;\">\u00a0<\/span><\/div>\n<div style=\"text-align: center;\"><span style=\"color: #000000;\">Juan Jes\u00fas Moreno Garc\u00eda<\/span><\/div>\n<div style=\"text-align: center;\"><span style=\"color: #000000;\">Alcalde de Mula<\/span><\/div>\n<\/div>\n<\/div>\n<hr \/>\n<hr \/>\n<p style=\"text-align: center;\">\n<\/div><div class=\"fusion-text fusion-text-3\"><\/div><div class=\"fusion-text fusion-text-4\"><h4>Pregunta Ciudadana, junio\u00a0de 2016<\/h4>\n<p style=\"text-align: justify;\">Querido alcalde de Mula.Mi pregunta es \u00bfPor qu\u00e9 donde existe un polideportivo (me refiero al polideportivo de Mula) que hay duchas que si est\u00e1n funcionando no esta permitido a los extranjeros utilizar las mismas?<\/p>\n<\/div><div class=\"fusion-text fusion-text-5\"><hr \/>\n<p><img data-attachment-id=\"11954\" data-permalink=\"https:\/\/mula.es\/web\/saludo-alcalde\/294_\/\" data-orig-file=\"https:\/\/mula.es\/web\/wp-content\/uploads\/2016\/01\/294_.jpg\" data-orig-size=\"430,638\" data-comments-opened=\"0\" data-image-meta=\"\" data-image-title=\"Alcalde de Mula\" data-image-description=\"\" data-image-caption=\"\n\n<p>Alcalde de Mula<\/p>\n<p>\" data-large-file=\"https:\/\/mula.es\/web\/wp-content\/uploads\/2016\/01\/294_.jpg\" class=\"alignleft wp-image-11954\" title=\"Alcalde de Mula\" src=\"https:\/\/mula.es\/web\/wp-content\/uploads\/2016\/01\/294_-202x300.jpg\" alt=\"Alcalde de Mula\" width=\"100\" height=\"148\" \/><\/p>\n<div>\n<div dir=\"ltr\">\n<div><span style=\"color: #000000;\">Hola muy buenas soy Juan Jes\u00fas Moreno (alcalde de Mula) . En cuanto a la pregunta que me haces , tengo que decirte que las duchas del pabell\u00f3n est\u00e1n abiertas y est\u00e1n funcionando para todos los deportistas que hacen uso de las instalaciones deportivas , bien sean espa\u00f1oles , extranjeros. Estas instalaciones est\u00e1n a disposici\u00f3n de todos los deportistas que practiquen deporte y sus duchas est\u00e1n para el funcionamiento de cualquier deportista que pueda usarlas despu\u00e9s de su jornada deportiva.<\/span><\/div>\n<\/div>\n<\/div>\n<div><span style=\"color: #000000;\">\u00a0Espero haber aclarado su duda .<\/span><\/div>\n<div><span style=\"color: #000000;\">\u00a0<\/span><\/div>\n<div><span style=\"color: #000000;\">Sin m\u00e1s reciba un cordial saludo y quedo a su entera disposici\u00f3n .<\/span><\/div>\n<div><span style=\"color: #000000;\">\u00a0<\/span><\/div>\n<div><span style=\"color: #000000;\">Un saludo<\/span><\/div>\n<p style=\"text-align: center;\"><span style=\"color: #000000;\">Juan Jes\u00fas Moreno<br \/>\nAlcalde de Mula<\/span><\/p>\n<hr \/>\n<hr \/>\n<p style=\"text-align: center;\">\n<\/div><div class=\"fusion-text fusion-text-6\"><\/div><div class=\"fusion-text fusion-text-7\"><h4>Pregunta Ciudadano, abril de 2016<\/h4>\n<p style=\"text-align: justify;\">Soy una de tantas personas que tienen un puesto en el mercadillo todos los s\u00e1bados. Mi pregunta y la de todos porque ya lo hemos hablado varias veces lo mismo.<br \/>\nQueremos que nos abaraten el precio. Tenemos 5 puestos mas en la Regi\u00f3n de Murcia. Este es el triple mas caro de todos.<br \/>\nSomos personas. Aut\u00f3nomos que tenemos demasiados gastos y llevamos varios a\u00f1os poniendo dinero de ayudas que los bancos nos van dando. Por favor. Miren por todos nosotros y bajen estos precios. Son excesivos. Muchas gracias.<br \/>\nUn saludo y que tenga un buen d\u00eda.<\/p>\n<\/div><div class=\"fusion-text fusion-text-8\"><hr \/>\n<p><img data-attachment-id=\"11954\" data-permalink=\"https:\/\/mula.es\/web\/saludo-alcalde\/294_\/\" data-orig-file=\"https:\/\/mula.es\/web\/wp-content\/uploads\/2016\/01\/294_.jpg\" data-orig-size=\"430,638\" data-comments-opened=\"0\" data-image-meta=\"\" data-image-title=\"Alcalde de Mula\" data-image-description=\"\" data-image-caption=\"\n\n<p>Alcalde de Mula<\/p>\n<p>\" data-large-file=\"https:\/\/mula.es\/web\/wp-content\/uploads\/2016\/01\/294_.jpg\" class=\"alignleft wp-image-11954\" title=\"Alcalde de Mula\" src=\"https:\/\/mula.es\/web\/wp-content\/uploads\/2016\/01\/294_-202x300.jpg\" alt=\"Alcalde de Mula\" width=\"100\" height=\"148\" \/><\/p>\n<p><span style=\"color: #000000;\">Hola, muy buenas, y gracias por\u00a0su pregunta. Desde el Ayuntamiento estamos intentando regularizar y ver todos los costes de todos los servicios en general. Entendemos la lucha que tienen los aut\u00f3nomos en general para poder ir dando pasos d\u00eda a d\u00eda. Recogemos su propuesta e intentaremos ver como podemos ajustar estos precios a las demandas que realizan ustedes. <\/span><\/p>\n<p style=\"text-align: justify;\"><span style=\"color: #000000;\">Un fuerte abrazo<\/span><\/p>\n<p style=\"text-align: center;\"><span style=\"color: #000000;\">Juan Jes\u00fas Moreno<br \/>\nAlcalde de Mula<\/span><\/p>\n<hr \/>\n<hr \/>\n<p style=\"text-align: center;\">\n<\/div><\/div><\/div><div class=\"fusion-layout-column fusion_builder_column fusion-builder-column-1 fusion_builder_column_1_1 1_1 fusion-flex-column\" style=\"--awb-bg-size:cover;--awb-width-large:100%;--awb-margin-top-large:0px;--awb-spacing-right-large:0px;--awb-margin-bottom-large:20px;--awb-spacing-left-large:0px;--awb-width-medium:100%;--awb-spacing-right-medium:0px;--awb-spacing-left-medium:0px;--awb-width-small:100%;--awb-spacing-right-small:0px;--awb-spacing-left-small:0px;\"><div class=\"fusion-column-wrapper fusion-flex-justify-content-flex-start fusion-content-layout-column\"><\/div><\/div><div class=\"fusion-layout-column fusion_builder_column fusion-builder-column-2 fusion_builder_column_1_1 1_1 fusion-flex-column\" style=\"--awb-bg-size:cover;--awb-width-large:100%;--awb-margin-top-large:0px;--awb-spacing-right-large:0px;--awb-margin-bottom-large:20px;--awb-spacing-left-large:0px;--awb-width-medium:100%;--awb-spacing-right-medium:0px;--awb-spacing-left-medium:0px;--awb-width-small:100%;--awb-spacing-right-small:0px;--awb-spacing-left-small:0px;\"><div class=\"fusion-column-wrapper fusion-flex-justify-content-flex-start fusion-content-layout-column\"><div class=\"fusion-text fusion-text-9\"><p><div id=\"usermessage3a\" class=\"cf_info \"><\/div><form enctype=\"multipart\/form-data\" action=\"\/web\/wp-json\/wp\/v2\/pages\/14045#usermessage3a\" method=\"post\" class=\"cform cformsdirect el-alcalde-responde \" id=\"cforms3form\"><ol class=\"cf-ol\"><li id=\"li-3-1\" class=\"\"><label id=\"label-3-1\" for=\"cf3_field_1\"><span>Nombre*:<\/span><\/label><input type=\"text\" name=\"cf3_field_1\" id=\"cf3_field_1\" class=\"single fldrequired\" value=\"\" title=\"\"\/><span class=\"reqtxt\"><\/span><\/li><li id=\"li-3-2\" class=\"\"><label id=\"label-3-2\" for=\"cf3_field_2\"><span>Apellidos*:<\/span><\/label><input type=\"text\" name=\"cf3_field_2\" id=\"cf3_field_2\" class=\"single fldrequired\" value=\"\" title=\"\"\/><span class=\"reqtxt\"><\/span><\/li><li id=\"li-3-3\" class=\"\"><label id=\"label-3-3\" for=\"cf3_field_3\"><span>Email*:<\/span><\/label><input type=\"text\" name=\"cf3_field_3\" id=\"cf3_field_3\" class=\"single fldemail fldrequired\" value=\"\" title=\"\"\/><span class=\"emailreqtxt\"><\/span><\/li><li id=\"li-3-4\" class=\"\"><label id=\"label-3-4\" for=\"cf3_field_4\"><span>Tel\u00e9fono:<\/span><\/label><input type=\"text\" name=\"cf3_field_4\" id=\"cf3_field_4\" class=\"single\" value=\"\" title=\"\"\/><\/li><li id=\"li-3-5\" class=\"\"><label id=\"label-3-5\" for=\"cf3_field_5\"><span>Texto de su pregunta:<\/span><\/label><textarea cols=\"30\" rows=\"8\" name=\"cf3_field_5\" id=\"cf3_field_5\" class=\"area fldrequired\" title=\"\"><\/textarea><span class=\"reqtxt\"><\/span><\/li><li id=\"li-3-6\" class=\"\"><label id=\"label-3-6\" for=\"cf_uploadfile3-6\"><span>Adjuntar fotograf\u00eda:<\/span><\/label><input type=\"file\" name=\"cf_uploadfile3[]\" id=\"cf_uploadfile3-6\" class=\"cf_upload upload\" title=\"\"\/><\/li><li id=\"li-3-7\" class=\"\"><label for=\"cf3_field_7\" class=\"secq\"><span>CAPTCHA<\/span><\/label><input type=\"text\" name=\"captcha\" id=\"cf3_field_7\" class=\"secinput fldrequired \" title=\"\"\/><img decoding=\"async\" class=\"cforms2_really_simple_captcha_img\" alt=\"CAPTCHA\" src=\"https:\/\/mula.es\/web\/wp-content\/plugins\/really-simple-captcha\/tmp\/1692463711.png\" \/><span class=\"dashicons dashicons-update captcha-reset\"><\/span><input type=\"hidden\" name=\"captcha\/hint\" value=\"1692463711\"\/><\/li><\/ol><fieldset class=\"cf_hidden\"><legend>&nbsp;<\/legend><input type=\"hidden\" name=\"cf_working3\" id=\"cf_working3\" value=\"Un momento por favor\"\/><input type=\"hidden\" name=\"cf_failure3\" id=\"cf_failure3\" value=\"Por favor introduzca todos los campos requeridos marcados con *\"\/><input type=\"hidden\" name=\"cf_customerr3\" id=\"cf_customerr3\" value=\"y\"\/><\/fieldset><p class=\"cf-sb\"><input type=\"submit\" name=\"sendbutton3\" id=\"sendbutton3\" class=\"sendbutton\" value=\"Enviar\" \/><\/p><\/form><div id=\"usermessage3b\" class=\"cf_info \" ><\/div>\nLos campos marcados con asterisco son obligatorios.<br \/>\nSe guardar\u00e1 la direcci\u00f3n IP del emisor por si fuera necesaria la verificaci\u00f3n fehaciente de la persona que env\u00eda el formulario.<br \/>\n\u201cDe acuerdo con lo establecido por la Ley Org\u00e1nica 15\/1999, de 13 de diciembre, de Protecci\u00f3n de Datos de car\u00e1cter Personal, que regula el derecho de informaci\u00f3n de la recogida de datos, Ud. consiente la inclusi\u00f3n y tratamiento de sus datos de car\u00e1cter personal en un fichero titularidad del AYUNTAMIENTO DE MULA, y podr\u00e1n ser cedidos de conformidad con la ley, pudiendo ejercer ante el mismo los derechos de acceso, rectificaci\u00f3n, cancelaci\u00f3n y oposici\u00f3n dirigi\u00e9ndose a AYUNTAMIENTO DE MULA, Plaza Ayuntamiento, 8, 30170 Mula (Murcia)\u201d<\/p>\n<p>&nbsp;<\/p>\n<\/div><\/div><\/div><\/div><\/div>\n","protected":false},"excerpt":{"rendered":"","protected":false},"author":1,"featured_media":0,"parent":0,"menu_order":0,"comment_status":"closed","ping_status":"closed","template":"","meta":{"jetpack_post_was_ever_published":false,"footnotes":""},"class_list":["post-14045","page","type-page","status-publish","hentry"],"yoast_head":"<!-- This site is optimized with the Yoast SEO plugin v27.5 - https:\/\/yoast.com\/product\/yoast-seo-wordpress\/ -->\n<title>El Alcalde Responde - Ayuntamiento de Mula<\/title>\n<meta name=\"robots\" content=\"index, follow, max-snippet:-1, max-image-preview:large, max-video-preview:-1\" \/>\n<link rel=\"canonical\" href=\"https:\/\/mula.es\/web\/el-alcalde-responde\/\" \/>\n<meta property=\"og:locale\" content=\"es_ES\" \/>\n<meta property=\"og:type\" content=\"article\" \/>\n<meta property=\"og:title\" content=\"El Alcalde Responde - Ayuntamiento de Mula\" \/>\n<meta property=\"og:url\" content=\"https:\/\/mula.es\/web\/el-alcalde-responde\/\" \/>\n<meta property=\"og:site_name\" content=\"Ayuntamiento de Mula\" \/>\n<meta property=\"article:modified_time\" content=\"2021-05-12T18:04:55+00:00\" \/>\n<meta property=\"og:image\" content=\"http:\/\/mula.es\/web\/wp-content\/uploads\/2016\/01\/294_-202x300.jpg\" \/>\n<meta name=\"twitter:card\" content=\"summary_large_image\" \/>\n<meta name=\"twitter:site\" content=\"@AyuntamientMula\" \/>\n<meta name=\"twitter:label1\" content=\"Tiempo de lectura\" \/>\n\t<meta name=\"twitter:data1\" content=\"6 minutos\" \/>\n<script type=\"application\/ld+json\" class=\"yoast-schema-graph\">{\"@context\":\"https:\\\/\\\/schema.org\",\"@graph\":[{\"@type\":\"WebPage\",\"@id\":\"https:\\\/\\\/mula.es\\\/web\\\/el-alcalde-responde\\\/\",\"url\":\"https:\\\/\\\/mula.es\\\/web\\\/el-alcalde-responde\\\/\",\"name\":\"El Alcalde Responde - Ayuntamiento de Mula\",\"isPartOf\":{\"@id\":\"https:\\\/\\\/mula.es\\\/web\\\/#website\"},\"primaryImageOfPage\":{\"@id\":\"https:\\\/\\\/mula.es\\\/web\\\/el-alcalde-responde\\\/#primaryimage\"},\"image\":{\"@id\":\"https:\\\/\\\/mula.es\\\/web\\\/el-alcalde-responde\\\/#primaryimage\"},\"thumbnailUrl\":\"http:\\\/\\\/mula.es\\\/web\\\/wp-content\\\/uploads\\\/2016\\\/01\\\/294_-202x300.jpg\",\"datePublished\":\"2016-02-17T13:46:57+00:00\",\"dateModified\":\"2021-05-12T18:04:55+00:00\",\"breadcrumb\":{\"@id\":\"https:\\\/\\\/mula.es\\\/web\\\/el-alcalde-responde\\\/#breadcrumb\"},\"inLanguage\":\"es\",\"potentialAction\":[{\"@type\":\"ReadAction\",\"target\":[\"https:\\\/\\\/mula.es\\\/web\\\/el-alcalde-responde\\\/\"]}]},{\"@type\":\"ImageObject\",\"inLanguage\":\"es\",\"@id\":\"https:\\\/\\\/mula.es\\\/web\\\/el-alcalde-responde\\\/#primaryimage\",\"url\":\"http:\\\/\\\/mula.es\\\/web\\\/wp-content\\\/uploads\\\/2016\\\/01\\\/294_-202x300.jpg\",\"contentUrl\":\"http:\\\/\\\/mula.es\\\/web\\\/wp-content\\\/uploads\\\/2016\\\/01\\\/294_-202x300.jpg\"},{\"@type\":\"BreadcrumbList\",\"@id\":\"https:\\\/\\\/mula.es\\\/web\\\/el-alcalde-responde\\\/#breadcrumb\",\"itemListElement\":[{\"@type\":\"ListItem\",\"position\":1,\"name\":\"Portada\",\"item\":\"https:\\\/\\\/mula.es\\\/web\\\/\"},{\"@type\":\"ListItem\",\"position\":2,\"name\":\"El Alcalde Responde\"}]},{\"@type\":\"WebSite\",\"@id\":\"https:\\\/\\\/mula.es\\\/web\\\/#website\",\"url\":\"https:\\\/\\\/mula.es\\\/web\\\/\",\"name\":\"Ayuntamiento de Mula\",\"description\":\"P\u00e1gina web del Ayuntamiento de Mula (Regi\u00f3n de Murcia)\",\"potentialAction\":[{\"@type\":\"SearchAction\",\"target\":{\"@type\":\"EntryPoint\",\"urlTemplate\":\"https:\\\/\\\/mula.es\\\/web\\\/?s={search_term_string}\"},\"query-input\":{\"@type\":\"PropertyValueSpecification\",\"valueRequired\":true,\"valueName\":\"search_term_string\"}}],\"inLanguage\":\"es\"}]}<\/script>\n<!-- \/ Yoast SEO plugin. -->","yoast_head_json":{"title":"El Alcalde Responde - Ayuntamiento de Mula","robots":{"index":"index","follow":"follow","max-snippet":"max-snippet:-1","max-image-preview":"max-image-preview:large","max-video-preview":"max-video-preview:-1"},"canonical":"https:\/\/mula.es\/web\/el-alcalde-responde\/","og_locale":"es_ES","og_type":"article","og_title":"El Alcalde Responde - Ayuntamiento de Mula","og_url":"https:\/\/mula.es\/web\/el-alcalde-responde\/","og_site_name":"Ayuntamiento de Mula","article_modified_time":"2021-05-12T18:04:55+00:00","og_image":[{"url":"http:\/\/mula.es\/web\/wp-content\/uploads\/2016\/01\/294_-202x300.jpg","type":"","width":"","height":""}],"twitter_card":"summary_large_image","twitter_site":"@AyuntamientMula","twitter_misc":{"Tiempo de lectura":"6 minutos"},"schema":{"@context":"https:\/\/schema.org","@graph":[{"@type":"WebPage","@id":"https:\/\/mula.es\/web\/el-alcalde-responde\/","url":"https:\/\/mula.es\/web\/el-alcalde-responde\/","name":"El Alcalde Responde - Ayuntamiento de Mula","isPartOf":{"@id":"https:\/\/mula.es\/web\/#website"},"primaryImageOfPage":{"@id":"https:\/\/mula.es\/web\/el-alcalde-responde\/#primaryimage"},"image":{"@id":"https:\/\/mula.es\/web\/el-alcalde-responde\/#primaryimage"},"thumbnailUrl":"http:\/\/mula.es\/web\/wp-content\/uploads\/2016\/01\/294_-202x300.jpg","datePublished":"2016-02-17T13:46:57+00:00","dateModified":"2021-05-12T18:04:55+00:00","breadcrumb":{"@id":"https:\/\/mula.es\/web\/el-alcalde-responde\/#breadcrumb"},"inLanguage":"es","potentialAction":[{"@type":"ReadAction","target":["https:\/\/mula.es\/web\/el-alcalde-responde\/"]}]},{"@type":"ImageObject","inLanguage":"es","@id":"https:\/\/mula.es\/web\/el-alcalde-responde\/#primaryimage","url":"http:\/\/mula.es\/web\/wp-content\/uploads\/2016\/01\/294_-202x300.jpg","contentUrl":"http:\/\/mula.es\/web\/wp-content\/uploads\/2016\/01\/294_-202x300.jpg"},{"@type":"BreadcrumbList","@id":"https:\/\/mula.es\/web\/el-alcalde-responde\/#breadcrumb","itemListElement":[{"@type":"ListItem","position":1,"name":"Portada","item":"https:\/\/mula.es\/web\/"},{"@type":"ListItem","position":2,"name":"El Alcalde Responde"}]},{"@type":"WebSite","@id":"https:\/\/mula.es\/web\/#website","url":"https:\/\/mula.es\/web\/","name":"Ayuntamiento de Mula","description":"P\u00e1gina web del Ayuntamiento de Mula (Regi\u00f3n de Murcia)","potentialAction":[{"@type":"SearchAction","target":{"@type":"EntryPoint","urlTemplate":"https:\/\/mula.es\/web\/?s={search_term_string}"},"query-input":{"@type":"PropertyValueSpecification","valueRequired":true,"valueName":"search_term_string"}}],"inLanguage":"es"}]}},"_hostinger_reach_plugin_has_subscription_block":false,"_hostinger_reach_plugin_is_elementor":false,"jetpack_sharing_enabled":true,"jetpack_shortlink":"https:\/\/wp.me\/Pa9DMY-3Ex","jetpack-related-posts":[],"_links":{"self":[{"href":"https:\/\/mula.es\/web\/wp-json\/wp\/v2\/pages\/14045","targetHints":{"allow":["GET"]}}],"collection":[{"href":"https:\/\/mula.es\/web\/wp-json\/wp\/v2\/pages"}],"about":[{"href":"https:\/\/mula.es\/web\/wp-json\/wp\/v2\/types\/page"}],"author":[{"embeddable":true,"href":"https:\/\/mula.es\/web\/wp-json\/wp\/v2\/users\/1"}],"replies":[{"embeddable":true,"href":"https:\/\/mula.es\/web\/wp-json\/wp\/v2\/comments?post=14045"}],"version-history":[{"count":67,"href":"https:\/\/mula.es\/web\/wp-json\/wp\/v2\/pages\/14045\/revisions"}],"predecessor-version":[{"id":38351,"href":"https:\/\/mula.es\/web\/wp-json\/wp\/v2\/pages\/14045\/revisions\/38351"}],"wp:attachment":[{"href":"https:\/\/mula.es\/web\/wp-json\/wp\/v2\/media?parent=14045"}],"curies":[{"name":"wp","href":"https:\/\/api.w.org\/{rel}","templated":true}]}}