{"id":14169,"date":"2016-02-19T08:58:01","date_gmt":"2016-02-19T07:58:01","guid":{"rendered":"http:\/\/mula.es\/web\/?page_id=14169"},"modified":"2024-02-02T08:23:39","modified_gmt":"2024-02-02T07:23:39","slug":"proteccion-de-datos","status":"publish","type":"page","link":"https:\/\/mula.es\/web\/proteccion-de-datos\/","title":{"rendered":"Protecci\u00f3n de datos y aviso legal"},"content":{"rendered":"<div class=\"fusion-fullwidth fullwidth-box fusion-builder-row-1 fusion-flex-container nonhundred-percent-fullwidth non-hundred-percent-height-scrolling\" style=\"--awb-border-radius-top-left:0px;--awb-border-radius-top-right:0px;--awb-border-radius-bottom-right:0px;--awb-border-radius-bottom-left:0px;--awb-flex-wrap:wrap;\" ><div class=\"fusion-builder-row fusion-row fusion-flex-align-items-flex-start fusion-flex-content-wrap\" style=\"max-width:1144px;margin-left: calc(-4% \/ 2 );margin-right: calc(-4% \/ 2 );\"><div class=\"fusion-layout-column fusion_builder_column fusion-builder-column-0 fusion_builder_column_1_1 1_1 fusion-flex-column\" style=\"--awb-bg-size:cover;--awb-width-large:100%;--awb-margin-top-large:0px;--awb-spacing-right-large:1.92%;--awb-margin-bottom-large:20px;--awb-spacing-left-large:1.92%;--awb-width-medium:100%;--awb-spacing-right-medium:1.92%;--awb-spacing-left-medium:1.92%;--awb-width-small:100%;--awb-spacing-right-small:1.92%;--awb-spacing-left-small:1.92%;\"><div class=\"fusion-column-wrapper fusion-flex-justify-content-flex-start fusion-content-layout-column\"><div class=\"accordian fusion-accordian\" style=\"--awb-border-size:1px;--awb-icon-size:13px;--awb-content-font-size:15px;--awb-icon-alignment:left;--awb-hover-color:#f9f9f9;--awb-border-color:#cccccc;--awb-background-color:#ffffff;--awb-divider-color:#e0dede;--awb-divider-hover-color:#e0dede;--awb-icon-color:#ffffff;--awb-title-color:#333333;--awb-content-color:#747474;--awb-icon-box-color:#333333;--awb-toggle-hover-accent-color:#e10707;--awb-title-font-family:&quot;Antic Slab&quot;;--awb-title-font-weight:regular;--awb-title-font-style:normal;--awb-title-font-size:15px;--awb-content-font-family:&quot;PT Sans&quot;;--awb-content-font-style:normal;--awb-content-font-weight:400;\"><div class=\"panel-group fusion-toggle-icon-boxed\" id=\"accordion-14169-1\"><div class=\"fusion-panel panel-default panel-626fdf72355b15a35 fusion-toggle-has-divider\"><div class=\"panel-heading\"><h4 class=\"panel-title toggle\" id=\"toggle_626fdf72355b15a35\"><a class=\"active\" aria-expanded=\"true\" aria-controls=\"626fdf72355b15a35\" role=\"button\" data-toggle=\"collapse\" data-parent=\"#accordion-14169-1\" data-target=\"#626fdf72355b15a35\" href=\"#626fdf72355b15a35\"><span class=\"fusion-toggle-icon-wrapper\" aria-hidden=\"true\"><i class=\"fa-fusion-box active-icon awb-icon-minus\" aria-hidden=\"true\"><\/i><i class=\"fa-fusion-box inactive-icon awb-icon-plus\" aria-hidden=\"true\"><\/i><\/span><span class=\"fusion-toggle-heading\">Informaci\u00f3n general de la p\u00e1gina web<\/span><\/a><\/h4><\/div><div id=\"626fdf72355b15a35\" class=\"panel-collapse collapse in\" aria-labelledby=\"toggle_626fdf72355b15a35\"><div class=\"panel-body toggle-content fusion-clearfix\">\n<p>En los portales institucionales del Ayuntamiento de Mula no se recaban datos de car\u00e1cter personal de las personas usuarias sin su conocimiento, ni se ceden a terceros. La visita se efect\u00faa en forma an\u00f3nima. Solamente para poder acceder a alguno de los servicios de la sede electr\u00f3nica, o bien para la cumplimentaci\u00f3n de formularios los usuarios habr\u00e1n de suministrar los datos personales imprescindibles para la prestaci\u00f3n del servicio solicitado.<\/p>\n<p class=\"text-align-justify\">Con la finalidad de ofrecerle el mejor servicio y con el objeto de facilitar el uso, se analizan el n\u00famero de p\u00e1ginas visitadas, el n\u00famero de visitas, as\u00ed como la actividad de las persona visitantes y su frecuencia de utilizaci\u00f3n.<\/p>\n<p style=\"font-weight: 400; text-align: justify;\">Estos datos se incorporar\u00e1n a las correspondientes actividades de tratamiento del Ayuntamiento de Mula y ser\u00e1n tratados con la finalidad espec\u00edfica de cada tratamiento de conformidad con la regulaci\u00f3n establecida por el Reglamento (UE) 2016\/679 del Parlamento Europeo y del Consejo sobre protecci\u00f3n de datos de car\u00e1cter personal y la Ley Org\u00e1nica 3\/2018, de 5 de diciembre, de Protecci\u00f3n de Datos Personales y garant\u00eda de los derechos digitales.<\/p>\n<\/div><\/div><\/div><div class=\"fusion-panel panel-default panel-8307552aec946085f fusion-toggle-has-divider\"><div class=\"panel-heading\"><h4 class=\"panel-title toggle\" id=\"toggle_8307552aec946085f\"><a aria-expanded=\"false\" aria-controls=\"8307552aec946085f\" role=\"button\" data-toggle=\"collapse\" data-parent=\"#accordion-14169-1\" data-target=\"#8307552aec946085f\" href=\"#8307552aec946085f\"><span class=\"fusion-toggle-icon-wrapper\" aria-hidden=\"true\"><i class=\"fa-fusion-box active-icon awb-icon-minus\" aria-hidden=\"true\"><\/i><i class=\"fa-fusion-box inactive-icon awb-icon-plus\" aria-hidden=\"true\"><\/i><\/span><span class=\"fusion-toggle-heading\">Derechos de las personas afectadas<\/span><\/a><\/h4><\/div><div id=\"8307552aec946085f\" class=\"panel-collapse collapse \" aria-labelledby=\"toggle_8307552aec946085f\"><div class=\"panel-body toggle-content fusion-clearfix\">\n<p style=\"font-weight: 400; text-align: justify;\">El\u00a0<strong style=\"font-weight: 700 !important; font-style: inherit;\">Reglamento General de Protecci\u00f3n de Datos y la Ley Org\u00e1nica 3\/2018, de 5 de diciembre, de Protecci\u00f3n de Datos Personales y garant\u00eda de los derechos digitales. <\/strong>\u00a0regula los derechos de las personas afectadas ante un tratamiento de sus datos, especificando que, como titulares de los mismos, pueden ejercitar ante el Ayuntamiento de Mula los derechos de acceso, rectificaci\u00f3n, supresi\u00f3n (derecho al olvido), oposici\u00f3n, portabilidad, limitaci\u00f3n al tratamiento y revocaci\u00f3n del consentimiento.<\/p>\n<p style=\"font-weight: 400; text-align: justify;\">\u00bfEn qu\u00e9 consisten los derechos de las personas afectadas?<\/p>\n<p style=\"font-weight: 400; text-align: justify;\"><strong style=\"font-weight: 700 !important; font-style: inherit;\">Derecho de acceso<\/strong><\/p>\n<p style=\"font-weight: 400; text-align: justify;\">La persona afectada tiene derecho a ser informada de:<\/p>\n<ul style=\"font-weight: 400; text-align: justify;\">\n<li style=\"font-style: inherit; font-weight: inherit;\">Los fines del tratamiento, categor\u00edas de datos personales que se traten y de las posibles comunicaciones de datos y sus destinatarios.<\/li>\n<li style=\"font-style: inherit; font-weight: inherit;\">De ser posible, el plazo de conservaci\u00f3n de tus datos. De no serlo, los criterios para determinar este plazo.<\/li>\n<li style=\"font-style: inherit; font-weight: inherit;\">Del derecho a solicitar la rectificaci\u00f3n o supresi\u00f3n de los datos, la limitaci\u00f3n al tratamiento, u oponerse al mismo.<\/li>\n<li style=\"font-style: inherit; font-weight: inherit;\">Del derecho a presentar una reclamaci\u00f3n ante la Autoridad de Control.<\/li>\n<li style=\"font-style: inherit; font-weight: inherit;\">Obtener una copia de los datos objeto del tratamiento.<\/li>\n<li style=\"font-style: inherit; font-weight: inherit;\">Si se produce una transferencia internacional de datos, recibir informaci\u00f3n de las garant\u00edas adecuadas.<\/li>\n<li style=\"font-style: inherit; font-weight: inherit;\">De la existencia de decisiones automatizadas (incluyendo perfiles), la l\u00f3gica aplicada y consecuencias de este tratamiento.<\/li>\n<\/ul>\n<p style=\"font-weight: 400; text-align: justify;\">Debe distinguirse del derecho de acceso de los interesados a los expedientes administrativos que regula la Ley 39\/2015, de 1 de octubre, del Procedimiento Administrativo Com\u00fan de las Administraciones P\u00fablicas, as\u00ed como del derecho de acceso regulado en la Ley 19\/2013, de 9 de diciembre, de transparencia, acceso a la informaci\u00f3n p\u00fablica y buen gobierno.<\/p>\n<p style=\"font-weight: 400; text-align: justify;\"><strong style=\"font-weight: 700 !important; font-style: inherit;\">Derecho de rectificaci\u00f3n<\/strong><\/p>\n<p style=\"font-weight: 400; text-align: justify;\">La persona afectada tiene derecho\u00a0a rectificar los datos inexactos, y a que se completen los datos personales incompletos, inclusive mediante una declaraci\u00f3n adicional.<\/p>\n<p style=\"font-weight: 400; text-align: justify;\"><strong style=\"font-weight: 700 !important; font-style: inherit;\">Derecho de supresi\u00f3n (Derecho al olvido)<\/strong><\/p>\n<p style=\"font-weight: 400; text-align: justify;\">Con su ejercicio la persona afectada puede solicitar la supresi\u00f3n de los datos personales sin dilaci\u00f3n debida cuando concurra alguno de los supuestos contemplados. Por ejemplo, tratamiento il\u00edcito de datos, o cuando haya desaparecido la finalidad que motiv\u00f3 el tratamiento o recogida.<\/p>\n<p style=\"font-weight: 400; text-align: justify;\">No obstante, se regulan una serie de excepciones en las que no proceder\u00e1 este derecho. Por ejemplo, cuando deba prevalecer el derecho a la libertad de expresi\u00f3n e informaci\u00f3n.<\/p>\n<p style=\"font-weight: 400; text-align: justify;\"><strong style=\"font-weight: 700 !important; font-style: inherit;\">Derecho de oposici\u00f3n<\/strong><\/p>\n<p style=\"font-weight: 400; text-align: justify;\">La persona afectada puede oponerse al tratamiento:<\/p>\n<ul style=\"font-weight: 400; text-align: justify;\">\n<li style=\"font-style: inherit; font-weight: inherit;\">Cuando por motivos relacionados con su situaci\u00f3n personal, debe cesar el tratamiento de tus datos salvo que se acredite un inter\u00e9s leg\u00edtimo, o sea necesario para el ejercicio o defensa de reclamaciones.<\/li>\n<li style=\"font-style: inherit; font-weight: inherit;\">Cuando el tratamiento tenga por objeto la mercadotecnia directa.<\/li>\n<\/ul>\n<p style=\"text-align: justify;\"><strong style=\"font-weight: 700 !important; font-style: inherit;\">Derecho a la portabilidad<\/strong><\/p>\n<p style=\"text-align: justify;\">Permite a las personas obtener los datos que han proporcionado en un formato estructurado, de uso com\u00fan y de lectura mec\u00e1nica, y a a transmitirlos a otro responsable del tratamiento sin que lo impida el responsable al que se los hubiera facilitado.<\/p>\n<p style=\"font-weight: 400; text-align: justify;\"><strong style=\"font-weight: 700 !important; font-style: inherit;\">Derecho a la limitaci\u00f3n del tratamiento<\/strong><\/p>\n<p style=\"font-weight: 400; text-align: justify;\">Permite a persona afectada:<\/p>\n<ul style=\"font-weight: 400; text-align: justify;\">\n<li style=\"font-style: inherit; font-weight: inherit;\">Solicitar al responsable que suspenda el tratamiento de datos cuando:\n<ul style=\"font-style: inherit; font-weight: inherit;\">\n<li style=\"font-style: inherit; font-weight: inherit;\">Se impugne la exactitud de los datos, mientras se verifica dicha exactitud por el responsable.<\/li>\n<li style=\"font-style: inherit; font-weight: inherit;\">El afectado ha ejercitado su derecho de oposici\u00f3n al tratamiento de datos, mientras se verifica si los motivos leg\u00edtimos del responsable prevalecen sobre el afectado.<\/li>\n<\/ul>\n<\/li>\n<li style=\"font-style: inherit; font-weight: inherit;\">Solicitar al responsable que conserve sus datos personales cuando:\n<ul style=\"font-style: inherit; font-weight: inherit;\">\n<li style=\"font-style: inherit; font-weight: inherit;\">El tratamiento de datos sea il\u00edcito y el afectado se oponga a la supresi\u00f3n de sus datos y solicite en su lugar la limitaci\u00f3n de su uso.<\/li>\n<li style=\"font-style: inherit; font-weight: inherit;\">El responsable ya no necesita los datos para los fines del tratamiento pero el afectado si los necesite para la formulaci\u00f3n, ejercicio o defensa de reclamaciones.<\/li>\n<\/ul>\n<\/li>\n<\/ul>\n<p style=\"text-align: justify;\"><strong style=\"font-weight: 700 !important; font-style: inherit;\">Revocaci\u00f3n del consentimiento<\/strong><\/p>\n<p style=\"text-align: justify;\">La persona afectada puede exigir el cese en el tratamiento de sus datos mediante su pura y simple manifestaci\u00f3n de voluntad, siempre y cuando sea necesario su consentimiento previo para dicho tratamiento. La revocaci\u00f3n del consentimiento no tiene efectos retroactivos.<\/p>\n<\/div><\/div><\/div><div class=\"fusion-panel panel-default panel-ee6a640c38b605532 fusion-toggle-has-divider\"><div class=\"panel-heading\"><h4 class=\"panel-title toggle\" id=\"toggle_ee6a640c38b605532\"><a aria-expanded=\"false\" aria-controls=\"ee6a640c38b605532\" role=\"button\" data-toggle=\"collapse\" data-parent=\"#accordion-14169-1\" data-target=\"#ee6a640c38b605532\" href=\"#ee6a640c38b605532\"><span class=\"fusion-toggle-icon-wrapper\" aria-hidden=\"true\"><i class=\"fa-fusion-box active-icon awb-icon-minus\" aria-hidden=\"true\"><\/i><i class=\"fa-fusion-box inactive-icon awb-icon-plus\" aria-hidden=\"true\"><\/i><\/span><span class=\"fusion-toggle-heading\">Como ejercitar los derechos<\/span><\/a><\/h4><\/div><div id=\"ee6a640c38b605532\" class=\"panel-collapse collapse \" aria-labelledby=\"toggle_ee6a640c38b605532\"><div class=\"panel-body toggle-content fusion-clearfix\">\n<p align=\"justify\">Para su ejercicio, tiene que dirigir una solicitud, presentada presencialmente, electr\u00f3nicamente o remitida por correo ordinario, en el Ayuntamiento de Mula, Plaza del Ayuntamiento, 8, Mula, 30170, (Murcia), dirigida al \u201cDelegado de Protecci\u00f3n de Datos\u201d. La solicitud tambi\u00e9n puede ser remitida mediante instancia general en Sede Electr\u00f3nica <a href=\"https:\/\/sede.mula.regiondemurcia.es\">https:\/\/sede.mula.regiondemurcia.es<\/a> o cualquier otro medio dispuesto en el art.16 de la Ley 39\/2015 de 1 de octubre, del Procedimiento Administrativo Com\u00fan de las Administraciones P\u00fablicas. As\u00ed mismo puede presentar la misma a trav\u00e9s del correo electr\u00f3nico dpd@aytomula.es<\/p>\n<p align=\"justify\">En todos los casos, el Ayuntamiento tiene que verificar su identidad como titular de los datos, por lo cual se tiene que incluir copia o referencia de un documento vigente acreditativo de su identidad (DNI, NIE, Pasaporte). Para esta verificaci\u00f3n, el Ayuntamiento ejercer\u00e1 su potestad de verificaci\u00f3n recogida en la disposici\u00f3n adicional octava de la Ley Org\u00e1nica 3\/2018, de 5 de diciembre, de Protecci\u00f3n de Datos Personales y garant\u00eda de los derechos digitales<\/p>\n<p align=\"justify\">En caso de actuar como representante de la persona interesada, tiene que acreditarse fehacientemente el poder de representaci\u00f3n otorgado por esta.<\/p>\n<\/div><\/div><\/div><div class=\"fusion-panel panel-default panel-ac34f0165271bf664 fusion-toggle-has-divider\"><div class=\"panel-heading\"><h4 class=\"panel-title toggle\" id=\"toggle_ac34f0165271bf664\"><a aria-expanded=\"false\" aria-controls=\"ac34f0165271bf664\" role=\"button\" data-toggle=\"collapse\" data-parent=\"#accordion-14169-1\" data-target=\"#ac34f0165271bf664\" href=\"#ac34f0165271bf664\"><span class=\"fusion-toggle-icon-wrapper\" aria-hidden=\"true\"><i class=\"fa-fusion-box active-icon awb-icon-minus\" aria-hidden=\"true\"><\/i><i class=\"fa-fusion-box inactive-icon awb-icon-plus\" aria-hidden=\"true\"><\/i><\/span><span class=\"fusion-toggle-heading\">Delegado de protecci\u00f3n de datos<\/span><\/a><\/h4><\/div><div id=\"ac34f0165271bf664\" class=\"panel-collapse collapse \" aria-labelledby=\"toggle_ac34f0165271bf664\"><div class=\"panel-body toggle-content fusion-clearfix\">\n<p style=\"text-align: justify;\">El Pleno de la Corporaci\u00f3n, en sesi\u00f3n extraordinaria celebrada el d\u00eda treinta de enero de dos mil veinte, aprob\u00f3 la Relaci\u00f3n de Puestos de Trabajo del Ayuntamiento de Mula, en la que se incluye el puesto de T\u00e9cnico Inform\u00e1tico, ocupado actualmente por el funcionario D. Jos\u00e9 Mar\u00eda Bot\u00ed Hern\u00e1ndez, y entre cuyas tareas, seg\u00fan ficha de descripci\u00f3n del puesto aprobada en dicha sesi\u00f3n, figura la de <strong>delegado de protecci\u00f3n de datos.<\/strong><\/p>\n<p>Usted puede contactar con el delegado de protecci\u00f3n de datos (DPD) mediante:<\/p>\n<ul>\n<li>Correo electr\u00f3nico: dpd@aytomula.es<\/li>\n<li>Sede electr\u00f3nica <a href=\"https:\/\/sede.mula.regiondemurcia.es\">https:\/\/sede.mula.regiondemurcia.es<\/a> mediante instancia general dirigida al DPD.<\/li>\n<li>Correo ordinario: carta dirigida al Delegado de Protecci\u00f3n de Datos \u2013 Plaza del Ayuntamiento, 8, Mula, 30170, (Murcia)<\/li>\n<\/ul>\n<\/div><\/div><\/div><div class=\"fusion-panel panel-default panel-7b396db20af9e06f8 fusion-toggle-has-divider\"><div class=\"panel-heading\"><h4 class=\"panel-title toggle\" id=\"toggle_7b396db20af9e06f8\"><a aria-expanded=\"false\" aria-controls=\"7b396db20af9e06f8\" role=\"button\" data-toggle=\"collapse\" data-parent=\"#accordion-14169-1\" data-target=\"#7b396db20af9e06f8\" href=\"#7b396db20af9e06f8\"><span class=\"fusion-toggle-icon-wrapper\" aria-hidden=\"true\"><i class=\"fa-fusion-box active-icon awb-icon-minus\" aria-hidden=\"true\"><\/i><i class=\"fa-fusion-box inactive-icon awb-icon-plus\" aria-hidden=\"true\"><\/i><\/span><span class=\"fusion-toggle-heading\">Registro de actividades de tratamiento<\/span><\/a><\/h4><\/div><div id=\"7b396db20af9e06f8\" class=\"panel-collapse collapse \" aria-labelledby=\"toggle_7b396db20af9e06f8\"><div class=\"panel-body toggle-content fusion-clearfix\">\n<p style=\"font-weight: 400; text-align: justify;\">Con la plena aplicaci\u00f3n del Reglamento (UE) 2016\/679 del Parlamento Europeo y del Consejo<strong style=\"font-weight: 700 !important; font-style: inherit;\">, Reglamento General de Protecci\u00f3n de Datos<\/strong>, el<strong style=\"font-weight: 700 !important; font-style: inherit;\">\u00a025 de mayo de<\/strong>\u00a0<strong style=\"font-weight: 700 !important; font-style: inherit;\">2018\u00a0<\/strong>desaparece la obligaci\u00f3n de notificar la inscripci\u00f3n de ficheros, tanto de responsables p\u00fablicos o privados, en el Registro de Ficheros de la <a href=\"https:\/\/www.aepd.es\/es\">Agencia Espa\u00f1ola de Protecci\u00f3n de Datos<\/a>, sin perjuicio de la obligaci\u00f3n de elaborar y mantener actualizado el Registro de Actividades de Tratamiento.<\/p>\n<p style=\"font-weight: 400; text-align: justify;\">El\u00a0<i><em style=\"font-weight: inherit;\"><strong style=\"font-weight: 700 !important; font-style: inherit;\">Registro de Actividades de Tratamiento del Ayuntamiento de Mula<\/strong><\/em><\/i> se publica para su conocimiento en esta secci\u00f3n:<\/p>\n<\/div><\/div><\/div><div class=\"fusion-panel panel-default panel-cf1c04c21a2f15ef7 fusion-toggle-has-divider\"><div class=\"panel-heading\"><h4 class=\"panel-title toggle\" id=\"toggle_cf1c04c21a2f15ef7\"><a aria-expanded=\"false\" aria-controls=\"cf1c04c21a2f15ef7\" role=\"button\" data-toggle=\"collapse\" data-parent=\"#accordion-14169-1\" data-target=\"#cf1c04c21a2f15ef7\" href=\"#cf1c04c21a2f15ef7\"><span class=\"fusion-toggle-icon-wrapper\" aria-hidden=\"true\"><i class=\"fa-fusion-box active-icon awb-icon-minus\" aria-hidden=\"true\"><\/i><i class=\"fa-fusion-box inactive-icon awb-icon-plus\" aria-hidden=\"true\"><\/i><\/span><span class=\"fusion-toggle-heading\">Agencia Espa\u00f1ola de Protecci\u00f3n de Datos<\/span><\/a><\/h4><\/div><div id=\"cf1c04c21a2f15ef7\" class=\"panel-collapse collapse \" aria-labelledby=\"toggle_cf1c04c21a2f15ef7\"><div class=\"panel-body toggle-content fusion-clearfix\">Para m\u00e1s informaci\u00f3n, puede contactar con la <a href=\"https:\/\/www.aepd.es\/es\">Agencia Espa\u00f1ola de Protecci\u00f3n de Datos<\/a><\/div><\/div><\/div><\/div><\/div><\/div><\/div><div class=\"fusion-layout-column fusion_builder_column fusion-builder-column-1 fusion_builder_column_1_2 1_2 fusion-flex-column\" style=\"--awb-bg-size:cover;--awb-width-large:50%;--awb-margin-top-large:0px;--awb-spacing-right-large:3.84%;--awb-margin-bottom-large:20px;--awb-spacing-left-large:3.84%;--awb-width-medium:50%;--awb-spacing-right-medium:3.84%;--awb-spacing-left-medium:3.84%;--awb-width-small:100%;--awb-spacing-right-small:1.92%;--awb-spacing-left-small:1.92%;\"><div class=\"fusion-column-wrapper fusion-flex-justify-content-flex-start fusion-content-layout-column\"><div class=\"fusion-title title fusion-title-1 fusion-title-text fusion-title-size-four\" style=\"--awb-margin-top-small:0px;--awb-margin-right-small:0px;--awb-margin-bottom-small:20px;--awb-margin-left-small:0px;\"><div class=\"title-sep-container title-sep-container-left fusion-no-large-visibility fusion-no-medium-visibility fusion-no-small-visibility\"><div class=\"title-sep sep-double sep-solid\" style=\"border-color:#e0dede;\"><\/div><\/div><span class=\"awb-title-spacer fusion-no-large-visibility fusion-no-medium-visibility fusion-no-small-visibility\"><\/span><h4 class=\"fusion-title-heading title-heading-left\" style=\"margin:0;\"><span style=\"color: #000000;\">Descarga de datos<\/span><\/h4><span class=\"awb-title-spacer\"><\/span><div class=\"title-sep-container title-sep-container-right\"><div class=\"title-sep sep-double sep-solid\" style=\"border-color:#e0dede;\"><\/div><\/div><\/div><div class=\"fusion-text fusion-text-1\"><ul>\n<li><a href=\"https:\/\/mula.es\/web\/wp-content\/uploads\/2021\/07\/Proteccion-de-datos-personales.pdf\">Pdf<\/a><\/li>\n<li><a href=\"https:\/\/mula.es\/web\/wp-content\/uploads\/2021\/07\/proteccion-de-datos-personales.odt\">OpenOffice (Odt)<\/a><\/li>\n<\/ul>\n<\/div><\/div><\/div><div class=\"fusion-layout-column fusion_builder_column fusion-builder-column-2 fusion_builder_column_1_2 1_2 fusion-flex-column\" style=\"--awb-bg-size:cover;--awb-width-large:50%;--awb-margin-top-large:0px;--awb-spacing-right-large:3.84%;--awb-margin-bottom-large:-10px;--awb-spacing-left-large:3.84%;--awb-width-medium:50%;--awb-spacing-right-medium:3.84%;--awb-spacing-left-medium:3.84%;--awb-width-small:100%;--awb-spacing-right-small:1.92%;--awb-spacing-left-small:1.92%;\"><div class=\"fusion-column-wrapper fusion-flex-justify-content-flex-start fusion-content-layout-column\"><div class=\"fusion-title title fusion-title-2 fusion-title-text fusion-title-size-four\" style=\"--awb-margin-top-small:0px;--awb-margin-right-small:0px;--awb-margin-bottom-small:20px;--awb-margin-left-small:0px;\"><div class=\"title-sep-container title-sep-container-left fusion-no-large-visibility fusion-no-medium-visibility fusion-no-small-visibility\"><div class=\"title-sep sep-double sep-solid\" style=\"border-color:#e0dede;\"><\/div><\/div><span class=\"awb-title-spacer fusion-no-large-visibility fusion-no-medium-visibility fusion-no-small-visibility\"><\/span><h4 class=\"fusion-title-heading title-heading-left\" style=\"margin:0;\"><span style=\"color: #000000;\">Nota de alcance<\/span><\/h4><span class=\"awb-title-spacer\"><\/span><div class=\"title-sep-container title-sep-container-right\"><div class=\"title-sep sep-double sep-solid\" style=\"border-color:#e0dede;\"><\/div><\/div><\/div><div class=\"fusion-text fusion-text-2\"><ul>\n<li><strong>Fuente principal de datos:<\/strong> Delegado de Protecci\u00f3n de Datos<\/li>\n<li><strong>Periodicidad:<\/strong> Anual<\/li>\n<li><strong>\u00daltima revisi\u00f3n:<\/strong> 2 de febrero de 2024<\/li>\n<\/ul>\n<\/div><\/div><\/div><div class=\"fusion-layout-column fusion_builder_column fusion-builder-column-3 fusion_builder_column_1_1 1_1 fusion-flex-column\" style=\"--awb-bg-size:cover;--awb-width-large:100%;--awb-margin-top-large:0px;--awb-spacing-right-large:1.92%;--awb-margin-bottom-large:20px;--awb-spacing-left-large:1.92%;--awb-width-medium:100%;--awb-spacing-right-medium:1.92%;--awb-spacing-left-medium:1.92%;--awb-width-small:100%;--awb-spacing-right-small:1.92%;--awb-spacing-left-small:1.92%;\"><div class=\"fusion-column-wrapper fusion-flex-justify-content-flex-start fusion-content-layout-column\"><div class=\"fusion-title title fusion-title-3 fusion-title-text fusion-title-size-four\" style=\"--awb-margin-top-small:0px;--awb-margin-right-small:0px;--awb-margin-bottom-small:20px;--awb-margin-left-small:0px;\"><div class=\"title-sep-container title-sep-container-left fusion-no-large-visibility fusion-no-medium-visibility fusion-no-small-visibility\"><div class=\"title-sep sep-double sep-solid\" style=\"border-color:#e0dede;\"><\/div><\/div><span class=\"awb-title-spacer fusion-no-large-visibility fusion-no-medium-visibility fusion-no-small-visibility\"><\/span><h4 class=\"fusion-title-heading title-heading-left\" style=\"margin:0;\"><span style=\"color: #000000;\">Mejora de los datos<\/span><\/h4><span class=\"awb-title-spacer\"><\/span><div class=\"title-sep-container title-sep-container-right\"><div class=\"title-sep sep-double sep-solid\" style=\"border-color:#e0dede;\"><\/div><\/div><\/div><div class=\"fusion-text fusion-text-3\"><p>Si detecta cualquier error en los datos de esta p\u00e1gina, o considera que deben ser completados o mejorados, por favor comun\u00edquelo al Ayuntamiento de Mula a trav\u00e9s de nuestro <a href=\"https:\/\/mula.es\/web\/sugerencias\/\">formulario de contacto<\/a>.<\/p>\n<\/div><\/div><\/div><\/div><\/div>\n","protected":false},"excerpt":{"rendered":"","protected":false},"author":1,"featured_media":0,"parent":0,"menu_order":0,"comment_status":"closed","ping_status":"closed","template":"","meta":{"jetpack_post_was_ever_published":false,"footnotes":""},"class_list":["post-14169","page","type-page","status-publish","hentry"],"yoast_head":"<!-- This site is optimized with the Yoast SEO plugin v27.5 - https:\/\/yoast.com\/product\/yoast-seo-wordpress\/ -->\n<title>Protecci\u00f3n de datos y aviso legal - Ayuntamiento de Mula<\/title>\n<meta name=\"robots\" content=\"index, follow, max-snippet:-1, max-image-preview:large, max-video-preview:-1\" \/>\n<link rel=\"canonical\" href=\"https:\/\/mula.es\/web\/proteccion-de-datos\/\" \/>\n<meta property=\"og:locale\" content=\"es_ES\" \/>\n<meta property=\"og:type\" content=\"article\" \/>\n<meta property=\"og:title\" content=\"Protecci\u00f3n de datos y aviso legal - Ayuntamiento de Mula\" \/>\n<meta property=\"og:url\" content=\"https:\/\/mula.es\/web\/proteccion-de-datos\/\" \/>\n<meta property=\"og:site_name\" content=\"Ayuntamiento de Mula\" \/>\n<meta property=\"article:modified_time\" content=\"2024-02-02T07:23:39+00:00\" \/>\n<meta property=\"og:image\" content=\"https:\/\/mula.es\/web\/wp-content\/uploads\/2020\/06\/escudo-cuadrado-e1591045058235.jpg\" \/>\n\t<meta property=\"og:image:width\" content=\"200\" \/>\n\t<meta property=\"og:image:height\" content=\"218\" \/>\n\t<meta property=\"og:image:type\" content=\"image\/jpeg\" \/>\n<meta name=\"twitter:card\" content=\"summary_large_image\" \/>\n<meta name=\"twitter:site\" content=\"@AyuntamientMula\" \/>\n<meta name=\"twitter:label1\" content=\"Tiempo de lectura\" \/>\n\t<meta name=\"twitter:data1\" content=\"6 minutos\" \/>\n<script type=\"application\/ld+json\" class=\"yoast-schema-graph\">{\"@context\":\"https:\\\/\\\/schema.org\",\"@graph\":[{\"@type\":\"WebPage\",\"@id\":\"https:\\\/\\\/mula.es\\\/web\\\/proteccion-de-datos\\\/\",\"url\":\"https:\\\/\\\/mula.es\\\/web\\\/proteccion-de-datos\\\/\",\"name\":\"Protecci\u00f3n de datos y aviso legal - Ayuntamiento de Mula\",\"isPartOf\":{\"@id\":\"https:\\\/\\\/mula.es\\\/web\\\/#website\"},\"datePublished\":\"2016-02-19T07:58:01+00:00\",\"dateModified\":\"2024-02-02T07:23:39+00:00\",\"breadcrumb\":{\"@id\":\"https:\\\/\\\/mula.es\\\/web\\\/proteccion-de-datos\\\/#breadcrumb\"},\"inLanguage\":\"es\",\"potentialAction\":[{\"@type\":\"ReadAction\",\"target\":[\"https:\\\/\\\/mula.es\\\/web\\\/proteccion-de-datos\\\/\"]}]},{\"@type\":\"BreadcrumbList\",\"@id\":\"https:\\\/\\\/mula.es\\\/web\\\/proteccion-de-datos\\\/#breadcrumb\",\"itemListElement\":[{\"@type\":\"ListItem\",\"position\":1,\"name\":\"Portada\",\"item\":\"https:\\\/\\\/mula.es\\\/web\\\/\"},{\"@type\":\"ListItem\",\"position\":2,\"name\":\"Protecci\u00f3n de datos y aviso legal\"}]},{\"@type\":\"WebSite\",\"@id\":\"https:\\\/\\\/mula.es\\\/web\\\/#website\",\"url\":\"https:\\\/\\\/mula.es\\\/web\\\/\",\"name\":\"Ayuntamiento de Mula\",\"description\":\"P\u00e1gina web del Ayuntamiento de Mula (Regi\u00f3n de Murcia)\",\"potentialAction\":[{\"@type\":\"SearchAction\",\"target\":{\"@type\":\"EntryPoint\",\"urlTemplate\":\"https:\\\/\\\/mula.es\\\/web\\\/?s={search_term_string}\"},\"query-input\":{\"@type\":\"PropertyValueSpecification\",\"valueRequired\":true,\"valueName\":\"search_term_string\"}}],\"inLanguage\":\"es\"}]}<\/script>\n<!-- \/ Yoast SEO plugin. -->","yoast_head_json":{"title":"Protecci\u00f3n de datos y aviso legal - Ayuntamiento de Mula","robots":{"index":"index","follow":"follow","max-snippet":"max-snippet:-1","max-image-preview":"max-image-preview:large","max-video-preview":"max-video-preview:-1"},"canonical":"https:\/\/mula.es\/web\/proteccion-de-datos\/","og_locale":"es_ES","og_type":"article","og_title":"Protecci\u00f3n de datos y aviso legal - Ayuntamiento de Mula","og_url":"https:\/\/mula.es\/web\/proteccion-de-datos\/","og_site_name":"Ayuntamiento de Mula","article_modified_time":"2024-02-02T07:23:39+00:00","og_image":[{"width":200,"height":218,"url":"https:\/\/mula.es\/web\/wp-content\/uploads\/2020\/06\/escudo-cuadrado-e1591045058235.jpg","type":"image\/jpeg"}],"twitter_card":"summary_large_image","twitter_site":"@AyuntamientMula","twitter_misc":{"Tiempo de lectura":"6 minutos"},"schema":{"@context":"https:\/\/schema.org","@graph":[{"@type":"WebPage","@id":"https:\/\/mula.es\/web\/proteccion-de-datos\/","url":"https:\/\/mula.es\/web\/proteccion-de-datos\/","name":"Protecci\u00f3n de datos y aviso legal - Ayuntamiento de Mula","isPartOf":{"@id":"https:\/\/mula.es\/web\/#website"},"datePublished":"2016-02-19T07:58:01+00:00","dateModified":"2024-02-02T07:23:39+00:00","breadcrumb":{"@id":"https:\/\/mula.es\/web\/proteccion-de-datos\/#breadcrumb"},"inLanguage":"es","potentialAction":[{"@type":"ReadAction","target":["https:\/\/mula.es\/web\/proteccion-de-datos\/"]}]},{"@type":"BreadcrumbList","@id":"https:\/\/mula.es\/web\/proteccion-de-datos\/#breadcrumb","itemListElement":[{"@type":"ListItem","position":1,"name":"Portada","item":"https:\/\/mula.es\/web\/"},{"@type":"ListItem","position":2,"name":"Protecci\u00f3n de datos y aviso legal"}]},{"@type":"WebSite","@id":"https:\/\/mula.es\/web\/#website","url":"https:\/\/mula.es\/web\/","name":"Ayuntamiento de Mula","description":"P\u00e1gina web del Ayuntamiento de Mula (Regi\u00f3n de Murcia)","potentialAction":[{"@type":"SearchAction","target":{"@type":"EntryPoint","urlTemplate":"https:\/\/mula.es\/web\/?s={search_term_string}"},"query-input":{"@type":"PropertyValueSpecification","valueRequired":true,"valueName":"search_term_string"}}],"inLanguage":"es"}]}},"_hostinger_reach_plugin_has_subscription_block":false,"_hostinger_reach_plugin_is_elementor":false,"jetpack_sharing_enabled":true,"jetpack_shortlink":"https:\/\/wp.me\/Pa9DMY-3Gx","jetpack-related-posts":[],"_links":{"self":[{"href":"https:\/\/mula.es\/web\/wp-json\/wp\/v2\/pages\/14169","targetHints":{"allow":["GET"]}}],"collection":[{"href":"https:\/\/mula.es\/web\/wp-json\/wp\/v2\/pages"}],"about":[{"href":"https:\/\/mula.es\/web\/wp-json\/wp\/v2\/types\/page"}],"author":[{"embeddable":true,"href":"https:\/\/mula.es\/web\/wp-json\/wp\/v2\/users\/1"}],"replies":[{"embeddable":true,"href":"https:\/\/mula.es\/web\/wp-json\/wp\/v2\/comments?post=14169"}],"version-history":[{"count":31,"href":"https:\/\/mula.es\/web\/wp-json\/wp\/v2\/pages\/14169\/revisions"}],"predecessor-version":[{"id":52001,"href":"https:\/\/mula.es\/web\/wp-json\/wp\/v2\/pages\/14169\/revisions\/52001"}],"wp:attachment":[{"href":"https:\/\/mula.es\/web\/wp-json\/wp\/v2\/media?parent=14169"}],"curies":[{"name":"wp","href":"https:\/\/api.w.org\/{rel}","templated":true}]}}