{"id":37123,"date":"2021-02-22T21:09:27","date_gmt":"2021-02-22T20:09:27","guid":{"rendered":"http:\/\/mula.es\/web\/?page_id=37123"},"modified":"2026-04-09T13:13:14","modified_gmt":"2026-04-09T11:13:14","slug":"francisco-pastor-arnao","status":"publish","type":"page","link":"https:\/\/mula.es\/web\/transparencia\/institucional\/francisco-pastor-arnao\/","title":{"rendered":"Portal de la Transparencia: Francisco Pastor Arnao"},"content":{"rendered":"<div class=\"fusion-fullwidth fullwidth-box fusion-builder-row-1 fusion-flex-container hundred-percent-fullwidth non-hundred-percent-height-scrolling\" style=\"--awb-border-radius-top-left:0px;--awb-border-radius-top-right:0px;--awb-border-radius-bottom-right:0px;--awb-border-radius-bottom-left:0px;--awb-overflow:visible;--awb-flex-wrap:wrap;\" ><div class=\"fusion-builder-row fusion-row fusion-flex-align-items-flex-start fusion-flex-content-wrap\" style=\"width:104% !important;max-width:104% !important;margin-left: calc(-4% \/ 2 );margin-right: calc(-4% \/ 2 );\"><div class=\"fusion-layout-column fusion_builder_column fusion-builder-column-0 fusion_builder_column_2_3 2_3 fusion-flex-column\" style=\"--awb-bg-size:cover;--awb-width-large:66.666666666667%;--awb-margin-top-large:0px;--awb-spacing-right-large:3.84%;--awb-margin-bottom-large:20px;--awb-spacing-left-large:2.88%;--awb-width-medium:66.666666666667%;--awb-spacing-right-medium:3.84%;--awb-spacing-left-medium:2.88%;--awb-width-small:100%;--awb-spacing-right-small:1.92%;--awb-spacing-left-small:1.92%;\"><div class=\"fusion-column-wrapper fusion-flex-justify-content-flex-start fusion-content-layout-column\"><div class=\"fusion-text fusion-text-1\"><h2>Francisco Pastor Arnao<\/h2>\n<h3>Concejal Portavoz<\/h3>\n<h4>Grupo Municipal Popular<\/h4>\n<\/div><\/div><\/div><div class=\"fusion-layout-column fusion_builder_column fusion-builder-column-1 fusion_builder_column_1_3 1_3 fusion-flex-column\" style=\"--awb-bg-size:cover;--awb-width-large:33.333333333333%;--awb-margin-top-large:0px;--awb-spacing-right-large:5.76%;--awb-margin-bottom-large:20px;--awb-spacing-left-large:3.8399999999999%;--awb-width-medium:33.333333333333%;--awb-spacing-right-medium:5.76%;--awb-spacing-left-medium:3.8399999999999%;--awb-width-small:100%;--awb-spacing-right-small:1.92%;--awb-spacing-left-small:1.92%;\"><div class=\"fusion-column-wrapper fusion-flex-justify-content-flex-start fusion-content-layout-column\"><div class=\"fusion-image-element \" style=\"--awb-caption-title-font-family:var(--h2_typography-font-family);--awb-caption-title-font-weight:var(--h2_typography-font-weight);--awb-caption-title-font-style:var(--h2_typography-font-style);--awb-caption-title-size:var(--h2_typography-font-size);--awb-caption-title-transform:var(--h2_typography-text-transform);--awb-caption-title-line-height:var(--h2_typography-line-height);--awb-caption-title-letter-spacing:var(--h2_typography-letter-spacing);\"><span class=\" fusion-imageframe imageframe-none imageframe-1 hover-type-none\"><img decoding=\"async\" width=\"400\" height=\"600\" title=\"Fotograf\u00eda Paco Pastor\" src=\"https:\/\/mula.es\/web\/wp-content\/uploads\/2023\/07\/pacopastor.jpg\" alt class=\"img-responsive wp-image-49396\" srcset=\"https:\/\/mula.es\/web\/wp-content\/uploads\/2023\/07\/pacopastor-200x300.jpg 200w, https:\/\/mula.es\/web\/wp-content\/uploads\/2023\/07\/pacopastor.jpg 400w\" sizes=\"(max-width: 640px) 100vw, 400px\" \/><\/span><\/div><\/div><\/div><div class=\"fusion-layout-column fusion_builder_column fusion-builder-column-2 fusion_builder_column_1_1 1_1 fusion-flex-column\" style=\"--awb-bg-size:cover;--awb-width-large:100%;--awb-margin-top-large:0px;--awb-spacing-right-large:1.92%;--awb-margin-bottom-large:20px;--awb-spacing-left-large:1.92%;--awb-width-medium:100%;--awb-spacing-right-medium:1.92%;--awb-spacing-left-medium:1.92%;--awb-width-small:100%;--awb-spacing-right-small:1.92%;--awb-spacing-left-small:1.92%;\"><div class=\"fusion-column-wrapper fusion-flex-justify-content-flex-start fusion-content-layout-column\"><div class=\"accordian fusion-accordian\" style=\"--awb-border-size:1px;--awb-icon-size:13px;--awb-content-font-size:15px;--awb-icon-alignment:left;--awb-hover-color:#f9f9f9;--awb-border-color:#cccccc;--awb-background-color:#ffffff;--awb-divider-color:#e0dede;--awb-divider-hover-color:#e0dede;--awb-icon-color:#ffffff;--awb-title-color:#333333;--awb-content-color:#747474;--awb-icon-box-color:#333333;--awb-toggle-hover-accent-color:#e10707;--awb-title-font-family:&quot;Antic Slab&quot;;--awb-title-font-weight:regular;--awb-title-font-style:normal;--awb-title-font-size:15px;--awb-content-font-family:&quot;PT Sans&quot;;--awb-content-font-style:normal;--awb-content-font-weight:400;\"><div class=\"panel-group fusion-toggle-icon-boxed\" id=\"accordion-37123-1\"><div class=\"fusion-panel panel-default panel-75f411607c3119132 fusion-toggle-has-divider\"><div class=\"panel-heading\"><h4 class=\"panel-title toggle\" id=\"toggle_75f411607c3119132\"><a aria-expanded=\"false\" aria-controls=\"75f411607c3119132\" role=\"button\" data-toggle=\"collapse\" data-parent=\"#accordion-37123-1\" data-target=\"#75f411607c3119132\" href=\"#75f411607c3119132\"><span class=\"fusion-toggle-icon-wrapper\" aria-hidden=\"true\"><i class=\"fa-fusion-box active-icon awb-icon-minus\" aria-hidden=\"true\"><\/i><i class=\"fa-fusion-box inactive-icon awb-icon-plus\" aria-hidden=\"true\"><\/i><\/span><span class=\"fusion-toggle-heading\">Curriculum Vitae<\/span><\/a><\/h4><\/div><div id=\"75f411607c3119132\" class=\"panel-collapse collapse \" aria-labelledby=\"toggle_75f411607c3119132\"><div class=\"panel-body toggle-content fusion-clearfix\">\n<div class=\"\">\n<div class=\"left dsp_ib\">\n<div class=\"tr-content--section\">\n<p><strong>Fecha de nacimiento: <\/strong>18-06-1969<\/p>\n<p><strong>Cargo actual:<\/strong> Portavoz Grupo Municipal Popular Ayuntamiento de Mula<\/p>\n<p><strong>Otros cargos:\u00a0<\/strong><\/p>\n<ul>\n<li>Concejal Ayuntamiento de Mula 1991-1995.<\/li>\n<li>Concejal Delegado de Juventud y Deportes de Mula 1995-1999.<\/li>\n<li>Presidente de la Asociaci\u00f3n de Tamboristas de Mula 2000-2004.<\/li>\n<li>Organizador Jornadas Nacionales de Exaltaci\u00f3n del Tambor y el Bombo 2002<\/li>\n<li>Secretario del Consejo Nacional del Tambor y el Bombo 2011-2024<\/li>\n<li>Secretario Mule\u00f1o C.F. 2016-2018<\/li>\n<li>Coordinador Jornadas Nacionales de Exaltaci\u00f3n del Tambor y el Bombo 2018.<\/li>\n<li>2019 Portavoz Grupo Municipal Popular<\/li>\n<li>2023 Portavoz Grupo Municipal Popular<\/li>\n<li>2024 Presidente del Consorcio Nacional de los Pueblos del Tambor y del Bombo de Espa\u00f1a. 9 de marzo de 2024<\/li>\n<li>2025 Presidente del Partido Popular de Mula. 22 de octubre de 2025<\/li>\n<\/ul>\n<\/div>\n<div class=\"tr-content--section\">\n<div class=\"\">\n<div class=\"left dsp_ib\">\n<div><\/div>\n<div class=\"tr-content--section\"><strong>Formaci\u00f3n:<\/strong><\/div>\n<\/div>\n<\/div>\n<ul>\n<li class=\"tr-article--subsection-title\">T\u00e9cnico en Prevenci\u00f3n de Riesgos Laborales<\/li>\n<li>Asesor de la Propiedad Inmobiliaria<\/li>\n<li>Perito Tasador Judicial<\/li>\n<li>Agente de Seguros<\/li>\n<\/ul>\n<div class=\"tr-content--section\">\n<p class=\"tr-article--subsection-title\"><strong><br \/>\nExperiencia profesional<\/strong><\/p>\n<div>\n<ul>\n<li>Trabajador por cuenta ajena servicios de Asesoramiento Fiscal, Contable y Laboral y Seguros.<\/li>\n<li>Aut\u00f3nomo por cuenta propia.<\/li>\n<li>Administrador PASTOR ASESORES XXI, S.L.<\/li>\n<\/ul>\n<\/div>\n<\/div>\n<\/div>\n<\/div>\n<\/div>\n<div class=\"tr-content--section\"><\/div>\n<\/div><\/div><\/div><div class=\"fusion-panel panel-default panel-2901c2a8e8415b73d fusion-toggle-has-divider\"><div class=\"panel-heading\"><h4 class=\"panel-title toggle\" id=\"toggle_2901c2a8e8415b73d\"><a aria-expanded=\"false\" aria-controls=\"2901c2a8e8415b73d\" role=\"button\" data-toggle=\"collapse\" data-parent=\"#accordion-37123-1\" data-target=\"#2901c2a8e8415b73d\" href=\"#2901c2a8e8415b73d\"><span class=\"fusion-toggle-icon-wrapper\" aria-hidden=\"true\"><i class=\"fa-fusion-box active-icon awb-icon-minus\" aria-hidden=\"true\"><\/i><i class=\"fa-fusion-box inactive-icon awb-icon-plus\" aria-hidden=\"true\"><\/i><\/span><span class=\"fusion-toggle-heading\">Retribuci\u00f3n Ayuntamiento de Mula<\/span><\/a><\/h4><\/div><div id=\"2901c2a8e8415b73d\" class=\"panel-collapse collapse \" aria-labelledby=\"toggle_2901c2a8e8415b73d\"><div class=\"panel-body toggle-content fusion-clearfix\">\n<p style=\"text-align: justify;\">Ha recibido como retribuciones brutas (antes de impuestos) por asistencias a \u00f3rganos colegiados las siguientes cantidades (125\u20ac por sesi\u00f3n desde el Pleno de 17 de julio de 2023 actualizable en la misma medida que lo hagan las retribuciones de los empleados p\u00fablicos que dispongan las sucesivas leyes de presupuestos generales del Estado o normativa que se apruebe al efecto.):<\/p>\n<ul>\n<li><strong>A\u00f1o 2025: 9.500,00\u20ac<\/strong><\/li>\n<li>A\u00f1o 2024: 10.375,00\u20ac<\/li>\n<li>A\u00f1o 2023: 7.945,00\u20ac<\/li>\n<li>A\u00f1o 2022: 8.800,00\u20ac<\/li>\n<li>A\u00f1o 2021: 8.910,00\u20ac<\/li>\n<li>A\u00f1o 2020: 8.470,00\u20ac<\/li>\n<li>A\u00f1o 2019: 3.630,00\u20ac<\/li>\n<\/ul>\n<\/div><\/div><\/div><div class=\"fusion-panel panel-default panel-bbe14e4e3084a958a fusion-toggle-has-divider\"><div class=\"panel-heading\"><h4 class=\"panel-title toggle\" id=\"toggle_bbe14e4e3084a958a\"><a aria-expanded=\"false\" aria-controls=\"bbe14e4e3084a958a\" role=\"button\" data-toggle=\"collapse\" data-parent=\"#accordion-37123-1\" data-target=\"#bbe14e4e3084a958a\" href=\"#bbe14e4e3084a958a\"><span class=\"fusion-toggle-icon-wrapper\" aria-hidden=\"true\"><i class=\"fa-fusion-box active-icon awb-icon-minus\" aria-hidden=\"true\"><\/i><i class=\"fa-fusion-box inactive-icon awb-icon-plus\" aria-hidden=\"true\"><\/i><\/span><span class=\"fusion-toggle-heading\">Declaraci\u00f3n de bienes<\/span><\/a><\/h4><\/div><div id=\"bbe14e4e3084a958a\" class=\"panel-collapse collapse \" aria-labelledby=\"toggle_bbe14e4e3084a958a\"><div class=\"panel-body toggle-content fusion-clearfix\"><strong><u>Bienes y derechos<\/u><\/strong><\/p>\n<ul>\n<li><strong>Bienes inmuebles de naturaleza urbana:<\/strong>50% vivienda en la localidad, 50% de tres plaza de garaje en Mula, 50% de un local en Mula.<\/li>\n<li><strong>Bienes inmuebles de naturaleza r\u00fastica: <\/strong>no<\/li>\n<li><strong>Bienes derechos e inmuebles a actividades empresariales y profesionales:<\/strong> 50% de un local comercial en Mula.<\/li>\n<li><strong>Dep\u00f3sitos en cuenta corriente:<\/strong> 50% de diversas cuentas con un saldo aproximado entre todas de 17.500\u20ac<\/li>\n<li><strong>Deuda p\u00fablica, obligaciones, bonos y dem\u00e1s valores equivalentes:<\/strong> no<\/li>\n<li><strong>Acciones y participaciones en el capital social o en los fondos propios de cualquier tipo de entidad:<\/strong> capital social en una cooperativa de cr\u00e9dito de 4.257\u20ac<\/li>\n<li><strong>Seguros de vida:<\/strong> seguro de vida con un capital de 80.000\u20ac<\/li>\n<li><strong>Rentas temporales y vitalicias:<\/strong> no<\/li>\n<li><strong>Veh\u00edculos, joyas, embarcaciones y aeronaves:<\/strong>\n<ul>\n<li>Mercedes Benz GLA\u00a0 a\u00f1o 2019<\/li>\n<li>Nissan Juke 1.5 a\u00f1o 2014<\/li>\n<\/ul>\n<\/li>\n<li><strong>Objetos de arte y antig\u00fcedades:<\/strong> no<\/li>\n<li><strong>Derechos reales de uso y disfrute:<\/strong> no<\/li>\n<li><strong>Concesiones administrativas:<\/strong> no<\/li>\n<li><strong>Derechos derivados de la propiedad intelectual o industrial:<\/strong> no<\/li>\n<li><strong>Opciones contractuales:<\/strong> no<\/li>\n<li><strong>Dem\u00e1s bienes y derechos:<\/strong> no<\/li>\n<\/ul>\n<p><strong><u>Deudas<\/u><\/strong><\/p>\n<ul>\n<li>no<\/li>\n<\/ul>\n<\/div><\/div><\/div><div class=\"fusion-panel panel-default panel-33ffff1b5f0978b32 fusion-toggle-has-divider\"><div class=\"panel-heading\"><h4 class=\"panel-title toggle\" id=\"toggle_33ffff1b5f0978b32\"><a aria-expanded=\"false\" aria-controls=\"33ffff1b5f0978b32\" role=\"button\" data-toggle=\"collapse\" data-parent=\"#accordion-37123-1\" data-target=\"#33ffff1b5f0978b32\" href=\"#33ffff1b5f0978b32\"><span class=\"fusion-toggle-icon-wrapper\" aria-hidden=\"true\"><i class=\"fa-fusion-box active-icon awb-icon-minus\" aria-hidden=\"true\"><\/i><i class=\"fa-fusion-box inactive-icon awb-icon-plus\" aria-hidden=\"true\"><\/i><\/span><span class=\"fusion-toggle-heading\">Declaraci\u00f3n de incompatibilidades y actividades y otras retribuciones<\/span><\/a><\/h4><\/div><div id=\"33ffff1b5f0978b32\" class=\"panel-collapse collapse \" aria-labelledby=\"toggle_33ffff1b5f0978b32\"><div class=\"panel-body toggle-content fusion-clearfix\">\n<ul>\n<li>No incurre en ninguna de las causas de posible incompatibilidad.<\/li>\n<li>Ha percibido en el a\u00f1o 2025 la cantidad de 400,00\u20ac por asistencias como miembro de la Mancomunidad de Servicios Sociales del R\u00edo Mula<\/li>\n<li>Las actividades privadas, que le proporcionan o pueden proporcionar ingresos econ\u00f3micos son:\n<ul>\n<li>Administrador en empresa privada.<\/li>\n<li>Arrendamiento de bienes urbanos.<\/li>\n<li>Agente de seguros.<\/li>\n<li>Asesor de la propiedad inmobiliaria.<\/li>\n<\/ul>\n<\/li>\n<\/ul>\n<\/div><\/div><\/div><div class=\"fusion-panel panel-default panel-aaa28072b5246efe4 fusion-toggle-has-divider\"><div class=\"panel-heading\"><h4 class=\"panel-title toggle\" id=\"toggle_aaa28072b5246efe4\"><a aria-expanded=\"false\" aria-controls=\"aaa28072b5246efe4\" role=\"button\" data-toggle=\"collapse\" data-parent=\"#accordion-37123-1\" data-target=\"#aaa28072b5246efe4\" href=\"#aaa28072b5246efe4\"><span class=\"fusion-toggle-icon-wrapper\" aria-hidden=\"true\"><i class=\"fa-fusion-box active-icon awb-icon-minus\" aria-hidden=\"true\"><\/i><i class=\"fa-fusion-box inactive-icon awb-icon-plus\" aria-hidden=\"true\"><\/i><\/span><span class=\"fusion-toggle-heading\">Rese\u00f1a personal<\/span><\/a><\/h4><\/div><div id=\"aaa28072b5246efe4\" class=\"panel-collapse collapse \" aria-labelledby=\"toggle_aaa28072b5246efe4\"><div class=\"panel-body toggle-content fusion-clearfix\">Casado, padre de dos hijos.<\/div><\/div><\/div><\/div><\/div><\/div><\/div><div class=\"fusion-layout-column fusion_builder_column fusion-builder-column-3 fusion_builder_column_1_2 1_2 fusion-flex-column\" style=\"--awb-bg-size:cover;--awb-width-large:50%;--awb-margin-top-large:0px;--awb-spacing-right-large:3.84%;--awb-margin-bottom-large:20px;--awb-spacing-left-large:3.84%;--awb-width-medium:50%;--awb-spacing-right-medium:3.84%;--awb-spacing-left-medium:3.84%;--awb-width-small:100%;--awb-spacing-right-small:1.92%;--awb-spacing-left-small:1.92%;\"><div class=\"fusion-column-wrapper fusion-flex-justify-content-flex-start fusion-content-layout-column\"><div class=\"fusion-title title fusion-title-1 fusion-title-text fusion-title-size-four\" style=\"--awb-margin-top-small:0px;--awb-margin-right-small:0px;--awb-margin-bottom-small:20px;--awb-margin-left-small:0px;\"><div class=\"title-sep-container title-sep-container-left fusion-no-large-visibility fusion-no-medium-visibility fusion-no-small-visibility\"><div class=\"title-sep sep-double sep-solid\" style=\"border-color:#e0dede;\"><\/div><\/div><span class=\"awb-title-spacer fusion-no-large-visibility fusion-no-medium-visibility fusion-no-small-visibility\"><\/span><h4 class=\"fusion-title-heading title-heading-left\" style=\"margin:0;\"><span style=\"color: #000000;\">Descarga de datos<\/span><\/h4><span class=\"awb-title-spacer\"><\/span><div class=\"title-sep-container title-sep-container-right\"><div class=\"title-sep sep-double sep-solid\" style=\"border-color:#e0dede;\"><\/div><\/div><\/div><div class=\"fusion-text fusion-text-2\"><ul>\n<li><a href=\"https:\/\/mula.es\/web\/wp-content\/uploads\/2026\/04\/fpastor_09042026.pdf\" target=\"_blank\" rel=\"noopener\">Pdf<\/a><\/li>\n<li><a href=\"https:\/\/mula.es\/web\/wp-content\/uploads\/2026\/04\/fpastor_09042026-1.pdf\" target=\"_blank\" rel=\"noopener\">OpenOffice (Odt)<\/a><\/li>\n<\/ul>\n<\/div><\/div><\/div><div class=\"fusion-layout-column fusion_builder_column fusion-builder-column-4 fusion_builder_column_1_2 1_2 fusion-flex-column\" style=\"--awb-bg-size:cover;--awb-width-large:50%;--awb-margin-top-large:0px;--awb-spacing-right-large:3.84%;--awb-margin-bottom-large:-10px;--awb-spacing-left-large:3.84%;--awb-width-medium:50%;--awb-spacing-right-medium:3.84%;--awb-spacing-left-medium:3.84%;--awb-width-small:100%;--awb-spacing-right-small:1.92%;--awb-spacing-left-small:1.92%;\"><div class=\"fusion-column-wrapper fusion-flex-justify-content-flex-start fusion-content-layout-column\"><div class=\"fusion-title title fusion-title-2 fusion-title-text fusion-title-size-four\" style=\"--awb-margin-top-small:0px;--awb-margin-right-small:0px;--awb-margin-bottom-small:20px;--awb-margin-left-small:0px;\"><div class=\"title-sep-container title-sep-container-left fusion-no-large-visibility fusion-no-medium-visibility fusion-no-small-visibility\"><div class=\"title-sep sep-double sep-solid\" style=\"border-color:#e0dede;\"><\/div><\/div><span class=\"awb-title-spacer fusion-no-large-visibility fusion-no-medium-visibility fusion-no-small-visibility\"><\/span><h4 class=\"fusion-title-heading title-heading-left\" style=\"margin:0;\"><span style=\"color: #000000;\">Nota de alcance<\/span><\/h4><span class=\"awb-title-spacer\"><\/span><div class=\"title-sep-container title-sep-container-right\"><div class=\"title-sep sep-double sep-solid\" style=\"border-color:#e0dede;\"><\/div><\/div><\/div><div class=\"fusion-text fusion-text-3\"><ul>\n<li><strong>Fuente principal de datos:<\/strong> Secretar\u00eda del Ayuntamiento de Mula<\/li>\n<li><strong>Periodicidad:<\/strong> Anual<\/li>\n<li><strong>\u00daltima revisi\u00f3n:<\/strong> 20 de marzo de 2026<\/li>\n<\/ul>\n<\/div><\/div><\/div><div class=\"fusion-layout-column fusion_builder_column fusion-builder-column-5 fusion_builder_column_1_1 1_1 fusion-flex-column\" style=\"--awb-bg-size:cover;--awb-width-large:100%;--awb-margin-top-large:0px;--awb-spacing-right-large:1.92%;--awb-margin-bottom-large:20px;--awb-spacing-left-large:1.92%;--awb-width-medium:100%;--awb-spacing-right-medium:1.92%;--awb-spacing-left-medium:1.92%;--awb-width-small:100%;--awb-spacing-right-small:1.92%;--awb-spacing-left-small:1.92%;\"><div class=\"fusion-column-wrapper fusion-flex-justify-content-flex-start fusion-content-layout-column\"><div class=\"fusion-title title fusion-title-3 fusion-title-text fusion-title-size-four\" style=\"--awb-margin-top-small:0px;--awb-margin-right-small:0px;--awb-margin-bottom-small:20px;--awb-margin-left-small:0px;\"><div class=\"title-sep-container title-sep-container-left fusion-no-large-visibility fusion-no-medium-visibility fusion-no-small-visibility\"><div class=\"title-sep sep-double sep-solid\" style=\"border-color:#e0dede;\"><\/div><\/div><span class=\"awb-title-spacer fusion-no-large-visibility fusion-no-medium-visibility fusion-no-small-visibility\"><\/span><h4 class=\"fusion-title-heading title-heading-left\" style=\"margin:0;\"><span style=\"color: #000000;\">Mejora de los datos<\/span><\/h4><span class=\"awb-title-spacer\"><\/span><div class=\"title-sep-container title-sep-container-right\"><div class=\"title-sep sep-double sep-solid\" style=\"border-color:#e0dede;\"><\/div><\/div><\/div><div class=\"fusion-text fusion-text-4\"><p>Si detecta cualquier error en los datos de esta p\u00e1gina, o considera que deben ser completados o mejorados, por favor comun\u00edquelo al Ayuntamiento de Mula a trav\u00e9s de nuestro <a href=\"https:\/\/mula.es\/web\/sugerencias\/\">formulario de contacto<\/a>.<\/p>\n<\/div><\/div><\/div><\/div><\/div>\n","protected":false},"excerpt":{"rendered":"","protected":false},"author":1,"featured_media":30020,"parent":36067,"menu_order":0,"comment_status":"closed","ping_status":"closed","template":"","meta":{"jetpack_post_was_ever_published":false,"footnotes":""},"class_list":["post-37123","page","type-page","status-publish","has-post-thumbnail","hentry"],"yoast_head":"<!-- This site is optimized with the Yoast SEO plugin v27.5 - https:\/\/yoast.com\/product\/yoast-seo-wordpress\/ -->\n<title>Portal de la Transparencia: Francisco Pastor Arnao - Ayuntamiento de Mula<\/title>\n<meta name=\"robots\" content=\"index, follow, max-snippet:-1, max-image-preview:large, max-video-preview:-1\" \/>\n<link rel=\"canonical\" href=\"https:\/\/mula.es\/web\/transparencia\/institucional\/francisco-pastor-arnao\/\" \/>\n<meta property=\"og:locale\" content=\"es_ES\" \/>\n<meta property=\"og:type\" content=\"article\" \/>\n<meta property=\"og:title\" content=\"Portal de la Transparencia: Francisco Pastor Arnao - Ayuntamiento de Mula\" \/>\n<meta property=\"og:url\" content=\"https:\/\/mula.es\/web\/transparencia\/institucional\/francisco-pastor-arnao\/\" \/>\n<meta property=\"og:site_name\" content=\"Ayuntamiento de Mula\" \/>\n<meta property=\"article:modified_time\" content=\"2026-04-09T11:13:14+00:00\" \/>\n<meta property=\"og:image\" content=\"https:\/\/mula.es\/web\/wp-content\/uploads\/2019\/06\/escudo_ayto_sin_fondo.png\" \/>\n\t<meta property=\"og:image:width\" content=\"479\" \/>\n\t<meta property=\"og:image:height\" content=\"790\" \/>\n\t<meta property=\"og:image:type\" content=\"image\/png\" \/>\n<meta name=\"twitter:card\" content=\"summary_large_image\" \/>\n<meta name=\"twitter:site\" content=\"@AyuntamientMula\" \/>\n<meta name=\"twitter:label1\" content=\"Tiempo de lectura\" \/>\n\t<meta name=\"twitter:data1\" content=\"3 minutos\" \/>\n<script type=\"application\/ld+json\" class=\"yoast-schema-graph\">{\"@context\":\"https:\\\/\\\/schema.org\",\"@graph\":[{\"@type\":\"WebPage\",\"@id\":\"https:\\\/\\\/mula.es\\\/web\\\/transparencia\\\/institucional\\\/francisco-pastor-arnao\\\/\",\"url\":\"https:\\\/\\\/mula.es\\\/web\\\/transparencia\\\/institucional\\\/francisco-pastor-arnao\\\/\",\"name\":\"Portal de la Transparencia: Francisco Pastor Arnao - Ayuntamiento de Mula\",\"isPartOf\":{\"@id\":\"https:\\\/\\\/mula.es\\\/web\\\/#website\"},\"primaryImageOfPage\":{\"@id\":\"https:\\\/\\\/mula.es\\\/web\\\/transparencia\\\/institucional\\\/francisco-pastor-arnao\\\/#primaryimage\"},\"image\":{\"@id\":\"https:\\\/\\\/mula.es\\\/web\\\/transparencia\\\/institucional\\\/francisco-pastor-arnao\\\/#primaryimage\"},\"thumbnailUrl\":\"https:\\\/\\\/mula.es\\\/web\\\/wp-content\\\/uploads\\\/2019\\\/06\\\/escudo_ayto_sin_fondo.png\",\"datePublished\":\"2021-02-22T20:09:27+00:00\",\"dateModified\":\"2026-04-09T11:13:14+00:00\",\"breadcrumb\":{\"@id\":\"https:\\\/\\\/mula.es\\\/web\\\/transparencia\\\/institucional\\\/francisco-pastor-arnao\\\/#breadcrumb\"},\"inLanguage\":\"es\",\"potentialAction\":[{\"@type\":\"ReadAction\",\"target\":[\"https:\\\/\\\/mula.es\\\/web\\\/transparencia\\\/institucional\\\/francisco-pastor-arnao\\\/\"]}]},{\"@type\":\"ImageObject\",\"inLanguage\":\"es\",\"@id\":\"https:\\\/\\\/mula.es\\\/web\\\/transparencia\\\/institucional\\\/francisco-pastor-arnao\\\/#primaryimage\",\"url\":\"https:\\\/\\\/mula.es\\\/web\\\/wp-content\\\/uploads\\\/2019\\\/06\\\/escudo_ayto_sin_fondo.png\",\"contentUrl\":\"https:\\\/\\\/mula.es\\\/web\\\/wp-content\\\/uploads\\\/2019\\\/06\\\/escudo_ayto_sin_fondo.png\",\"width\":479,\"height\":790},{\"@type\":\"BreadcrumbList\",\"@id\":\"https:\\\/\\\/mula.es\\\/web\\\/transparencia\\\/institucional\\\/francisco-pastor-arnao\\\/#breadcrumb\",\"itemListElement\":[{\"@type\":\"ListItem\",\"position\":1,\"name\":\"Portada\",\"item\":\"https:\\\/\\\/mula.es\\\/web\\\/\"},{\"@type\":\"ListItem\",\"position\":2,\"name\":\"Portal de la Transparencia\",\"item\":\"https:\\\/\\\/mula.es\\\/web\\\/transparencia\\\/\"},{\"@type\":\"ListItem\",\"position\":3,\"name\":\"Informaci\u00f3n institucional\",\"item\":\"https:\\\/\\\/mula.es\\\/web\\\/transparencia\\\/institucional\\\/\"},{\"@type\":\"ListItem\",\"position\":4,\"name\":\"Portal de la Transparencia: Francisco Pastor Arnao\"}]},{\"@type\":\"WebSite\",\"@id\":\"https:\\\/\\\/mula.es\\\/web\\\/#website\",\"url\":\"https:\\\/\\\/mula.es\\\/web\\\/\",\"name\":\"Ayuntamiento de Mula\",\"description\":\"P\u00e1gina web del Ayuntamiento de Mula (Regi\u00f3n de Murcia)\",\"potentialAction\":[{\"@type\":\"SearchAction\",\"target\":{\"@type\":\"EntryPoint\",\"urlTemplate\":\"https:\\\/\\\/mula.es\\\/web\\\/?s={search_term_string}\"},\"query-input\":{\"@type\":\"PropertyValueSpecification\",\"valueRequired\":true,\"valueName\":\"search_term_string\"}}],\"inLanguage\":\"es\"}]}<\/script>\n<!-- \/ Yoast SEO plugin. -->","yoast_head_json":{"title":"Portal de la Transparencia: Francisco Pastor Arnao - Ayuntamiento de Mula","robots":{"index":"index","follow":"follow","max-snippet":"max-snippet:-1","max-image-preview":"max-image-preview:large","max-video-preview":"max-video-preview:-1"},"canonical":"https:\/\/mula.es\/web\/transparencia\/institucional\/francisco-pastor-arnao\/","og_locale":"es_ES","og_type":"article","og_title":"Portal de la Transparencia: Francisco Pastor Arnao - Ayuntamiento de Mula","og_url":"https:\/\/mula.es\/web\/transparencia\/institucional\/francisco-pastor-arnao\/","og_site_name":"Ayuntamiento de Mula","article_modified_time":"2026-04-09T11:13:14+00:00","og_image":[{"width":479,"height":790,"url":"https:\/\/mula.es\/web\/wp-content\/uploads\/2019\/06\/escudo_ayto_sin_fondo.png","type":"image\/png"}],"twitter_card":"summary_large_image","twitter_site":"@AyuntamientMula","twitter_misc":{"Tiempo de lectura":"3 minutos"},"schema":{"@context":"https:\/\/schema.org","@graph":[{"@type":"WebPage","@id":"https:\/\/mula.es\/web\/transparencia\/institucional\/francisco-pastor-arnao\/","url":"https:\/\/mula.es\/web\/transparencia\/institucional\/francisco-pastor-arnao\/","name":"Portal de la Transparencia: Francisco Pastor Arnao - Ayuntamiento de Mula","isPartOf":{"@id":"https:\/\/mula.es\/web\/#website"},"primaryImageOfPage":{"@id":"https:\/\/mula.es\/web\/transparencia\/institucional\/francisco-pastor-arnao\/#primaryimage"},"image":{"@id":"https:\/\/mula.es\/web\/transparencia\/institucional\/francisco-pastor-arnao\/#primaryimage"},"thumbnailUrl":"https:\/\/mula.es\/web\/wp-content\/uploads\/2019\/06\/escudo_ayto_sin_fondo.png","datePublished":"2021-02-22T20:09:27+00:00","dateModified":"2026-04-09T11:13:14+00:00","breadcrumb":{"@id":"https:\/\/mula.es\/web\/transparencia\/institucional\/francisco-pastor-arnao\/#breadcrumb"},"inLanguage":"es","potentialAction":[{"@type":"ReadAction","target":["https:\/\/mula.es\/web\/transparencia\/institucional\/francisco-pastor-arnao\/"]}]},{"@type":"ImageObject","inLanguage":"es","@id":"https:\/\/mula.es\/web\/transparencia\/institucional\/francisco-pastor-arnao\/#primaryimage","url":"https:\/\/mula.es\/web\/wp-content\/uploads\/2019\/06\/escudo_ayto_sin_fondo.png","contentUrl":"https:\/\/mula.es\/web\/wp-content\/uploads\/2019\/06\/escudo_ayto_sin_fondo.png","width":479,"height":790},{"@type":"BreadcrumbList","@id":"https:\/\/mula.es\/web\/transparencia\/institucional\/francisco-pastor-arnao\/#breadcrumb","itemListElement":[{"@type":"ListItem","position":1,"name":"Portada","item":"https:\/\/mula.es\/web\/"},{"@type":"ListItem","position":2,"name":"Portal de la Transparencia","item":"https:\/\/mula.es\/web\/transparencia\/"},{"@type":"ListItem","position":3,"name":"Informaci\u00f3n institucional","item":"https:\/\/mula.es\/web\/transparencia\/institucional\/"},{"@type":"ListItem","position":4,"name":"Portal de la Transparencia: Francisco Pastor Arnao"}]},{"@type":"WebSite","@id":"https:\/\/mula.es\/web\/#website","url":"https:\/\/mula.es\/web\/","name":"Ayuntamiento de Mula","description":"P\u00e1gina web del Ayuntamiento de Mula (Regi\u00f3n de Murcia)","potentialAction":[{"@type":"SearchAction","target":{"@type":"EntryPoint","urlTemplate":"https:\/\/mula.es\/web\/?s={search_term_string}"},"query-input":{"@type":"PropertyValueSpecification","valueRequired":true,"valueName":"search_term_string"}}],"inLanguage":"es"}]}},"_hostinger_reach_plugin_has_subscription_block":false,"_hostinger_reach_plugin_is_elementor":false,"jetpack_sharing_enabled":true,"jetpack_shortlink":"https:\/\/wp.me\/Pa9DMY-9EL","jetpack-related-posts":[],"_links":{"self":[{"href":"https:\/\/mula.es\/web\/wp-json\/wp\/v2\/pages\/37123","targetHints":{"allow":["GET"]}}],"collection":[{"href":"https:\/\/mula.es\/web\/wp-json\/wp\/v2\/pages"}],"about":[{"href":"https:\/\/mula.es\/web\/wp-json\/wp\/v2\/types\/page"}],"author":[{"embeddable":true,"href":"https:\/\/mula.es\/web\/wp-json\/wp\/v2\/users\/1"}],"replies":[{"embeddable":true,"href":"https:\/\/mula.es\/web\/wp-json\/wp\/v2\/comments?post=37123"}],"version-history":[{"count":32,"href":"https:\/\/mula.es\/web\/wp-json\/wp\/v2\/pages\/37123\/revisions"}],"predecessor-version":[{"id":61300,"href":"https:\/\/mula.es\/web\/wp-json\/wp\/v2\/pages\/37123\/revisions\/61300"}],"up":[{"embeddable":true,"href":"https:\/\/mula.es\/web\/wp-json\/wp\/v2\/pages\/36067"}],"wp:featuredmedia":[{"embeddable":true,"href":"https:\/\/mula.es\/web\/wp-json\/wp\/v2\/media\/30020"}],"wp:attachment":[{"href":"https:\/\/mula.es\/web\/wp-json\/wp\/v2\/media?parent=37123"}],"curies":[{"name":"wp","href":"https:\/\/api.w.org\/{rel}","templated":true}]}}