{"id":37310,"date":"2021-02-25T14:27:18","date_gmt":"2021-02-25T13:27:18","guid":{"rendered":"http:\/\/mula.es\/web\/?page_id=37310"},"modified":"2022-05-18T10:00:27","modified_gmt":"2022-05-18T08:00:27","slug":"laura-salas-orcajada","status":"publish","type":"page","link":"https:\/\/mula.es\/web\/transparencia\/institucional\/laura-salas-orcajada\/","title":{"rendered":"Portal de la Transparencia: Laura Salas Orcajada"},"content":{"rendered":"<div class=\"fusion-fullwidth fullwidth-box fusion-builder-row-1 fusion-flex-container hundred-percent-fullwidth non-hundred-percent-height-scrolling\" style=\"--awb-border-radius-top-left:0px;--awb-border-radius-top-right:0px;--awb-border-radius-bottom-right:0px;--awb-border-radius-bottom-left:0px;--awb-overflow:visible;--awb-flex-wrap:wrap;\" ><div class=\"fusion-builder-row fusion-row fusion-flex-align-items-flex-start fusion-flex-content-wrap\" style=\"width:104% !important;max-width:104% !important;margin-left: calc(-4% \/ 2 );margin-right: calc(-4% \/ 2 );\"><div class=\"fusion-layout-column fusion_builder_column fusion-builder-column-0 fusion_builder_column_2_3 2_3 fusion-flex-column\" style=\"--awb-bg-size:cover;--awb-width-large:66.666666666667%;--awb-margin-top-large:0px;--awb-spacing-right-large:3.84%;--awb-margin-bottom-large:20px;--awb-spacing-left-large:2.88%;--awb-width-medium:66.666666666667%;--awb-spacing-right-medium:3.84%;--awb-spacing-left-medium:2.88%;--awb-width-small:100%;--awb-spacing-right-small:1.92%;--awb-spacing-left-small:1.92%;\"><div class=\"fusion-column-wrapper fusion-flex-justify-content-flex-start fusion-content-layout-column\"><div class=\"fusion-text fusion-text-1\"><h2>Laura Salas Orcajada<\/h2>\n<h3>Concejala de Juventud, Adolescencia y Asociacionismo<\/h3>\n<h4>Grupo Municipal Socialista Obrero Espa\u00f1ol<\/h4>\n<\/div><\/div><\/div><div class=\"fusion-layout-column fusion_builder_column fusion-builder-column-1 fusion_builder_column_1_3 1_3 fusion-flex-column\" style=\"--awb-bg-size:cover;--awb-width-large:33.333333333333%;--awb-margin-top-large:0px;--awb-spacing-right-large:5.76%;--awb-margin-bottom-large:20px;--awb-spacing-left-large:3.8399999999999%;--awb-width-medium:33.333333333333%;--awb-spacing-right-medium:5.76%;--awb-spacing-left-medium:3.8399999999999%;--awb-width-small:100%;--awb-spacing-right-small:1.92%;--awb-spacing-left-small:1.92%;\"><div class=\"fusion-column-wrapper fusion-flex-justify-content-flex-start fusion-content-layout-column\"><div class=\"fusion-image-element \" style=\"--awb-caption-title-font-family:var(--h2_typography-font-family);--awb-caption-title-font-weight:var(--h2_typography-font-weight);--awb-caption-title-font-style:var(--h2_typography-font-style);--awb-caption-title-size:var(--h2_typography-font-size);--awb-caption-title-transform:var(--h2_typography-text-transform);--awb-caption-title-line-height:var(--h2_typography-line-height);--awb-caption-title-letter-spacing:var(--h2_typography-letter-spacing);\"><span class=\" fusion-imageframe imageframe-none imageframe-1 hover-type-none\"><img decoding=\"async\" width=\"265\" height=\"397\" title=\"laura\" src=\"https:\/\/mula.es\/web\/wp-content\/uploads\/2021\/02\/laura.jpg\" alt class=\"img-responsive wp-image-37339\" srcset=\"https:\/\/mula.es\/web\/wp-content\/uploads\/2021\/02\/laura-200x300.jpg 200w, https:\/\/mula.es\/web\/wp-content\/uploads\/2021\/02\/laura.jpg 265w\" sizes=\"(max-width: 640px) 100vw, 265px\" \/><\/span><\/div><\/div><\/div><div class=\"fusion-layout-column fusion_builder_column fusion-builder-column-2 fusion_builder_column_1_1 1_1 fusion-flex-column\" style=\"--awb-bg-size:cover;--awb-width-large:100%;--awb-margin-top-large:0px;--awb-spacing-right-large:1.92%;--awb-margin-bottom-large:20px;--awb-spacing-left-large:1.92%;--awb-width-medium:100%;--awb-spacing-right-medium:1.92%;--awb-spacing-left-medium:1.92%;--awb-width-small:100%;--awb-spacing-right-small:1.92%;--awb-spacing-left-small:1.92%;\"><div class=\"fusion-column-wrapper fusion-flex-justify-content-flex-start fusion-content-layout-column\"><div class=\"accordian fusion-accordian\" style=\"--awb-border-size:1px;--awb-icon-size:13px;--awb-content-font-size:15px;--awb-icon-alignment:left;--awb-hover-color:#f9f9f9;--awb-border-color:#cccccc;--awb-background-color:#ffffff;--awb-divider-color:#e0dede;--awb-divider-hover-color:#e0dede;--awb-icon-color:#ffffff;--awb-title-color:#333333;--awb-content-color:#747474;--awb-icon-box-color:#333333;--awb-toggle-hover-accent-color:#e10707;--awb-title-font-family:&quot;Antic Slab&quot;;--awb-title-font-weight:regular;--awb-title-font-style:normal;--awb-title-font-size:15px;--awb-content-font-family:&quot;PT Sans&quot;;--awb-content-font-style:normal;--awb-content-font-weight:400;\"><div class=\"panel-group fusion-toggle-icon-boxed\" id=\"accordion-37310-1\"><div class=\"fusion-panel panel-default panel-19b924e005b332c63 fusion-toggle-has-divider\"><div class=\"panel-heading\"><h4 class=\"panel-title toggle\" id=\"toggle_19b924e005b332c63\"><a aria-expanded=\"false\" aria-controls=\"19b924e005b332c63\" role=\"button\" data-toggle=\"collapse\" data-parent=\"#accordion-37310-1\" data-target=\"#19b924e005b332c63\" href=\"#19b924e005b332c63\"><span class=\"fusion-toggle-icon-wrapper\" aria-hidden=\"true\"><i class=\"fa-fusion-box active-icon awb-icon-minus\" aria-hidden=\"true\"><\/i><i class=\"fa-fusion-box inactive-icon awb-icon-plus\" aria-hidden=\"true\"><\/i><\/span><span class=\"fusion-toggle-heading\">Curriculum Vitae<\/span><\/a><\/h4><\/div><div id=\"19b924e005b332c63\" class=\"panel-collapse collapse \" aria-labelledby=\"toggle_19b924e005b332c63\"><div class=\"panel-body toggle-content fusion-clearfix\">\n<div class=\"\">\n<div class=\"left dsp_ib\">\n<div class=\"tr-content--section\">\n<p style=\"text-align: justify;\"><strong>Fecha de nacimiento: <\/strong>29-08-1996<\/p>\n<p style=\"text-align: justify;\"><strong>Cargo actual:<\/strong> Concejala delegada del Ayuntamiento de Mula\u00a0de Juventud, Adolescencia y Asociacionismo<\/p>\n<p style=\"text-align: justify;\"><strong>Otros cargos:\u00a0<\/strong><\/p>\n<ul style=\"text-align: justify;\">\n<li>Secretaria General de las Juventudes de la Regi\u00f3n de Murcia en tareas de ecologismo y medioambiente, igualdad y defensa de los derechos humanos y LGTBI+.<\/li>\n<\/ul>\n<\/div>\n<div class=\"tr-content--section\">\n<div class=\"\" style=\"text-align: justify;\">\n<div class=\"left dsp_ib\">\n<div class=\"tr-content--section\"><\/div>\n<\/div>\n<\/div>\n<p class=\"tr-article--subsection-title\" style=\"text-align: justify;\"><strong>Formaci\u00f3n: <\/strong><\/p>\n<ul style=\"text-align: justify;\">\n<li class=\"tr-article--subsection-title\">Grado de Periodismo en la Universidad de Murcia con especializaci\u00f3n pol\u00edtica y en portavoc\u00eda.<\/li>\n<\/ul>\n<div class=\"tr-content--section\">\n<p class=\"tr-article--subsection-title\" style=\"text-align: justify;\"><strong>Experiencia profesional<\/strong><\/p>\n<div>\n<ul>\n<li style=\"text-align: justify;\">Escritora de libros.<\/li>\n<li style=\"text-align: justify;\">Colaboradora en programas radiof\u00f3nicos Cadena Ser.<\/li>\n<li style=\"text-align: justify;\">Periodista especializada en el sector cultural y pol\u00edtico en varios medios como &#8216;La Falcata&#8217; o &#8216;El Periodicum&#8217;.<\/li>\n<li style=\"text-align: justify;\">Redactora de contenidos digitales, social media, marketing digital y redes sociales en Revista Digital Faberin.<\/li>\n<li style=\"text-align: justify;\">Anteriormente ha trabajado como Asistente de Comunicaci\u00f3n Digital y Periodista especializada en marketing digital.<\/li>\n<\/ul>\n<\/div>\n<\/div>\n<\/div>\n<\/div>\n<\/div>\n<\/div><\/div><\/div><div class=\"fusion-panel panel-default panel-5cc736f56fe093fdc fusion-toggle-has-divider\"><div class=\"panel-heading\"><h4 class=\"panel-title toggle\" id=\"toggle_5cc736f56fe093fdc\"><a aria-expanded=\"false\" aria-controls=\"5cc736f56fe093fdc\" role=\"button\" data-toggle=\"collapse\" data-parent=\"#accordion-37310-1\" data-target=\"#5cc736f56fe093fdc\" href=\"#5cc736f56fe093fdc\"><span class=\"fusion-toggle-icon-wrapper\" aria-hidden=\"true\"><i class=\"fa-fusion-box active-icon awb-icon-minus\" aria-hidden=\"true\"><\/i><i class=\"fa-fusion-box inactive-icon awb-icon-plus\" aria-hidden=\"true\"><\/i><\/span><span class=\"fusion-toggle-heading\">Agenda<\/span><\/a><\/h4><\/div><div id=\"5cc736f56fe093fdc\" class=\"panel-collapse collapse \" aria-labelledby=\"toggle_5cc736f56fe093fdc\"><div class=\"panel-body toggle-content fusion-clearfix\">\n<p style=\"text-align: center;\"><a href=\"https:\/\/mula.es\/web\/agenda-del-alcalde\/\">https:\/\/mula.es\/web\/agenda-del-alcalde\/<\/a><\/p>\n<\/div><\/div><\/div><div class=\"fusion-panel panel-default panel-247fa1a4e5781c802 fusion-toggle-has-divider\"><div class=\"panel-heading\"><h4 class=\"panel-title toggle\" id=\"toggle_247fa1a4e5781c802\"><a aria-expanded=\"false\" aria-controls=\"247fa1a4e5781c802\" role=\"button\" data-toggle=\"collapse\" data-parent=\"#accordion-37310-1\" data-target=\"#247fa1a4e5781c802\" href=\"#247fa1a4e5781c802\"><span class=\"fusion-toggle-icon-wrapper\" aria-hidden=\"true\"><i class=\"fa-fusion-box active-icon awb-icon-minus\" aria-hidden=\"true\"><\/i><i class=\"fa-fusion-box inactive-icon awb-icon-plus\" aria-hidden=\"true\"><\/i><\/span><span class=\"fusion-toggle-heading\">Retribuci\u00f3n Ayuntamiento de Mula<\/span><\/a><\/h4><\/div><div id=\"247fa1a4e5781c802\" class=\"panel-collapse collapse \" aria-labelledby=\"toggle_247fa1a4e5781c802\"><div class=\"panel-body toggle-content fusion-clearfix\">\n<p>Ha recibido como retribuciones brutas (antes de impuestos) por asistencias a \u00f3rganos colegiados las siguientes cantidades (110\u20ac por sesi\u00f3n):<\/p>\n<ul>\n<li><strong>A\u00f1o 2021: 5.720,00\u20ac<\/strong><\/li>\n<li>A\u00f1o 2020: 4.730,00\u20ac<\/li>\n<li>A\u00f1o 2019: 2.310,00\u20ac<\/li>\n<\/ul>\n<\/div><\/div><\/div><div class=\"fusion-panel panel-default panel-cf1305aee68c4a95b fusion-toggle-has-divider\"><div class=\"panel-heading\"><h4 class=\"panel-title toggle\" id=\"toggle_cf1305aee68c4a95b\"><a aria-expanded=\"false\" aria-controls=\"cf1305aee68c4a95b\" role=\"button\" data-toggle=\"collapse\" data-parent=\"#accordion-37310-1\" data-target=\"#cf1305aee68c4a95b\" href=\"#cf1305aee68c4a95b\"><span class=\"fusion-toggle-icon-wrapper\" aria-hidden=\"true\"><i class=\"fa-fusion-box active-icon awb-icon-minus\" aria-hidden=\"true\"><\/i><i class=\"fa-fusion-box inactive-icon awb-icon-plus\" aria-hidden=\"true\"><\/i><\/span><span class=\"fusion-toggle-heading\">Declaraci\u00f3n de bienes<\/span><\/a><\/h4><\/div><div id=\"cf1305aee68c4a95b\" class=\"panel-collapse collapse \" aria-labelledby=\"toggle_cf1305aee68c4a95b\"><div class=\"panel-body toggle-content fusion-clearfix\"><strong><u>Bienes y derechos<\/u><\/strong><\/p>\n<ul>\n<li><strong>Bienes inmuebles de naturaleza urbana:<\/strong> no.<\/li>\n<li><strong>Bienes inmuebles de naturaleza r\u00fastica: <\/strong>no.<\/li>\n<li><strong>Bienes derechos e inmuebles a actividades empresariales y profesionales:<\/strong> no.<\/li>\n<li><strong>Dep\u00f3sitos en cuenta corriente: <\/strong>dos cuentas con un saldo aproximado entre todas de 150\u20ac.<\/li>\n<li><strong>Deuda p\u00fablica, obligaciones, bonos y dem\u00e1s valores equivalentes:<\/strong> no.<\/li>\n<li><strong>Acciones y participaciones en el capital social o en los fondos propios de cualquier tipo de entidad:<\/strong> no.<\/li>\n<li><strong>Seguros de vida:<\/strong> no.<\/li>\n<li><strong>Rentas temporales y vitalicias:<\/strong> no.<\/li>\n<li><strong>Veh\u00edculos, joyas, embarcaciones y aeronaves:<\/strong>\n<ul>\n<li>Seat Ibiza a\u00f1o 2005.<\/li>\n<li>Volkswagen Polo a\u00f1o 2019.<\/li>\n<\/ul>\n<\/li>\n<li><strong>Objetos de arte y antig\u00fcedades:<\/strong> no.<\/li>\n<li><strong>Derechos reales de uso y disfrute:<\/strong> no.<\/li>\n<li><strong>Concesiones administrativas:<\/strong> no.<\/li>\n<li><strong>Derechos derivados de la propiedad intelectual o industrial:<\/strong> no.<\/li>\n<li><strong>Opciones contractuales:<\/strong> no.<\/li>\n<li><strong>Dem\u00e1s bienes y derechos:<\/strong> no.<\/li>\n<\/ul>\n<p><strong><u>Deudas<\/u><\/strong><\/p>\n<ul>\n<li>No.<\/li>\n<\/ul>\n<\/div><\/div><\/div><div class=\"fusion-panel panel-default panel-b41612bd24c2df917 fusion-toggle-has-divider\"><div class=\"panel-heading\"><h4 class=\"panel-title toggle\" id=\"toggle_b41612bd24c2df917\"><a aria-expanded=\"false\" aria-controls=\"b41612bd24c2df917\" role=\"button\" data-toggle=\"collapse\" data-parent=\"#accordion-37310-1\" data-target=\"#b41612bd24c2df917\" href=\"#b41612bd24c2df917\"><span class=\"fusion-toggle-icon-wrapper\" aria-hidden=\"true\"><i class=\"fa-fusion-box active-icon awb-icon-minus\" aria-hidden=\"true\"><\/i><i class=\"fa-fusion-box inactive-icon awb-icon-plus\" aria-hidden=\"true\"><\/i><\/span><span class=\"fusion-toggle-heading\">Declaraci\u00f3n de incompatibilidades y actividades<\/span><\/a><\/h4><\/div><div id=\"b41612bd24c2df917\" class=\"panel-collapse collapse \" aria-labelledby=\"toggle_b41612bd24c2df917\"><div class=\"panel-body toggle-content fusion-clearfix\">\n<ul>\n<li>No incurre en ninguna de las causas de posible incompatibilidad.<\/li>\n<li>Actualmente se encuentra trabajando en empresa privada.<\/li>\n<li>No tiene actividades p\u00fablicas, que le proporcionan o pueden proporcionar ingresos econ\u00f3micos, excepto las retribuciones del Ayuntamiento de Mula se\u00f1aladas.<\/li>\n<\/ul>\n<\/div><\/div><\/div><div class=\"fusion-panel panel-default panel-20bb36b710d6b60af fusion-toggle-has-divider\"><div class=\"panel-heading\"><h4 class=\"panel-title toggle\" id=\"toggle_20bb36b710d6b60af\"><a aria-expanded=\"false\" aria-controls=\"20bb36b710d6b60af\" role=\"button\" data-toggle=\"collapse\" data-parent=\"#accordion-37310-1\" data-target=\"#20bb36b710d6b60af\" href=\"#20bb36b710d6b60af\"><span class=\"fusion-toggle-icon-wrapper\" aria-hidden=\"true\"><i class=\"fa-fusion-box active-icon awb-icon-minus\" aria-hidden=\"true\"><\/i><i class=\"fa-fusion-box inactive-icon awb-icon-plus\" aria-hidden=\"true\"><\/i><\/span><span class=\"fusion-toggle-heading\">Rese\u00f1a personal<\/span><\/a><\/h4><\/div><div id=\"20bb36b710d6b60af\" class=\"panel-collapse collapse \" aria-labelledby=\"toggle_20bb36b710d6b60af\"><div class=\"panel-body toggle-content fusion-clearfix\">Capacidad comunicativa, emp\u00e1tica, marketing digital y aptitudes manejo redes sociales.<\/div><\/div><\/div><\/div><\/div><\/div><\/div><div class=\"fusion-layout-column fusion_builder_column fusion-builder-column-3 fusion_builder_column_1_2 1_2 fusion-flex-column\" style=\"--awb-bg-size:cover;--awb-width-large:50%;--awb-margin-top-large:0px;--awb-spacing-right-large:3.84%;--awb-margin-bottom-large:20px;--awb-spacing-left-large:3.84%;--awb-width-medium:50%;--awb-spacing-right-medium:3.84%;--awb-spacing-left-medium:3.84%;--awb-width-small:100%;--awb-spacing-right-small:1.92%;--awb-spacing-left-small:1.92%;\"><div class=\"fusion-column-wrapper fusion-flex-justify-content-flex-start fusion-content-layout-column\"><div class=\"fusion-title title fusion-title-1 fusion-title-text fusion-title-size-four\" style=\"--awb-margin-top-small:0px;--awb-margin-right-small:0px;--awb-margin-bottom-small:20px;--awb-margin-left-small:0px;\"><div class=\"title-sep-container title-sep-container-left fusion-no-large-visibility fusion-no-medium-visibility fusion-no-small-visibility\"><div class=\"title-sep sep-double sep-solid\" style=\"border-color:#e0dede;\"><\/div><\/div><span class=\"awb-title-spacer fusion-no-large-visibility fusion-no-medium-visibility fusion-no-small-visibility\"><\/span><h4 class=\"fusion-title-heading title-heading-left\" style=\"margin:0;\"><span style=\"color: #000000;\">Descarga de datos<\/span><\/h4><span class=\"awb-title-spacer\"><\/span><div class=\"title-sep-container title-sep-container-right\"><div class=\"title-sep sep-double sep-solid\" style=\"border-color:#e0dede;\"><\/div><\/div><\/div><div class=\"fusion-text fusion-text-2\"><ul>\n<li><a href=\"https:\/\/mula.es\/web\/wp-content\/uploads\/2022\/05\/Laura-Salas-Orcajada_18052022.pdf\" target=\"_blank\" rel=\"noopener\">Pdf<\/a><\/li>\n<li><a href=\"https:\/\/mula.es\/web\/wp-content\/uploads\/2022\/05\/Laura-Salas-Orcajada_18052022.odt\" target=\"_blank\" rel=\"noopener\">OpenOffice (Odt)<\/a><\/li>\n<\/ul>\n<\/div><\/div><\/div><div class=\"fusion-layout-column fusion_builder_column fusion-builder-column-4 fusion_builder_column_1_2 1_2 fusion-flex-column\" style=\"--awb-bg-size:cover;--awb-width-large:50%;--awb-margin-top-large:0px;--awb-spacing-right-large:3.84%;--awb-margin-bottom-large:-10px;--awb-spacing-left-large:3.84%;--awb-width-medium:50%;--awb-spacing-right-medium:3.84%;--awb-spacing-left-medium:3.84%;--awb-width-small:100%;--awb-spacing-right-small:1.92%;--awb-spacing-left-small:1.92%;\"><div class=\"fusion-column-wrapper fusion-flex-justify-content-flex-start fusion-content-layout-column\"><div class=\"fusion-title title fusion-title-2 fusion-title-text fusion-title-size-four\" style=\"--awb-margin-top-small:0px;--awb-margin-right-small:0px;--awb-margin-bottom-small:20px;--awb-margin-left-small:0px;\"><div class=\"title-sep-container title-sep-container-left fusion-no-large-visibility fusion-no-medium-visibility fusion-no-small-visibility\"><div class=\"title-sep sep-double sep-solid\" style=\"border-color:#e0dede;\"><\/div><\/div><span class=\"awb-title-spacer fusion-no-large-visibility fusion-no-medium-visibility fusion-no-small-visibility\"><\/span><h4 class=\"fusion-title-heading title-heading-left\" style=\"margin:0;\"><span style=\"color: #000000;\">Nota de alcance<\/span><\/h4><span class=\"awb-title-spacer\"><\/span><div class=\"title-sep-container title-sep-container-right\"><div class=\"title-sep sep-double sep-solid\" style=\"border-color:#e0dede;\"><\/div><\/div><\/div><div class=\"fusion-text fusion-text-3\"><ul>\n<li><strong>Fuente principal de datos:<\/strong> Secretar\u00eda del Ayuntamiento de Mula<\/li>\n<li><strong>Periodicidad:<\/strong> Anual<\/li>\n<li><strong>\u00daltima revisi\u00f3n:<\/strong> 18 de mayo de 2022<\/li>\n<\/ul>\n<\/div><\/div><\/div><div class=\"fusion-layout-column fusion_builder_column fusion-builder-column-5 fusion_builder_column_1_1 1_1 fusion-flex-column\" style=\"--awb-bg-size:cover;--awb-width-large:100%;--awb-margin-top-large:0px;--awb-spacing-right-large:1.92%;--awb-margin-bottom-large:20px;--awb-spacing-left-large:1.92%;--awb-width-medium:100%;--awb-spacing-right-medium:1.92%;--awb-spacing-left-medium:1.92%;--awb-width-small:100%;--awb-spacing-right-small:1.92%;--awb-spacing-left-small:1.92%;\"><div class=\"fusion-column-wrapper fusion-flex-justify-content-flex-start fusion-content-layout-column\"><div class=\"fusion-title title fusion-title-3 fusion-title-text fusion-title-size-four\" style=\"--awb-margin-top-small:0px;--awb-margin-right-small:0px;--awb-margin-bottom-small:20px;--awb-margin-left-small:0px;\"><div class=\"title-sep-container title-sep-container-left fusion-no-large-visibility fusion-no-medium-visibility fusion-no-small-visibility\"><div class=\"title-sep sep-double sep-solid\" style=\"border-color:#e0dede;\"><\/div><\/div><span class=\"awb-title-spacer fusion-no-large-visibility fusion-no-medium-visibility fusion-no-small-visibility\"><\/span><h4 class=\"fusion-title-heading title-heading-left\" style=\"margin:0;\"><span style=\"color: #000000;\">Mejora de los datos<\/span><\/h4><span class=\"awb-title-spacer\"><\/span><div class=\"title-sep-container title-sep-container-right\"><div class=\"title-sep sep-double sep-solid\" style=\"border-color:#e0dede;\"><\/div><\/div><\/div><div class=\"fusion-text fusion-text-4\"><p>Si detecta cualquier error en los datos de esta p\u00e1gina, o considera que deben ser completados o mejorados, por favor comun\u00edquelo al Ayuntamiento de Mula a trav\u00e9s de nuestro <a href=\"https:\/\/mula.es\/web\/sugerencias\/\">formulario de contacto<\/a>.<\/p>\n<\/div><\/div><\/div><\/div><\/div>\n","protected":false},"excerpt":{"rendered":"","protected":false},"author":9,"featured_media":33512,"parent":36067,"menu_order":0,"comment_status":"closed","ping_status":"closed","template":"","meta":{"jetpack_post_was_ever_published":false,"footnotes":""},"class_list":["post-37310","page","type-page","status-publish","has-post-thumbnail","hentry"],"yoast_head":"<!-- This site is optimized with the Yoast SEO plugin v27.4 - https:\/\/yoast.com\/product\/yoast-seo-wordpress\/ -->\n<title>Portal de la Transparencia: Laura Salas Orcajada - Ayuntamiento de Mula<\/title>\n<meta name=\"robots\" content=\"index, follow, max-snippet:-1, max-image-preview:large, max-video-preview:-1\" \/>\n<link rel=\"canonical\" href=\"https:\/\/mula.es\/web\/transparencia\/institucional\/laura-salas-orcajada\/\" \/>\n<meta property=\"og:locale\" content=\"es_ES\" \/>\n<meta property=\"og:type\" content=\"article\" \/>\n<meta property=\"og:title\" content=\"Portal de la Transparencia: Laura Salas Orcajada - Ayuntamiento de Mula\" \/>\n<meta property=\"og:url\" content=\"https:\/\/mula.es\/web\/transparencia\/institucional\/laura-salas-orcajada\/\" \/>\n<meta property=\"og:site_name\" content=\"Ayuntamiento de Mula\" \/>\n<meta property=\"article:modified_time\" content=\"2022-05-18T08:00:27+00:00\" \/>\n<meta property=\"og:image\" content=\"https:\/\/i0.wp.com\/mula.es\/web\/wp-content\/uploads\/2020\/06\/escudo-cuadrado-e1591045058235.jpg?fit=200%2C218&ssl=1\" \/>\n\t<meta property=\"og:image:width\" content=\"200\" \/>\n\t<meta property=\"og:image:height\" content=\"218\" \/>\n\t<meta property=\"og:image:type\" content=\"image\/jpeg\" \/>\n<meta name=\"twitter:card\" content=\"summary_large_image\" \/>\n<meta name=\"twitter:site\" content=\"@AyuntamientMula\" \/>\n<meta name=\"twitter:label1\" content=\"Tiempo de lectura\" \/>\n\t<meta name=\"twitter:data1\" content=\"4 minutos\" \/>\n<script type=\"application\/ld+json\" class=\"yoast-schema-graph\">{\"@context\":\"https:\\\/\\\/schema.org\",\"@graph\":[{\"@type\":\"WebPage\",\"@id\":\"https:\\\/\\\/mula.es\\\/web\\\/transparencia\\\/institucional\\\/laura-salas-orcajada\\\/\",\"url\":\"https:\\\/\\\/mula.es\\\/web\\\/transparencia\\\/institucional\\\/laura-salas-orcajada\\\/\",\"name\":\"Portal de la Transparencia: Laura Salas Orcajada - Ayuntamiento de Mula\",\"isPartOf\":{\"@id\":\"https:\\\/\\\/mula.es\\\/web\\\/#website\"},\"primaryImageOfPage\":{\"@id\":\"https:\\\/\\\/mula.es\\\/web\\\/transparencia\\\/institucional\\\/laura-salas-orcajada\\\/#primaryimage\"},\"image\":{\"@id\":\"https:\\\/\\\/mula.es\\\/web\\\/transparencia\\\/institucional\\\/laura-salas-orcajada\\\/#primaryimage\"},\"thumbnailUrl\":\"https:\\\/\\\/mula.es\\\/web\\\/wp-content\\\/uploads\\\/2020\\\/06\\\/escudo-cuadrado-e1591045058235.jpg\",\"datePublished\":\"2021-02-25T13:27:18+00:00\",\"dateModified\":\"2022-05-18T08:00:27+00:00\",\"breadcrumb\":{\"@id\":\"https:\\\/\\\/mula.es\\\/web\\\/transparencia\\\/institucional\\\/laura-salas-orcajada\\\/#breadcrumb\"},\"inLanguage\":\"es\",\"potentialAction\":[{\"@type\":\"ReadAction\",\"target\":[\"https:\\\/\\\/mula.es\\\/web\\\/transparencia\\\/institucional\\\/laura-salas-orcajada\\\/\"]}]},{\"@type\":\"ImageObject\",\"inLanguage\":\"es\",\"@id\":\"https:\\\/\\\/mula.es\\\/web\\\/transparencia\\\/institucional\\\/laura-salas-orcajada\\\/#primaryimage\",\"url\":\"https:\\\/\\\/mula.es\\\/web\\\/wp-content\\\/uploads\\\/2020\\\/06\\\/escudo-cuadrado-e1591045058235.jpg\",\"contentUrl\":\"https:\\\/\\\/mula.es\\\/web\\\/wp-content\\\/uploads\\\/2020\\\/06\\\/escudo-cuadrado-e1591045058235.jpg\",\"width\":200,\"height\":218},{\"@type\":\"BreadcrumbList\",\"@id\":\"https:\\\/\\\/mula.es\\\/web\\\/transparencia\\\/institucional\\\/laura-salas-orcajada\\\/#breadcrumb\",\"itemListElement\":[{\"@type\":\"ListItem\",\"position\":1,\"name\":\"Portada\",\"item\":\"https:\\\/\\\/mula.es\\\/web\\\/\"},{\"@type\":\"ListItem\",\"position\":2,\"name\":\"Portal de la Transparencia\",\"item\":\"https:\\\/\\\/mula.es\\\/web\\\/transparencia\\\/\"},{\"@type\":\"ListItem\",\"position\":3,\"name\":\"Informaci\u00f3n institucional\",\"item\":\"https:\\\/\\\/mula.es\\\/web\\\/transparencia\\\/institucional\\\/\"},{\"@type\":\"ListItem\",\"position\":4,\"name\":\"Portal de la Transparencia: Laura Salas Orcajada\"}]},{\"@type\":\"WebSite\",\"@id\":\"https:\\\/\\\/mula.es\\\/web\\\/#website\",\"url\":\"https:\\\/\\\/mula.es\\\/web\\\/\",\"name\":\"Ayuntamiento de Mula\",\"description\":\"P\u00e1gina web del Ayuntamiento de Mula (Regi\u00f3n de Murcia)\",\"potentialAction\":[{\"@type\":\"SearchAction\",\"target\":{\"@type\":\"EntryPoint\",\"urlTemplate\":\"https:\\\/\\\/mula.es\\\/web\\\/?s={search_term_string}\"},\"query-input\":{\"@type\":\"PropertyValueSpecification\",\"valueRequired\":true,\"valueName\":\"search_term_string\"}}],\"inLanguage\":\"es\"}]}<\/script>\n<!-- \/ Yoast SEO plugin. -->","yoast_head_json":{"title":"Portal de la Transparencia: Laura Salas Orcajada - Ayuntamiento de Mula","robots":{"index":"index","follow":"follow","max-snippet":"max-snippet:-1","max-image-preview":"max-image-preview:large","max-video-preview":"max-video-preview:-1"},"canonical":"https:\/\/mula.es\/web\/transparencia\/institucional\/laura-salas-orcajada\/","og_locale":"es_ES","og_type":"article","og_title":"Portal de la Transparencia: Laura Salas Orcajada - Ayuntamiento de Mula","og_url":"https:\/\/mula.es\/web\/transparencia\/institucional\/laura-salas-orcajada\/","og_site_name":"Ayuntamiento de Mula","article_modified_time":"2022-05-18T08:00:27+00:00","og_image":[{"width":200,"height":218,"url":"https:\/\/i0.wp.com\/mula.es\/web\/wp-content\/uploads\/2020\/06\/escudo-cuadrado-e1591045058235.jpg?fit=200%2C218&ssl=1","type":"image\/jpeg"}],"twitter_card":"summary_large_image","twitter_site":"@AyuntamientMula","twitter_misc":{"Tiempo de lectura":"4 minutos"},"schema":{"@context":"https:\/\/schema.org","@graph":[{"@type":"WebPage","@id":"https:\/\/mula.es\/web\/transparencia\/institucional\/laura-salas-orcajada\/","url":"https:\/\/mula.es\/web\/transparencia\/institucional\/laura-salas-orcajada\/","name":"Portal de la Transparencia: Laura Salas Orcajada - Ayuntamiento de Mula","isPartOf":{"@id":"https:\/\/mula.es\/web\/#website"},"primaryImageOfPage":{"@id":"https:\/\/mula.es\/web\/transparencia\/institucional\/laura-salas-orcajada\/#primaryimage"},"image":{"@id":"https:\/\/mula.es\/web\/transparencia\/institucional\/laura-salas-orcajada\/#primaryimage"},"thumbnailUrl":"https:\/\/mula.es\/web\/wp-content\/uploads\/2020\/06\/escudo-cuadrado-e1591045058235.jpg","datePublished":"2021-02-25T13:27:18+00:00","dateModified":"2022-05-18T08:00:27+00:00","breadcrumb":{"@id":"https:\/\/mula.es\/web\/transparencia\/institucional\/laura-salas-orcajada\/#breadcrumb"},"inLanguage":"es","potentialAction":[{"@type":"ReadAction","target":["https:\/\/mula.es\/web\/transparencia\/institucional\/laura-salas-orcajada\/"]}]},{"@type":"ImageObject","inLanguage":"es","@id":"https:\/\/mula.es\/web\/transparencia\/institucional\/laura-salas-orcajada\/#primaryimage","url":"https:\/\/mula.es\/web\/wp-content\/uploads\/2020\/06\/escudo-cuadrado-e1591045058235.jpg","contentUrl":"https:\/\/mula.es\/web\/wp-content\/uploads\/2020\/06\/escudo-cuadrado-e1591045058235.jpg","width":200,"height":218},{"@type":"BreadcrumbList","@id":"https:\/\/mula.es\/web\/transparencia\/institucional\/laura-salas-orcajada\/#breadcrumb","itemListElement":[{"@type":"ListItem","position":1,"name":"Portada","item":"https:\/\/mula.es\/web\/"},{"@type":"ListItem","position":2,"name":"Portal de la Transparencia","item":"https:\/\/mula.es\/web\/transparencia\/"},{"@type":"ListItem","position":3,"name":"Informaci\u00f3n institucional","item":"https:\/\/mula.es\/web\/transparencia\/institucional\/"},{"@type":"ListItem","position":4,"name":"Portal de la Transparencia: Laura Salas Orcajada"}]},{"@type":"WebSite","@id":"https:\/\/mula.es\/web\/#website","url":"https:\/\/mula.es\/web\/","name":"Ayuntamiento de Mula","description":"P\u00e1gina web del Ayuntamiento de Mula (Regi\u00f3n de Murcia)","potentialAction":[{"@type":"SearchAction","target":{"@type":"EntryPoint","urlTemplate":"https:\/\/mula.es\/web\/?s={search_term_string}"},"query-input":{"@type":"PropertyValueSpecification","valueRequired":true,"valueName":"search_term_string"}}],"inLanguage":"es"}]}},"_hostinger_reach_plugin_has_subscription_block":false,"_hostinger_reach_plugin_is_elementor":false,"jetpack_sharing_enabled":true,"jetpack_shortlink":"https:\/\/wp.me\/Pa9DMY-9HM","jetpack-related-posts":[],"_links":{"self":[{"href":"https:\/\/mula.es\/web\/wp-json\/wp\/v2\/pages\/37310","targetHints":{"allow":["GET"]}}],"collection":[{"href":"https:\/\/mula.es\/web\/wp-json\/wp\/v2\/pages"}],"about":[{"href":"https:\/\/mula.es\/web\/wp-json\/wp\/v2\/types\/page"}],"author":[{"embeddable":true,"href":"https:\/\/mula.es\/web\/wp-json\/wp\/v2\/users\/9"}],"replies":[{"embeddable":true,"href":"https:\/\/mula.es\/web\/wp-json\/wp\/v2\/comments?post=37310"}],"version-history":[{"count":13,"href":"https:\/\/mula.es\/web\/wp-json\/wp\/v2\/pages\/37310\/revisions"}],"predecessor-version":[{"id":44499,"href":"https:\/\/mula.es\/web\/wp-json\/wp\/v2\/pages\/37310\/revisions\/44499"}],"up":[{"embeddable":true,"href":"https:\/\/mula.es\/web\/wp-json\/wp\/v2\/pages\/36067"}],"wp:featuredmedia":[{"embeddable":true,"href":"https:\/\/mula.es\/web\/wp-json\/wp\/v2\/media\/33512"}],"wp:attachment":[{"href":"https:\/\/mula.es\/web\/wp-json\/wp\/v2\/media?parent=37310"}],"curies":[{"name":"wp","href":"https:\/\/api.w.org\/{rel}","templated":true}]}}