{"id":37312,"date":"2021-02-25T14:27:53","date_gmt":"2021-02-25T13:27:53","guid":{"rendered":"http:\/\/mula.es\/web\/?page_id=37312"},"modified":"2022-05-18T13:17:36","modified_gmt":"2022-05-18T11:17:36","slug":"pablo-pinero-gutierrez","status":"publish","type":"page","link":"https:\/\/mula.es\/web\/transparencia\/institucional\/pablo-pinero-gutierrez\/","title":{"rendered":"Portal de la Transparencia: Pablo Pi\u00f1ero Guti\u00e9rrez"},"content":{"rendered":"<div class=\"fusion-fullwidth fullwidth-box fusion-builder-row-1 fusion-flex-container hundred-percent-fullwidth non-hundred-percent-height-scrolling\" style=\"--awb-border-radius-top-left:0px;--awb-border-radius-top-right:0px;--awb-border-radius-bottom-right:0px;--awb-border-radius-bottom-left:0px;--awb-overflow:visible;--awb-flex-wrap:wrap;\" ><div class=\"fusion-builder-row fusion-row fusion-flex-align-items-flex-start fusion-flex-content-wrap\" style=\"width:104% !important;max-width:104% !important;margin-left: calc(-4% \/ 2 );margin-right: calc(-4% \/ 2 );\"><div class=\"fusion-layout-column fusion_builder_column fusion-builder-column-0 fusion_builder_column_2_3 2_3 fusion-flex-column\" style=\"--awb-bg-size:cover;--awb-width-large:66.666666666667%;--awb-margin-top-large:0px;--awb-spacing-right-large:3.84%;--awb-margin-bottom-large:20px;--awb-spacing-left-large:2.88%;--awb-width-medium:66.666666666667%;--awb-spacing-right-medium:3.84%;--awb-spacing-left-medium:2.88%;--awb-width-small:100%;--awb-spacing-right-small:1.92%;--awb-spacing-left-small:1.92%;\"><div class=\"fusion-column-wrapper fusion-flex-justify-content-flex-start fusion-content-layout-column\"><div class=\"fusion-text fusion-text-1\"><h2>Pablo Pi\u00f1ero Guti\u00e9rrez<\/h2>\n<h3>Concejal de Tambores y Tercera edad (Mayores)<\/h3>\n<h4>Grupo Municipal Socialista Obrero Espa\u00f1ol<\/h4>\n<\/div><\/div><\/div><div class=\"fusion-layout-column fusion_builder_column fusion-builder-column-1 fusion_builder_column_1_3 1_3 fusion-flex-column\" style=\"--awb-bg-size:cover;--awb-width-large:33.333333333333%;--awb-margin-top-large:0px;--awb-spacing-right-large:5.76%;--awb-margin-bottom-large:20px;--awb-spacing-left-large:3.84%;--awb-width-medium:33.333333333333%;--awb-spacing-right-medium:5.76%;--awb-spacing-left-medium:3.84%;--awb-width-small:100%;--awb-spacing-right-small:1.92%;--awb-spacing-left-small:1.92%;\"><div class=\"fusion-column-wrapper fusion-flex-justify-content-flex-start fusion-content-layout-column\"><div class=\"fusion-image-element \" style=\"--awb-caption-title-font-family:var(--h2_typography-font-family);--awb-caption-title-font-weight:var(--h2_typography-font-weight);--awb-caption-title-font-style:var(--h2_typography-font-style);--awb-caption-title-size:var(--h2_typography-font-size);--awb-caption-title-transform:var(--h2_typography-text-transform);--awb-caption-title-line-height:var(--h2_typography-line-height);--awb-caption-title-letter-spacing:var(--h2_typography-letter-spacing);\"><span class=\" fusion-imageframe imageframe-none imageframe-1 hover-type-none\"><img decoding=\"async\" width=\"261\" height=\"391\" title=\"pablo\" src=\"https:\/\/mula.es\/web\/wp-content\/uploads\/2021\/02\/pablo.png\" alt class=\"img-responsive wp-image-37333\" srcset=\"https:\/\/mula.es\/web\/wp-content\/uploads\/2021\/02\/pablo-200x300.png 200w, https:\/\/mula.es\/web\/wp-content\/uploads\/2021\/02\/pablo.png 261w\" sizes=\"(max-width: 640px) 100vw, 261px\" \/><\/span><\/div><\/div><\/div><div class=\"fusion-layout-column fusion_builder_column fusion-builder-column-2 fusion_builder_column_1_1 1_1 fusion-flex-column\" style=\"--awb-bg-size:cover;--awb-width-large:100%;--awb-margin-top-large:0px;--awb-spacing-right-large:1.92%;--awb-margin-bottom-large:20px;--awb-spacing-left-large:1.92%;--awb-width-medium:100%;--awb-spacing-right-medium:1.92%;--awb-spacing-left-medium:1.92%;--awb-width-small:100%;--awb-spacing-right-small:1.92%;--awb-spacing-left-small:1.92%;\"><div class=\"fusion-column-wrapper fusion-flex-justify-content-flex-start fusion-content-layout-column\"><div class=\"accordian fusion-accordian\" style=\"--awb-border-size:1px;--awb-icon-size:13px;--awb-content-font-size:15px;--awb-icon-alignment:left;--awb-hover-color:#f9f9f9;--awb-border-color:#cccccc;--awb-background-color:#ffffff;--awb-divider-color:#e0dede;--awb-divider-hover-color:#e0dede;--awb-icon-color:#ffffff;--awb-title-color:#333333;--awb-content-color:#747474;--awb-icon-box-color:#333333;--awb-toggle-hover-accent-color:#e10707;--awb-title-font-family:&quot;Antic Slab&quot;;--awb-title-font-weight:regular;--awb-title-font-style:normal;--awb-title-font-size:15px;--awb-content-font-family:&quot;PT Sans&quot;;--awb-content-font-style:normal;--awb-content-font-weight:400;\"><div class=\"panel-group fusion-toggle-icon-boxed\" id=\"accordion-37312-1\"><div class=\"fusion-panel panel-default panel-fe44bd96a1bc88f3c fusion-toggle-has-divider\"><div class=\"panel-heading\"><h4 class=\"panel-title toggle\" id=\"toggle_fe44bd96a1bc88f3c\"><a aria-expanded=\"false\" aria-controls=\"fe44bd96a1bc88f3c\" role=\"button\" data-toggle=\"collapse\" data-parent=\"#accordion-37312-1\" data-target=\"#fe44bd96a1bc88f3c\" href=\"#fe44bd96a1bc88f3c\"><span class=\"fusion-toggle-icon-wrapper\" aria-hidden=\"true\"><i class=\"fa-fusion-box active-icon awb-icon-minus\" aria-hidden=\"true\"><\/i><i class=\"fa-fusion-box inactive-icon awb-icon-plus\" aria-hidden=\"true\"><\/i><\/span><span class=\"fusion-toggle-heading\">Curriculum Vitae<\/span><\/a><\/h4><\/div><div id=\"fe44bd96a1bc88f3c\" class=\"panel-collapse collapse \" aria-labelledby=\"toggle_fe44bd96a1bc88f3c\"><div class=\"panel-body toggle-content fusion-clearfix\">\n<div class=\"\">\n<div class=\"left dsp_ib\">\n<div class=\"tr-content--section\">\n<p><strong>Fecha de nacimiento: <\/strong>12-10-1953<\/p>\n<p><strong>Cargo actual:<\/strong> Concejal delegado Ayuntamiento de Mula de Tambores y Tercera edad (Mayores)<\/p>\n<\/div>\n<div class=\"tr-content--section\">\n<div class=\"\">\n<div class=\"left dsp_ib\">\n<div class=\"tr-content--section\"><strong>Formaci\u00f3n:<\/strong><\/div>\n<\/div>\n<\/div>\n<ul>\n<li class=\"tr-article--subsection-title\">Bachiller Superior.<\/li>\n<li class=\"tr-article--subsection-title\">Entrenador Nacional de F\u00fatbol.<\/li>\n<li class=\"tr-article--subsection-title\">Monitor de Balomnano.<\/li>\n<\/ul>\n<div class=\"tr-content--section\">\n<p class=\"tr-article--subsection-title\"><strong>Experiencia profesional<\/strong><\/p>\n<div>\n<ul>\n<li>33 a\u00f1os de experiencia como T\u00e9cnico de Deportes del Ayuntamiento de Mula. Ha sido Gerente del Patronato Deportivo Municipal.<\/li>\n<li>Anteriormente ha sido trabajador por cuenta ajena en empresa conservera y agr\u00edcola.<\/li>\n<\/ul>\n<\/div>\n<\/div>\n<\/div>\n<\/div>\n<\/div>\n<div class=\"tr-content--section\"><\/div>\n<\/div><\/div><\/div><div class=\"fusion-panel panel-default panel-0932e6071e1af28ce fusion-toggle-has-divider\"><div class=\"panel-heading\"><h4 class=\"panel-title toggle\" id=\"toggle_0932e6071e1af28ce\"><a aria-expanded=\"false\" aria-controls=\"0932e6071e1af28ce\" role=\"button\" data-toggle=\"collapse\" data-parent=\"#accordion-37312-1\" data-target=\"#0932e6071e1af28ce\" href=\"#0932e6071e1af28ce\"><span class=\"fusion-toggle-icon-wrapper\" aria-hidden=\"true\"><i class=\"fa-fusion-box active-icon awb-icon-minus\" aria-hidden=\"true\"><\/i><i class=\"fa-fusion-box inactive-icon awb-icon-plus\" aria-hidden=\"true\"><\/i><\/span><span class=\"fusion-toggle-heading\">Agenda<\/span><\/a><\/h4><\/div><div id=\"0932e6071e1af28ce\" class=\"panel-collapse collapse \" aria-labelledby=\"toggle_0932e6071e1af28ce\"><div class=\"panel-body toggle-content fusion-clearfix\">\n<p style=\"text-align: center;\"><a href=\"https:\/\/mula.es\/web\/agenda-del-alcalde\/\">https:\/\/mula.es\/web\/agenda-del-alcalde\/<\/a><\/p>\n<\/div><\/div><\/div><div class=\"fusion-panel panel-default panel-96b5723fa773bb6d5 fusion-toggle-has-divider\"><div class=\"panel-heading\"><h4 class=\"panel-title toggle\" id=\"toggle_96b5723fa773bb6d5\"><a aria-expanded=\"false\" aria-controls=\"96b5723fa773bb6d5\" role=\"button\" data-toggle=\"collapse\" data-parent=\"#accordion-37312-1\" data-target=\"#96b5723fa773bb6d5\" href=\"#96b5723fa773bb6d5\"><span class=\"fusion-toggle-icon-wrapper\" aria-hidden=\"true\"><i class=\"fa-fusion-box active-icon awb-icon-minus\" aria-hidden=\"true\"><\/i><i class=\"fa-fusion-box inactive-icon awb-icon-plus\" aria-hidden=\"true\"><\/i><\/span><span class=\"fusion-toggle-heading\">Retribuci\u00f3n Ayuntamiento de Mula<\/span><\/a><\/h4><\/div><div id=\"96b5723fa773bb6d5\" class=\"panel-collapse collapse \" aria-labelledby=\"toggle_96b5723fa773bb6d5\"><div class=\"panel-body toggle-content fusion-clearfix\">\n<p>Ha recibido como retribuciones brutas (antes de impuestos) por asistencias a \u00f3rganos colegiados las siguientes cantidades (110\u20ac por sesi\u00f3n):<\/p>\n<ul>\n<li><strong>A\u00f1o 2021: 5.500,00\u20ac<\/strong><\/li>\n<li>A\u00f1o 2020: 4.840,00\u20ac<\/li>\n<li>A\u00f1o 2019: 2.860,00\u20ac<\/li>\n<\/ul>\n<\/div><\/div><\/div><div class=\"fusion-panel panel-default panel-f702fe0b75a9a940b fusion-toggle-has-divider\"><div class=\"panel-heading\"><h4 class=\"panel-title toggle\" id=\"toggle_f702fe0b75a9a940b\"><a aria-expanded=\"false\" aria-controls=\"f702fe0b75a9a940b\" role=\"button\" data-toggle=\"collapse\" data-parent=\"#accordion-37312-1\" data-target=\"#f702fe0b75a9a940b\" href=\"#f702fe0b75a9a940b\"><span class=\"fusion-toggle-icon-wrapper\" aria-hidden=\"true\"><i class=\"fa-fusion-box active-icon awb-icon-minus\" aria-hidden=\"true\"><\/i><i class=\"fa-fusion-box inactive-icon awb-icon-plus\" aria-hidden=\"true\"><\/i><\/span><span class=\"fusion-toggle-heading\">Declaraci\u00f3n de bienes<\/span><\/a><\/h4><\/div><div id=\"f702fe0b75a9a940b\" class=\"panel-collapse collapse \" aria-labelledby=\"toggle_f702fe0b75a9a940b\"><div class=\"panel-body toggle-content fusion-clearfix\"><strong><u>Bienes y derechos<\/u><\/strong><\/p>\n<ul>\n<li><strong>Bienes inmuebles de naturaleza urbana:<\/strong> dos viviendas en la localidad y una plaza de garaje.<\/li>\n<li><strong>Bienes inmuebles de naturaleza r\u00fastica: <\/strong>no.<\/li>\n<li><strong>Bienes derechos e inmuebles a actividades empresariales y profesionales:<\/strong> no.<\/li>\n<li><strong>Dep\u00f3sitos en cuenta corriente:<\/strong> diversas cuentas con un saldo aproximado entre todas de 16.500\u20ac<\/li>\n<li><strong>Deuda p\u00fablica, obligaciones, bonos y dem\u00e1s valores equivalentes:<\/strong> no<\/li>\n<li><strong>Acciones y participaciones en el capital social o en los fondos propios de cualquier tipo de entidad:<\/strong> no.<\/li>\n<li><strong>Seguros de vida:<\/strong> seguro de vida con indemnizaci\u00f3n por accidentes por valor aproximado de 30.500\u20ac.<\/li>\n<li><strong>Rentas temporales y vitalicias:<\/strong> renta alquiler vivienda en la localidad de aproximadamente 3.350\u20ac anuales.<\/li>\n<li><strong>Veh\u00edculos, joyas, embarcaciones y aeronaves:<\/strong>\n<ul>\n<li>50% Peugeot 2016 a\u00f1o 2002.<\/li>\n<li>50% Dacia Sandero Stepway a\u00f1o 2018.<\/li>\n<\/ul>\n<\/li>\n<li><strong>Objetos de arte y antig\u00fcedades:<\/strong> no.<\/li>\n<li><strong>Derechos reales de uso y disfrute:<\/strong> no.<\/li>\n<li><strong>Concesiones administrativas:<\/strong> no.<\/li>\n<li><strong>Derechos derivados de la propiedad intelectual o industrial:<\/strong> no<\/li>\n<li><strong>Opciones contractuales:<\/strong> no<\/li>\n<li><strong>Dem\u00e1s bienes y derechos:<\/strong> no<\/li>\n<\/ul>\n<p><strong><u>Deudas<\/u><\/strong><\/p>\n<ul>\n<li>Pr\u00e9stamo hipotecario de aproximadamente 10.100\u20ac pendientes.<\/li>\n<li>Pr\u00e9stamo personal de aproximadamente 3.700\u20ac pendientes.<\/li>\n<\/ul>\n<\/div><\/div><\/div><div class=\"fusion-panel panel-default panel-55fcd28d59dee0738 fusion-toggle-has-divider\"><div class=\"panel-heading\"><h4 class=\"panel-title toggle\" id=\"toggle_55fcd28d59dee0738\"><a aria-expanded=\"false\" aria-controls=\"55fcd28d59dee0738\" role=\"button\" data-toggle=\"collapse\" data-parent=\"#accordion-37312-1\" data-target=\"#55fcd28d59dee0738\" href=\"#55fcd28d59dee0738\"><span class=\"fusion-toggle-icon-wrapper\" aria-hidden=\"true\"><i class=\"fa-fusion-box active-icon awb-icon-minus\" aria-hidden=\"true\"><\/i><i class=\"fa-fusion-box inactive-icon awb-icon-plus\" aria-hidden=\"true\"><\/i><\/span><span class=\"fusion-toggle-heading\">Declaraci\u00f3n de incompatibilidades y actividades<\/span><\/a><\/h4><\/div><div id=\"55fcd28d59dee0738\" class=\"panel-collapse collapse \" aria-labelledby=\"toggle_55fcd28d59dee0738\"><div class=\"panel-body toggle-content fusion-clearfix\">\n<ul>\n<li>No incurre en ninguna de las causas de posible incompatibilidad.<\/li>\n<li>Pensionista de la Seguridad Social. No tiene otras actividades privadas, que le proporcionan o pueden proporcionar ingresos econ\u00f3micos que las ya rese\u00f1adas.<\/li>\n<li>No tiene actividades p\u00fablicas, que le proporcionan o pueden proporcionar ingresos econ\u00f3micos, excepto las retribuciones del Ayuntamiento de Mula se\u00f1aladas.<\/li>\n<\/ul>\n<\/div><\/div><\/div><\/div><\/div><\/div><\/div><div class=\"fusion-layout-column fusion_builder_column fusion-builder-column-3 fusion_builder_column_1_2 1_2 fusion-flex-column\" style=\"--awb-bg-size:cover;--awb-width-large:50%;--awb-margin-top-large:0px;--awb-spacing-right-large:3.84%;--awb-margin-bottom-large:20px;--awb-spacing-left-large:3.84%;--awb-width-medium:50%;--awb-spacing-right-medium:3.84%;--awb-spacing-left-medium:3.84%;--awb-width-small:100%;--awb-spacing-right-small:1.92%;--awb-spacing-left-small:1.92%;\"><div class=\"fusion-column-wrapper fusion-flex-justify-content-flex-start fusion-content-layout-column\"><div class=\"fusion-title title fusion-title-1 fusion-title-text fusion-title-size-four\" style=\"--awb-margin-top-small:0px;--awb-margin-right-small:0px;--awb-margin-bottom-small:20px;--awb-margin-left-small:0px;\"><div class=\"title-sep-container title-sep-container-left fusion-no-large-visibility fusion-no-medium-visibility fusion-no-small-visibility\"><div class=\"title-sep sep-double sep-solid\" style=\"border-color:#e0dede;\"><\/div><\/div><span class=\"awb-title-spacer fusion-no-large-visibility fusion-no-medium-visibility fusion-no-small-visibility\"><\/span><h4 class=\"fusion-title-heading title-heading-left\" style=\"margin:0;\"><span style=\"color: #000000;\">Descarga de datos<\/span><\/h4><span class=\"awb-title-spacer\"><\/span><div class=\"title-sep-container title-sep-container-right\"><div class=\"title-sep sep-double sep-solid\" style=\"border-color:#e0dede;\"><\/div><\/div><\/div><div class=\"fusion-text fusion-text-2\"><ul>\n<li><a href=\"https:\/\/mula.es\/web\/wp-content\/uploads\/2022\/05\/Pablo-Pinero-Gutierrez_18052022.pdf\" target=\"_blank\" rel=\"noopener\">Pdf<\/a><\/li>\n<li><a href=\"https:\/\/mula.es\/web\/wp-content\/uploads\/2022\/05\/Pablo-Pinero-Gutierrez_18052022.odt\" target=\"_blank\" rel=\"noopener\">OpenOffice (Odt)<\/a><\/li>\n<\/ul>\n<\/div><\/div><\/div><div class=\"fusion-layout-column fusion_builder_column fusion-builder-column-4 fusion_builder_column_1_2 1_2 fusion-flex-column\" style=\"--awb-bg-size:cover;--awb-width-large:50%;--awb-margin-top-large:0px;--awb-spacing-right-large:3.84%;--awb-margin-bottom-large:-10px;--awb-spacing-left-large:3.84%;--awb-width-medium:50%;--awb-spacing-right-medium:3.84%;--awb-spacing-left-medium:3.84%;--awb-width-small:100%;--awb-spacing-right-small:1.92%;--awb-spacing-left-small:1.92%;\"><div class=\"fusion-column-wrapper fusion-flex-justify-content-flex-start fusion-content-layout-column\"><div class=\"fusion-title title fusion-title-2 fusion-title-text fusion-title-size-four\" style=\"--awb-margin-top-small:0px;--awb-margin-right-small:0px;--awb-margin-bottom-small:20px;--awb-margin-left-small:0px;\"><div class=\"title-sep-container title-sep-container-left fusion-no-large-visibility fusion-no-medium-visibility fusion-no-small-visibility\"><div class=\"title-sep sep-double sep-solid\" style=\"border-color:#e0dede;\"><\/div><\/div><span class=\"awb-title-spacer fusion-no-large-visibility fusion-no-medium-visibility fusion-no-small-visibility\"><\/span><h4 class=\"fusion-title-heading title-heading-left\" style=\"margin:0;\"><span style=\"color: #000000;\">Nota de alcance<\/span><\/h4><span class=\"awb-title-spacer\"><\/span><div class=\"title-sep-container title-sep-container-right\"><div class=\"title-sep sep-double sep-solid\" style=\"border-color:#e0dede;\"><\/div><\/div><\/div><div class=\"fusion-text fusion-text-3\"><ul>\n<li><strong>Fuente principal de datos:<\/strong> Secretar\u00eda del Ayuntamiento de Mula<\/li>\n<li><strong>Periodicidad:<\/strong> Anual<\/li>\n<li><strong>\u00daltima revisi\u00f3n:<\/strong> 18 de mayo de 2022<\/li>\n<\/ul>\n<\/div><\/div><\/div><div class=\"fusion-layout-column fusion_builder_column fusion-builder-column-5 fusion_builder_column_1_1 1_1 fusion-flex-column\" style=\"--awb-bg-size:cover;--awb-width-large:100%;--awb-margin-top-large:0px;--awb-spacing-right-large:1.92%;--awb-margin-bottom-large:20px;--awb-spacing-left-large:1.92%;--awb-width-medium:100%;--awb-spacing-right-medium:1.92%;--awb-spacing-left-medium:1.92%;--awb-width-small:100%;--awb-spacing-right-small:1.92%;--awb-spacing-left-small:1.92%;\"><div class=\"fusion-column-wrapper fusion-flex-justify-content-flex-start fusion-content-layout-column\"><div class=\"fusion-title title fusion-title-3 fusion-title-text fusion-title-size-four\" style=\"--awb-margin-top-small:0px;--awb-margin-right-small:0px;--awb-margin-bottom-small:20px;--awb-margin-left-small:0px;\"><div class=\"title-sep-container title-sep-container-left fusion-no-large-visibility fusion-no-medium-visibility fusion-no-small-visibility\"><div class=\"title-sep sep-double sep-solid\" style=\"border-color:#e0dede;\"><\/div><\/div><span class=\"awb-title-spacer fusion-no-large-visibility fusion-no-medium-visibility fusion-no-small-visibility\"><\/span><h4 class=\"fusion-title-heading title-heading-left\" style=\"margin:0;\"><span style=\"color: #000000;\">Mejora de los datos<\/span><\/h4><span class=\"awb-title-spacer\"><\/span><div class=\"title-sep-container title-sep-container-right\"><div class=\"title-sep sep-double sep-solid\" style=\"border-color:#e0dede;\"><\/div><\/div><\/div><div class=\"fusion-text fusion-text-4\"><p>Si detecta cualquier error en los datos de esta p\u00e1gina, o considera que deben ser completados o mejorados, por favor comun\u00edquelo al Ayuntamiento de Mula a trav\u00e9s de nuestro <a href=\"https:\/\/mula.es\/web\/sugerencias\/\">formulario de contacto<\/a>.<\/p>\n<\/div><\/div><\/div><\/div><\/div>\n","protected":false},"excerpt":{"rendered":"","protected":false},"author":9,"featured_media":33512,"parent":36067,"menu_order":0,"comment_status":"closed","ping_status":"closed","template":"","meta":{"jetpack_post_was_ever_published":false,"footnotes":""},"class_list":["post-37312","page","type-page","status-publish","has-post-thumbnail","hentry"],"yoast_head":"<!-- This site is optimized with the Yoast SEO plugin v27.5 - https:\/\/yoast.com\/product\/yoast-seo-wordpress\/ -->\n<title>Portal de la Transparencia: Pablo Pi\u00f1ero Guti\u00e9rrez - Ayuntamiento de Mula<\/title>\n<meta name=\"robots\" content=\"index, follow, max-snippet:-1, max-image-preview:large, max-video-preview:-1\" \/>\n<link rel=\"canonical\" href=\"https:\/\/mula.es\/web\/transparencia\/institucional\/pablo-pinero-gutierrez\/\" \/>\n<meta property=\"og:locale\" content=\"es_ES\" \/>\n<meta property=\"og:type\" content=\"article\" \/>\n<meta property=\"og:title\" content=\"Portal de la Transparencia: Pablo Pi\u00f1ero Guti\u00e9rrez - Ayuntamiento de Mula\" \/>\n<meta property=\"og:url\" content=\"https:\/\/mula.es\/web\/transparencia\/institucional\/pablo-pinero-gutierrez\/\" \/>\n<meta property=\"og:site_name\" content=\"Ayuntamiento de Mula\" \/>\n<meta property=\"article:modified_time\" content=\"2022-05-18T11:17:36+00:00\" \/>\n<meta property=\"og:image\" content=\"https:\/\/i0.wp.com\/mula.es\/web\/wp-content\/uploads\/2020\/06\/escudo-cuadrado-e1591045058235.jpg?fit=200%2C218&ssl=1\" \/>\n\t<meta property=\"og:image:width\" content=\"200\" \/>\n\t<meta property=\"og:image:height\" content=\"218\" \/>\n\t<meta property=\"og:image:type\" content=\"image\/jpeg\" \/>\n<meta name=\"twitter:card\" content=\"summary_large_image\" \/>\n<meta name=\"twitter:site\" content=\"@AyuntamientMula\" \/>\n<meta name=\"twitter:label1\" content=\"Tiempo de lectura\" \/>\n\t<meta name=\"twitter:data1\" content=\"4 minutos\" \/>\n<script type=\"application\/ld+json\" class=\"yoast-schema-graph\">{\"@context\":\"https:\\\/\\\/schema.org\",\"@graph\":[{\"@type\":\"WebPage\",\"@id\":\"https:\\\/\\\/mula.es\\\/web\\\/transparencia\\\/institucional\\\/pablo-pinero-gutierrez\\\/\",\"url\":\"https:\\\/\\\/mula.es\\\/web\\\/transparencia\\\/institucional\\\/pablo-pinero-gutierrez\\\/\",\"name\":\"Portal de la Transparencia: Pablo Pi\u00f1ero Guti\u00e9rrez - Ayuntamiento de Mula\",\"isPartOf\":{\"@id\":\"https:\\\/\\\/mula.es\\\/web\\\/#website\"},\"primaryImageOfPage\":{\"@id\":\"https:\\\/\\\/mula.es\\\/web\\\/transparencia\\\/institucional\\\/pablo-pinero-gutierrez\\\/#primaryimage\"},\"image\":{\"@id\":\"https:\\\/\\\/mula.es\\\/web\\\/transparencia\\\/institucional\\\/pablo-pinero-gutierrez\\\/#primaryimage\"},\"thumbnailUrl\":\"https:\\\/\\\/mula.es\\\/web\\\/wp-content\\\/uploads\\\/2020\\\/06\\\/escudo-cuadrado-e1591045058235.jpg\",\"datePublished\":\"2021-02-25T13:27:53+00:00\",\"dateModified\":\"2022-05-18T11:17:36+00:00\",\"breadcrumb\":{\"@id\":\"https:\\\/\\\/mula.es\\\/web\\\/transparencia\\\/institucional\\\/pablo-pinero-gutierrez\\\/#breadcrumb\"},\"inLanguage\":\"es\",\"potentialAction\":[{\"@type\":\"ReadAction\",\"target\":[\"https:\\\/\\\/mula.es\\\/web\\\/transparencia\\\/institucional\\\/pablo-pinero-gutierrez\\\/\"]}]},{\"@type\":\"ImageObject\",\"inLanguage\":\"es\",\"@id\":\"https:\\\/\\\/mula.es\\\/web\\\/transparencia\\\/institucional\\\/pablo-pinero-gutierrez\\\/#primaryimage\",\"url\":\"https:\\\/\\\/mula.es\\\/web\\\/wp-content\\\/uploads\\\/2020\\\/06\\\/escudo-cuadrado-e1591045058235.jpg\",\"contentUrl\":\"https:\\\/\\\/mula.es\\\/web\\\/wp-content\\\/uploads\\\/2020\\\/06\\\/escudo-cuadrado-e1591045058235.jpg\",\"width\":200,\"height\":218},{\"@type\":\"BreadcrumbList\",\"@id\":\"https:\\\/\\\/mula.es\\\/web\\\/transparencia\\\/institucional\\\/pablo-pinero-gutierrez\\\/#breadcrumb\",\"itemListElement\":[{\"@type\":\"ListItem\",\"position\":1,\"name\":\"Portada\",\"item\":\"https:\\\/\\\/mula.es\\\/web\\\/\"},{\"@type\":\"ListItem\",\"position\":2,\"name\":\"Portal de la Transparencia\",\"item\":\"https:\\\/\\\/mula.es\\\/web\\\/transparencia\\\/\"},{\"@type\":\"ListItem\",\"position\":3,\"name\":\"Informaci\u00f3n institucional\",\"item\":\"https:\\\/\\\/mula.es\\\/web\\\/transparencia\\\/institucional\\\/\"},{\"@type\":\"ListItem\",\"position\":4,\"name\":\"Portal de la Transparencia: Pablo Pi\u00f1ero Guti\u00e9rrez\"}]},{\"@type\":\"WebSite\",\"@id\":\"https:\\\/\\\/mula.es\\\/web\\\/#website\",\"url\":\"https:\\\/\\\/mula.es\\\/web\\\/\",\"name\":\"Ayuntamiento de Mula\",\"description\":\"P\u00e1gina web del Ayuntamiento de Mula (Regi\u00f3n de Murcia)\",\"potentialAction\":[{\"@type\":\"SearchAction\",\"target\":{\"@type\":\"EntryPoint\",\"urlTemplate\":\"https:\\\/\\\/mula.es\\\/web\\\/?s={search_term_string}\"},\"query-input\":{\"@type\":\"PropertyValueSpecification\",\"valueRequired\":true,\"valueName\":\"search_term_string\"}}],\"inLanguage\":\"es\"}]}<\/script>\n<!-- \/ Yoast SEO plugin. -->","yoast_head_json":{"title":"Portal de la Transparencia: Pablo Pi\u00f1ero Guti\u00e9rrez - Ayuntamiento de Mula","robots":{"index":"index","follow":"follow","max-snippet":"max-snippet:-1","max-image-preview":"max-image-preview:large","max-video-preview":"max-video-preview:-1"},"canonical":"https:\/\/mula.es\/web\/transparencia\/institucional\/pablo-pinero-gutierrez\/","og_locale":"es_ES","og_type":"article","og_title":"Portal de la Transparencia: Pablo Pi\u00f1ero Guti\u00e9rrez - Ayuntamiento de Mula","og_url":"https:\/\/mula.es\/web\/transparencia\/institucional\/pablo-pinero-gutierrez\/","og_site_name":"Ayuntamiento de Mula","article_modified_time":"2022-05-18T11:17:36+00:00","og_image":[{"width":200,"height":218,"url":"https:\/\/i0.wp.com\/mula.es\/web\/wp-content\/uploads\/2020\/06\/escudo-cuadrado-e1591045058235.jpg?fit=200%2C218&ssl=1","type":"image\/jpeg"}],"twitter_card":"summary_large_image","twitter_site":"@AyuntamientMula","twitter_misc":{"Tiempo de lectura":"4 minutos"},"schema":{"@context":"https:\/\/schema.org","@graph":[{"@type":"WebPage","@id":"https:\/\/mula.es\/web\/transparencia\/institucional\/pablo-pinero-gutierrez\/","url":"https:\/\/mula.es\/web\/transparencia\/institucional\/pablo-pinero-gutierrez\/","name":"Portal de la Transparencia: Pablo Pi\u00f1ero Guti\u00e9rrez - Ayuntamiento de Mula","isPartOf":{"@id":"https:\/\/mula.es\/web\/#website"},"primaryImageOfPage":{"@id":"https:\/\/mula.es\/web\/transparencia\/institucional\/pablo-pinero-gutierrez\/#primaryimage"},"image":{"@id":"https:\/\/mula.es\/web\/transparencia\/institucional\/pablo-pinero-gutierrez\/#primaryimage"},"thumbnailUrl":"https:\/\/mula.es\/web\/wp-content\/uploads\/2020\/06\/escudo-cuadrado-e1591045058235.jpg","datePublished":"2021-02-25T13:27:53+00:00","dateModified":"2022-05-18T11:17:36+00:00","breadcrumb":{"@id":"https:\/\/mula.es\/web\/transparencia\/institucional\/pablo-pinero-gutierrez\/#breadcrumb"},"inLanguage":"es","potentialAction":[{"@type":"ReadAction","target":["https:\/\/mula.es\/web\/transparencia\/institucional\/pablo-pinero-gutierrez\/"]}]},{"@type":"ImageObject","inLanguage":"es","@id":"https:\/\/mula.es\/web\/transparencia\/institucional\/pablo-pinero-gutierrez\/#primaryimage","url":"https:\/\/mula.es\/web\/wp-content\/uploads\/2020\/06\/escudo-cuadrado-e1591045058235.jpg","contentUrl":"https:\/\/mula.es\/web\/wp-content\/uploads\/2020\/06\/escudo-cuadrado-e1591045058235.jpg","width":200,"height":218},{"@type":"BreadcrumbList","@id":"https:\/\/mula.es\/web\/transparencia\/institucional\/pablo-pinero-gutierrez\/#breadcrumb","itemListElement":[{"@type":"ListItem","position":1,"name":"Portada","item":"https:\/\/mula.es\/web\/"},{"@type":"ListItem","position":2,"name":"Portal de la Transparencia","item":"https:\/\/mula.es\/web\/transparencia\/"},{"@type":"ListItem","position":3,"name":"Informaci\u00f3n institucional","item":"https:\/\/mula.es\/web\/transparencia\/institucional\/"},{"@type":"ListItem","position":4,"name":"Portal de la Transparencia: Pablo Pi\u00f1ero Guti\u00e9rrez"}]},{"@type":"WebSite","@id":"https:\/\/mula.es\/web\/#website","url":"https:\/\/mula.es\/web\/","name":"Ayuntamiento de Mula","description":"P\u00e1gina web del Ayuntamiento de Mula (Regi\u00f3n de Murcia)","potentialAction":[{"@type":"SearchAction","target":{"@type":"EntryPoint","urlTemplate":"https:\/\/mula.es\/web\/?s={search_term_string}"},"query-input":{"@type":"PropertyValueSpecification","valueRequired":true,"valueName":"search_term_string"}}],"inLanguage":"es"}]}},"_hostinger_reach_plugin_has_subscription_block":false,"_hostinger_reach_plugin_is_elementor":false,"jetpack_sharing_enabled":true,"jetpack_shortlink":"https:\/\/wp.me\/Pa9DMY-9HO","jetpack-related-posts":[],"_links":{"self":[{"href":"https:\/\/mula.es\/web\/wp-json\/wp\/v2\/pages\/37312","targetHints":{"allow":["GET"]}}],"collection":[{"href":"https:\/\/mula.es\/web\/wp-json\/wp\/v2\/pages"}],"about":[{"href":"https:\/\/mula.es\/web\/wp-json\/wp\/v2\/types\/page"}],"author":[{"embeddable":true,"href":"https:\/\/mula.es\/web\/wp-json\/wp\/v2\/users\/9"}],"replies":[{"embeddable":true,"href":"https:\/\/mula.es\/web\/wp-json\/wp\/v2\/comments?post=37312"}],"version-history":[{"count":12,"href":"https:\/\/mula.es\/web\/wp-json\/wp\/v2\/pages\/37312\/revisions"}],"predecessor-version":[{"id":44506,"href":"https:\/\/mula.es\/web\/wp-json\/wp\/v2\/pages\/37312\/revisions\/44506"}],"up":[{"embeddable":true,"href":"https:\/\/mula.es\/web\/wp-json\/wp\/v2\/pages\/36067"}],"wp:featuredmedia":[{"embeddable":true,"href":"https:\/\/mula.es\/web\/wp-json\/wp\/v2\/media\/33512"}],"wp:attachment":[{"href":"https:\/\/mula.es\/web\/wp-json\/wp\/v2\/media?parent=37312"}],"curies":[{"name":"wp","href":"https:\/\/api.w.org\/{rel}","templated":true}]}}