{"id":41146,"date":"2021-07-05T10:06:55","date_gmt":"2021-07-05T08:06:55","guid":{"rendered":"https:\/\/mula.es\/web\/?page_id=41146"},"modified":"2026-03-16T10:06:26","modified_gmt":"2026-03-16T09:06:26","slug":"concesion-de-ayudas-complementarias-de-movilidad-nacional-e-internacional","status":"publish","type":"page","link":"https:\/\/mula.es\/web\/transparencia\/informacion-sobre-subvenciones\/concesion-de-ayudas-complementarias-de-movilidad-nacional-e-internacional\/","title":{"rendered":"Concesi\u00f3n de ayudas complementarias de movilidad nacional e internacional"},"content":{"rendered":"<div class=\"fusion-fullwidth fullwidth-box fusion-builder-row-1 fusion-flex-container nonhundred-percent-fullwidth non-hundred-percent-height-scrolling\" style=\"--awb-border-radius-top-left:0px;--awb-border-radius-top-right:0px;--awb-border-radius-bottom-right:0px;--awb-border-radius-bottom-left:0px;--awb-flex-wrap:wrap;\" ><div class=\"fusion-builder-row fusion-row fusion-flex-align-items-flex-start fusion-flex-content-wrap\" style=\"max-width:1144px;margin-left: calc(-4% \/ 2 );margin-right: calc(-4% \/ 2 );\"><div class=\"fusion-layout-column fusion_builder_column fusion-builder-column-0 fusion_builder_column_1_1 1_1 fusion-flex-column\" style=\"--awb-bg-size:cover;--awb-width-large:100%;--awb-margin-top-large:0px;--awb-spacing-right-large:1.92%;--awb-margin-bottom-large:0px;--awb-spacing-left-large:1.92%;--awb-width-medium:100%;--awb-spacing-right-medium:1.92%;--awb-spacing-left-medium:1.92%;--awb-width-small:100%;--awb-spacing-right-small:1.92%;--awb-spacing-left-small:1.92%;\"><div class=\"fusion-column-wrapper fusion-flex-justify-content-flex-start fusion-content-layout-column\"><div class=\"accordian fusion-accordian\" style=\"--awb-border-size:1px;--awb-icon-size:13px;--awb-content-font-size:15px;--awb-icon-alignment:left;--awb-hover-color:#f9f9f9;--awb-border-color:#cccccc;--awb-background-color:#ffffff;--awb-divider-color:#e0dede;--awb-divider-hover-color:#e0dede;--awb-icon-color:#ffffff;--awb-title-color:#333333;--awb-content-color:#747474;--awb-icon-box-color:#333333;--awb-toggle-hover-accent-color:#e10707;--awb-title-font-family:&quot;Antic Slab&quot;;--awb-title-font-weight:regular;--awb-title-font-style:normal;--awb-title-font-size:15px;--awb-content-font-family:&quot;PT Sans&quot;;--awb-content-font-style:normal;--awb-content-font-weight:400;\"><div class=\"panel-group fusion-toggle-icon-boxed\" id=\"accordion-41146-1\"><div class=\"fusion-panel panel-default panel-1b9a9c10f9b011d23 fusion-toggle-has-divider\" style=\"--awb-title-color:#333333;--awb-content-color:#747474;\"><div class=\"panel-heading\"><h4 class=\"panel-title toggle\" id=\"toggle_1b9a9c10f9b011d23\"><a class=\"active\" aria-expanded=\"true\" aria-controls=\"1b9a9c10f9b011d23\" role=\"button\" data-toggle=\"collapse\" data-parent=\"#accordion-41146-1\" data-target=\"#1b9a9c10f9b011d23\" href=\"#1b9a9c10f9b011d23\"><span class=\"fusion-toggle-icon-wrapper\" aria-hidden=\"true\"><i class=\"fa-fusion-box active-icon awb-icon-minus\" aria-hidden=\"true\"><\/i><i class=\"fa-fusion-box inactive-icon awb-icon-plus\" aria-hidden=\"true\"><\/i><\/span><span class=\"fusion-toggle-heading\">2025\/2026<\/span><\/a><\/h4><\/div><div id=\"1b9a9c10f9b011d23\" class=\"panel-collapse collapse in\" aria-labelledby=\"toggle_1b9a9c10f9b011d23\"><div class=\"panel-body toggle-content fusion-clearfix\">\n<ul>\n<li><a href=\"https:\/\/mula.es\/web\/wp-content\/uploads\/2026\/03\/2026-1148.pdf\">Anuncio BORM<\/a><\/li>\n<li><a href=\"https:\/\/mula.es\/web\/wp-content\/uploads\/2026\/03\/30029_CertificadoJGL_02691_113811_9.pdf\">Certificado Junta de Gobierno Local<\/a><\/li>\n<li><a href=\"https:\/\/mula.es\/web\/wp-content\/uploads\/2026\/03\/BASES_BECAS_MOVILIDAD_2025-26_44345_113811_4.pdf\">Bases<\/a>\n<ul>\n<li>Fecha de publicaci\u00f3n 16\/03\/2026<\/li>\n<\/ul>\n<\/li>\n<\/ul>\n<\/div><\/div><\/div><div class=\"fusion-panel panel-default panel-f0fd6fadbd487b708 fusion-toggle-has-divider\" style=\"--awb-title-color:#333333;--awb-content-color:#747474;\"><div class=\"panel-heading\"><h4 class=\"panel-title toggle\" id=\"toggle_f0fd6fadbd487b708\"><a class=\"active\" aria-expanded=\"true\" aria-controls=\"f0fd6fadbd487b708\" role=\"button\" data-toggle=\"collapse\" data-parent=\"#accordion-41146-1\" data-target=\"#f0fd6fadbd487b708\" href=\"#f0fd6fadbd487b708\"><span class=\"fusion-toggle-icon-wrapper\" aria-hidden=\"true\"><i class=\"fa-fusion-box active-icon awb-icon-minus\" aria-hidden=\"true\"><\/i><i class=\"fa-fusion-box inactive-icon awb-icon-plus\" aria-hidden=\"true\"><\/i><\/span><span class=\"fusion-toggle-heading\">2024\/2025<\/span><\/a><\/h4><\/div><div id=\"f0fd6fadbd487b708\" class=\"panel-collapse collapse in\" aria-labelledby=\"toggle_f0fd6fadbd487b708\"><div class=\"panel-body toggle-content fusion-clearfix\">\n<ul>\n<li><a href=\"https:\/\/mula.es\/web\/wp-content\/uploads\/2025\/04\/BASES_BECAS_MOVILIDAD_2024-25_25466_92508_6.pdf\" target=\"_blank\" rel=\"noopener\">Bases becas de movilidad<\/a><\/li>\n<li><a href=\"https:\/\/mula.es\/web\/wp-content\/uploads\/2025\/04\/anuncio2.pdf\" target=\"_blank\" rel=\"noopener\">Anuncio BORM<\/a><\/li>\n<li><a href=\"https:\/\/mula.es\/web\/wp-content\/uploads\/2025\/06\/Certificado_para_publicar_LOPD_70219_92508_14.pdf\" target=\"_blank\" rel=\"noopener\">Resoluci\u00f3n becas de movilidad<\/a>\n<ul>\n<li>Fecha de publicaci\u00f3n 16\/06\/2025<\/li>\n<\/ul>\n<\/li>\n<\/ul>\n<\/div><\/div><\/div><div class=\"fusion-panel panel-default panel-79ea222cf1aee1f9a fusion-toggle-has-divider\"><div class=\"panel-heading\"><h4 class=\"panel-title toggle\" id=\"toggle_79ea222cf1aee1f9a\"><a aria-expanded=\"false\" aria-controls=\"79ea222cf1aee1f9a\" role=\"button\" data-toggle=\"collapse\" data-parent=\"#accordion-41146-1\" data-target=\"#79ea222cf1aee1f9a\" href=\"#79ea222cf1aee1f9a\"><span class=\"fusion-toggle-icon-wrapper\" aria-hidden=\"true\"><i class=\"fa-fusion-box active-icon awb-icon-minus\" aria-hidden=\"true\"><\/i><i class=\"fa-fusion-box inactive-icon awb-icon-plus\" aria-hidden=\"true\"><\/i><\/span><span class=\"fusion-toggle-heading\">2023\/2024<\/span><\/a><\/h4><\/div><div id=\"79ea222cf1aee1f9a\" class=\"panel-collapse collapse \" aria-labelledby=\"toggle_79ea222cf1aee1f9a\"><div class=\"panel-body toggle-content fusion-clearfix\">\n<ul>\n<li><a href=\"https:\/\/www.borm.es\/services\/anuncio\/ano\/2024\/numero\/1383\/pdf?id=825507\">Anuncio BORM<\/a><\/li>\n<li><a href=\"https:\/\/mula.es\/web\/wp-content\/uploads\/2024\/03\/CertificadoAcuerdo_JuntaMU_86875_65263_11.pdf\">Certificado Junta de Gobierno Local<\/a><\/li>\n<li><a href=\"https:\/\/mula.es\/web\/wp-content\/uploads\/2024\/03\/Bases_becas_movilidad_nacional_e_internacional_23-24_34090_65263_4.pdf\">Bases reguladoras para la concesi\u00f3n de ayudas complementarias de movilidad nacional e internacional curso 2023\/24<\/a><\/li>\n<li><a href=\"https:\/\/mula.es\/web\/wp-content\/uploads\/2024\/03\/Anexos-becas-movilidad-en-formato-editable.zip\">Anexos becas movilidad en formato editable doc y odt<\/a><\/li>\n<li>Fecha publicaci\u00f3n: 20 de marzo de 2024<\/li>\n<\/ul>\n<\/div><\/div><\/div><div class=\"fusion-panel panel-default panel-8ef0ed2c1121bcd8c fusion-toggle-has-divider\"><div class=\"panel-heading\"><h4 class=\"panel-title toggle\" id=\"toggle_8ef0ed2c1121bcd8c\"><a aria-expanded=\"false\" aria-controls=\"8ef0ed2c1121bcd8c\" role=\"button\" data-toggle=\"collapse\" data-parent=\"#accordion-41146-1\" data-target=\"#8ef0ed2c1121bcd8c\" href=\"#8ef0ed2c1121bcd8c\"><span class=\"fusion-toggle-icon-wrapper\" aria-hidden=\"true\"><i class=\"fa-fusion-box active-icon awb-icon-minus\" aria-hidden=\"true\"><\/i><i class=\"fa-fusion-box inactive-icon awb-icon-plus\" aria-hidden=\"true\"><\/i><\/span><span class=\"fusion-toggle-heading\">2022\/2023<\/span><\/a><\/h4><\/div><div id=\"8ef0ed2c1121bcd8c\" class=\"panel-collapse collapse \" aria-labelledby=\"toggle_8ef0ed2c1121bcd8c\"><div class=\"panel-body toggle-content fusion-clearfix\">\n<ul>\n<li><a href=\"https:\/\/mula.es\/web\/wp-content\/uploads\/2023\/02\/Anuncio-BORM_366566.pdf\">Anuncio BORM<\/a><\/li>\n<li><a href=\"https:\/\/mula.es\/web\/wp-content\/uploads\/2023\/02\/CertificadoAcuerdo_JuntaMU_79132_41095_9.pdf\">Certificado JGL<\/a><\/li>\n<li><a href=\"https:\/\/mula.es\/web\/wp-content\/uploads\/2023\/02\/BASES_BECAS_MOVILIDAD.pdf\">Bases reguladoras para la concesi\u00f3n de ayudas complementarias de movilidad nacional e internacional para el curso 2022-2023 <\/a><\/li>\n<li><a href=\"https:\/\/mula.es\/web\/wp-content\/uploads\/2023\/02\/Anexos-becas-movilidad-en-formato-editable-doc-y-odt.zip\">Anexos becas movilidad en formato editable doc y odt<\/a>\n<ul>\n<li>Fecha publicaci\u00f3n: 21 de febrero de 2023<\/li>\n<\/ul>\n<\/li>\n<li><a href=\"https:\/\/mula.es\/web\/wp-content\/uploads\/2023\/04\/Becas-Movilidad-Nacional-e-Internacional-2022-23-LOPD.pdf\">Acuerdo JGL concesi\u00f3n becas<\/a>\n<ul>\n<li>Fecha publicaci\u00f3n: 3 de abril de 2023<\/li>\n<\/ul>\n<\/li>\n<\/ul>\n<\/div><\/div><\/div><div class=\"fusion-panel panel-default panel-1873e5d85511dcc1f fusion-toggle-has-divider\"><div class=\"panel-heading\"><h4 class=\"panel-title toggle\" id=\"toggle_1873e5d85511dcc1f\"><a aria-expanded=\"false\" aria-controls=\"1873e5d85511dcc1f\" role=\"button\" data-toggle=\"collapse\" data-parent=\"#accordion-41146-1\" data-target=\"#1873e5d85511dcc1f\" href=\"#1873e5d85511dcc1f\"><span class=\"fusion-toggle-icon-wrapper\" aria-hidden=\"true\"><i class=\"fa-fusion-box active-icon awb-icon-minus\" aria-hidden=\"true\"><\/i><i class=\"fa-fusion-box inactive-icon awb-icon-plus\" aria-hidden=\"true\"><\/i><\/span><span class=\"fusion-toggle-heading\">2021\/2022<\/span><\/a><\/h4><\/div><div id=\"1873e5d85511dcc1f\" class=\"panel-collapse collapse \" aria-labelledby=\"toggle_1873e5d85511dcc1f\"><div class=\"panel-body toggle-content fusion-clearfix\">\n<ul>\n<li><a href=\"https:\/\/mula.es\/web\/wp-content\/uploads\/2022\/03\/CertificadoAcuerdo_JuntaMU_211824.pdf\">Certificado JGL<\/a><\/li>\n<li><a href=\"https:\/\/mula.es\/web\/wp-content\/uploads\/2022\/03\/BASES_BECAS_ERASMUS_2021_2022_34844_.pdf\">Bases reguladoras para la concesi\u00f3n de ayudas complementarias de movilidad nacional e internacional para el curso acad\u00e9mico 2021-2022<\/a><\/li>\n<li><a href=\"https:\/\/mula.es\/web\/wp-content\/uploads\/2022\/03\/Anexo-I-Becas-Movilidad.docx\">Anexo I Becas Movilidad (en docx)<\/a><\/li>\n<li><a href=\"https:\/\/mula.es\/web\/wp-content\/uploads\/2022\/03\/Anexo-II-Becas-Movilidad.docx\">Anexo II Becas Movilidad (en docx)<\/a>\n<ul>\n<li>Fecha publicaci\u00f3n: 28 de marzo de 2022<\/li>\n<\/ul>\n<\/li>\n<li><a href=\"https:\/\/mula.es\/web\/wp-content\/uploads\/2022\/05\/CertificadoAcuerdo_JuntaMU_236098-1.pdf\">Acuerdo JGL concesi\u00f3n ayudas movilidad curso 2021\/2022<\/a>\n<ul>\n<li>Fecha publicaci\u00f3n: 13 de mayo de 2022<\/li>\n<\/ul>\n<\/li>\n<\/ul>\n<\/div><\/div><\/div><div class=\"fusion-panel panel-default panel-09e92791f81d5f062 fusion-toggle-has-divider\" style=\"--awb-title-color:#333333;--awb-content-color:#747474;\"><div class=\"panel-heading\"><h4 class=\"panel-title toggle\" id=\"toggle_09e92791f81d5f062\"><a aria-expanded=\"false\" aria-controls=\"09e92791f81d5f062\" role=\"button\" data-toggle=\"collapse\" data-parent=\"#accordion-41146-1\" data-target=\"#09e92791f81d5f062\" href=\"#09e92791f81d5f062\"><span class=\"fusion-toggle-icon-wrapper\" aria-hidden=\"true\"><i class=\"fa-fusion-box active-icon awb-icon-minus\" aria-hidden=\"true\"><\/i><i class=\"fa-fusion-box inactive-icon awb-icon-plus\" aria-hidden=\"true\"><\/i><\/span><span class=\"fusion-toggle-heading\">2020\/2021<\/span><\/a><\/h4><\/div><div id=\"09e92791f81d5f062\" class=\"panel-collapse collapse \" aria-labelledby=\"toggle_09e92791f81d5f062\"><div class=\"panel-body toggle-content fusion-clearfix\">\n<ul>\n<li>\u00a0<a href=\"https:\/\/mula.es\/web\/wp-content\/uploads\/2021\/07\/Becas-de-movilidad.pdf\">Bases reguladoras para la concesi\u00f3n de ayudas complementarias de movilidad nacional e internacional para el curso acad\u00e9mico 2020-2021 &#8211; Fecha de publicaci\u00f3n 05\/07\/2021<\/a><\/li>\n<\/ul>\n<\/div><\/div><\/div><\/div><\/div><\/div><\/div><\/div><\/div>\n","protected":false},"excerpt":{"rendered":"","protected":false},"author":1,"featured_media":0,"parent":36171,"menu_order":0,"comment_status":"closed","ping_status":"closed","template":"","meta":{"jetpack_post_was_ever_published":false,"footnotes":""},"class_list":["post-41146","page","type-page","status-publish","hentry"],"yoast_head":"<!-- This site is optimized with the Yoast SEO plugin v27.5 - https:\/\/yoast.com\/product\/yoast-seo-wordpress\/ -->\n<title>Concesi\u00f3n de ayudas complementarias de movilidad nacional e internacional - Ayuntamiento de Mula<\/title>\n<meta name=\"robots\" content=\"index, follow, max-snippet:-1, max-image-preview:large, max-video-preview:-1\" \/>\n<link rel=\"canonical\" href=\"https:\/\/mula.es\/web\/transparencia\/informacion-sobre-subvenciones\/concesion-de-ayudas-complementarias-de-movilidad-nacional-e-internacional\/\" \/>\n<meta property=\"og:locale\" content=\"es_ES\" \/>\n<meta property=\"og:type\" content=\"article\" \/>\n<meta property=\"og:title\" content=\"Concesi\u00f3n de ayudas complementarias de movilidad nacional e internacional - Ayuntamiento de Mula\" \/>\n<meta property=\"og:url\" content=\"https:\/\/mula.es\/web\/transparencia\/informacion-sobre-subvenciones\/concesion-de-ayudas-complementarias-de-movilidad-nacional-e-internacional\/\" \/>\n<meta property=\"og:site_name\" content=\"Ayuntamiento de Mula\" \/>\n<meta property=\"article:modified_time\" content=\"2026-03-16T09:06:26+00:00\" \/>\n<meta property=\"og:image\" content=\"https:\/\/mula.es\/web\/wp-content\/uploads\/2020\/06\/escudo-cuadrado-e1591045058235.jpg\" \/>\n\t<meta property=\"og:image:width\" content=\"200\" \/>\n\t<meta property=\"og:image:height\" content=\"218\" \/>\n\t<meta property=\"og:image:type\" content=\"image\/jpeg\" \/>\n<meta name=\"twitter:card\" content=\"summary_large_image\" \/>\n<meta name=\"twitter:site\" content=\"@AyuntamientMula\" \/>\n<meta name=\"twitter:label1\" content=\"Tiempo de lectura\" \/>\n\t<meta name=\"twitter:data1\" content=\"1 minuto\" \/>\n<script type=\"application\/ld+json\" class=\"yoast-schema-graph\">{\"@context\":\"https:\\\/\\\/schema.org\",\"@graph\":[{\"@type\":\"WebPage\",\"@id\":\"https:\\\/\\\/mula.es\\\/web\\\/transparencia\\\/informacion-sobre-subvenciones\\\/concesion-de-ayudas-complementarias-de-movilidad-nacional-e-internacional\\\/\",\"url\":\"https:\\\/\\\/mula.es\\\/web\\\/transparencia\\\/informacion-sobre-subvenciones\\\/concesion-de-ayudas-complementarias-de-movilidad-nacional-e-internacional\\\/\",\"name\":\"Concesi\u00f3n de ayudas complementarias de movilidad nacional e internacional - Ayuntamiento de Mula\",\"isPartOf\":{\"@id\":\"https:\\\/\\\/mula.es\\\/web\\\/#website\"},\"datePublished\":\"2021-07-05T08:06:55+00:00\",\"dateModified\":\"2026-03-16T09:06:26+00:00\",\"breadcrumb\":{\"@id\":\"https:\\\/\\\/mula.es\\\/web\\\/transparencia\\\/informacion-sobre-subvenciones\\\/concesion-de-ayudas-complementarias-de-movilidad-nacional-e-internacional\\\/#breadcrumb\"},\"inLanguage\":\"es\",\"potentialAction\":[{\"@type\":\"ReadAction\",\"target\":[\"https:\\\/\\\/mula.es\\\/web\\\/transparencia\\\/informacion-sobre-subvenciones\\\/concesion-de-ayudas-complementarias-de-movilidad-nacional-e-internacional\\\/\"]}]},{\"@type\":\"BreadcrumbList\",\"@id\":\"https:\\\/\\\/mula.es\\\/web\\\/transparencia\\\/informacion-sobre-subvenciones\\\/concesion-de-ayudas-complementarias-de-movilidad-nacional-e-internacional\\\/#breadcrumb\",\"itemListElement\":[{\"@type\":\"ListItem\",\"position\":1,\"name\":\"Portada\",\"item\":\"https:\\\/\\\/mula.es\\\/web\\\/\"},{\"@type\":\"ListItem\",\"position\":2,\"name\":\"Portal de la Transparencia\",\"item\":\"https:\\\/\\\/mula.es\\\/web\\\/transparencia\\\/\"},{\"@type\":\"ListItem\",\"position\":3,\"name\":\"Informaci\u00f3n sobre subvenciones\",\"item\":\"https:\\\/\\\/mula.es\\\/web\\\/transparencia\\\/informacion-sobre-subvenciones\\\/\"},{\"@type\":\"ListItem\",\"position\":4,\"name\":\"Concesi\u00f3n de ayudas complementarias de movilidad nacional e internacional\"}]},{\"@type\":\"WebSite\",\"@id\":\"https:\\\/\\\/mula.es\\\/web\\\/#website\",\"url\":\"https:\\\/\\\/mula.es\\\/web\\\/\",\"name\":\"Ayuntamiento de Mula\",\"description\":\"P\u00e1gina web del Ayuntamiento de Mula (Regi\u00f3n de Murcia)\",\"potentialAction\":[{\"@type\":\"SearchAction\",\"target\":{\"@type\":\"EntryPoint\",\"urlTemplate\":\"https:\\\/\\\/mula.es\\\/web\\\/?s={search_term_string}\"},\"query-input\":{\"@type\":\"PropertyValueSpecification\",\"valueRequired\":true,\"valueName\":\"search_term_string\"}}],\"inLanguage\":\"es\"}]}<\/script>\n<!-- \/ Yoast SEO plugin. -->","yoast_head_json":{"title":"Concesi\u00f3n de ayudas complementarias de movilidad nacional e internacional - Ayuntamiento de Mula","robots":{"index":"index","follow":"follow","max-snippet":"max-snippet:-1","max-image-preview":"max-image-preview:large","max-video-preview":"max-video-preview:-1"},"canonical":"https:\/\/mula.es\/web\/transparencia\/informacion-sobre-subvenciones\/concesion-de-ayudas-complementarias-de-movilidad-nacional-e-internacional\/","og_locale":"es_ES","og_type":"article","og_title":"Concesi\u00f3n de ayudas complementarias de movilidad nacional e internacional - Ayuntamiento de Mula","og_url":"https:\/\/mula.es\/web\/transparencia\/informacion-sobre-subvenciones\/concesion-de-ayudas-complementarias-de-movilidad-nacional-e-internacional\/","og_site_name":"Ayuntamiento de Mula","article_modified_time":"2026-03-16T09:06:26+00:00","og_image":[{"width":200,"height":218,"url":"https:\/\/mula.es\/web\/wp-content\/uploads\/2020\/06\/escudo-cuadrado-e1591045058235.jpg","type":"image\/jpeg"}],"twitter_card":"summary_large_image","twitter_site":"@AyuntamientMula","twitter_misc":{"Tiempo de lectura":"1 minuto"},"schema":{"@context":"https:\/\/schema.org","@graph":[{"@type":"WebPage","@id":"https:\/\/mula.es\/web\/transparencia\/informacion-sobre-subvenciones\/concesion-de-ayudas-complementarias-de-movilidad-nacional-e-internacional\/","url":"https:\/\/mula.es\/web\/transparencia\/informacion-sobre-subvenciones\/concesion-de-ayudas-complementarias-de-movilidad-nacional-e-internacional\/","name":"Concesi\u00f3n de ayudas complementarias de movilidad nacional e internacional - Ayuntamiento de Mula","isPartOf":{"@id":"https:\/\/mula.es\/web\/#website"},"datePublished":"2021-07-05T08:06:55+00:00","dateModified":"2026-03-16T09:06:26+00:00","breadcrumb":{"@id":"https:\/\/mula.es\/web\/transparencia\/informacion-sobre-subvenciones\/concesion-de-ayudas-complementarias-de-movilidad-nacional-e-internacional\/#breadcrumb"},"inLanguage":"es","potentialAction":[{"@type":"ReadAction","target":["https:\/\/mula.es\/web\/transparencia\/informacion-sobre-subvenciones\/concesion-de-ayudas-complementarias-de-movilidad-nacional-e-internacional\/"]}]},{"@type":"BreadcrumbList","@id":"https:\/\/mula.es\/web\/transparencia\/informacion-sobre-subvenciones\/concesion-de-ayudas-complementarias-de-movilidad-nacional-e-internacional\/#breadcrumb","itemListElement":[{"@type":"ListItem","position":1,"name":"Portada","item":"https:\/\/mula.es\/web\/"},{"@type":"ListItem","position":2,"name":"Portal de la Transparencia","item":"https:\/\/mula.es\/web\/transparencia\/"},{"@type":"ListItem","position":3,"name":"Informaci\u00f3n sobre subvenciones","item":"https:\/\/mula.es\/web\/transparencia\/informacion-sobre-subvenciones\/"},{"@type":"ListItem","position":4,"name":"Concesi\u00f3n de ayudas complementarias de movilidad nacional e internacional"}]},{"@type":"WebSite","@id":"https:\/\/mula.es\/web\/#website","url":"https:\/\/mula.es\/web\/","name":"Ayuntamiento de Mula","description":"P\u00e1gina web del Ayuntamiento de Mula (Regi\u00f3n de Murcia)","potentialAction":[{"@type":"SearchAction","target":{"@type":"EntryPoint","urlTemplate":"https:\/\/mula.es\/web\/?s={search_term_string}"},"query-input":{"@type":"PropertyValueSpecification","valueRequired":true,"valueName":"search_term_string"}}],"inLanguage":"es"}]}},"_hostinger_reach_plugin_has_subscription_block":false,"_hostinger_reach_plugin_is_elementor":false,"jetpack_sharing_enabled":true,"jetpack_shortlink":"https:\/\/wp.me\/Pa9DMY-aHE","jetpack-related-posts":[],"_links":{"self":[{"href":"https:\/\/mula.es\/web\/wp-json\/wp\/v2\/pages\/41146","targetHints":{"allow":["GET"]}}],"collection":[{"href":"https:\/\/mula.es\/web\/wp-json\/wp\/v2\/pages"}],"about":[{"href":"https:\/\/mula.es\/web\/wp-json\/wp\/v2\/types\/page"}],"author":[{"embeddable":true,"href":"https:\/\/mula.es\/web\/wp-json\/wp\/v2\/users\/1"}],"replies":[{"embeddable":true,"href":"https:\/\/mula.es\/web\/wp-json\/wp\/v2\/comments?post=41146"}],"version-history":[{"count":15,"href":"https:\/\/mula.es\/web\/wp-json\/wp\/v2\/pages\/41146\/revisions"}],"predecessor-version":[{"id":61130,"href":"https:\/\/mula.es\/web\/wp-json\/wp\/v2\/pages\/41146\/revisions\/61130"}],"up":[{"embeddable":true,"href":"https:\/\/mula.es\/web\/wp-json\/wp\/v2\/pages\/36171"}],"wp:attachment":[{"href":"https:\/\/mula.es\/web\/wp-json\/wp\/v2\/media?parent=41146"}],"curies":[{"name":"wp","href":"https:\/\/api.w.org\/{rel}","templated":true}]}}