{"id":49121,"date":"2023-06-30T08:36:13","date_gmt":"2023-06-30T06:36:13","guid":{"rendered":"https:\/\/mula.es\/web\/?page_id=49121"},"modified":"2023-06-30T08:36:13","modified_gmt":"2023-06-30T06:36:13","slug":"historico-equipo-de-gobierno-2019-2023","status":"publish","type":"page","link":"https:\/\/mula.es\/web\/historico-equipo-de-gobierno-2019-2023\/","title":{"rendered":"Hist\u00f3rico: Equipo de Gobierno 2019-2023"},"content":{"rendered":"<p><div class=\"fusion-fullwidth fullwidth-box fusion-builder-row-1 fusion-flex-container nonhundred-percent-fullwidth non-hundred-percent-height-scrolling\" style=\"--awb-background-position:left top;--awb-border-sizes-top:0px;--awb-border-sizes-bottom:0px;--awb-border-sizes-left:0px;--awb-border-sizes-right:0px;--awb-border-radius-top-left:0px;--awb-border-radius-top-right:0px;--awb-border-radius-bottom-right:0px;--awb-border-radius-bottom-left:0px;--awb-padding-top:10px;--awb-padding-right:10px;--awb-padding-left:10px;--awb-background-color:#f4f4f4;--awb-flex-wrap:wrap;\" ><div class=\"fusion-builder-row fusion-row fusion-flex-align-items-flex-start fusion-flex-content-wrap\" style=\"max-width:1144px;margin-left: calc(-4% \/ 2 );margin-right: calc(-4% \/ 2 );\"><div class=\"fusion-layout-column fusion_builder_column fusion-builder-column-0 fusion_builder_column_1_2 1_2 fusion-flex-column\" style=\"--awb-bg-size:cover;--awb-width-large:50%;--awb-margin-top-large:0px;--awb-spacing-right-large:3.84%;--awb-margin-bottom-large:20px;--awb-spacing-left-large:3.84%;--awb-width-medium:50%;--awb-spacing-right-medium:3.84%;--awb-spacing-left-medium:3.84%;--awb-width-small:100%;--awb-spacing-right-small:1.92%;--awb-spacing-left-small:1.92%;\"><div class=\"fusion-column-wrapper fusion-flex-justify-content-flex-start fusion-content-layout-column\"><div class=\"fusion-text fusion-text-1\"><p><strong>D. Juan Jes\u00fas Moreno Garc\u00eda<\/strong><\/p>\n<p><strong>Alcalde &#8211; Presidente del Excmo. Ayto de Mula<br \/>\n<\/strong><\/p>\n<p>Mula, 16 de marzo de 1975<\/p>\n<p><span class=\"backwards\">se.alumotya@aidlacla<\/span><\/p>\n<p><a href=\"https:\/\/mula.es\/web\/transparencia\/institucional\/juan-jesus-moreno-garcia\/\" target=\"_blank\" rel=\"noopener noreferrer\">Curr\u00edculum Vitae &#8211; Portal de la Transparencia<\/a><\/p>\n<\/div><\/div><\/div><div class=\"fusion-layout-column fusion_builder_column fusion-builder-column-1 fusion_builder_column_1_2 1_2 fusion-flex-column\" style=\"--awb-bg-size:cover;--awb-width-large:50%;--awb-margin-top-large:0px;--awb-spacing-right-large:3.84%;--awb-margin-bottom-large:20px;--awb-spacing-left-large:3.84%;--awb-width-medium:50%;--awb-spacing-right-medium:3.84%;--awb-spacing-left-medium:3.84%;--awb-width-small:100%;--awb-spacing-right-small:1.92%;--awb-spacing-left-small:1.92%;\"><div class=\"fusion-column-wrapper fusion-flex-justify-content-flex-start fusion-content-layout-column\"><div class=\"fusion-image-element \" style=\"text-align:right;--awb-caption-title-font-family:var(--h2_typography-font-family);--awb-caption-title-font-weight:var(--h2_typography-font-weight);--awb-caption-title-font-style:var(--h2_typography-font-style);--awb-caption-title-size:var(--h2_typography-font-size);--awb-caption-title-transform:var(--h2_typography-text-transform);--awb-caption-title-line-height:var(--h2_typography-line-height);--awb-caption-title-letter-spacing:var(--h2_typography-letter-spacing);\"><span class=\" fusion-imageframe imageframe-none imageframe-1 hover-type-none\"><img decoding=\"async\" width=\"300\" height=\"223\" alt=\"Imagen del alcalde de Mula\" title=\"Foto JuanJe 2 (1)\" src=\"https:\/\/mula.es\/web\/wp-content\/uploads\/2016\/01\/Foto-JuanJe-2-1-300x223.jpg\" class=\"img-responsive wp-image-11973\" srcset=\"https:\/\/mula.es\/web\/wp-content\/uploads\/2016\/01\/Foto-JuanJe-2-1-300x223.jpg 300w, https:\/\/mula.es\/web\/wp-content\/uploads\/2016\/01\/Foto-JuanJe-2-1.jpg 612w\" sizes=\"(max-width: 300px) 100vw, 300px\" \/><\/span><\/div><\/div><\/div><div class=\"fusion-layout-column fusion_builder_column fusion-builder-column-2 fusion_builder_column_1_1 1_1 fusion-flex-column\" style=\"--awb-bg-size:cover;--awb-width-large:100%;--awb-margin-top-large:0px;--awb-spacing-right-large:1.92%;--awb-margin-bottom-large:20px;--awb-spacing-left-large:1.92%;--awb-width-medium:100%;--awb-order-medium:0;--awb-spacing-right-medium:1.92%;--awb-spacing-left-medium:1.92%;--awb-width-small:100%;--awb-order-small:0;--awb-spacing-right-small:1.92%;--awb-spacing-left-small:1.92%;\"><div class=\"fusion-column-wrapper fusion-column-has-shadow fusion-flex-justify-content-flex-start fusion-content-layout-column\"><div class=\"fusion-text fusion-text-2\"><p style=\"text-align: center;\"><strong><a href=\"https:\/\/mula.es\/web\/wp-content\/uploads\/2021\/07\/Delegaciones-Concejales-1.pdf\">Delegaciones gen\u00e9ricas y espec\u00edficas concejales 2019-2023 (Pdf)<\/a><\/strong><\/p>\n<p style=\"text-align: center;\"><strong><a href=\"https:\/\/mula.es\/web\/wp-content\/uploads\/2021\/07\/Delegaciones-Concejales-2.pdf\">Ampliaci\u00f3n delegaciones espec\u00edficas concejales 2019-2023 (Pdf)<\/a><\/strong><\/p>\n<p style=\"text-align: center;\"><strong><a href=\"https:\/\/mula.es\/web\/wp-content\/uploads\/2022\/05\/organigrama_servicios.pdf\" target=\"_blank\" rel=\"noopener\">Organigrama de servicios y concejal\u00edas 2019-2023 (Pdf) <\/a><\/strong><strong>&#8211; <a href=\"https:\/\/mula.es\/web\/wp-content\/uploads\/2022\/05\/organigrama_servicios.odp\" target=\"_blank\" rel=\"noopener\">OpenOffice (Odp)<\/a>\u00a0<\/strong>&#8211; <a href=\"https:\/\/mula.es\/web\/organigrama-municipal\/\"><strong>Versi\u00f3n web<\/strong><\/a><\/p>\n<\/div><\/div><\/div><\/div><\/div><div class=\"fusion-fullwidth fullwidth-box fusion-builder-row-2 fusion-flex-container hundred-percent-fullwidth non-hundred-percent-height-scrolling\" style=\"--awb-border-radius-top-left:0px;--awb-border-radius-top-right:0px;--awb-border-radius-bottom-right:0px;--awb-border-radius-bottom-left:0px;--awb-overflow:visible;--awb-margin-top:-10px;;--awb-margin-bottom:20px;--awb-background-color:rgba(255,255,255,0);--awb-flex-wrap:wrap;\" ><div class=\"fusion-builder-row fusion-row fusion-flex-align-items-flex-start fusion-flex-content-wrap\" style=\"width:104% !important;max-width:104% !important;margin-left: calc(-4% \/ 2 );margin-right: calc(-4% \/ 2 );\"><div class=\"fusion-layout-column fusion_builder_column fusion-builder-column-3 fusion_builder_column_1_1 1_1 fusion-flex-column fusion-flex-align-self-flex-start fusion-column-no-min-height\" style=\"--awb-bg-size:cover;--awb-width-large:100%;--awb-margin-top-large:0px;--awb-spacing-right-large:1.92%;--awb-margin-bottom-large:0px;--awb-spacing-left-large:1.92%;--awb-width-medium:100%;--awb-spacing-right-medium:1.92%;--awb-spacing-left-medium:1.92%;--awb-width-small:100%;--awb-spacing-right-small:1.92%;--awb-spacing-left-small:1.92%;\"><div class=\"fusion-column-wrapper fusion-flex-justify-content-flex-start fusion-content-layout-column\"><div class=\"fusion-separator fusion-full-width-sep\" style=\"align-self: center;margin-left: auto;margin-right: auto;width:100%;\"><div class=\"fusion-separator-border sep-shadow\" style=\"--awb-height:20px;--awb-amount:20px;--awb-sep-color:#f4f4f4;background:radial-gradient(ellipse at 50% -50% , #f4f4f4 0px, rgba(255, 255, 255, 0) 80%) repeat scroll 0 0 rgba(0, 0, 0, 0);background:-webkit-radial-gradient(ellipse at 50% -50% , #f4f4f4 0px, rgba(255, 255, 255, 0) 80%) repeat scroll 0 0 rgba(0, 0, 0, 0);background:-moz-radial-gradient(ellipse at 50% -50% , #f4f4f4 0px, rgba(255, 255, 255, 0) 80%) repeat scroll 0 0 rgba(0, 0, 0, 0);background:-o-radial-gradient(ellipse at 50% -50% , #f4f4f4 0px, rgba(255, 255, 255, 0) 80%) repeat scroll 0 0 rgba(0, 0, 0, 0);\"><\/div><\/div><\/div><\/div><\/div><\/div><div class=\"fusion-fullwidth fullwidth-box fusion-builder-row-3 fusion-flex-container nonhundred-percent-fullwidth non-hundred-percent-height-scrolling\" style=\"--awb-background-position:left top;--awb-border-sizes-top:0px;--awb-border-sizes-bottom:0px;--awb-border-sizes-left:0px;--awb-border-sizes-right:0px;--awb-border-radius-top-left:0px;--awb-border-radius-top-right:0px;--awb-border-radius-bottom-right:0px;--awb-border-radius-bottom-left:0px;--awb-padding-top:10px;--awb-padding-right:0px;--awb-padding-left:0px;--awb-background-color:#ffffff;--awb-flex-wrap:wrap;\" ><div class=\"fusion-builder-row fusion-row fusion-flex-align-items-flex-start fusion-flex-content-wrap\" style=\"max-width:1144px;margin-left: calc(-4% \/ 2 );margin-right: calc(-4% \/ 2 );\"><div class=\"fusion-layout-column fusion_builder_column fusion-builder-column-4 fusion_builder_column_1_2 1_2 fusion-flex-column\" style=\"--awb-padding-top:10px;;--awb-padding-right:10px;;--awb-padding-bottom:10px;;--awb-padding-left:10px;;--awb-bg-color:#ffffff;--awb-bg-color-hover:#ffffff;--awb-bg-size:cover;--awb-border-color:#f4f4f4;--awb-border-top:1px;--awb-border-right:1px;--awb-border-bottom:1px;--awb-border-left:1px;--awb-border-style:solid;--awb-width-large:50%;--awb-margin-top-large:0px;--awb-spacing-right-large:3.84%;--awb-margin-bottom-large:20px;--awb-spacing-left-large:3.84%;--awb-width-medium:50%;--awb-spacing-right-medium:3.84%;--awb-spacing-left-medium:3.84%;--awb-width-small:100%;--awb-spacing-right-small:1.92%;--awb-spacing-left-small:1.92%;\"><div class=\"fusion-column-wrapper fusion-flex-justify-content-flex-start fusion-content-layout-column\"><div class=\"fusion-image-element \" style=\"text-align:center;--awb-caption-title-font-family:var(--h2_typography-font-family);--awb-caption-title-font-weight:var(--h2_typography-font-weight);--awb-caption-title-font-style:var(--h2_typography-font-style);--awb-caption-title-size:var(--h2_typography-font-size);--awb-caption-title-transform:var(--h2_typography-text-transform);--awb-caption-title-line-height:var(--h2_typography-line-height);--awb-caption-title-letter-spacing:var(--h2_typography-letter-spacing);\"><span class=\" fusion-imageframe imageframe-none imageframe-2 hover-type-none\"><img decoding=\"async\" width=\"200\" height=\"200\" alt=\"Francisco Jos\u00e9 Llamazares Gonz\u00e1lez\" title=\"fjllamazares\" src=\"https:\/\/mula.es\/web\/wp-content\/uploads\/2019\/08\/fjllamazares-e1566893655190.png\" class=\"img-responsive wp-image-30557\"\/><\/span><\/div><div class=\"fusion-text fusion-text-3\"><p style=\"text-align: center;\"><strong><br \/>\nD. Francisco Javier Llamazares Gonz\u00e1lez<br \/>\n<\/strong><\/p>\n<p style=\"text-align: center;\"><strong>1\u00ba Teniente de Alcalde<\/strong><\/p>\n<p style=\"text-align: center;\"><strong>Concejal Delegado de Urbanismo y Obras P\u00fablicas. Contrataci\u00f3n. Medio Ambiente y Bienestar Animal. Agricultura y Ganader\u00eda.<\/strong><\/p>\n<p style=\"text-align: center;\">Licenciado en Filolog\u00eda Hisp\u00e1nica<\/p>\n<p style=\"text-align: center;\">Mula, 13 de enero de 1982<\/p>\n<p style=\"text-align: center;\"><span class=\"backwards\">se.alumotya@<span translate=\"no\">serazamalljf<\/span><br \/>\n<\/span><\/p>\n<p style=\"text-align: center;\"><a href=\"https:\/\/mula.es\/web\/transparencia\/institucional\/francisco-javier-llamazares-gonzalez\/\" target=\"_blank\" rel=\"noopener noreferrer\">Curr\u00edculum Vitae &#8211; Portal de la Transparencia<\/a><\/p>\n<\/div><\/div><\/div><div class=\"fusion-layout-column fusion_builder_column fusion-builder-column-5 fusion_builder_column_1_2 1_2 fusion-flex-column\" style=\"--awb-padding-top:10px;;--awb-padding-right:10px;;--awb-padding-bottom:10px;;--awb-padding-left:10px;;--awb-bg-color:#ffffff;--awb-bg-color-hover:#ffffff;--awb-bg-size:cover;--awb-border-color:#f4f4f4;--awb-border-top:1px;--awb-border-right:1px;--awb-border-bottom:1px;--awb-border-left:1px;--awb-border-style:solid;--awb-width-large:50%;--awb-margin-top-large:0px;--awb-spacing-right-large:3.84%;--awb-margin-bottom-large:20px;--awb-spacing-left-large:3.84%;--awb-width-medium:50%;--awb-spacing-right-medium:3.84%;--awb-spacing-left-medium:3.84%;--awb-width-small:100%;--awb-spacing-right-small:1.92%;--awb-spacing-left-small:1.92%;\"><div class=\"fusion-column-wrapper fusion-flex-justify-content-flex-start fusion-content-layout-column\"><div class=\"fusion-image-element \" style=\"text-align:center;--awb-caption-title-font-family:var(--h2_typography-font-family);--awb-caption-title-font-weight:var(--h2_typography-font-weight);--awb-caption-title-font-style:var(--h2_typography-font-style);--awb-caption-title-size:var(--h2_typography-font-size);--awb-caption-title-transform:var(--h2_typography-text-transform);--awb-caption-title-line-height:var(--h2_typography-line-height);--awb-caption-title-letter-spacing:var(--h2_typography-letter-spacing);\"><span class=\" fusion-imageframe imageframe-none imageframe-3 hover-type-none\"><img decoding=\"async\" width=\"200\" height=\"200\" alt=\"Alejandra Mart\u00ednez Garc\u00eda\" title=\"amartinez\" src=\"https:\/\/mula.es\/web\/wp-content\/uploads\/2019\/08\/amartinez-e1566891407159.png\" class=\"img-responsive wp-image-30537\"\/><\/span><\/div><div class=\"fusion-text fusion-text-4\"><p style=\"text-align: center;\"><strong><br \/>\nD\u00f1a. Alejandra Mart\u00ednez Garc\u00eda<br \/>\n<\/strong><\/p>\n<p style=\"text-align: center;\"><strong>2\u00ba Teniente de Alcalde<\/strong><\/p>\n<p style=\"text-align: center;\"><strong>Concejala Delegada de Presidencia, Hacienda. Personal. Turismo.<br \/>\n<\/strong><\/p>\n<p style=\"text-align: center;\">T\u00e9cnica en Gesti\u00f3n Administrativa<\/p>\n<p style=\"text-align: center;\">Mula, 27 de septiembre de 1988<\/p>\n<p style=\"text-align: center;\"><span class=\"backwards\">se.alumotya@zenitrama<\/span><\/p>\n<p style=\"text-align: center;\"><a href=\"https:\/\/mula.es\/web\/transparencia\/institucional\/alejandra-martinez-garcia\/\" target=\"_blank\" rel=\"noopener noreferrer\">Curr\u00edculum Vitae &#8211; Portal de la Transparencia<\/a><\/p>\n<\/div><\/div><\/div><div class=\"fusion-layout-column fusion_builder_column fusion-builder-column-6 fusion_builder_column_1_2 1_2 fusion-flex-column\" style=\"--awb-padding-top:10px;;--awb-padding-right:10px;;--awb-padding-bottom:10px;;--awb-padding-left:10px;;--awb-bg-color:#ffffff;--awb-bg-color-hover:#ffffff;--awb-bg-size:cover;--awb-border-color:#f4f4f4;--awb-border-top:1px;--awb-border-right:1px;--awb-border-bottom:1px;--awb-border-left:1px;--awb-border-style:solid;--awb-width-large:50%;--awb-margin-top-large:0px;--awb-spacing-right-large:3.84%;--awb-margin-bottom-large:20px;--awb-spacing-left-large:3.84%;--awb-width-medium:50%;--awb-spacing-right-medium:3.84%;--awb-spacing-left-medium:3.84%;--awb-width-small:100%;--awb-spacing-right-small:1.92%;--awb-spacing-left-small:1.92%;\"><div class=\"fusion-column-wrapper fusion-flex-justify-content-flex-start fusion-content-layout-column\"><div class=\"fusion-image-element \" style=\"text-align:center;--awb-caption-title-font-family:var(--h2_typography-font-family);--awb-caption-title-font-weight:var(--h2_typography-font-weight);--awb-caption-title-font-style:var(--h2_typography-font-style);--awb-caption-title-size:var(--h2_typography-font-size);--awb-caption-title-transform:var(--h2_typography-text-transform);--awb-caption-title-line-height:var(--h2_typography-line-height);--awb-caption-title-letter-spacing:var(--h2_typography-letter-spacing);\"><span class=\" fusion-imageframe imageframe-none imageframe-4 hover-type-none\"><img decoding=\"async\" width=\"200\" height=\"200\" alt=\"Antonia Gabarr\u00f3n Alenda\" title=\"agabarron\" src=\"https:\/\/mula.es\/web\/wp-content\/uploads\/2019\/08\/agabarron-e1566892040306.png\" class=\"img-responsive wp-image-30542\"\/><\/span><\/div><div class=\"fusion-text fusion-text-5\"><p style=\"text-align: center;\"><strong><br \/>\nD\u00f1a. Antonia Gabarr\u00f3n Alenda<br \/>\n<\/strong><\/p>\n<p style=\"text-align: center;\"><strong>3\u00ba Teniente de Alcalde<\/strong><\/p>\n<p style=\"text-align: center;\"><strong>Concejala Delegada de Pol\u00edtica Social. Familia e Infancia. Sanidad<br \/>\n<\/strong><\/p>\n<p style=\"text-align: center;\">Ex-Presidenta de Comit\u00e9 de Empresa Conservera<\/p>\n<p style=\"text-align: center;\">Mula, 3 de febrero de 1968<\/p>\n<p style=\"text-align: center;\"><span class=\"backwards\">se.alumotya@<span translate=\"no\">norrabagna<\/span><br \/>\n<\/span><\/p>\n<p style=\"text-align: center;\"><a href=\"https:\/\/mula.es\/web\/transparencia\/institucional\/antonia-gabarron-alenda\/\" target=\"_blank\" rel=\"noopener noreferrer\">Curr\u00edculum Vitae Portal de Transparencia<\/a><\/p>\n<\/div><\/div><\/div><div class=\"fusion-layout-column fusion_builder_column fusion-builder-column-7 fusion_builder_column_1_2 1_2 fusion-flex-column\" style=\"--awb-padding-top:10px;;--awb-padding-right:10px;;--awb-padding-bottom:10px;;--awb-padding-left:10px;;--awb-bg-color:#ffffff;--awb-bg-color-hover:#ffffff;--awb-bg-size:cover;--awb-border-color:#f4f4f4;--awb-border-top:1px;--awb-border-right:1px;--awb-border-bottom:1px;--awb-border-left:1px;--awb-border-style:solid;--awb-width-large:50%;--awb-margin-top-large:0px;--awb-spacing-right-large:3.84%;--awb-margin-bottom-large:20px;--awb-spacing-left-large:3.84%;--awb-width-medium:50%;--awb-spacing-right-medium:3.84%;--awb-spacing-left-medium:3.84%;--awb-width-small:100%;--awb-spacing-right-small:1.92%;--awb-spacing-left-small:1.92%;\"><div class=\"fusion-column-wrapper fusion-flex-justify-content-flex-start fusion-content-layout-column\"><div class=\"fusion-image-element \" style=\"text-align:center;--awb-caption-title-font-family:var(--h2_typography-font-family);--awb-caption-title-font-weight:var(--h2_typography-font-weight);--awb-caption-title-font-style:var(--h2_typography-font-style);--awb-caption-title-size:var(--h2_typography-font-size);--awb-caption-title-transform:var(--h2_typography-text-transform);--awb-caption-title-line-height:var(--h2_typography-line-height);--awb-caption-title-letter-spacing:var(--h2_typography-letter-spacing);\"><span class=\" fusion-imageframe imageframe-none imageframe-5 hover-type-none\"><img decoding=\"async\" width=\"200\" height=\"200\" alt=\"Diego Boluda Buend\u00eda\" title=\"dboluda\" src=\"https:\/\/mula.es\/web\/wp-content\/uploads\/2019\/08\/dboluda-e1566891544267.png\" class=\"img-responsive wp-image-30538\"\/><\/span><\/div><div class=\"fusion-text fusion-text-6\"><p style=\"text-align: center;\"><strong><br \/>\nD. Diego Jes\u00fas Boluda Buend\u00eda<br \/>\n<\/strong><\/p>\n<p style=\"text-align: center;\"><strong>4\u00ba Teniente de Alcalde<\/strong><\/p>\n<p style=\"text-align: center;\"><strong>Concejal Delegado de Seguridad Ciudadana. Cultura y Patrimonio Hist\u00f3rico. Educaci\u00f3n<br \/>\n<\/strong><\/p>\n<p style=\"text-align: center;\">Diplomado en Magisterio de Primaria<\/p>\n<p style=\"text-align: center;\">Mula, 9 de marzo de 1985<\/p>\n<p style=\"text-align: center;\"><span class=\"backwards\">se.alumotya@adulobd<\/span><\/p>\n<p style=\"text-align: center;\">Curr\u00edculum vitae &#8211; Portal de la Transparencia<\/p>\n<\/div><\/div><\/div><div class=\"fusion-layout-column fusion_builder_column fusion-builder-column-8 fusion_builder_column_1_2 1_2 fusion-flex-column\" style=\"--awb-padding-top:10px;;--awb-padding-right:10px;;--awb-padding-bottom:10px;;--awb-padding-left:10px;;--awb-bg-color:#ffffff;--awb-bg-color-hover:#ffffff;--awb-bg-size:cover;--awb-border-color:#f4f4f4;--awb-border-top:1px;--awb-border-right:1px;--awb-border-bottom:1px;--awb-border-left:1px;--awb-border-style:solid;--awb-width-large:50%;--awb-margin-top-large:0px;--awb-spacing-right-large:3.84%;--awb-margin-bottom-large:20px;--awb-spacing-left-large:3.84%;--awb-width-medium:50%;--awb-spacing-right-medium:3.84%;--awb-spacing-left-medium:3.84%;--awb-width-small:100%;--awb-spacing-right-small:1.92%;--awb-spacing-left-small:1.92%;\"><div class=\"fusion-column-wrapper fusion-flex-justify-content-flex-start fusion-content-layout-column\"><div class=\"fusion-image-element \" style=\"text-align:center;--awb-caption-title-font-family:var(--h2_typography-font-family);--awb-caption-title-font-weight:var(--h2_typography-font-weight);--awb-caption-title-font-style:var(--h2_typography-font-style);--awb-caption-title-size:var(--h2_typography-font-size);--awb-caption-title-transform:var(--h2_typography-text-transform);--awb-caption-title-line-height:var(--h2_typography-line-height);--awb-caption-title-letter-spacing:var(--h2_typography-letter-spacing);\"><span class=\" fusion-imageframe imageframe-none imageframe-6 hover-type-none\"><img decoding=\"async\" width=\"200\" height=\"200\" alt=\"Alicia Zapata Ruiz\" title=\"Fotograf\u00eda Alicia Zapata Ruiz\" src=\"https:\/\/mula.es\/web\/wp-content\/uploads\/2019\/08\/azapata-e1566894308909.png\" class=\"img-responsive wp-image-30562\"\/><\/span><\/div><div class=\"fusion-text fusion-text-7\"><p style=\"text-align: center;\"><strong><br \/>\nD\u00aa. Alicia Zapata Ruiz<br \/>\n<\/strong><\/p>\n<p style=\"text-align: center;\"><strong>5\u00ba Teniente de Alcalde<\/strong><\/p>\n<p style=\"text-align: center;\"><strong>Concejala Delegada de Consumo. Comercio y Artesan\u00eda. Festejos.<br \/>\n<\/strong><\/p>\n<p style=\"text-align: center;\">T\u00e9cnica Superior en Desarrollo de Aplicaciones Inform\u00e1ticas<\/p>\n<p style=\"text-align: center;\">Mula, 31 de marzo de 1983<\/p>\n<p style=\"text-align: center;\"><span class=\"backwards\">se.alumotya@<span translate=\"no\">atapaza<\/span><\/span><\/p>\n<p style=\"text-align: center;\"><a href=\"https:\/\/mula.es\/web\/transparencia\/institucional\/alicia-zapata-ruiz\/\">Curr\u00edculum vitae &#8211; Portal de transparencia<\/a><\/p>\n<\/div><\/div><\/div><div class=\"fusion-layout-column fusion_builder_column fusion-builder-column-9 fusion_builder_column_1_2 1_2 fusion-flex-column\" style=\"--awb-padding-top:10px;;--awb-padding-right:10px;;--awb-padding-bottom:10px;;--awb-padding-left:10px;;--awb-bg-color:#ffffff;--awb-bg-color-hover:#ffffff;--awb-bg-size:cover;--awb-border-color:#f4f4f4;--awb-border-top:1px;--awb-border-right:1px;--awb-border-bottom:1px;--awb-border-left:1px;--awb-border-style:solid;--awb-width-large:50%;--awb-margin-top-large:0px;--awb-spacing-right-large:3.84%;--awb-margin-bottom-large:20px;--awb-spacing-left-large:3.84%;--awb-width-medium:50%;--awb-spacing-right-medium:3.84%;--awb-spacing-left-medium:3.84%;--awb-width-small:100%;--awb-spacing-right-small:1.92%;--awb-spacing-left-small:1.92%;\"><div class=\"fusion-column-wrapper fusion-flex-justify-content-flex-start fusion-content-layout-column\"><div class=\"fusion-image-element \" style=\"text-align:center;--awb-caption-title-font-family:var(--h2_typography-font-family);--awb-caption-title-font-weight:var(--h2_typography-font-weight);--awb-caption-title-font-style:var(--h2_typography-font-style);--awb-caption-title-size:var(--h2_typography-font-size);--awb-caption-title-transform:var(--h2_typography-text-transform);--awb-caption-title-line-height:var(--h2_typography-line-height);--awb-caption-title-letter-spacing:var(--h2_typography-letter-spacing);\"><span class=\" fusion-imageframe imageframe-none imageframe-7 hover-type-none\"><img decoding=\"async\" width=\"200\" height=\"200\" alt=\"Vicente L\u00f3pez Rubio\" title=\"Fotograf\u00eda Vicente L\u00f3pez Rubio\" src=\"https:\/\/mula.es\/web\/wp-content\/uploads\/2019\/08\/vlopez-e1566894656927.png\" class=\"img-responsive wp-image-30565\"\/><\/span><\/div><div class=\"fusion-text fusion-text-8\"><p style=\"text-align: center;\"><strong><br \/>\nD. Vicente L\u00f3pez Rubio<br \/>\n<\/strong><\/p>\n<p style=\"text-align: center;\"><strong>Concejal Delegado de Servicios Municipales y Mantenimiento. Desarrollo Local y Proyectos Estrat\u00e9gicos. Empleo e Industria. Parques y Jardines. Deportes.<br \/>\n<\/strong><\/p>\n<p style=\"text-align: center;\">T\u00edtulo de Bachiller Superior<\/p>\n<p style=\"text-align: center;\">Mula, 23 de octubre de 1972<\/p>\n<p style=\"text-align: center;\"><span class=\"backwards\">se.alumotya@<span translate=\"no\">zepolv<\/span><\/span><\/p>\n<p style=\"text-align: center;\"><a href=\"https:\/\/mula.es\/web\/transparencia\/institucional\/pedro-aurelio-llamas-jimenez\/\">Curr\u00edculum vitae &#8211; Portal de la Transparencia<\/a><\/p>\n<\/div><\/div><\/div><div class=\"fusion-layout-column fusion_builder_column fusion-builder-column-10 fusion_builder_column_1_2 1_2 fusion-flex-column\" style=\"--awb-padding-top:10px;;--awb-padding-right:10px;;--awb-padding-bottom:10px;;--awb-padding-left:10px;;--awb-bg-color:#ffffff;--awb-bg-color-hover:#ffffff;--awb-bg-size:cover;--awb-border-color:#f4f4f4;--awb-border-top:1px;--awb-border-right:1px;--awb-border-bottom:1px;--awb-border-left:1px;--awb-border-style:solid;--awb-width-large:50%;--awb-margin-top-large:0px;--awb-spacing-right-large:3.84%;--awb-margin-bottom-large:20px;--awb-spacing-left-large:3.84%;--awb-width-medium:50%;--awb-spacing-right-medium:3.84%;--awb-spacing-left-medium:3.84%;--awb-width-small:100%;--awb-spacing-right-small:1.92%;--awb-spacing-left-small:1.92%;\"><div class=\"fusion-column-wrapper fusion-flex-justify-content-flex-start fusion-content-layout-column\"><div class=\"fusion-image-element \" style=\"text-align:center;--awb-caption-title-font-family:var(--h2_typography-font-family);--awb-caption-title-font-weight:var(--h2_typography-font-weight);--awb-caption-title-font-style:var(--h2_typography-font-style);--awb-caption-title-size:var(--h2_typography-font-size);--awb-caption-title-transform:var(--h2_typography-text-transform);--awb-caption-title-line-height:var(--h2_typography-line-height);--awb-caption-title-letter-spacing:var(--h2_typography-letter-spacing);\"><span class=\" fusion-imageframe imageframe-none imageframe-8 hover-type-none\"><img decoding=\"async\" width=\"200\" height=\"200\" alt=\"Laura Salas Orcajada\" title=\"lsalas\" src=\"https:\/\/mula.es\/web\/wp-content\/uploads\/2019\/08\/lsalas-e1566898676444.png\" class=\"img-responsive wp-image-30570\"\/><\/span><\/div><div class=\"fusion-text fusion-text-9\"><p style=\"text-align: center;\"><strong><br \/>\nD\u00aa. Laura Salas Orcajada<br \/>\n<\/strong><\/p>\n<p style=\"text-align: center;\"><strong>Concejala Delegada de Juventud y Adolescencia. Asociacionismo.<br \/>\n<\/strong><\/p>\n<p style=\"text-align: center;\">Periodista especializada en marketing digital<\/p>\n<p style=\"text-align: center;\">Mula, 28 de agosto de 1996<\/p>\n<p style=\"text-align: center;\"><span class=\"backwards\">se.alumotya@<span translate=\"no\">salasl<\/span><\/span><\/p>\n<p style=\"text-align: center;\"><a href=\"https:\/\/mula.es\/web\/transparencia\/institucional\/laura-salas-orcajada\/\">Curr\u00edculum vitae &#8211; Portal de la Transparencia<\/a><\/p>\n<\/div><\/div><\/div><div class=\"fusion-layout-column fusion_builder_column fusion-builder-column-11 fusion_builder_column_1_2 1_2 fusion-flex-column\" style=\"--awb-padding-top:10px;;--awb-padding-right:10px;;--awb-padding-bottom:10px;;--awb-padding-left:10px;;--awb-bg-color:#ffffff;--awb-bg-color-hover:#ffffff;--awb-bg-size:cover;--awb-border-color:#f4f4f4;--awb-border-top:1px;--awb-border-right:1px;--awb-border-bottom:1px;--awb-border-left:1px;--awb-border-style:solid;--awb-width-large:50%;--awb-margin-top-large:0px;--awb-spacing-right-large:3.84%;--awb-margin-bottom-large:20px;--awb-spacing-left-large:3.84%;--awb-width-medium:50%;--awb-spacing-right-medium:3.84%;--awb-spacing-left-medium:3.84%;--awb-width-small:100%;--awb-spacing-right-small:1.92%;--awb-spacing-left-small:1.92%;\"><div class=\"fusion-column-wrapper fusion-flex-justify-content-flex-start fusion-content-layout-column\"><div class=\"fusion-image-element \" style=\"text-align:center;--awb-caption-title-font-family:var(--h2_typography-font-family);--awb-caption-title-font-weight:var(--h2_typography-font-weight);--awb-caption-title-font-style:var(--h2_typography-font-style);--awb-caption-title-size:var(--h2_typography-font-size);--awb-caption-title-transform:var(--h2_typography-text-transform);--awb-caption-title-line-height:var(--h2_typography-line-height);--awb-caption-title-letter-spacing:var(--h2_typography-letter-spacing);\"><span class=\" fusion-imageframe imageframe-none imageframe-9 hover-type-none\"><img decoding=\"async\" width=\"200\" height=\"200\" alt=\"Pablo Pi\u00f1ero Guti\u00e9rrez\" title=\"ppinero\" src=\"https:\/\/mula.es\/web\/wp-content\/uploads\/2019\/08\/ppinero-e1566898734684.png\" class=\"img-responsive wp-image-30571\"\/><\/span><\/div><div class=\"fusion-text fusion-text-10\"><p style=\"text-align: center;\"><strong><br \/>\nD. Pablo Pi\u00f1ero Guti\u00e9rrez<br \/>\n<\/strong><\/p>\n<p style=\"text-align: center;\"><strong>Concejal Delegado de Tambores. Tercera Edad (Mayores).<br \/>\n<\/strong><\/p>\n<p style=\"text-align: center;\">Ex-T\u00e9cnico de Deportes Municipal y Gerente Patronato Deportivo<\/p>\n<p style=\"text-align: center;\">Mula, 12 de octubre de 1953<\/p>\n<p style=\"text-align: center;\"><span class=\"backwards\">se.alumotya@<span translate=\"no\">orenipp<\/span><\/span><\/p>\n<p style=\"text-align: center;\"><a href=\"https:\/\/mula.es\/web\/transparencia\/institucional\/pablo-pinero-gutierrez\/\">Curr\u00edculum vitae &#8211; Portal de la Transparencia<\/a><\/p>\n<\/div><\/div><\/div><div class=\"fusion-layout-column fusion_builder_column fusion-builder-column-12 fusion_builder_column_1_2 1_2 fusion-flex-column\" style=\"--awb-padding-top:10px;;--awb-padding-right:10px;;--awb-padding-bottom:10px;;--awb-padding-left:10px;;--awb-bg-color:#ffffff;--awb-bg-color-hover:#ffffff;--awb-bg-size:cover;--awb-border-color:#f4f4f4;--awb-border-top:1px;--awb-border-right:1px;--awb-border-bottom:1px;--awb-border-left:1px;--awb-border-style:solid;--awb-width-large:50%;--awb-margin-top-large:0px;--awb-spacing-right-large:3.84%;--awb-margin-bottom-large:20px;--awb-spacing-left-large:3.84%;--awb-width-medium:50%;--awb-spacing-right-medium:3.84%;--awb-spacing-left-medium:3.84%;--awb-width-small:100%;--awb-spacing-right-small:1.92%;--awb-spacing-left-small:1.92%;\"><div class=\"fusion-column-wrapper fusion-flex-justify-content-flex-start fusion-content-layout-column\"><div class=\"fusion-image-element \" style=\"text-align:center;--awb-caption-title-font-family:var(--h2_typography-font-family);--awb-caption-title-font-weight:var(--h2_typography-font-weight);--awb-caption-title-font-style:var(--h2_typography-font-style);--awb-caption-title-size:var(--h2_typography-font-size);--awb-caption-title-transform:var(--h2_typography-text-transform);--awb-caption-title-line-height:var(--h2_typography-line-height);--awb-caption-title-letter-spacing:var(--h2_typography-letter-spacing);\"><span class=\" fusion-imageframe imageframe-none imageframe-10 hover-type-none\"><img decoding=\"async\" width=\"200\" height=\"200\" alt=\"Mar\u00eda del Pilar Gil Navarro\" title=\"pgil\" src=\"https:\/\/mula.es\/web\/wp-content\/uploads\/2019\/08\/pgil-e1566898790996.png\" class=\"img-responsive wp-image-30572\"\/><\/span><\/div><div class=\"fusion-text fusion-text-11\" style=\"--awb-content-alignment:left;\"><p style=\"text-align: center;\"><strong><br \/>\nD\u00aa. Mar\u00eda del Pilar Gil Navarro<br \/>\n<\/strong><\/p>\n<p style=\"text-align: center;\"><strong>Concejala Delegada de Calidad de Vida. Mujer e Igualdad.<br \/>\n<\/strong><\/p>\n<p style=\"text-align: center;\">Licenciada en Historia<\/p>\n<p style=\"text-align: center;\">Mula, 16 de julio de 1982<\/p>\n<p style=\"text-align: center;\"><span class=\"backwards\">se.alumotya@<span translate=\"no\">ligp<\/span><\/span><\/p>\n<p style=\"text-align: center;\"><a href=\"https:\/\/mula.es\/web\/transparencia\/institucional\/maria-del-pilar-gil-navarro\/\">Curr\u00edculum vitae &#8211; Portal de la Transparencia<\/a><\/p>\n<\/div><\/div><\/div><div class=\"fusion-layout-column fusion_builder_column fusion-builder-column-13 fusion_builder_column_1_2 1_2 fusion-flex-column\" style=\"--awb-padding-top:10px;;--awb-padding-right:10px;;--awb-padding-bottom:10px;;--awb-padding-left:10px;;--awb-bg-color:#ffffff;--awb-bg-color-hover:#ffffff;--awb-bg-size:cover;--awb-border-color:#f4f4f4;--awb-border-top:1px;--awb-border-right:1px;--awb-border-bottom:1px;--awb-border-left:1px;--awb-border-style:solid;--awb-width-large:50%;--awb-margin-top-large:0px;--awb-spacing-right-large:3.84%;--awb-margin-bottom-large:20px;--awb-spacing-left-large:3.84%;--awb-width-medium:50%;--awb-spacing-right-medium:3.84%;--awb-spacing-left-medium:3.84%;--awb-width-small:100%;--awb-spacing-right-small:1.92%;--awb-spacing-left-small:1.92%;\"><div class=\"fusion-column-wrapper fusion-flex-justify-content-flex-start fusion-content-layout-column\"><div class=\"fusion-image-element \" style=\"text-align:center;--awb-caption-title-font-family:var(--h2_typography-font-family);--awb-caption-title-font-weight:var(--h2_typography-font-weight);--awb-caption-title-font-style:var(--h2_typography-font-style);--awb-caption-title-size:var(--h2_typography-font-size);--awb-caption-title-transform:var(--h2_typography-text-transform);--awb-caption-title-line-height:var(--h2_typography-line-height);--awb-caption-title-letter-spacing:var(--h2_typography-letter-spacing);\"><span class=\" fusion-imageframe imageframe-none imageframe-11 hover-type-none\"><img decoding=\"async\" width=\"200\" height=\"200\" alt=\"Pedro Aurelio Llamas Jim\u00e9nez\" title=\"pallamas\" src=\"https:\/\/mula.es\/web\/wp-content\/uploads\/2019\/08\/pallamas-e1566898971576.png\" class=\"img-responsive wp-image-30574\"\/><\/span><\/div><div class=\"fusion-text fusion-text-12\"><p style=\"text-align: center;\"><strong><br \/>\nD. Pedro Aurelio Llamas Jim\u00e9nez<br \/>\n<\/strong><\/p>\n<p style=\"text-align: center;\"><strong>Concejal Delegado de Tecnolog\u00edas de la Informaci\u00f3n y la Comunicaci\u00f3n (TIC). Transparencia<br \/>\n<\/strong><\/p>\n<p style=\"text-align: center;\">Analista de Software. Ingeniero en Inform\u00e1tica<\/p>\n<p style=\"text-align: center;\">Mula, 9 de febrero de 1976<\/p>\n<p style=\"text-align: center;\"><span class=\"backwards\">se.alumotya@<span translate=\"no\">samallap<\/span><\/span><\/p>\n<p style=\"text-align: center;\"><a href=\"https:\/\/mula.es\/web\/transparencia\/institucional\/pedro-aurelio-llamas-jimenez\/\">Curr\u00edculum vitae &#8211; Portal de la Transparencia<\/a><\/p>\n<\/div><\/div><\/div><div class=\"fusion-layout-column fusion_builder_column fusion-builder-column-14 fusion_builder_column_1_2 1_2 fusion-flex-column\" style=\"--awb-padding-top:10px;;--awb-padding-right:10px;;--awb-padding-bottom:10px;;--awb-padding-left:10px;;--awb-bg-color:#ffffff;--awb-bg-color-hover:#ffffff;--awb-bg-size:cover;--awb-border-color:#f4f4f4;--awb-border-top:1px;--awb-border-right:1px;--awb-border-bottom:1px;--awb-border-left:1px;--awb-border-style:solid;--awb-width-large:50%;--awb-margin-top-large:0px;--awb-spacing-right-large:3.84%;--awb-margin-bottom-large:20px;--awb-spacing-left-large:3.84%;--awb-width-medium:50%;--awb-spacing-right-medium:3.84%;--awb-spacing-left-medium:3.84%;--awb-width-small:100%;--awb-spacing-right-small:1.92%;--awb-spacing-left-small:1.92%;\"><div class=\"fusion-column-wrapper fusion-flex-justify-content-flex-start fusion-content-layout-column\"><div class=\"fusion-image-element \" style=\"text-align:center;--awb-caption-title-font-family:var(--h2_typography-font-family);--awb-caption-title-font-weight:var(--h2_typography-font-weight);--awb-caption-title-font-style:var(--h2_typography-font-style);--awb-caption-title-size:var(--h2_typography-font-size);--awb-caption-title-transform:var(--h2_typography-text-transform);--awb-caption-title-line-height:var(--h2_typography-line-height);--awb-caption-title-letter-spacing:var(--h2_typography-letter-spacing);\"><span class=\" fusion-imageframe imageframe-none imageframe-12 hover-type-none\"><img decoding=\"async\" width=\"200\" height=\"200\" alt=\"Laura Salas Orcajada\" title=\"cnavarro\" src=\"https:\/\/mula.es\/web\/wp-content\/uploads\/2019\/08\/cnavarro-e1566899162257.png\" class=\"img-responsive wp-image-30575\"\/><\/span><\/div><div class=\"fusion-text fusion-text-13\"><p style=\"text-align: center;\"><strong><br \/>\nD\u00aa. Candelaria Navarro Fern\u00e1ndez<br \/>\n<\/strong><\/p>\n<p style=\"text-align: center;\"><strong>Concejala Delegada de Pedan\u00edas. Participaci\u00f3n Ciudadana<br \/>\n<\/strong><\/p>\n<p style=\"text-align: center;\">Mula, 6 de abril de 1964<\/p>\n<p style=\"text-align: center;\"><span class=\"backwards\">se.alumotya@<span translate=\"no\">orravanc<\/span><\/span><\/p>\n<p style=\"text-align: center;\"><a href=\"https:\/\/mula.es\/web\/transparencia\/institucional\/candelaria-navarro-fernandez\/\">Curr\u00edculum vitae &#8211; Portal de la Transparencia<\/a><\/p>\n<\/div><\/div><\/div><\/div><\/div><\/p>\n","protected":false},"excerpt":{"rendered":"","protected":false},"author":9,"featured_media":0,"parent":0,"menu_order":0,"comment_status":"closed","ping_status":"closed","template":"","meta":{"jetpack_post_was_ever_published":false,"footnotes":""},"class_list":["post-49121","page","type-page","status-publish","hentry"],"yoast_head":"<!-- This site is optimized with the Yoast SEO plugin v27.5 - https:\/\/yoast.com\/product\/yoast-seo-wordpress\/ -->\n<title>Hist\u00f3rico: Equipo de Gobierno 2019-2023 - Ayuntamiento de Mula<\/title>\n<meta name=\"robots\" content=\"index, follow, max-snippet:-1, max-image-preview:large, max-video-preview:-1\" \/>\n<link rel=\"canonical\" href=\"https:\/\/mula.es\/web\/historico-equipo-de-gobierno-2019-2023\/\" \/>\n<meta property=\"og:locale\" content=\"es_ES\" \/>\n<meta property=\"og:type\" content=\"article\" \/>\n<meta property=\"og:title\" content=\"Hist\u00f3rico: Equipo de Gobierno 2019-2023 - Ayuntamiento de Mula\" \/>\n<meta property=\"og:url\" content=\"https:\/\/mula.es\/web\/historico-equipo-de-gobierno-2019-2023\/\" \/>\n<meta property=\"og:site_name\" content=\"Ayuntamiento de Mula\" \/>\n<meta property=\"og:image\" content=\"http:\/\/mula.es\/web\/wp-content\/uploads\/2016\/01\/Foto-JuanJe-2-1-300x223.jpg\" \/>\n<meta name=\"twitter:card\" content=\"summary_large_image\" \/>\n<meta name=\"twitter:site\" content=\"@AyuntamientMula\" \/>\n<meta name=\"twitter:label1\" content=\"Tiempo de lectura\" \/>\n\t<meta name=\"twitter:data1\" content=\"11 minutos\" \/>\n<script type=\"application\/ld+json\" class=\"yoast-schema-graph\">{\"@context\":\"https:\\\/\\\/schema.org\",\"@graph\":[{\"@type\":\"WebPage\",\"@id\":\"https:\\\/\\\/mula.es\\\/web\\\/historico-equipo-de-gobierno-2019-2023\\\/\",\"url\":\"https:\\\/\\\/mula.es\\\/web\\\/historico-equipo-de-gobierno-2019-2023\\\/\",\"name\":\"Hist\u00f3rico: Equipo de Gobierno 2019-2023 - Ayuntamiento de Mula\",\"isPartOf\":{\"@id\":\"https:\\\/\\\/mula.es\\\/web\\\/#website\"},\"primaryImageOfPage\":{\"@id\":\"https:\\\/\\\/mula.es\\\/web\\\/historico-equipo-de-gobierno-2019-2023\\\/#primaryimage\"},\"image\":{\"@id\":\"https:\\\/\\\/mula.es\\\/web\\\/historico-equipo-de-gobierno-2019-2023\\\/#primaryimage\"},\"thumbnailUrl\":\"http:\\\/\\\/mula.es\\\/web\\\/wp-content\\\/uploads\\\/2016\\\/01\\\/Foto-JuanJe-2-1-300x223.jpg\",\"datePublished\":\"2023-06-30T06:36:13+00:00\",\"breadcrumb\":{\"@id\":\"https:\\\/\\\/mula.es\\\/web\\\/historico-equipo-de-gobierno-2019-2023\\\/#breadcrumb\"},\"inLanguage\":\"es\",\"potentialAction\":[{\"@type\":\"ReadAction\",\"target\":[\"https:\\\/\\\/mula.es\\\/web\\\/historico-equipo-de-gobierno-2019-2023\\\/\"]}]},{\"@type\":\"ImageObject\",\"inLanguage\":\"es\",\"@id\":\"https:\\\/\\\/mula.es\\\/web\\\/historico-equipo-de-gobierno-2019-2023\\\/#primaryimage\",\"url\":\"http:\\\/\\\/mula.es\\\/web\\\/wp-content\\\/uploads\\\/2016\\\/01\\\/Foto-JuanJe-2-1-300x223.jpg\",\"contentUrl\":\"http:\\\/\\\/mula.es\\\/web\\\/wp-content\\\/uploads\\\/2016\\\/01\\\/Foto-JuanJe-2-1-300x223.jpg\"},{\"@type\":\"BreadcrumbList\",\"@id\":\"https:\\\/\\\/mula.es\\\/web\\\/historico-equipo-de-gobierno-2019-2023\\\/#breadcrumb\",\"itemListElement\":[{\"@type\":\"ListItem\",\"position\":1,\"name\":\"Portada\",\"item\":\"https:\\\/\\\/mula.es\\\/web\\\/\"},{\"@type\":\"ListItem\",\"position\":2,\"name\":\"Hist\u00f3rico: Equipo de Gobierno 2019-2023\"}]},{\"@type\":\"WebSite\",\"@id\":\"https:\\\/\\\/mula.es\\\/web\\\/#website\",\"url\":\"https:\\\/\\\/mula.es\\\/web\\\/\",\"name\":\"Ayuntamiento de Mula\",\"description\":\"P\u00e1gina web del Ayuntamiento de Mula (Regi\u00f3n de Murcia)\",\"potentialAction\":[{\"@type\":\"SearchAction\",\"target\":{\"@type\":\"EntryPoint\",\"urlTemplate\":\"https:\\\/\\\/mula.es\\\/web\\\/?s={search_term_string}\"},\"query-input\":{\"@type\":\"PropertyValueSpecification\",\"valueRequired\":true,\"valueName\":\"search_term_string\"}}],\"inLanguage\":\"es\"}]}<\/script>\n<!-- \/ Yoast SEO plugin. -->","yoast_head_json":{"title":"Hist\u00f3rico: Equipo de Gobierno 2019-2023 - Ayuntamiento de Mula","robots":{"index":"index","follow":"follow","max-snippet":"max-snippet:-1","max-image-preview":"max-image-preview:large","max-video-preview":"max-video-preview:-1"},"canonical":"https:\/\/mula.es\/web\/historico-equipo-de-gobierno-2019-2023\/","og_locale":"es_ES","og_type":"article","og_title":"Hist\u00f3rico: Equipo de Gobierno 2019-2023 - Ayuntamiento de Mula","og_url":"https:\/\/mula.es\/web\/historico-equipo-de-gobierno-2019-2023\/","og_site_name":"Ayuntamiento de Mula","og_image":[{"url":"http:\/\/mula.es\/web\/wp-content\/uploads\/2016\/01\/Foto-JuanJe-2-1-300x223.jpg","type":"","width":"","height":""}],"twitter_card":"summary_large_image","twitter_site":"@AyuntamientMula","twitter_misc":{"Tiempo de lectura":"11 minutos"},"schema":{"@context":"https:\/\/schema.org","@graph":[{"@type":"WebPage","@id":"https:\/\/mula.es\/web\/historico-equipo-de-gobierno-2019-2023\/","url":"https:\/\/mula.es\/web\/historico-equipo-de-gobierno-2019-2023\/","name":"Hist\u00f3rico: Equipo de Gobierno 2019-2023 - Ayuntamiento de Mula","isPartOf":{"@id":"https:\/\/mula.es\/web\/#website"},"primaryImageOfPage":{"@id":"https:\/\/mula.es\/web\/historico-equipo-de-gobierno-2019-2023\/#primaryimage"},"image":{"@id":"https:\/\/mula.es\/web\/historico-equipo-de-gobierno-2019-2023\/#primaryimage"},"thumbnailUrl":"http:\/\/mula.es\/web\/wp-content\/uploads\/2016\/01\/Foto-JuanJe-2-1-300x223.jpg","datePublished":"2023-06-30T06:36:13+00:00","breadcrumb":{"@id":"https:\/\/mula.es\/web\/historico-equipo-de-gobierno-2019-2023\/#breadcrumb"},"inLanguage":"es","potentialAction":[{"@type":"ReadAction","target":["https:\/\/mula.es\/web\/historico-equipo-de-gobierno-2019-2023\/"]}]},{"@type":"ImageObject","inLanguage":"es","@id":"https:\/\/mula.es\/web\/historico-equipo-de-gobierno-2019-2023\/#primaryimage","url":"http:\/\/mula.es\/web\/wp-content\/uploads\/2016\/01\/Foto-JuanJe-2-1-300x223.jpg","contentUrl":"http:\/\/mula.es\/web\/wp-content\/uploads\/2016\/01\/Foto-JuanJe-2-1-300x223.jpg"},{"@type":"BreadcrumbList","@id":"https:\/\/mula.es\/web\/historico-equipo-de-gobierno-2019-2023\/#breadcrumb","itemListElement":[{"@type":"ListItem","position":1,"name":"Portada","item":"https:\/\/mula.es\/web\/"},{"@type":"ListItem","position":2,"name":"Hist\u00f3rico: Equipo de Gobierno 2019-2023"}]},{"@type":"WebSite","@id":"https:\/\/mula.es\/web\/#website","url":"https:\/\/mula.es\/web\/","name":"Ayuntamiento de Mula","description":"P\u00e1gina web del Ayuntamiento de Mula (Regi\u00f3n de Murcia)","potentialAction":[{"@type":"SearchAction","target":{"@type":"EntryPoint","urlTemplate":"https:\/\/mula.es\/web\/?s={search_term_string}"},"query-input":{"@type":"PropertyValueSpecification","valueRequired":true,"valueName":"search_term_string"}}],"inLanguage":"es"}]}},"_hostinger_reach_plugin_has_subscription_block":false,"_hostinger_reach_plugin_is_elementor":false,"jetpack_sharing_enabled":true,"jetpack_shortlink":"https:\/\/wp.me\/Pa9DMY-cMh","jetpack-related-posts":[],"_links":{"self":[{"href":"https:\/\/mula.es\/web\/wp-json\/wp\/v2\/pages\/49121","targetHints":{"allow":["GET"]}}],"collection":[{"href":"https:\/\/mula.es\/web\/wp-json\/wp\/v2\/pages"}],"about":[{"href":"https:\/\/mula.es\/web\/wp-json\/wp\/v2\/types\/page"}],"author":[{"embeddable":true,"href":"https:\/\/mula.es\/web\/wp-json\/wp\/v2\/users\/9"}],"replies":[{"embeddable":true,"href":"https:\/\/mula.es\/web\/wp-json\/wp\/v2\/comments?post=49121"}],"version-history":[{"count":1,"href":"https:\/\/mula.es\/web\/wp-json\/wp\/v2\/pages\/49121\/revisions"}],"predecessor-version":[{"id":49122,"href":"https:\/\/mula.es\/web\/wp-json\/wp\/v2\/pages\/49121\/revisions\/49122"}],"wp:attachment":[{"href":"https:\/\/mula.es\/web\/wp-json\/wp\/v2\/media?parent=49121"}],"curies":[{"name":"wp","href":"https:\/\/api.w.org\/{rel}","templated":true}]}}