{"id":49452,"date":"2023-07-13T09:10:38","date_gmt":"2023-07-13T07:10:38","guid":{"rendered":"https:\/\/mula.es\/web\/?page_id=49452"},"modified":"2026-04-09T13:21:09","modified_gmt":"2026-04-09T11:21:09","slug":"pedro-sevilla-monedero","status":"publish","type":"page","link":"https:\/\/mula.es\/web\/transparencia\/institucional\/pedro-sevilla-monedero\/","title":{"rendered":"Portal de la Transparencia: Pedro Sevilla Monedero"},"content":{"rendered":"<div class=\"fusion-fullwidth fullwidth-box fusion-builder-row-1 fusion-flex-container hundred-percent-fullwidth non-hundred-percent-height-scrolling\" style=\"--awb-border-radius-top-left:0px;--awb-border-radius-top-right:0px;--awb-border-radius-bottom-right:0px;--awb-border-radius-bottom-left:0px;--awb-overflow:visible;--awb-flex-wrap:wrap;\" ><div class=\"fusion-builder-row fusion-row fusion-flex-align-items-flex-start fusion-flex-content-wrap\" style=\"width:104% !important;max-width:104% !important;margin-left: calc(-4% \/ 2 );margin-right: calc(-4% \/ 2 );\"><div class=\"fusion-layout-column fusion_builder_column fusion-builder-column-0 fusion_builder_column_2_3 2_3 fusion-flex-column\" style=\"--awb-bg-size:cover;--awb-width-large:66.666666666667%;--awb-margin-top-large:0px;--awb-spacing-right-large:3.84%;--awb-margin-bottom-large:20px;--awb-spacing-left-large:2.88%;--awb-width-medium:66.666666666667%;--awb-spacing-right-medium:3.84%;--awb-spacing-left-medium:2.88%;--awb-width-small:100%;--awb-spacing-right-small:1.92%;--awb-spacing-left-small:1.92%;\"><div class=\"fusion-column-wrapper fusion-flex-justify-content-flex-start fusion-content-layout-column\"><div class=\"fusion-text fusion-text-1\" style=\"--awb-text-transform:none;\"><h2>Pedro Sevilla Monedero<\/h2>\n<h3>Concejal Portavoz<\/h3>\n<h4>Grupo Municipal Vox<\/h4>\n<\/div><\/div><\/div><div class=\"fusion-layout-column fusion_builder_column fusion-builder-column-1 fusion_builder_column_1_3 1_3 fusion-flex-column\" style=\"--awb-bg-size:cover;--awb-width-large:33.333333333333%;--awb-margin-top-large:0px;--awb-spacing-right-large:5.76%;--awb-margin-bottom-large:20px;--awb-spacing-left-large:3.84%;--awb-width-medium:33.333333333333%;--awb-spacing-right-medium:5.76%;--awb-spacing-left-medium:3.84%;--awb-width-small:100%;--awb-spacing-right-small:1.92%;--awb-spacing-left-small:1.92%;\"><div class=\"fusion-column-wrapper fusion-flex-justify-content-flex-start fusion-content-layout-column\"><div class=\"fusion-image-element \" style=\"--awb-caption-title-font-family:var(--h2_typography-font-family);--awb-caption-title-font-weight:var(--h2_typography-font-weight);--awb-caption-title-font-style:var(--h2_typography-font-style);--awb-caption-title-size:var(--h2_typography-font-size);--awb-caption-title-transform:var(--h2_typography-text-transform);--awb-caption-title-line-height:var(--h2_typography-line-height);--awb-caption-title-letter-spacing:var(--h2_typography-letter-spacing);\"><span class=\" fusion-imageframe imageframe-none imageframe-1 hover-type-none\"><img decoding=\"async\" width=\"300\" height=\"371\" title=\"Fotograf\u00eda Pedro Sevilla\" src=\"https:\/\/mula.es\/web\/wp-content\/uploads\/2023\/07\/pedrosevilla300.png\" alt class=\"img-responsive wp-image-49555\" srcset=\"https:\/\/mula.es\/web\/wp-content\/uploads\/2023\/07\/pedrosevilla300-200x247.png 200w, https:\/\/mula.es\/web\/wp-content\/uploads\/2023\/07\/pedrosevilla300.png 300w\" sizes=\"(max-width: 640px) 100vw, 300px\" \/><\/span><\/div><\/div><\/div><div class=\"fusion-layout-column fusion_builder_column fusion-builder-column-2 fusion_builder_column_1_1 1_1 fusion-flex-column\" style=\"--awb-bg-size:cover;--awb-width-large:100%;--awb-margin-top-large:0px;--awb-spacing-right-large:1.92%;--awb-margin-bottom-large:20px;--awb-spacing-left-large:1.92%;--awb-width-medium:100%;--awb-spacing-right-medium:1.92%;--awb-spacing-left-medium:1.92%;--awb-width-small:100%;--awb-spacing-right-small:1.92%;--awb-spacing-left-small:1.92%;\"><div class=\"fusion-column-wrapper fusion-flex-justify-content-flex-start fusion-content-layout-column\"><div class=\"accordian fusion-accordian\" style=\"--awb-border-size:1px;--awb-icon-size:13px;--awb-content-font-size:15px;--awb-icon-alignment:left;--awb-hover-color:#f9f9f9;--awb-border-color:#cccccc;--awb-background-color:#ffffff;--awb-divider-color:#e0dede;--awb-divider-hover-color:#e0dede;--awb-icon-color:#ffffff;--awb-title-color:#333333;--awb-content-color:#747474;--awb-icon-box-color:#333333;--awb-toggle-hover-accent-color:#e10707;--awb-title-font-family:&quot;Antic Slab&quot;;--awb-title-font-weight:regular;--awb-title-font-style:normal;--awb-title-font-size:15px;--awb-content-font-family:&quot;PT Sans&quot;;--awb-content-font-style:normal;--awb-content-font-weight:400;\"><div class=\"panel-group fusion-toggle-icon-boxed\" id=\"accordion-49452-1\"><div class=\"fusion-panel panel-default panel-09cb9e108765737d4 fusion-toggle-has-divider\" style=\"--awb-title-color:#333333;--awb-content-color:#747474;\"><div class=\"panel-heading\"><h4 class=\"panel-title toggle\" id=\"toggle_09cb9e108765737d4\"><a aria-expanded=\"false\" aria-controls=\"09cb9e108765737d4\" role=\"button\" data-toggle=\"collapse\" data-parent=\"#accordion-49452-1\" data-target=\"#09cb9e108765737d4\" href=\"#09cb9e108765737d4\"><span class=\"fusion-toggle-icon-wrapper\" aria-hidden=\"true\"><i class=\"fa-fusion-box active-icon awb-icon-minus\" aria-hidden=\"true\"><\/i><i class=\"fa-fusion-box inactive-icon awb-icon-plus\" aria-hidden=\"true\"><\/i><\/span><span class=\"fusion-toggle-heading\">Curriculum Vitae<\/span><\/a><\/h4><\/div><div id=\"09cb9e108765737d4\" class=\"panel-collapse collapse \" aria-labelledby=\"toggle_09cb9e108765737d4\"><div class=\"panel-body toggle-content fusion-clearfix\">\n<div class=\"\">\n<div class=\"left dsp_ib\">\n<div class=\"tr-content--section\">\n<p><strong>Fecha de nacimiento:<\/strong> 04-07-1978<\/p>\n<p><strong>Cargo actual:<\/strong> Portavoz Grupo Municipal Vox<\/p>\n<\/div>\n<div class=\"tr-content--section\">\n<div class=\"\">\n<div class=\"left dsp_ib\">\n<div class=\"tr-content--section\"><strong>Formaci\u00f3n:<\/strong><\/div>\n<\/div>\n<\/div>\n<ul>\n<li>Bachillerato Unificado Polivalente.<\/li>\n<li>Curso de Orientaci\u00f3n Universitaria.<\/li>\n<li>T\u00edtulo Prevenci\u00f3n de riesgos laborales en el sector del metal.<\/li>\n<li>T\u00edtulo delineaci\u00f3n en construcci\u00f3n.<\/li>\n<\/ul>\n<div class=\"tr-content--section\">\n<p class=\"tr-article--subsection-title\"><strong><br \/>\nExperiencia profesional<\/strong><\/p>\n<div>\n<ul>\n<li>Gerente empresa estructuras met\u00e1licas durante 12 a\u00f1os.<\/li>\n<li>Montador de estructuras met\u00e1licas durante 7 a\u00f1os.<\/li>\n<li>Comercial asesor en obra de estructuras met\u00e1licas.<\/li>\n<li>Aut\u00f3nomo en el sector de la metalurgia durante 6 a\u00f1os.<\/li>\n<li>Actualmente administrativo en empresa dedicada al sector del metal.<\/li>\n<\/ul>\n<\/div>\n<\/div>\n<\/div>\n<\/div>\n<\/div>\n<div class=\"tr-content--section\"><\/div>\n<\/div><\/div><\/div><div class=\"fusion-panel panel-default panel-2f4d6ec48c7739cb9 fusion-toggle-has-divider\"><div class=\"panel-heading\"><h4 class=\"panel-title toggle\" id=\"toggle_2f4d6ec48c7739cb9\"><a aria-expanded=\"false\" aria-controls=\"2f4d6ec48c7739cb9\" role=\"button\" data-toggle=\"collapse\" data-parent=\"#accordion-49452-1\" data-target=\"#2f4d6ec48c7739cb9\" href=\"#2f4d6ec48c7739cb9\"><span class=\"fusion-toggle-icon-wrapper\" aria-hidden=\"true\"><i class=\"fa-fusion-box active-icon awb-icon-minus\" aria-hidden=\"true\"><\/i><i class=\"fa-fusion-box inactive-icon awb-icon-plus\" aria-hidden=\"true\"><\/i><\/span><span class=\"fusion-toggle-heading\">Retribuci\u00f3n Ayuntamiento de Mula<\/span><\/a><\/h4><\/div><div id=\"2f4d6ec48c7739cb9\" class=\"panel-collapse collapse \" aria-labelledby=\"toggle_2f4d6ec48c7739cb9\"><div class=\"panel-body toggle-content fusion-clearfix\">\n<p style=\"text-align: justify;\">Ha recibido como retribuciones brutas (antes de impuestos) por asistencias a \u00f3rganos colegiados las siguientes cantidades (125\u20ac por sesi\u00f3n desde el Pleno de 17 de julio de 2023 actualizable en la misma medida que lo hagan las retribuciones de los empleados p\u00fablicos que dispongan las sucesivas leyes de presupuestos generales del Estado o normativa que se apruebe al efecto.):<\/p>\n<ul>\n<li><strong>A\u00f1o 2025: 9.375,00\u20ac<\/strong><\/li>\n<li>A\u00f1o 2024: 10.250,00\u20ac<\/li>\n<li>A\u00f1o 2023: 3.875,00\u20ac<\/li>\n<\/ul>\n<\/div><\/div><\/div><div class=\"fusion-panel panel-default panel-03f8abd71aaa09c18 fusion-toggle-has-divider\"><div class=\"panel-heading\"><h4 class=\"panel-title toggle\" id=\"toggle_03f8abd71aaa09c18\"><a aria-expanded=\"false\" aria-controls=\"03f8abd71aaa09c18\" role=\"button\" data-toggle=\"collapse\" data-parent=\"#accordion-49452-1\" data-target=\"#03f8abd71aaa09c18\" href=\"#03f8abd71aaa09c18\"><span class=\"fusion-toggle-icon-wrapper\" aria-hidden=\"true\"><i class=\"fa-fusion-box active-icon awb-icon-minus\" aria-hidden=\"true\"><\/i><i class=\"fa-fusion-box inactive-icon awb-icon-plus\" aria-hidden=\"true\"><\/i><\/span><span class=\"fusion-toggle-heading\">Declaraci\u00f3n de bienes<\/span><\/a><\/h4><\/div><div id=\"03f8abd71aaa09c18\" class=\"panel-collapse collapse \" aria-labelledby=\"toggle_03f8abd71aaa09c18\"><div class=\"panel-body toggle-content fusion-clearfix\"><strong><u>Bienes y derechos<\/u><\/strong><\/p>\n<ul>\n<li><strong>Bienes inmuebles de naturaleza urbana:<\/strong> 50% vivienda en la localidad. 75% edificio urbano en la localidad.<\/li>\n<li><strong>Bienes inmuebles de naturaleza r\u00fastica: <\/strong>25% finca en Elche de la Sierra<strong>.<\/strong><\/li>\n<li><strong>Bienes derechos e inmuebles a actividades empresariales y profesionales:<\/strong> no.<\/li>\n<li><strong>Dep\u00f3sitos en cuenta corriente:<\/strong> dos cuentas con un saldo aproximado entre todas de 8.000\u20ac.<\/li>\n<li><strong>Deuda p\u00fablica, obligaciones, bonos y dem\u00e1s valores equivalentes:<\/strong> no<\/li>\n<li><strong>Acciones y participaciones en el capital social o en los fondos propios de cualquier tipo de entidad:<\/strong> no.<\/li>\n<li><strong>Seguros de vida:<\/strong> no.<\/li>\n<li><strong>Rentas temporales y vitalicias:<\/strong> no.<\/li>\n<li><strong>Veh\u00edculos, joyas, embarcaciones y aeronaves:<\/strong>\n<ul>\n<li>Mercedes GLC.<\/li>\n<li>Opel Mokka.<\/li>\n<\/ul>\n<\/li>\n<li><strong>Objetos de arte y antig\u00fcedades:<\/strong> no<\/li>\n<li><strong>Derechos reales de uso y disfrute:<\/strong> no<\/li>\n<li><strong>Concesiones administrativas:<\/strong> no<\/li>\n<li><strong>Derechos derivados de la propiedad intelectual o industrial:<\/strong> no<\/li>\n<li><strong>Opciones contractuales:<\/strong> no<\/li>\n<li><strong>Dem\u00e1s bienes y derechos:<\/strong> no<\/li>\n<\/ul>\n<p><strong><u>Deudas<\/u><\/strong><\/p>\n<ul>\n<li>No.<\/li>\n<\/ul>\n<\/div><\/div><\/div><div class=\"fusion-panel panel-default panel-babf03a720e662dfc fusion-toggle-has-divider\"><div class=\"panel-heading\"><h4 class=\"panel-title toggle\" id=\"toggle_babf03a720e662dfc\"><a aria-expanded=\"false\" aria-controls=\"babf03a720e662dfc\" role=\"button\" data-toggle=\"collapse\" data-parent=\"#accordion-49452-1\" data-target=\"#babf03a720e662dfc\" href=\"#babf03a720e662dfc\"><span class=\"fusion-toggle-icon-wrapper\" aria-hidden=\"true\"><i class=\"fa-fusion-box active-icon awb-icon-minus\" aria-hidden=\"true\"><\/i><i class=\"fa-fusion-box inactive-icon awb-icon-plus\" aria-hidden=\"true\"><\/i><\/span><span class=\"fusion-toggle-heading\">Declaraci\u00f3n de incompatibilidades y actividades<\/span><\/a><\/h4><\/div><div id=\"babf03a720e662dfc\" class=\"panel-collapse collapse \" aria-labelledby=\"toggle_babf03a720e662dfc\"><div class=\"panel-body toggle-content fusion-clearfix\">\n<ul>\n<li>No incurre en ninguna de las causas de posible incompatibilidad.<\/li>\n<li>Actualmente recibe una pensi\u00f3n por incapacidad permanente que le impide realizar su anterior trabajo. Actualmente trabaja por cuenta ajena en empresa de casas de madera ecol\u00f3gica. No tiene otras actividades privadas, que le proporcionan o pueden proporcionar ingresos econ\u00f3micos.<\/li>\n<li>No tiene otras actividades p\u00fablicas, que le proporcionan o pueden proporcionar ingresos econ\u00f3micos, excepto las retribuciones del Ayuntamiento de Mula se\u00f1aladas.<\/li>\n<\/ul>\n<\/div><\/div><\/div><div class=\"fusion-panel panel-default panel-566d85520e8a9ec70 fusion-toggle-has-divider\" style=\"--awb-title-color:#333333;--awb-content-color:#747474;\"><div class=\"panel-heading\"><h4 class=\"panel-title toggle\" id=\"toggle_566d85520e8a9ec70\"><a aria-expanded=\"false\" aria-controls=\"566d85520e8a9ec70\" role=\"button\" data-toggle=\"collapse\" data-parent=\"#accordion-49452-1\" data-target=\"#566d85520e8a9ec70\" href=\"#566d85520e8a9ec70\"><span class=\"fusion-toggle-icon-wrapper\" aria-hidden=\"true\"><i class=\"fa-fusion-box active-icon awb-icon-minus\" aria-hidden=\"true\"><\/i><i class=\"fa-fusion-box inactive-icon awb-icon-plus\" aria-hidden=\"true\"><\/i><\/span><span class=\"fusion-toggle-heading\">Rese\u00f1a personal<\/span><\/a><\/h4><\/div><div id=\"566d85520e8a9ec70\" class=\"panel-collapse collapse \" aria-labelledby=\"toggle_566d85520e8a9ec70\"><div class=\"panel-body toggle-content fusion-clearfix\">\n<p>Casado, padre de dos ni\u00f1as<\/p>\n<\/div><\/div><\/div><\/div><\/div><\/div><\/div><div class=\"fusion-layout-column fusion_builder_column fusion-builder-column-3 fusion_builder_column_1_2 1_2 fusion-flex-column\" style=\"--awb-bg-size:cover;--awb-width-large:50%;--awb-margin-top-large:0px;--awb-spacing-right-large:3.84%;--awb-margin-bottom-large:20px;--awb-spacing-left-large:3.84%;--awb-width-medium:50%;--awb-spacing-right-medium:3.84%;--awb-spacing-left-medium:3.84%;--awb-width-small:100%;--awb-spacing-right-small:1.92%;--awb-spacing-left-small:1.92%;\"><div class=\"fusion-column-wrapper fusion-flex-justify-content-flex-start fusion-content-layout-column\"><div class=\"fusion-title title fusion-title-1 fusion-title-text fusion-title-size-four\" style=\"--awb-margin-top-small:0px;--awb-margin-right-small:0px;--awb-margin-bottom-small:20px;--awb-margin-left-small:0px;\"><div class=\"title-sep-container title-sep-container-left fusion-no-large-visibility fusion-no-medium-visibility fusion-no-small-visibility\"><div class=\"title-sep sep-double sep-solid\" style=\"border-color:#e0dede;\"><\/div><\/div><span class=\"awb-title-spacer fusion-no-large-visibility fusion-no-medium-visibility fusion-no-small-visibility\"><\/span><h4 class=\"fusion-title-heading title-heading-left\" style=\"margin:0;\"><span style=\"color: #000000;\">Descarga de datos<\/span><\/h4><span class=\"awb-title-spacer\"><\/span><div class=\"title-sep-container title-sep-container-right\"><div class=\"title-sep sep-double sep-solid\" style=\"border-color:#e0dede;\"><\/div><\/div><\/div><div class=\"fusion-text fusion-text-2\"><ul>\n<li><a href=\"https:\/\/mula.es\/web\/wp-content\/uploads\/2026\/04\/aayala_09042026-1.pdf\" target=\"_blank\" rel=\"noopener\">Pdf<\/a><\/li>\n<li><a href=\"https:\/\/mula.es\/web\/wp-content\/uploads\/2026\/04\/aayala_09042026-1.odt\" target=\"_blank\" rel=\"noopener\">OpenOffice (Odt)<\/a><\/li>\n<\/ul>\n<\/div><\/div><\/div><div class=\"fusion-layout-column fusion_builder_column fusion-builder-column-4 fusion_builder_column_1_2 1_2 fusion-flex-column\" style=\"--awb-bg-size:cover;--awb-width-large:50%;--awb-margin-top-large:0px;--awb-spacing-right-large:3.84%;--awb-margin-bottom-large:-10px;--awb-spacing-left-large:3.84%;--awb-width-medium:50%;--awb-spacing-right-medium:3.84%;--awb-spacing-left-medium:3.84%;--awb-width-small:100%;--awb-spacing-right-small:1.92%;--awb-spacing-left-small:1.92%;\"><div class=\"fusion-column-wrapper fusion-flex-justify-content-flex-start fusion-content-layout-column\"><div class=\"fusion-title title fusion-title-2 fusion-title-text fusion-title-size-four\" style=\"--awb-margin-top-small:0px;--awb-margin-right-small:0px;--awb-margin-bottom-small:20px;--awb-margin-left-small:0px;\"><div class=\"title-sep-container title-sep-container-left fusion-no-large-visibility fusion-no-medium-visibility fusion-no-small-visibility\"><div class=\"title-sep sep-double sep-solid\" style=\"border-color:#e0dede;\"><\/div><\/div><span class=\"awb-title-spacer fusion-no-large-visibility fusion-no-medium-visibility fusion-no-small-visibility\"><\/span><h4 class=\"fusion-title-heading title-heading-left\" style=\"margin:0;\"><span style=\"color: #000000;\">Nota de alcance<\/span><\/h4><span class=\"awb-title-spacer\"><\/span><div class=\"title-sep-container title-sep-container-right\"><div class=\"title-sep sep-double sep-solid\" style=\"border-color:#e0dede;\"><\/div><\/div><\/div><div class=\"fusion-text fusion-text-3\"><ul>\n<li><strong>Fuente principal de datos:<\/strong> Secretar\u00eda del Ayuntamiento de Mula<\/li>\n<li><strong>Periodicidad:<\/strong> Anual<\/li>\n<li><strong>\u00daltima revisi\u00f3n:<\/strong> 20 de marzo de 2026<\/li>\n<\/ul>\n<\/div><\/div><\/div><div class=\"fusion-layout-column fusion_builder_column fusion-builder-column-5 fusion_builder_column_1_1 1_1 fusion-flex-column\" style=\"--awb-bg-size:cover;--awb-width-large:100%;--awb-margin-top-large:0px;--awb-spacing-right-large:1.92%;--awb-margin-bottom-large:20px;--awb-spacing-left-large:1.92%;--awb-width-medium:100%;--awb-spacing-right-medium:1.92%;--awb-spacing-left-medium:1.92%;--awb-width-small:100%;--awb-spacing-right-small:1.92%;--awb-spacing-left-small:1.92%;\"><div class=\"fusion-column-wrapper fusion-flex-justify-content-flex-start fusion-content-layout-column\"><div class=\"fusion-title title fusion-title-3 fusion-title-text fusion-title-size-four\" style=\"--awb-margin-top-small:0px;--awb-margin-right-small:0px;--awb-margin-bottom-small:20px;--awb-margin-left-small:0px;\"><div class=\"title-sep-container title-sep-container-left fusion-no-large-visibility fusion-no-medium-visibility fusion-no-small-visibility\"><div class=\"title-sep sep-double sep-solid\" style=\"border-color:#e0dede;\"><\/div><\/div><span class=\"awb-title-spacer fusion-no-large-visibility fusion-no-medium-visibility fusion-no-small-visibility\"><\/span><h4 class=\"fusion-title-heading title-heading-left\" style=\"margin:0;\"><span style=\"color: #000000;\">Mejora de los datos<\/span><\/h4><span class=\"awb-title-spacer\"><\/span><div class=\"title-sep-container title-sep-container-right\"><div class=\"title-sep sep-double sep-solid\" style=\"border-color:#e0dede;\"><\/div><\/div><\/div><div class=\"fusion-text fusion-text-4\"><p>Si detecta cualquier error en los datos de esta p\u00e1gina, o considera que deben ser completados o mejorados, por favor comun\u00edquelo al Ayuntamiento de Mula a trav\u00e9s de nuestro <a href=\"https:\/\/mula.es\/web\/sugerencias\/\">formulario de contacto<\/a>.<\/p>\n<\/div><\/div><\/div><\/div><\/div>\n","protected":false},"excerpt":{"rendered":"","protected":false},"author":1,"featured_media":33514,"parent":36067,"menu_order":0,"comment_status":"closed","ping_status":"closed","template":"","meta":{"jetpack_post_was_ever_published":false,"footnotes":""},"class_list":["post-49452","page","type-page","status-publish","has-post-thumbnail","hentry"],"yoast_head":"<!-- This site is optimized with the Yoast SEO plugin v27.5 - https:\/\/yoast.com\/product\/yoast-seo-wordpress\/ -->\n<title>Portal de la Transparencia: Pedro Sevilla Monedero - Ayuntamiento de Mula<\/title>\n<meta name=\"robots\" content=\"index, follow, max-snippet:-1, max-image-preview:large, max-video-preview:-1\" \/>\n<link rel=\"canonical\" href=\"https:\/\/mula.es\/web\/transparencia\/institucional\/pedro-sevilla-monedero\/\" \/>\n<meta property=\"og:locale\" content=\"es_ES\" \/>\n<meta property=\"og:type\" content=\"article\" \/>\n<meta property=\"og:title\" content=\"Portal de la Transparencia: Pedro Sevilla Monedero - Ayuntamiento de Mula\" \/>\n<meta property=\"og:url\" content=\"https:\/\/mula.es\/web\/transparencia\/institucional\/pedro-sevilla-monedero\/\" \/>\n<meta property=\"og:site_name\" content=\"Ayuntamiento de Mula\" \/>\n<meta property=\"article:modified_time\" content=\"2026-04-09T11:21:09+00:00\" \/>\n<meta property=\"og:image\" content=\"https:\/\/mula.es\/web\/wp-content\/uploads\/2020\/06\/cropped-escudo-cuadrado.jpg\" \/>\n\t<meta property=\"og:image:width\" content=\"512\" \/>\n\t<meta property=\"og:image:height\" content=\"512\" \/>\n\t<meta property=\"og:image:type\" content=\"image\/jpeg\" \/>\n<meta name=\"twitter:card\" content=\"summary_large_image\" \/>\n<meta name=\"twitter:site\" content=\"@AyuntamientMula\" \/>\n<meta name=\"twitter:label1\" content=\"Tiempo de lectura\" \/>\n\t<meta name=\"twitter:data1\" content=\"3 minutos\" \/>\n<script type=\"application\/ld+json\" class=\"yoast-schema-graph\">{\"@context\":\"https:\\\/\\\/schema.org\",\"@graph\":[{\"@type\":\"WebPage\",\"@id\":\"https:\\\/\\\/mula.es\\\/web\\\/transparencia\\\/institucional\\\/pedro-sevilla-monedero\\\/\",\"url\":\"https:\\\/\\\/mula.es\\\/web\\\/transparencia\\\/institucional\\\/pedro-sevilla-monedero\\\/\",\"name\":\"Portal de la Transparencia: Pedro Sevilla Monedero - Ayuntamiento de Mula\",\"isPartOf\":{\"@id\":\"https:\\\/\\\/mula.es\\\/web\\\/#website\"},\"primaryImageOfPage\":{\"@id\":\"https:\\\/\\\/mula.es\\\/web\\\/transparencia\\\/institucional\\\/pedro-sevilla-monedero\\\/#primaryimage\"},\"image\":{\"@id\":\"https:\\\/\\\/mula.es\\\/web\\\/transparencia\\\/institucional\\\/pedro-sevilla-monedero\\\/#primaryimage\"},\"thumbnailUrl\":\"https:\\\/\\\/mula.es\\\/web\\\/wp-content\\\/uploads\\\/2020\\\/06\\\/cropped-escudo-cuadrado.jpg\",\"datePublished\":\"2023-07-13T07:10:38+00:00\",\"dateModified\":\"2026-04-09T11:21:09+00:00\",\"breadcrumb\":{\"@id\":\"https:\\\/\\\/mula.es\\\/web\\\/transparencia\\\/institucional\\\/pedro-sevilla-monedero\\\/#breadcrumb\"},\"inLanguage\":\"es\",\"potentialAction\":[{\"@type\":\"ReadAction\",\"target\":[\"https:\\\/\\\/mula.es\\\/web\\\/transparencia\\\/institucional\\\/pedro-sevilla-monedero\\\/\"]}]},{\"@type\":\"ImageObject\",\"inLanguage\":\"es\",\"@id\":\"https:\\\/\\\/mula.es\\\/web\\\/transparencia\\\/institucional\\\/pedro-sevilla-monedero\\\/#primaryimage\",\"url\":\"https:\\\/\\\/mula.es\\\/web\\\/wp-content\\\/uploads\\\/2020\\\/06\\\/cropped-escudo-cuadrado.jpg\",\"contentUrl\":\"https:\\\/\\\/mula.es\\\/web\\\/wp-content\\\/uploads\\\/2020\\\/06\\\/cropped-escudo-cuadrado.jpg\",\"width\":512,\"height\":512},{\"@type\":\"BreadcrumbList\",\"@id\":\"https:\\\/\\\/mula.es\\\/web\\\/transparencia\\\/institucional\\\/pedro-sevilla-monedero\\\/#breadcrumb\",\"itemListElement\":[{\"@type\":\"ListItem\",\"position\":1,\"name\":\"Portada\",\"item\":\"https:\\\/\\\/mula.es\\\/web\\\/\"},{\"@type\":\"ListItem\",\"position\":2,\"name\":\"Portal de la Transparencia\",\"item\":\"https:\\\/\\\/mula.es\\\/web\\\/transparencia\\\/\"},{\"@type\":\"ListItem\",\"position\":3,\"name\":\"Informaci\u00f3n institucional\",\"item\":\"https:\\\/\\\/mula.es\\\/web\\\/transparencia\\\/institucional\\\/\"},{\"@type\":\"ListItem\",\"position\":4,\"name\":\"Portal de la Transparencia: Pedro Sevilla Monedero\"}]},{\"@type\":\"WebSite\",\"@id\":\"https:\\\/\\\/mula.es\\\/web\\\/#website\",\"url\":\"https:\\\/\\\/mula.es\\\/web\\\/\",\"name\":\"Ayuntamiento de Mula\",\"description\":\"P\u00e1gina web del Ayuntamiento de Mula (Regi\u00f3n de Murcia)\",\"potentialAction\":[{\"@type\":\"SearchAction\",\"target\":{\"@type\":\"EntryPoint\",\"urlTemplate\":\"https:\\\/\\\/mula.es\\\/web\\\/?s={search_term_string}\"},\"query-input\":{\"@type\":\"PropertyValueSpecification\",\"valueRequired\":true,\"valueName\":\"search_term_string\"}}],\"inLanguage\":\"es\"}]}<\/script>\n<!-- \/ Yoast SEO plugin. -->","yoast_head_json":{"title":"Portal de la Transparencia: Pedro Sevilla Monedero - Ayuntamiento de Mula","robots":{"index":"index","follow":"follow","max-snippet":"max-snippet:-1","max-image-preview":"max-image-preview:large","max-video-preview":"max-video-preview:-1"},"canonical":"https:\/\/mula.es\/web\/transparencia\/institucional\/pedro-sevilla-monedero\/","og_locale":"es_ES","og_type":"article","og_title":"Portal de la Transparencia: Pedro Sevilla Monedero - Ayuntamiento de Mula","og_url":"https:\/\/mula.es\/web\/transparencia\/institucional\/pedro-sevilla-monedero\/","og_site_name":"Ayuntamiento de Mula","article_modified_time":"2026-04-09T11:21:09+00:00","og_image":[{"width":512,"height":512,"url":"https:\/\/mula.es\/web\/wp-content\/uploads\/2020\/06\/cropped-escudo-cuadrado.jpg","type":"image\/jpeg"}],"twitter_card":"summary_large_image","twitter_site":"@AyuntamientMula","twitter_misc":{"Tiempo de lectura":"3 minutos"},"schema":{"@context":"https:\/\/schema.org","@graph":[{"@type":"WebPage","@id":"https:\/\/mula.es\/web\/transparencia\/institucional\/pedro-sevilla-monedero\/","url":"https:\/\/mula.es\/web\/transparencia\/institucional\/pedro-sevilla-monedero\/","name":"Portal de la Transparencia: Pedro Sevilla Monedero - Ayuntamiento de Mula","isPartOf":{"@id":"https:\/\/mula.es\/web\/#website"},"primaryImageOfPage":{"@id":"https:\/\/mula.es\/web\/transparencia\/institucional\/pedro-sevilla-monedero\/#primaryimage"},"image":{"@id":"https:\/\/mula.es\/web\/transparencia\/institucional\/pedro-sevilla-monedero\/#primaryimage"},"thumbnailUrl":"https:\/\/mula.es\/web\/wp-content\/uploads\/2020\/06\/cropped-escudo-cuadrado.jpg","datePublished":"2023-07-13T07:10:38+00:00","dateModified":"2026-04-09T11:21:09+00:00","breadcrumb":{"@id":"https:\/\/mula.es\/web\/transparencia\/institucional\/pedro-sevilla-monedero\/#breadcrumb"},"inLanguage":"es","potentialAction":[{"@type":"ReadAction","target":["https:\/\/mula.es\/web\/transparencia\/institucional\/pedro-sevilla-monedero\/"]}]},{"@type":"ImageObject","inLanguage":"es","@id":"https:\/\/mula.es\/web\/transparencia\/institucional\/pedro-sevilla-monedero\/#primaryimage","url":"https:\/\/mula.es\/web\/wp-content\/uploads\/2020\/06\/cropped-escudo-cuadrado.jpg","contentUrl":"https:\/\/mula.es\/web\/wp-content\/uploads\/2020\/06\/cropped-escudo-cuadrado.jpg","width":512,"height":512},{"@type":"BreadcrumbList","@id":"https:\/\/mula.es\/web\/transparencia\/institucional\/pedro-sevilla-monedero\/#breadcrumb","itemListElement":[{"@type":"ListItem","position":1,"name":"Portada","item":"https:\/\/mula.es\/web\/"},{"@type":"ListItem","position":2,"name":"Portal de la Transparencia","item":"https:\/\/mula.es\/web\/transparencia\/"},{"@type":"ListItem","position":3,"name":"Informaci\u00f3n institucional","item":"https:\/\/mula.es\/web\/transparencia\/institucional\/"},{"@type":"ListItem","position":4,"name":"Portal de la Transparencia: Pedro Sevilla Monedero"}]},{"@type":"WebSite","@id":"https:\/\/mula.es\/web\/#website","url":"https:\/\/mula.es\/web\/","name":"Ayuntamiento de Mula","description":"P\u00e1gina web del Ayuntamiento de Mula (Regi\u00f3n de Murcia)","potentialAction":[{"@type":"SearchAction","target":{"@type":"EntryPoint","urlTemplate":"https:\/\/mula.es\/web\/?s={search_term_string}"},"query-input":{"@type":"PropertyValueSpecification","valueRequired":true,"valueName":"search_term_string"}}],"inLanguage":"es"}]}},"_hostinger_reach_plugin_has_subscription_block":false,"_hostinger_reach_plugin_is_elementor":false,"jetpack_sharing_enabled":true,"jetpack_shortlink":"https:\/\/wp.me\/Pa9DMY-cRC","jetpack-related-posts":[],"_links":{"self":[{"href":"https:\/\/mula.es\/web\/wp-json\/wp\/v2\/pages\/49452","targetHints":{"allow":["GET"]}}],"collection":[{"href":"https:\/\/mula.es\/web\/wp-json\/wp\/v2\/pages"}],"about":[{"href":"https:\/\/mula.es\/web\/wp-json\/wp\/v2\/types\/page"}],"author":[{"embeddable":true,"href":"https:\/\/mula.es\/web\/wp-json\/wp\/v2\/users\/1"}],"replies":[{"embeddable":true,"href":"https:\/\/mula.es\/web\/wp-json\/wp\/v2\/comments?post=49452"}],"version-history":[{"count":16,"href":"https:\/\/mula.es\/web\/wp-json\/wp\/v2\/pages\/49452\/revisions"}],"predecessor-version":[{"id":61318,"href":"https:\/\/mula.es\/web\/wp-json\/wp\/v2\/pages\/49452\/revisions\/61318"}],"up":[{"embeddable":true,"href":"https:\/\/mula.es\/web\/wp-json\/wp\/v2\/pages\/36067"}],"wp:featuredmedia":[{"embeddable":true,"href":"https:\/\/mula.es\/web\/wp-json\/wp\/v2\/media\/33514"}],"wp:attachment":[{"href":"https:\/\/mula.es\/web\/wp-json\/wp\/v2\/media?parent=49452"}],"curies":[{"name":"wp","href":"https:\/\/api.w.org\/{rel}","templated":true}]}}