{"id":60951,"date":"2026-03-03T13:23:24","date_gmt":"2026-03-03T12:23:24","guid":{"rendered":"https:\/\/mula.es\/web\/?page_id=60951"},"modified":"2026-03-03T15:13:17","modified_gmt":"2026-03-03T14:13:17","slug":"seleccion-inicial-rechazadas-votacion","status":"publish","type":"page","link":"https:\/\/mula.es\/web\/presupuestos-participativos-2026\/seleccion-inicial-rechazadas-votacion\/","title":{"rendered":"Selecci\u00f3n inicial propuestas no se pueden someter a votaci\u00f3n"},"content":{"rendered":"<div class=\"fusion-fullwidth fullwidth-box fusion-builder-row-1 fusion-flex-container nonhundred-percent-fullwidth non-hundred-percent-height-scrolling\" style=\"--awb-border-radius-top-left:0px;--awb-border-radius-top-right:0px;--awb-border-radius-bottom-right:0px;--awb-border-radius-bottom-left:0px;--awb-flex-wrap:wrap;\" ><div class=\"fusion-builder-row fusion-row fusion-flex-align-items-flex-start fusion-flex-content-wrap\" style=\"max-width:1144px;margin-left: calc(-4% \/ 2 );margin-right: calc(-4% \/ 2 );\"><div class=\"fusion-layout-column fusion_builder_column fusion-builder-column-0 fusion_builder_column_1_1 1_1 fusion-flex-column\" style=\"--awb-bg-size:cover;--awb-width-large:100%;--awb-margin-top-large:0px;--awb-spacing-right-large:1.92%;--awb-margin-bottom-large:0px;--awb-spacing-left-large:1.92%;--awb-width-medium:100%;--awb-spacing-right-medium:1.92%;--awb-spacing-left-medium:1.92%;--awb-width-small:100%;--awb-spacing-right-small:1.92%;--awb-spacing-left-small:1.92%;\"><div class=\"fusion-column-wrapper fusion-flex-justify-content-flex-start fusion-content-layout-column\"><div class=\"fusion-title title fusion-title-1 fusion-title-text fusion-title-size-three\" style=\"--awb-margin-top-small:0px;--awb-margin-right-small:0px;--awb-margin-bottom-small:20px;--awb-margin-left-small:0px;\"><div class=\"title-sep-container title-sep-container-left fusion-no-large-visibility fusion-no-medium-visibility fusion-no-small-visibility\"><div class=\"title-sep sep-double sep-solid\" style=\"border-color:#e0dede;\"><\/div><\/div><span class=\"awb-title-spacer fusion-no-large-visibility fusion-no-medium-visibility fusion-no-small-visibility\"><\/span><h3 class=\"fusion-title-heading title-heading-left\" style=\"margin:0;\"><h2><strong>Selecci\u00f3n inicial de las propuestas que no se pueden a someter a votaci\u00f3n<\/strong><\/h2><\/h3><span class=\"awb-title-spacer\"><\/span><div class=\"title-sep-container title-sep-container-right\"><div class=\"title-sep sep-double sep-solid\" style=\"border-color:#e0dede;\"><\/div><\/div><\/div><div class=\"accordian fusion-accordian\" style=\"--awb-border-size:1px;--awb-icon-size:13px;--awb-content-font-size:15px;--awb-icon-alignment:left;--awb-hover-color:#f9f9f9;--awb-border-color:#cccccc;--awb-background-color:#ffffff;--awb-divider-color:#e0dede;--awb-divider-hover-color:#e0dede;--awb-icon-color:#ffffff;--awb-title-color:#333333;--awb-content-color:#747474;--awb-icon-box-color:#333333;--awb-toggle-hover-accent-color:#e10707;--awb-title-font-family:&quot;Antic Slab&quot;;--awb-title-font-weight:regular;--awb-title-font-style:normal;--awb-title-font-size:15px;--awb-content-font-family:&quot;PT Sans&quot;;--awb-content-font-style:normal;--awb-content-font-weight:400;\"><div class=\"panel-group fusion-toggle-icon-boxed\" id=\"accordion-60951-1\"><div class=\"fusion-panel panel-default panel-1bd4cefc966a25572 fusion-toggle-has-divider\" style=\"--awb-title-color:#333333;--awb-content-color:#747474;\"><div class=\"panel-heading\"><h4 class=\"panel-title toggle\" id=\"toggle_1bd4cefc966a25572\"><a aria-expanded=\"false\" aria-controls=\"1bd4cefc966a25572\" role=\"button\" data-toggle=\"collapse\" data-parent=\"#accordion-60951-1\" data-target=\"#1bd4cefc966a25572\" href=\"#1bd4cefc966a25572\"><span class=\"fusion-toggle-icon-wrapper\" aria-hidden=\"true\"><i class=\"fa-fusion-box active-icon awb-icon-minus\" aria-hidden=\"true\"><\/i><i class=\"fa-fusion-box inactive-icon awb-icon-plus\" aria-hidden=\"true\"><\/i><\/span><span class=\"fusion-toggle-heading\">1. Mejora de linderos y se\u00f1alizaci\u00f3n<\/span><\/a><\/h4><\/div><div id=\"1bd4cefc966a25572\" class=\"panel-collapse collapse \" aria-labelledby=\"toggle_1bd4cefc966a25572\"><div class=\"panel-body toggle-content fusion-clearfix\">\n<ul>\n<li><strong>Descripci\u00f3n: <\/strong>Carreteras de polinizadores por plantaci\u00f3n. Carteles indicativos de zonas de inter\u00e9s y cortijadas.<\/li>\n<li><strong>Justificaci\u00f3n: <\/strong>Mejora medioambiental y mejora de zona rural olvidada.<\/li>\n<li><strong>Justificaci\u00f3n t\u00e9cnica no sometimiento a votaci\u00f3n: <\/strong>Es competencia de la Comunidad Aut\u00f3noma de la Regi\u00f3n de Murcia (DG de Patrimonio Natural y Acci\u00f3n Clim\u00e1tica) y los linderos de particulares.<\/li>\n<\/ul>\n<\/div><\/div><\/div><div class=\"fusion-panel panel-default panel-ceb4ada620af6a38c fusion-toggle-has-divider\" style=\"--awb-title-color:#333333;--awb-content-color:#747474;\"><div class=\"panel-heading\"><h4 class=\"panel-title toggle\" id=\"toggle_ceb4ada620af6a38c\"><a aria-expanded=\"false\" aria-controls=\"ceb4ada620af6a38c\" role=\"button\" data-toggle=\"collapse\" data-parent=\"#accordion-60951-1\" data-target=\"#ceb4ada620af6a38c\" href=\"#ceb4ada620af6a38c\"><span class=\"fusion-toggle-icon-wrapper\" aria-hidden=\"true\"><i class=\"fa-fusion-box active-icon awb-icon-minus\" aria-hidden=\"true\"><\/i><i class=\"fa-fusion-box inactive-icon awb-icon-plus\" aria-hidden=\"true\"><\/i><\/span><span class=\"fusion-toggle-heading\">2. Alumbrado camino de La Arboleja<\/span><\/a><\/h4><\/div><div id=\"ceb4ada620af6a38c\" class=\"panel-collapse collapse \" aria-labelledby=\"toggle_ceb4ada620af6a38c\"><div class=\"panel-body toggle-content fusion-clearfix\">\n<ul>\n<li><strong>Descripci\u00f3n: <\/strong>Instalaci\u00f3n farolas abrazadas a poste de suministro el\u00e9ctrico o poste nueva instalaci\u00f3n. Luminaria LED conectada a red o plaza solar individual. 1 km longitud<\/li>\n<li><strong>Justificaci\u00f3n: <\/strong>Iluminaci\u00f3n necesaria para 22 familias que residen todo el a\u00f1o; 5 fines de semana; 8 verano; 12 propietarios finca de c\u00edtricos; 4 actividades empresariales (2 ganaderos, 1 pintura, 1 protectora animales.<\/li>\n<li><strong>Justificaci\u00f3n t\u00e9cnica no sometimiento a votaci\u00f3n: <\/strong>El Ayuntamiento no esta obligado a dotar de servicios urbanos (como el alumbrado) a las zonas que no los son. El coste (de instalaci\u00f3n y mantenimiento) de estos servicios repercute en toda la ciudadan\u00eda mule\u00f1a, por lo que no es conveniente asumir que cargas que no proceden.<\/li>\n<\/ul>\n<\/div><\/div><\/div><div class=\"fusion-panel panel-default panel-790134a1522d7123f fusion-toggle-has-divider\" style=\"--awb-title-color:#333333;--awb-content-color:#747474;\"><div class=\"panel-heading\"><h4 class=\"panel-title toggle\" id=\"toggle_790134a1522d7123f\"><a aria-expanded=\"false\" aria-controls=\"790134a1522d7123f\" role=\"button\" data-toggle=\"collapse\" data-parent=\"#accordion-60951-1\" data-target=\"#790134a1522d7123f\" href=\"#790134a1522d7123f\"><span class=\"fusion-toggle-icon-wrapper\" aria-hidden=\"true\"><i class=\"fa-fusion-box active-icon awb-icon-minus\" aria-hidden=\"true\"><\/i><i class=\"fa-fusion-box inactive-icon awb-icon-plus\" aria-hidden=\"true\"><\/i><\/span><span class=\"fusion-toggle-heading\">3. Farolas alumbrado pol\u00edgono 144 El Ribazo<\/span><\/a><\/h4><\/div><div id=\"790134a1522d7123f\" class=\"panel-collapse collapse \" aria-labelledby=\"toggle_790134a1522d7123f\"><div class=\"panel-body toggle-content fusion-clearfix\">\n<ul>\n<li><strong>Descripci\u00f3n: <\/strong>Iluminaci\u00f3n para mejor visi\u00f3n y mayor seguridad<\/li>\n<li><strong>Justificaci\u00f3n: <\/strong>Ante los varios robos sufridos por nuestros vecinos y la poca iluminaci\u00f3n en el camino vecinal, lo que facilita la actuaci\u00f3n de los cacos<\/li>\n<li><strong>Justificaci\u00f3n t\u00e9cnica no sometimiento a votaci\u00f3n: <\/strong>El Ayuntamiento no esta obligado a dotar de servicios urbanos (como el alumbrado) a las zonas que no los son. El coste (de instalaci\u00f3n y mantenimiento) de estos servicios repercute en toda la ciudadan\u00eda mule\u00f1a, por lo que no es conveniente asumir que cargas que no proceden.<\/li>\n<\/ul>\n<\/div><\/div><\/div><div class=\"fusion-panel panel-default panel-7696571c943f3c9a7 fusion-toggle-has-divider\" style=\"--awb-title-color:#333333;--awb-content-color:#747474;\"><div class=\"panel-heading\"><h4 class=\"panel-title toggle\" id=\"toggle_7696571c943f3c9a7\"><a aria-expanded=\"false\" aria-controls=\"7696571c943f3c9a7\" role=\"button\" data-toggle=\"collapse\" data-parent=\"#accordion-60951-1\" data-target=\"#7696571c943f3c9a7\" href=\"#7696571c943f3c9a7\"><span class=\"fusion-toggle-icon-wrapper\" aria-hidden=\"true\"><i class=\"fa-fusion-box active-icon awb-icon-minus\" aria-hidden=\"true\"><\/i><i class=\"fa-fusion-box inactive-icon awb-icon-plus\" aria-hidden=\"true\"><\/i><\/span><span class=\"fusion-toggle-heading\">4. Limpieza de grafitis<\/span><\/a><\/h4><\/div><div id=\"7696571c943f3c9a7\" class=\"panel-collapse collapse \" aria-labelledby=\"toggle_7696571c943f3c9a7\"><div class=\"panel-body toggle-content fusion-clearfix\">\n<ul>\n<li><strong>Descripci\u00f3n: <\/strong>Que se limpien los grafitis<\/li>\n<li><strong>Justificaci\u00f3n: <\/strong>Seg\u00fan la teor\u00eda de las ventanas rotas (James Q. Wilson y George L. Kelling), cuantos m\u00e1s grafitis hay, m\u00e1s habr\u00e1. Por lo tanto es muy importante eliminar los que est\u00e1n para evitar su proliferaci\u00f3n.<\/li>\n<li><strong>Justificaci\u00f3n t\u00e9cnica no sometimiento a votaci\u00f3n: <\/strong>La limpieza de los grafitis (cuando se encuentran sobre elementos municipales) forma parte del trabajo de los servicios de mantenimiento del municipio, y procedemos a la limpieza de los mismos en el momento en que son advertidos, en funci\u00f3n de las posibilidades del servicio. No se trata de inversi\u00f3n en el sentido en el que se cre\u00f3 la convocatoria de estos presupuestos participativos.<\/li>\n<\/ul>\n<\/div><\/div><\/div><div class=\"fusion-panel panel-default panel-745bc01c08598fa33 fusion-toggle-has-divider\" style=\"--awb-title-color:#333333;--awb-content-color:#747474;\"><div class=\"panel-heading\"><h4 class=\"panel-title toggle\" id=\"toggle_745bc01c08598fa33\"><a aria-expanded=\"false\" aria-controls=\"745bc01c08598fa33\" role=\"button\" data-toggle=\"collapse\" data-parent=\"#accordion-60951-1\" data-target=\"#745bc01c08598fa33\" href=\"#745bc01c08598fa33\"><span class=\"fusion-toggle-icon-wrapper\" aria-hidden=\"true\"><i class=\"fa-fusion-box active-icon awb-icon-minus\" aria-hidden=\"true\"><\/i><i class=\"fa-fusion-box inactive-icon awb-icon-plus\" aria-hidden=\"true\"><\/i><\/span><span class=\"fusion-toggle-heading\">5. Poner algunos bancos para sentarse en Paraje del Ribazo<\/span><\/a><\/h4><\/div><div id=\"745bc01c08598fa33\" class=\"panel-collapse collapse \" aria-labelledby=\"toggle_745bc01c08598fa33\"><div class=\"panel-body toggle-content fusion-clearfix\">\n<ul>\n<li><strong>Descripci\u00f3n: <\/strong>Bancos para sentarse en pol\u00edgono 44. Paraje del Ribazo (Avenida del Ribazo)<\/li>\n<li><strong>Justificaci\u00f3n: <\/strong>Los vecinos ya pusieron algunos pero no re\u00fanen las condiciones adecuadas<\/li>\n<li><strong>Justificaci\u00f3n t\u00e9cnica no sometimiento a votaci\u00f3n: <\/strong>Dada la escasa entidad de la inversi\u00f3n, entendemos que no tiene mucho sentido incluir esta medida en la convocatoria. Se toma nota de la demanda para hacerlo con el gasto corriente (con la pr\u00f3xima remesa de bancos municipales que se compre).<\/li>\n<\/ul>\n<\/div><\/div><\/div><div class=\"fusion-panel panel-default panel-9d6b5631fd7607814 fusion-toggle-has-divider\" style=\"--awb-title-color:#333333;--awb-content-color:#747474;\"><div class=\"panel-heading\"><h4 class=\"panel-title toggle\" id=\"toggle_9d6b5631fd7607814\"><a aria-expanded=\"false\" aria-controls=\"9d6b5631fd7607814\" role=\"button\" data-toggle=\"collapse\" data-parent=\"#accordion-60951-1\" data-target=\"#9d6b5631fd7607814\" href=\"#9d6b5631fd7607814\"><span class=\"fusion-toggle-icon-wrapper\" aria-hidden=\"true\"><i class=\"fa-fusion-box active-icon awb-icon-minus\" aria-hidden=\"true\"><\/i><i class=\"fa-fusion-box inactive-icon awb-icon-plus\" aria-hidden=\"true\"><\/i><\/span><span class=\"fusion-toggle-heading\">6. Iluminaci\u00f3n calle nuestra se\u00f1ora Del Olmo<\/span><\/a><\/h4><\/div><div id=\"9d6b5631fd7607814\" class=\"panel-collapse collapse \" aria-labelledby=\"toggle_9d6b5631fd7607814\"><div class=\"panel-body toggle-content fusion-clearfix\">\n<ul>\n<li><strong>Descripci\u00f3n: <\/strong>En la calle nuestra se\u00f1ora Del Olmo hay muy poco iluminaci\u00f3n, no se ve casi nada por la noche. Tambi\u00e9n hay cableado suelto.<\/li>\n<li><strong>Justificaci\u00f3n: <\/strong>Poca iluminaci\u00f3n y cableado suelto<\/li>\n<li><strong>Justificaci\u00f3n t\u00e9cnica no sometimiento a votaci\u00f3n: <\/strong>Medida incluida en actuaci\u00f3n de renovaci\u00f3n de alumbrado Zona Oeste a Tecnolog\u00eda LED ya prevista, cambio de bombillas agotadas hasta la realizaci\u00f3n de la actuaci\u00f3n. Se realiza solicitud a Telef\u00f3nica para la retirada de cableado.<\/li>\n<\/ul>\n<\/div><\/div><\/div><div class=\"fusion-panel panel-default panel-fc08c26355e2a2c5a fusion-toggle-has-divider\" style=\"--awb-title-color:#333333;--awb-content-color:#747474;\"><div class=\"panel-heading\"><h4 class=\"panel-title toggle\" id=\"toggle_fc08c26355e2a2c5a\"><a aria-expanded=\"false\" aria-controls=\"fc08c26355e2a2c5a\" role=\"button\" data-toggle=\"collapse\" data-parent=\"#accordion-60951-1\" data-target=\"#fc08c26355e2a2c5a\" href=\"#fc08c26355e2a2c5a\"><span class=\"fusion-toggle-icon-wrapper\" aria-hidden=\"true\"><i class=\"fa-fusion-box active-icon awb-icon-minus\" aria-hidden=\"true\"><\/i><i class=\"fa-fusion-box inactive-icon awb-icon-plus\" aria-hidden=\"true\"><\/i><\/span><span class=\"fusion-toggle-heading\">7. Zona sombraje patio CEIP Florentino Bayona<\/span><\/a><\/h4><\/div><div id=\"fc08c26355e2a2c5a\" class=\"panel-collapse collapse \" aria-labelledby=\"toggle_fc08c26355e2a2c5a\"><div class=\"panel-body toggle-content fusion-clearfix\">\n<ul>\n<li><strong>Descripci\u00f3n: <\/strong>Desde el AMPA FLORENTINO BAYONA y comunidad educativa se propone la instalaci\u00f3n de zona de sombraje ya sea tipo p\u00e9rgola cuyo presupuesto se adjunta; toldos u otro tipo de elementos con la misma finalidad mencionada anteriormente.<\/li>\n<li><strong>Justificaci\u00f3n:<\/strong>Desde el AMPA CEIP FLORENTINO BAYONA queremos trasladar nuestra creciente preocupaci\u00f3n y de toda la comunidad educativa, debido a las altas temperaturas y exposici\u00f3n al sol que soportan tanto el alumnado como el profesorado durante las horas escolares en el patio. El pasado curso, varios alumnos sufrieron consecuencias en su salud debido a las altas temperaturas, lo que pone de manifiesto la urgente necesidad de abordar esta demanda hist\u00f3rica con medidas preventivas y eficaces destinadas a salvaguardar la salud del alumnado. Adem\u00e1s, numerosos padres y madres se han dirigido al AMPA para expresar su malestar por esta situaci\u00f3n y solicitar que intervengamos en nombre de todas las familias del centro. La falta de zonas de sombra expone diariamente al alumnado a un riesgo evitable para su salud y bienestar (deshidrataci\u00f3n, golpes de calor, quemaduras&#8230;)<br \/>\nPor todo ello, desde el AMPA CEIP FLORENTINO BAYONA junto con el respaldo de toda la comunidad educativa se propone la instalaci\u00f3n de elementos de sombra (toldos, p\u00e9rgolas u otras soluciones efectivas) que mitiguen el impacto del calor y protejan al alumnado durante el recreo y actividades educativas aunque el term\u00f3metro registre temperaturas altas. Crear una nueva zona de sombra aliviar\u00eda los problemas de climatizaci\u00f3n, esta convocatoria puede ser una oportunidad para destinar esta partida presupuestaria en mejorar las instalaciones del centro escolar de titularidad municipal y revertir en una mejora sustancial en las condiciones de acogida y de servicio al conjunto de la comunidad educativa de la localidad.<\/li>\n<li><strong>Justificaci\u00f3n t\u00e9cnica no sometimiento a votaci\u00f3n:<\/strong>Es competencia municipal el mantenimiento de los centros educativos, no as\u00ed las inversiones en los mismos que corrresponde a la Consejer\u00eda de Educaci\u00f3n. La medida propuesta es una inversi\u00f3n.<\/li>\n<\/ul>\n<\/div><\/div><\/div><div class=\"fusion-panel panel-default panel-0579d5d71846b50ec fusion-toggle-has-divider\" style=\"--awb-title-color:#333333;--awb-content-color:#747474;\"><div class=\"panel-heading\"><h4 class=\"panel-title toggle\" id=\"toggle_0579d5d71846b50ec\"><a aria-expanded=\"false\" aria-controls=\"0579d5d71846b50ec\" role=\"button\" data-toggle=\"collapse\" data-parent=\"#accordion-60951-1\" data-target=\"#0579d5d71846b50ec\" href=\"#0579d5d71846b50ec\"><span class=\"fusion-toggle-icon-wrapper\" aria-hidden=\"true\"><i class=\"fa-fusion-box active-icon awb-icon-minus\" aria-hidden=\"true\"><\/i><i class=\"fa-fusion-box inactive-icon awb-icon-plus\" aria-hidden=\"true\"><\/i><\/span><span class=\"fusion-toggle-heading\">8. Mal estado cableado calle nuestra se\u00f1ora Del Olmo<\/span><\/a><\/h4><\/div><div id=\"0579d5d71846b50ec\" class=\"panel-collapse collapse \" aria-labelledby=\"toggle_0579d5d71846b50ec\"><div class=\"panel-body toggle-content fusion-clearfix\">\n<ul>\n<li><strong>Descripci\u00f3n: <\/strong>En la calle nuestra se\u00f1ora Del Olmo hay muy poco iluminaci\u00f3n, no se ve casi nada por la noche. Tambi\u00e9n hay cableado suelto.<\/li>\n<li><strong>Justificaci\u00f3n: <\/strong>Poca iluminaci\u00f3n y cableado suelto<\/li>\n<li><strong>Justificaci\u00f3n t\u00e9cnica no sometimiento a votaci\u00f3n: <\/strong>Se trata de una demanda de arreglo puntual y no una inversi\u00f3n o propuesta de mejora como tal para el municipio.<\/li>\n<\/ul>\n<\/div><\/div><\/div><div class=\"fusion-panel panel-default panel-5558192f30700ee36 fusion-toggle-has-divider\" style=\"--awb-title-color:#333333;--awb-content-color:#747474;\"><div class=\"panel-heading\"><h4 class=\"panel-title toggle\" id=\"toggle_5558192f30700ee36\"><a aria-expanded=\"false\" aria-controls=\"5558192f30700ee36\" role=\"button\" data-toggle=\"collapse\" data-parent=\"#accordion-60951-1\" data-target=\"#5558192f30700ee36\" href=\"#5558192f30700ee36\"><span class=\"fusion-toggle-icon-wrapper\" aria-hidden=\"true\"><i class=\"fa-fusion-box active-icon awb-icon-minus\" aria-hidden=\"true\"><\/i><i class=\"fa-fusion-box inactive-icon awb-icon-plus\" aria-hidden=\"true\"><\/i><\/span><span class=\"fusion-toggle-heading\">9. Iluminaci\u00f3n y acera camino peatonal<\/span><\/a><\/h4><\/div><div id=\"5558192f30700ee36\" class=\"panel-collapse collapse \" aria-labelledby=\"toggle_5558192f30700ee36\"><div class=\"panel-body toggle-content fusion-clearfix\">\n<ul>\n<li><strong>Descripci\u00f3n: <\/strong>La carretera que sube desde la redondita del \u00abHipermula\u00bb hasta la cooperativa tiene la necesidad de tener una zona peatonal, una acera o algo as\u00ed y deber\u00eda estar iluminada, actualmente 0 iluminaci\u00f3n. Mucha gente sale a andar por ah\u00ed o sube a trabajar y es bastante peligroso para los peatones, creo que con esto, se solucionar\u00eda el problema.<\/li>\n<li><strong>Justificaci\u00f3n: <\/strong>Es importante para evitar accidentes<\/li>\n<li><strong>Justificaci\u00f3n t\u00e9cnica no sometimiento a votaci\u00f3n:<\/strong>La dotaci\u00f3n de servicios (aceras y alumbrado entre ellos) a esa zona deber\u00eda en principio costearse con cargo a la junta de propietarios que en su d\u00eda desarrolle dicho sector urban\u00edstico. Adem\u00e1s, estamos pendientes de que la Comunidad Aut\u00f3noma de la Regi\u00f3n de Murcia ejecute los colectores de pluviales en dicho vial a lo largo del pr\u00f3ximo a\u00f1o, por lo que no es recomendable realizar ahora aceras que entorpezcan la realizaci\u00f3n de las referidas obras y\/o que puedan da\u00f1arse durante las mismas.<\/li>\n<\/ul>\n<\/div><\/div><\/div><div class=\"fusion-panel panel-default panel-edf9b04d9b7c59b2f fusion-toggle-has-divider\" style=\"--awb-title-color:#333333;--awb-content-color:#747474;\"><div class=\"panel-heading\"><h4 class=\"panel-title toggle\" id=\"toggle_edf9b04d9b7c59b2f\"><a aria-expanded=\"false\" aria-controls=\"edf9b04d9b7c59b2f\" role=\"button\" data-toggle=\"collapse\" data-parent=\"#accordion-60951-1\" data-target=\"#edf9b04d9b7c59b2f\" href=\"#edf9b04d9b7c59b2f\"><span class=\"fusion-toggle-icon-wrapper\" aria-hidden=\"true\"><i class=\"fa-fusion-box active-icon awb-icon-minus\" aria-hidden=\"true\"><\/i><i class=\"fa-fusion-box inactive-icon awb-icon-plus\" aria-hidden=\"true\"><\/i><\/span><span class=\"fusion-toggle-heading\">10. Paso sobreelevado en cruce del Curtis<\/span><\/a><\/h4><\/div><div id=\"edf9b04d9b7c59b2f\" class=\"panel-collapse collapse \" aria-labelledby=\"toggle_edf9b04d9b7c59b2f\"><div class=\"panel-body toggle-content fusion-clearfix\">\n<ul>\n<li><strong>Descripci\u00f3n: <\/strong>Un cruce o puente sobreelevado para peatones para la zona del cruce del Curt\u00eds<\/li>\n<li><strong>Justificaci\u00f3n: <\/strong>Es importante para evitar accidentes<\/li>\n<li><strong>Justificaci\u00f3n t\u00e9cnica no sometimiento a votaci\u00f3n: <\/strong>Necesidad de expropiaci\u00f3n de terrenos. Coste en conjunto superior a los 50,000 \u20ac dispuestos en la convocatoria.<\/li>\n<\/ul>\n<\/div><\/div><\/div><div class=\"fusion-panel panel-default panel-9938dae434780b633 fusion-toggle-has-divider\" style=\"--awb-title-color:#333333;--awb-content-color:#747474;\"><div class=\"panel-heading\"><h4 class=\"panel-title toggle\" id=\"toggle_9938dae434780b633\"><a aria-expanded=\"false\" aria-controls=\"9938dae434780b633\" role=\"button\" data-toggle=\"collapse\" data-parent=\"#accordion-60951-1\" data-target=\"#9938dae434780b633\" href=\"#9938dae434780b633\"><span class=\"fusion-toggle-icon-wrapper\" aria-hidden=\"true\"><i class=\"fa-fusion-box active-icon awb-icon-minus\" aria-hidden=\"true\"><\/i><i class=\"fa-fusion-box inactive-icon awb-icon-plus\" aria-hidden=\"true\"><\/i><\/span><span class=\"fusion-toggle-heading\">11. Instalaciones deportivas<\/span><\/a><\/h4><\/div><div id=\"9938dae434780b633\" class=\"panel-collapse collapse \" aria-labelledby=\"toggle_9938dae434780b633\"><div class=\"panel-body toggle-content fusion-clearfix\">\n<ul>\n<li><strong>Descripci\u00f3n: <\/strong>Instalaciones deportivas, ya que los ni\u00f1os tienen que estar saltando la vaya del colegio todos los d\u00edas para poder jugar al f\u00fatbol.<\/li>\n<li><strong>Justificaci\u00f3n:<\/strong><\/li>\n<li><strong>Justificaci\u00f3n t\u00e9cnica no sometimiento a votaci\u00f3n: <\/strong>Medida ambigua. No describe las instalaciones que quiere, en cualquier caso, la compra de terrenos y la inversi\u00f3n necesaria para construir la instalaci\u00f3n (por ejemplo, una pista de futbito) superar\u00eda los 50000\u20ac.<\/li>\n<\/ul>\n<\/div><\/div><\/div><div class=\"fusion-panel panel-default panel-02f1f19c2293e8061 fusion-toggle-has-divider\" style=\"--awb-title-color:#333333;--awb-content-color:#747474;\"><div class=\"panel-heading\"><h4 class=\"panel-title toggle\" id=\"toggle_02f1f19c2293e8061\"><a aria-expanded=\"false\" aria-controls=\"02f1f19c2293e8061\" role=\"button\" data-toggle=\"collapse\" data-parent=\"#accordion-60951-1\" data-target=\"#02f1f19c2293e8061\" href=\"#02f1f19c2293e8061\"><span class=\"fusion-toggle-icon-wrapper\" aria-hidden=\"true\"><i class=\"fa-fusion-box active-icon awb-icon-minus\" aria-hidden=\"true\"><\/i><i class=\"fa-fusion-box inactive-icon awb-icon-plus\" aria-hidden=\"true\"><\/i><\/span><span class=\"fusion-toggle-heading\">12. Instalaciones deportivas en Fuente Librilla<\/span><\/a><\/h4><\/div><div id=\"02f1f19c2293e8061\" class=\"panel-collapse collapse \" aria-labelledby=\"toggle_02f1f19c2293e8061\"><div class=\"panel-body toggle-content fusion-clearfix\">\n<ul>\n<li><strong>Descripci\u00f3n: <\/strong>Compra de terrenos para instalaci\u00f3n deportiva, ya que la pedan\u00eda no dispone de ellas y los vecinos tienen que irse a otros municipios a practicar deporte.<\/li>\n<li><strong>Justificaci\u00f3n: <\/strong>Debido a que la pedan\u00eda de Fuente Librilla no tiene instalaciones deportivas p\u00fablicas, propongo que se compre alg\u00fan terreno para que en un futuro se puedan construir alguna instalaci\u00f3n deportiva,<\/li>\n<li><strong>Justificaci\u00f3n t\u00e9cnica no sometimiento a votaci\u00f3n:<\/strong>Esta medida cuenta con el inconveniente de estar supeditada a la voluntad de los vecinos que en la actualidad son los propietarios de las zonas de equipamiento. No ser\u00eda un importe finalista ya que se podr\u00eda (si se llega a acuerdo con el propietario) comprar el terreno, pero no ser\u00eda una obra.<\/li>\n<\/ul>\n<\/div><\/div><\/div><div class=\"fusion-panel panel-default panel-3c7a4ec0cab95c014 fusion-toggle-has-divider\" style=\"--awb-title-color:#333333;--awb-content-color:#747474;\"><div class=\"panel-heading\"><h4 class=\"panel-title toggle\" id=\"toggle_3c7a4ec0cab95c014\"><a aria-expanded=\"false\" aria-controls=\"3c7a4ec0cab95c014\" role=\"button\" data-toggle=\"collapse\" data-parent=\"#accordion-60951-1\" data-target=\"#3c7a4ec0cab95c014\" href=\"#3c7a4ec0cab95c014\"><span class=\"fusion-toggle-icon-wrapper\" aria-hidden=\"true\"><i class=\"fa-fusion-box active-icon awb-icon-minus\" aria-hidden=\"true\"><\/i><i class=\"fa-fusion-box inactive-icon awb-icon-plus\" aria-hidden=\"true\"><\/i><\/span><span class=\"fusion-toggle-heading\">13. Proyecto Y\u00e9char 360\u00ba. Regeneraci\u00f3n integral tur\u00edstico-deportiva<\/span><\/a><\/h4><\/div><div id=\"3c7a4ec0cab95c014\" class=\"panel-collapse collapse \" aria-labelledby=\"toggle_3c7a4ec0cab95c014\"><div class=\"panel-body toggle-content fusion-clearfix\">\n<ul>\n<li><strong><strong>Descripci\u00f3n: <\/strong><\/strong>La intervenci\u00f3n se estructura en cuatro \u00e1mbitos diferenciados:\n<ul>\n<li>1. Zona Deportiva Central<br \/>\n\u2022Acondicionamiento del terreno actual.<br \/>\n\u2022Nivelaci\u00f3n y compactado.<br \/>\n\u2022Instalaci\u00f3n de porter\u00edas reglamentarias F\u00fatbol 7.<br \/>\n\u2022Delimitaci\u00f3n perimetral.<br \/>\n\u2022Mejora del drenaje superficial.<br \/>\nObjetivo: recuperar el uso deportivo hist\u00f3rico del recinto<\/li>\n<li>2. Zona de Ocio y Gimnasio de Calle<br \/>\n\u2022Instalaci\u00f3n de elementos de calistenia homologados.<br \/>\n\u2022Bancos de madera.<br \/>\n\u2022Zona sombreada.<br \/>\n\u2022Integraci\u00f3n paisaj\u00edstica.<br \/>\nObjetivo: fomentar h\u00e1bitos saludables y convivencia vecinal.<\/li>\n<li>3. Jard\u00edn Bot\u00e1nico y Centro de Interpretaci\u00f3n<br \/>\n\u2022Plantaci\u00f3n de especies aut\u00f3ctonas: romero, lavanda, enebro, olivo, algarrobo y almendro.<br \/>\n\u2022Recuperaci\u00f3n del entorno del Lavaor y abrevadero.<br \/>\n\u2022Adecuaci\u00f3n b\u00e1sica de los antiguos vestuarios como punto interpretativo.<br \/>\nContenidos del centro:<br \/>\n\u2022Prehistoria (Abrigo de Justo, Cejo Cortado).<br \/>\n\u2022Mundo ibero-romano (Villa Balsa, Fuente Y\u00e9char I y II).<br \/>\n\u2022Patrimonio etnogr\u00e1fico (Lavaor, Ca\u00f1ada Real).<br \/>\n\u2022Arquitectura tradicional.<br \/>\nObjetivo: reforzar identidad local y educaci\u00f3n patrimonial.<\/li>\n<li>4. \u00c1rea de Servicio para Autocaravanas (Exterior del Recinto)Ubicaci\u00f3n fuera del vallado del campo de f\u00fatbol.<br \/>\nCaracter\u00edsticas:<br \/>\n\u20226 plazas delimitadas.<br \/>\n\u2022Plataforma hormigonada para vaciado.<br \/>\n\u2022Punto de agua potable.<br \/>\n\u2022Se\u00f1alizaci\u00f3n.<br \/>\n\u2022Estancia m\u00e1xima 48\u201372 horas.<br \/>\nNo constituye camping. Es \u00e1rea t\u00e9cnica de parada regulada.<br \/>\nObjetivo: ordenar turismo itinerante y generar impacto econ\u00f3mico indirecto.<\/li>\n<\/ul>\n<\/li>\n<li><strong><strong>Justificaci\u00f3n: <\/strong><\/strong>El antiguo campo de f\u00fatbol de Y\u00e9char se encuentra actualmente en desuso y presenta un estado de abandono que supone una p\u00e9rdida de oportunidad para la pedan\u00eda y para el municipio de Mula.<br \/>\nLa propuesta tiene como finalidad recuperar este espacio p\u00fablico para convertirlo en un enclave multifuncional que combine:<br \/>\n\u2022Uso deportivo vecinal.<br \/>\n\u2022Espacio de convivencia intergeneracional.<br \/>\n\u2022Puesta en valor del patrimonio hist\u00f3rico.<br \/>\n\u2022Ordenaci\u00f3n del turismo rural itinerante.<br \/>\nEl recinto ocupa una posici\u00f3n estrat\u00e9gica como puerta natural hacia enclaves de alto valor paisaj\u00edstico y patrimonial como:<br \/>\n\u2022Fuente Caputa<br \/>\n\u2022Cejo Cortado<br \/>\n\u2022Rambla Perea<br \/>\n\u2022Ba\u00f1os de Mula<br \/>\n\u2022Puebla de MulaActualmente existe presi\u00f3n tur\u00edstica desordenada en algunos de estos espacios naturales. La creaci\u00f3n de un \u00e1rea regulada permitir\u00e1 ordenar flujos, reducir impactos ambientales y generar actividad econ\u00f3mica local.<br \/>\nAsimismo, el proyecto incorpora la colaboraci\u00f3n con la Sociedad de Estudios Historiol\u00f3gicos y Etnogr\u00e1ficos, destacando la labor investigadora de Pedro Lucas Salcedo y Teresa Fern\u00e1ndez Azor\u00edn en la recuperaci\u00f3n del patrimonio de Y\u00e9char.<br \/>\nEl objetivo final es la recuperaci\u00f3n integral del Campo de F\u00fatbol de Y\u00e9char como \u00c1rea de Ocio, Deporte, Patrimonio y Punto de Acogida de Turismo RuralLa actuaci\u00f3n es viable, proporcionada y ajustada al l\u00edmite presupuestario establecido.<\/li>\n<li><strong>Justificaci\u00f3n t\u00e9cnica no sometimiento a votaci\u00f3n:<\/strong> Los 50.000 \u20ac no dan para rehabilitar una superficie tan extensa como la del campo de f\u00fatbol.<\/li>\n<\/ul>\n<\/div><\/div><\/div><div class=\"fusion-panel panel-default panel-709838348fb8aa880 fusion-toggle-has-divider\" style=\"--awb-title-color:#333333;--awb-content-color:#747474;\"><div class=\"panel-heading\"><h4 class=\"panel-title toggle\" id=\"toggle_709838348fb8aa880\"><a aria-expanded=\"false\" aria-controls=\"709838348fb8aa880\" role=\"button\" data-toggle=\"collapse\" data-parent=\"#accordion-60951-1\" data-target=\"#709838348fb8aa880\" href=\"#709838348fb8aa880\"><span class=\"fusion-toggle-icon-wrapper\" aria-hidden=\"true\"><i class=\"fa-fusion-box active-icon awb-icon-minus\" aria-hidden=\"true\"><\/i><i class=\"fa-fusion-box inactive-icon awb-icon-plus\" aria-hidden=\"true\"><\/i><\/span><span class=\"fusion-toggle-heading\">14. Pistas de petanca p\u00fablicas en Fuente Librilla<\/span><\/a><\/h4><\/div><div id=\"709838348fb8aa880\" class=\"panel-collapse collapse \" aria-labelledby=\"toggle_709838348fb8aa880\"><div class=\"panel-body toggle-content fusion-clearfix\">\n<ul>\n<li><strong><strong><strong>Descripci\u00f3n: <\/strong><\/strong><\/strong>Se solicitan un m\u00ednimo de 4 pistas de petanca en terreno p\u00fablico, de un tama\u00f1o acorde al descrito por la federaci\u00f3n espa\u00f1ola. M\u00ednimo de 3&#215;12 m y un tama\u00f1o recomendado de 4&#215;15 m. Tambi\u00e9n se deber\u00eda contar con la iluminaci\u00f3n necesaria para la practica del deporte.<\/li>\n<li><strong>Justificaci\u00f3n:\u00a0<\/strong>La petanca es un deporte l\u00fadico y apto para todas las edades, con amplia participaci\u00f3n en la pedan\u00eda de Fuente Librilla. Pero no se consta con unas instalaciones m\u00ednimas de car\u00e1cter p\u00fablico sobre las que dar continuidad con garant\u00edas a esta actividad, ya sea de manera recreativa o federativa.El Club Petanca Fuente Librilla cuenta con un total de 18 socios federados, pero son muchos m\u00e1s los vecinos que todas las tardes practican el deporte de la petanca en instalaciones de \u00edndole privada. Esta casu\u00edstica no deja margen de mejora en las instalaciones. No se puede adecuar el terreno para sombrajes, no hay un recinto para salvaguardar el material, no se dispone de ba\u00f1os, ni de una peque\u00f1a toma de agua potable, etc.Un terreno p\u00fablico y adecuado para la pr\u00e1ctica de la petanca, permitir\u00eda al Club, en colaboraci\u00f3n con el Ayuntamiento de Mula, ir mejorando poco a poco estas instalaciones iniciales, permitiendo salvaguardar la pr\u00e1ctica de este deporte.<\/li>\n<li><strong>Justificaci\u00f3n t\u00e9cnica no sometimiento a votaci\u00f3n:<\/strong> Contamos con el inconveniente de no disponer de unos terrenos donde realizarlas. Se podr\u00edan hacer si se contara con la cesi\u00f3n anticipada de los propietarios de los terrenos marcados para equipamientos por el Plan General.<\/li>\n<\/ul>\n<\/div><\/div><\/div><div class=\"fusion-panel panel-default panel-ceeb1ffef64e94463 fusion-toggle-has-divider\" style=\"--awb-title-color:#333333;--awb-content-color:#747474;\"><div class=\"panel-heading\"><h4 class=\"panel-title toggle\" id=\"toggle_ceeb1ffef64e94463\"><a aria-expanded=\"false\" aria-controls=\"ceeb1ffef64e94463\" role=\"button\" data-toggle=\"collapse\" data-parent=\"#accordion-60951-1\" data-target=\"#ceeb1ffef64e94463\" href=\"#ceeb1ffef64e94463\"><span class=\"fusion-toggle-icon-wrapper\" aria-hidden=\"true\"><i class=\"fa-fusion-box active-icon awb-icon-minus\" aria-hidden=\"true\"><\/i><i class=\"fa-fusion-box inactive-icon awb-icon-plus\" aria-hidden=\"true\"><\/i><\/span><span class=\"fusion-toggle-heading\">15. Sombraje y juegos en el parque de Fuente Librilla<\/span><\/a><\/h4><\/div><div id=\"ceeb1ffef64e94463\" class=\"panel-collapse collapse \" aria-labelledby=\"toggle_ceeb1ffef64e94463\"><div class=\"panel-body toggle-content fusion-clearfix\">\n<ul>\n<li><strong><strong><strong>Descripci\u00f3n: <\/strong><\/strong><\/strong>Renovaci\u00f3n de juegos infantiles (columpios actualmente en mal estado) y otros juegos. Plantaci\u00f3n \u00e1rboles de sombraje.<\/li>\n<li><strong>Justificaci\u00f3n:\u00a0<\/strong><\/li>\n<li><strong>Justificaci\u00f3n t\u00e9cnica no sometimiento a votaci\u00f3n: <\/strong>Existen ya juegos infantiles, que se han montado hace relativamente poco tiempo. Para la p\u00e9rgola se han sembrado especies trepadoras que en su momento deben formar una cubierta vegetal.<\/li>\n<\/ul>\n<\/div><\/div><\/div><div class=\"fusion-panel panel-default panel-58f114a2bd8e1e1b4 fusion-toggle-has-divider\" style=\"--awb-title-color:#333333;--awb-content-color:#747474;\"><div class=\"panel-heading\"><h4 class=\"panel-title toggle\" id=\"toggle_58f114a2bd8e1e1b4\"><a aria-expanded=\"false\" aria-controls=\"58f114a2bd8e1e1b4\" role=\"button\" data-toggle=\"collapse\" data-parent=\"#accordion-60951-1\" data-target=\"#58f114a2bd8e1e1b4\" href=\"#58f114a2bd8e1e1b4\"><span class=\"fusion-toggle-icon-wrapper\" aria-hidden=\"true\"><i class=\"fa-fusion-box active-icon awb-icon-minus\" aria-hidden=\"true\"><\/i><i class=\"fa-fusion-box inactive-icon awb-icon-plus\" aria-hidden=\"true\"><\/i><\/span><span class=\"fusion-toggle-heading\">16. Colocaci\u00f3n de farolas Casas Nuevas<\/span><\/a><\/h4><\/div><div id=\"58f114a2bd8e1e1b4\" class=\"panel-collapse collapse \" aria-labelledby=\"toggle_58f114a2bd8e1e1b4\"><div class=\"panel-body toggle-content fusion-clearfix\">\n<ul>\n<li><strong><strong><strong>Descripci\u00f3n: <\/strong><\/strong><\/strong>Colocaci\u00f3n de farolas, desde el restaurante Colombinos hacia el Cementerio.<\/li>\n<li><strong>Justificaci\u00f3n:\u00a0<\/strong><\/li>\n<li><strong>Justificaci\u00f3n t\u00e9cnica no sometimiento a votaci\u00f3n:<\/strong>El Ayuntamiento no esta obligado a dotar de servicios urbanos (como el alumbrado) a las zonas que no los son. El coste (de instalaci\u00f3n y mantenimiento) de estos servicios repercute en toda la ciudadan\u00eda mule\u00f1a, por lo que no es conveniente asumir que cargas que no proceden.<\/li>\n<\/ul>\n<\/div><\/div><\/div><div class=\"fusion-panel panel-default panel-9d2581ff5b21e8867 fusion-toggle-has-divider\" style=\"--awb-title-color:#333333;--awb-content-color:#747474;\"><div class=\"panel-heading\"><h4 class=\"panel-title toggle\" id=\"toggle_9d2581ff5b21e8867\"><a aria-expanded=\"false\" aria-controls=\"9d2581ff5b21e8867\" role=\"button\" data-toggle=\"collapse\" data-parent=\"#accordion-60951-1\" data-target=\"#9d2581ff5b21e8867\" href=\"#9d2581ff5b21e8867\"><span class=\"fusion-toggle-icon-wrapper\" aria-hidden=\"true\"><i class=\"fa-fusion-box active-icon awb-icon-minus\" aria-hidden=\"true\"><\/i><i class=\"fa-fusion-box inactive-icon awb-icon-plus\" aria-hidden=\"true\"><\/i><\/span><span class=\"fusion-toggle-heading\">17. Mejora Los Ba\u00f1os de Mula<\/span><\/a><\/h4><\/div><div id=\"9d2581ff5b21e8867\" class=\"panel-collapse collapse \" aria-labelledby=\"toggle_9d2581ff5b21e8867\"><div class=\"panel-body toggle-content fusion-clearfix\">\n<ul>\n<li><strong><strong><strong>Descripci\u00f3n: <\/strong><\/strong><\/strong>Acciones propuestas: Reductor de velocidad en calle Juan Mtnez Soto y en la Misericordia. Instalaci\u00f3n de papeleras en varios puntos. Limpieza cunetas zona redonda Misericordia. Creaci\u00f3n de murete desde la Fuente bajo el Pozo hasta cuesta del Tabl\u00f3n para evitar que el barro invada la carretera. Arreglo barandillas del puente del rio.<\/li>\n<li><strong>Justificaci\u00f3n:\u00a0<\/strong><\/li>\n<li><strong>Justificaci\u00f3n t\u00e9cnica no sometimiento a votaci\u00f3n:<\/strong> La mayor\u00eda de las actuaciones propuestas (Cunetas, Muro, Puente\u2026) corresponden a la Comunidad Aut\u00f3noma de la Regi\u00f3n de Murcia (DG de Carreteras). Se les env\u00eda de nuevo comunicado para que procedan a su arreglo.<\/li>\n<\/ul>\n<\/div><\/div><\/div><div class=\"fusion-panel panel-default panel-13ed18c48868b276f fusion-toggle-has-divider\" style=\"--awb-title-color:#333333;--awb-content-color:#747474;\"><div class=\"panel-heading\"><h4 class=\"panel-title toggle\" id=\"toggle_13ed18c48868b276f\"><a aria-expanded=\"false\" aria-controls=\"13ed18c48868b276f\" role=\"button\" data-toggle=\"collapse\" data-parent=\"#accordion-60951-1\" data-target=\"#13ed18c48868b276f\" href=\"#13ed18c48868b276f\"><span class=\"fusion-toggle-icon-wrapper\" aria-hidden=\"true\"><i class=\"fa-fusion-box active-icon awb-icon-minus\" aria-hidden=\"true\"><\/i><i class=\"fa-fusion-box inactive-icon awb-icon-plus\" aria-hidden=\"true\"><\/i><\/span><span class=\"fusion-toggle-heading\">18. Realizaci\u00f3n de obras El Mirador en el Ni\u00f1o de Mula<\/span><\/a><\/h4><\/div><div id=\"13ed18c48868b276f\" class=\"panel-collapse collapse \" aria-labelledby=\"toggle_13ed18c48868b276f\"><div class=\"panel-body toggle-content fusion-clearfix\">\n<ul>\n<li><strong><strong><strong>Descripci\u00f3n: <\/strong><\/strong><\/strong>Realizaci\u00f3n de obras \u00abEl Mirador\u00bb en el Ni\u00f1o de Mula<\/li>\n<li><strong>Justificaci\u00f3n:\u00a0<\/strong><\/li>\n<li><strong>Justificaci\u00f3n t\u00e9cnica no sometimiento a votaci\u00f3n:<\/strong> Descripci\u00f3n demasiado somera, falta concreci\u00f3n. \u00bfD\u00f3nde ir\u00eda el mirador? \u00bfLos terrenos son municipales?<\/li>\n<\/ul>\n<\/div><\/div><\/div><\/div><\/div><\/div><\/div><\/div><\/div>\n","protected":false},"excerpt":{"rendered":"","protected":false},"author":1,"featured_media":60700,"parent":60685,"menu_order":0,"comment_status":"closed","ping_status":"closed","template":"","meta":{"jetpack_post_was_ever_published":false,"footnotes":""},"class_list":["post-60951","page","type-page","status-publish","has-post-thumbnail","hentry"],"yoast_head":"<!-- This site is optimized with the Yoast SEO plugin v27.5 - https:\/\/yoast.com\/product\/yoast-seo-wordpress\/ -->\n<title>Selecci\u00f3n inicial propuestas no se pueden someter a votaci\u00f3n - Ayuntamiento de Mula<\/title>\n<meta name=\"robots\" content=\"index, follow, max-snippet:-1, max-image-preview:large, max-video-preview:-1\" \/>\n<link rel=\"canonical\" href=\"https:\/\/mula.es\/web\/presupuestos-participativos-2026\/seleccion-inicial-rechazadas-votacion\/\" \/>\n<meta property=\"og:locale\" content=\"es_ES\" \/>\n<meta property=\"og:type\" content=\"article\" \/>\n<meta property=\"og:title\" content=\"Selecci\u00f3n inicial propuestas no se pueden someter a votaci\u00f3n - Ayuntamiento de Mula\" \/>\n<meta property=\"og:url\" content=\"https:\/\/mula.es\/web\/presupuestos-participativos-2026\/seleccion-inicial-rechazadas-votacion\/\" \/>\n<meta property=\"og:site_name\" content=\"Ayuntamiento de Mula\" \/>\n<meta property=\"article:modified_time\" content=\"2026-03-03T14:13:17+00:00\" \/>\n<meta property=\"og:image\" content=\"https:\/\/mula.es\/web\/wp-content\/uploads\/2026\/01\/encabezado_pparticipativos.png\" \/>\n\t<meta property=\"og:image:width\" content=\"2528\" \/>\n\t<meta property=\"og:image:height\" content=\"670\" \/>\n\t<meta property=\"og:image:type\" content=\"image\/png\" \/>\n<meta name=\"twitter:card\" content=\"summary_large_image\" \/>\n<meta name=\"twitter:site\" content=\"@AyuntamientMula\" \/>\n<meta name=\"twitter:label1\" content=\"Tiempo de lectura\" \/>\n\t<meta name=\"twitter:data1\" content=\"11 minutos\" \/>\n<script type=\"application\/ld+json\" class=\"yoast-schema-graph\">{\"@context\":\"https:\\\/\\\/schema.org\",\"@graph\":[{\"@type\":\"WebPage\",\"@id\":\"https:\\\/\\\/mula.es\\\/web\\\/presupuestos-participativos-2026\\\/seleccion-inicial-rechazadas-votacion\\\/\",\"url\":\"https:\\\/\\\/mula.es\\\/web\\\/presupuestos-participativos-2026\\\/seleccion-inicial-rechazadas-votacion\\\/\",\"name\":\"Selecci\u00f3n inicial propuestas no se pueden someter a votaci\u00f3n - Ayuntamiento de Mula\",\"isPartOf\":{\"@id\":\"https:\\\/\\\/mula.es\\\/web\\\/#website\"},\"primaryImageOfPage\":{\"@id\":\"https:\\\/\\\/mula.es\\\/web\\\/presupuestos-participativos-2026\\\/seleccion-inicial-rechazadas-votacion\\\/#primaryimage\"},\"image\":{\"@id\":\"https:\\\/\\\/mula.es\\\/web\\\/presupuestos-participativos-2026\\\/seleccion-inicial-rechazadas-votacion\\\/#primaryimage\"},\"thumbnailUrl\":\"https:\\\/\\\/mula.es\\\/web\\\/wp-content\\\/uploads\\\/2026\\\/01\\\/encabezado_pparticipativos.png\",\"datePublished\":\"2026-03-03T12:23:24+00:00\",\"dateModified\":\"2026-03-03T14:13:17+00:00\",\"breadcrumb\":{\"@id\":\"https:\\\/\\\/mula.es\\\/web\\\/presupuestos-participativos-2026\\\/seleccion-inicial-rechazadas-votacion\\\/#breadcrumb\"},\"inLanguage\":\"es\",\"potentialAction\":[{\"@type\":\"ReadAction\",\"target\":[\"https:\\\/\\\/mula.es\\\/web\\\/presupuestos-participativos-2026\\\/seleccion-inicial-rechazadas-votacion\\\/\"]}]},{\"@type\":\"ImageObject\",\"inLanguage\":\"es\",\"@id\":\"https:\\\/\\\/mula.es\\\/web\\\/presupuestos-participativos-2026\\\/seleccion-inicial-rechazadas-votacion\\\/#primaryimage\",\"url\":\"https:\\\/\\\/mula.es\\\/web\\\/wp-content\\\/uploads\\\/2026\\\/01\\\/encabezado_pparticipativos.png\",\"contentUrl\":\"https:\\\/\\\/mula.es\\\/web\\\/wp-content\\\/uploads\\\/2026\\\/01\\\/encabezado_pparticipativos.png\",\"width\":2528,\"height\":670},{\"@type\":\"BreadcrumbList\",\"@id\":\"https:\\\/\\\/mula.es\\\/web\\\/presupuestos-participativos-2026\\\/seleccion-inicial-rechazadas-votacion\\\/#breadcrumb\",\"itemListElement\":[{\"@type\":\"ListItem\",\"position\":1,\"name\":\"Portada\",\"item\":\"https:\\\/\\\/mula.es\\\/web\\\/\"},{\"@type\":\"ListItem\",\"position\":2,\"name\":\"Presupuestos participativos 2026\",\"item\":\"https:\\\/\\\/mula.es\\\/web\\\/presupuestos-participativos-2026\\\/\"},{\"@type\":\"ListItem\",\"position\":3,\"name\":\"Selecci\u00f3n inicial propuestas no se pueden someter a votaci\u00f3n\"}]},{\"@type\":\"WebSite\",\"@id\":\"https:\\\/\\\/mula.es\\\/web\\\/#website\",\"url\":\"https:\\\/\\\/mula.es\\\/web\\\/\",\"name\":\"Ayuntamiento de Mula\",\"description\":\"P\u00e1gina web del Ayuntamiento de Mula (Regi\u00f3n de Murcia)\",\"potentialAction\":[{\"@type\":\"SearchAction\",\"target\":{\"@type\":\"EntryPoint\",\"urlTemplate\":\"https:\\\/\\\/mula.es\\\/web\\\/?s={search_term_string}\"},\"query-input\":{\"@type\":\"PropertyValueSpecification\",\"valueRequired\":true,\"valueName\":\"search_term_string\"}}],\"inLanguage\":\"es\"}]}<\/script>\n<!-- \/ Yoast SEO plugin. -->","yoast_head_json":{"title":"Selecci\u00f3n inicial propuestas no se pueden someter a votaci\u00f3n - Ayuntamiento de Mula","robots":{"index":"index","follow":"follow","max-snippet":"max-snippet:-1","max-image-preview":"max-image-preview:large","max-video-preview":"max-video-preview:-1"},"canonical":"https:\/\/mula.es\/web\/presupuestos-participativos-2026\/seleccion-inicial-rechazadas-votacion\/","og_locale":"es_ES","og_type":"article","og_title":"Selecci\u00f3n inicial propuestas no se pueden someter a votaci\u00f3n - Ayuntamiento de Mula","og_url":"https:\/\/mula.es\/web\/presupuestos-participativos-2026\/seleccion-inicial-rechazadas-votacion\/","og_site_name":"Ayuntamiento de Mula","article_modified_time":"2026-03-03T14:13:17+00:00","og_image":[{"width":2528,"height":670,"url":"https:\/\/mula.es\/web\/wp-content\/uploads\/2026\/01\/encabezado_pparticipativos.png","type":"image\/png"}],"twitter_card":"summary_large_image","twitter_site":"@AyuntamientMula","twitter_misc":{"Tiempo de lectura":"11 minutos"},"schema":{"@context":"https:\/\/schema.org","@graph":[{"@type":"WebPage","@id":"https:\/\/mula.es\/web\/presupuestos-participativos-2026\/seleccion-inicial-rechazadas-votacion\/","url":"https:\/\/mula.es\/web\/presupuestos-participativos-2026\/seleccion-inicial-rechazadas-votacion\/","name":"Selecci\u00f3n inicial propuestas no se pueden someter a votaci\u00f3n - Ayuntamiento de Mula","isPartOf":{"@id":"https:\/\/mula.es\/web\/#website"},"primaryImageOfPage":{"@id":"https:\/\/mula.es\/web\/presupuestos-participativos-2026\/seleccion-inicial-rechazadas-votacion\/#primaryimage"},"image":{"@id":"https:\/\/mula.es\/web\/presupuestos-participativos-2026\/seleccion-inicial-rechazadas-votacion\/#primaryimage"},"thumbnailUrl":"https:\/\/mula.es\/web\/wp-content\/uploads\/2026\/01\/encabezado_pparticipativos.png","datePublished":"2026-03-03T12:23:24+00:00","dateModified":"2026-03-03T14:13:17+00:00","breadcrumb":{"@id":"https:\/\/mula.es\/web\/presupuestos-participativos-2026\/seleccion-inicial-rechazadas-votacion\/#breadcrumb"},"inLanguage":"es","potentialAction":[{"@type":"ReadAction","target":["https:\/\/mula.es\/web\/presupuestos-participativos-2026\/seleccion-inicial-rechazadas-votacion\/"]}]},{"@type":"ImageObject","inLanguage":"es","@id":"https:\/\/mula.es\/web\/presupuestos-participativos-2026\/seleccion-inicial-rechazadas-votacion\/#primaryimage","url":"https:\/\/mula.es\/web\/wp-content\/uploads\/2026\/01\/encabezado_pparticipativos.png","contentUrl":"https:\/\/mula.es\/web\/wp-content\/uploads\/2026\/01\/encabezado_pparticipativos.png","width":2528,"height":670},{"@type":"BreadcrumbList","@id":"https:\/\/mula.es\/web\/presupuestos-participativos-2026\/seleccion-inicial-rechazadas-votacion\/#breadcrumb","itemListElement":[{"@type":"ListItem","position":1,"name":"Portada","item":"https:\/\/mula.es\/web\/"},{"@type":"ListItem","position":2,"name":"Presupuestos participativos 2026","item":"https:\/\/mula.es\/web\/presupuestos-participativos-2026\/"},{"@type":"ListItem","position":3,"name":"Selecci\u00f3n inicial propuestas no se pueden someter a votaci\u00f3n"}]},{"@type":"WebSite","@id":"https:\/\/mula.es\/web\/#website","url":"https:\/\/mula.es\/web\/","name":"Ayuntamiento de Mula","description":"P\u00e1gina web del Ayuntamiento de Mula (Regi\u00f3n de Murcia)","potentialAction":[{"@type":"SearchAction","target":{"@type":"EntryPoint","urlTemplate":"https:\/\/mula.es\/web\/?s={search_term_string}"},"query-input":{"@type":"PropertyValueSpecification","valueRequired":true,"valueName":"search_term_string"}}],"inLanguage":"es"}]}},"_hostinger_reach_plugin_has_subscription_block":false,"_hostinger_reach_plugin_is_elementor":false,"jetpack_sharing_enabled":true,"jetpack_shortlink":"https:\/\/wp.me\/Pa9DMY-fR5","jetpack-related-posts":[],"_links":{"self":[{"href":"https:\/\/mula.es\/web\/wp-json\/wp\/v2\/pages\/60951","targetHints":{"allow":["GET"]}}],"collection":[{"href":"https:\/\/mula.es\/web\/wp-json\/wp\/v2\/pages"}],"about":[{"href":"https:\/\/mula.es\/web\/wp-json\/wp\/v2\/types\/page"}],"author":[{"embeddable":true,"href":"https:\/\/mula.es\/web\/wp-json\/wp\/v2\/users\/1"}],"replies":[{"embeddable":true,"href":"https:\/\/mula.es\/web\/wp-json\/wp\/v2\/comments?post=60951"}],"version-history":[{"count":15,"href":"https:\/\/mula.es\/web\/wp-json\/wp\/v2\/pages\/60951\/revisions"}],"predecessor-version":[{"id":61007,"href":"https:\/\/mula.es\/web\/wp-json\/wp\/v2\/pages\/60951\/revisions\/61007"}],"up":[{"embeddable":true,"href":"https:\/\/mula.es\/web\/wp-json\/wp\/v2\/pages\/60685"}],"wp:featuredmedia":[{"embeddable":true,"href":"https:\/\/mula.es\/web\/wp-json\/wp\/v2\/media\/60700"}],"wp:attachment":[{"href":"https:\/\/mula.es\/web\/wp-json\/wp\/v2\/media?parent=60951"}],"curies":[{"name":"wp","href":"https:\/\/api.w.org\/{rel}","templated":true}]}}