{"id":61075,"date":"2026-03-11T08:44:56","date_gmt":"2026-03-11T07:44:56","guid":{"rendered":"https:\/\/mula.es\/web\/?page_id=61075"},"modified":"2026-03-11T09:40:32","modified_gmt":"2026-03-11T08:40:32","slug":"seleccion-definitiva-propuestas-votacion","status":"publish","type":"page","link":"https:\/\/mula.es\/web\/presupuestos-participativos-2026\/seleccion-definitiva-propuestas-votacion\/","title":{"rendered":"Selecci\u00f3n definitiva propuestas a votaci\u00f3n"},"content":{"rendered":"<div class=\"fusion-fullwidth fullwidth-box fusion-builder-row-1 fusion-flex-container nonhundred-percent-fullwidth non-hundred-percent-height-scrolling\" style=\"--awb-border-radius-top-left:0px;--awb-border-radius-top-right:0px;--awb-border-radius-bottom-right:0px;--awb-border-radius-bottom-left:0px;--awb-flex-wrap:wrap;\" ><div class=\"fusion-builder-row fusion-row fusion-flex-align-items-flex-start fusion-flex-content-wrap\" style=\"max-width:1144px;margin-left: calc(-4% \/ 2 );margin-right: calc(-4% \/ 2 );\"><div class=\"fusion-layout-column fusion_builder_column fusion-builder-column-0 fusion_builder_column_1_1 1_1 fusion-flex-column\" style=\"--awb-bg-size:cover;--awb-width-large:100%;--awb-margin-top-large:0px;--awb-spacing-right-large:1.92%;--awb-margin-bottom-large:0px;--awb-spacing-left-large:1.92%;--awb-width-medium:100%;--awb-spacing-right-medium:1.92%;--awb-spacing-left-medium:1.92%;--awb-width-small:100%;--awb-spacing-right-small:1.92%;--awb-spacing-left-small:1.92%;\"><div class=\"fusion-column-wrapper fusion-flex-justify-content-flex-start fusion-content-layout-column\"><div class=\"fusion-title title fusion-title-1 fusion-title-text fusion-title-size-three\" style=\"--awb-margin-top-small:0px;--awb-margin-right-small:0px;--awb-margin-bottom-small:20px;--awb-margin-left-small:0px;\"><div class=\"title-sep-container title-sep-container-left fusion-no-large-visibility fusion-no-medium-visibility fusion-no-small-visibility\"><div class=\"title-sep sep-double sep-solid\" style=\"border-color:#e0dede;\"><\/div><\/div><span class=\"awb-title-spacer fusion-no-large-visibility fusion-no-medium-visibility fusion-no-small-visibility\"><\/span><h3 class=\"fusion-title-heading title-heading-left\" style=\"margin:0;\"><h2><strong>Propuestas que se van a someter a votaci\u00f3n en pedan\u00edas<\/strong><\/h2><\/h3><span class=\"awb-title-spacer\"><\/span><div class=\"title-sep-container title-sep-container-right\"><div class=\"title-sep sep-double sep-solid\" style=\"border-color:#e0dede;\"><\/div><\/div><\/div><div class=\"accordian fusion-accordian\" style=\"--awb-border-size:1px;--awb-icon-size:13px;--awb-content-font-size:15px;--awb-icon-alignment:left;--awb-hover-color:#f9f9f9;--awb-border-color:#cccccc;--awb-background-color:#ffffff;--awb-divider-color:#e0dede;--awb-divider-hover-color:#e0dede;--awb-icon-color:#ffffff;--awb-title-color:#333333;--awb-content-color:#747474;--awb-icon-box-color:#333333;--awb-toggle-hover-accent-color:#e10707;--awb-title-font-family:&quot;Antic Slab&quot;;--awb-title-font-weight:regular;--awb-title-font-style:normal;--awb-title-font-size:15px;--awb-content-font-family:&quot;PT Sans&quot;;--awb-content-font-style:normal;--awb-content-font-weight:400;\"><div class=\"panel-group fusion-toggle-icon-boxed\" id=\"accordion-61075-1\"><div class=\"fusion-panel panel-default panel-84547ce2b07b55ff6 fusion-toggle-has-divider\" style=\"--awb-title-color:#333333;--awb-content-color:#747474;\"><div class=\"panel-heading\"><h4 class=\"panel-title toggle\" id=\"toggle_84547ce2b07b55ff6\"><a aria-expanded=\"false\" aria-controls=\"84547ce2b07b55ff6\" role=\"button\" data-toggle=\"collapse\" data-parent=\"#accordion-61075-1\" data-target=\"#84547ce2b07b55ff6\" href=\"#84547ce2b07b55ff6\"><span class=\"fusion-toggle-icon-wrapper\" aria-hidden=\"true\"><i class=\"fa-fusion-box active-icon awb-icon-minus\" aria-hidden=\"true\"><\/i><i class=\"fa-fusion-box inactive-icon awb-icon-plus\" aria-hidden=\"true\"><\/i><\/span><span class=\"fusion-toggle-heading\">1. El mirador: Calistenia y juegos rurales<\/span><\/a><\/h4><\/div><div id=\"84547ce2b07b55ff6\" class=\"panel-collapse collapse \" aria-labelledby=\"toggle_84547ce2b07b55ff6\"><div class=\"panel-body toggle-content fusion-clearfix\">\n<ul>\n<li><strong>Descripci\u00f3n: <\/strong>Instalaci\u00f3n de zona deportiva y de calistenia en Los Ba\u00f1os de Mula mediante la reforma del mirador, as\u00ed como espacio de juegos rurales: escalada, aparcamiento bicis, petanca y juegos con neum\u00e1ticos.<\/li>\n<li><strong>Justificaci\u00f3n: <\/strong>Los Ba\u00f1os de Mula necesita espacios de ocio accesibles para activar el entorno rural del r\u00edo Mula, mejorar cohesi\u00f3n vecinal y turismo. Beneficia a familias, mayores y j\u00f3venes, alineada con la intenciones municipales y m\u00e1s concretamente oportunidad de presentaci\u00f3n de estas propuestas .Impacto medible en identidad y sostenibilidad.<\/li>\n<li><strong>Presupuesto estimado: <\/strong>50.000\u20ac<\/li>\n<li><strong><a href=\"https:\/\/mula.es\/web\/wp-content\/uploads\/2026\/03\/11.pdf\">Documentaci\u00f3n adjunta<\/a><\/strong><\/li>\n<\/ul>\n<\/div><\/div><\/div><div class=\"fusion-panel panel-default panel-831bf1813659d2e29 fusion-toggle-has-divider\" style=\"--awb-title-color:#333333;--awb-content-color:#747474;\"><div class=\"panel-heading\"><h4 class=\"panel-title toggle\" id=\"toggle_831bf1813659d2e29\"><a aria-expanded=\"false\" aria-controls=\"831bf1813659d2e29\" role=\"button\" data-toggle=\"collapse\" data-parent=\"#accordion-61075-1\" data-target=\"#831bf1813659d2e29\" href=\"#831bf1813659d2e29\"><span class=\"fusion-toggle-icon-wrapper\" aria-hidden=\"true\"><i class=\"fa-fusion-box active-icon awb-icon-minus\" aria-hidden=\"true\"><\/i><i class=\"fa-fusion-box inactive-icon awb-icon-plus\" aria-hidden=\"true\"><\/i><\/span><span class=\"fusion-toggle-heading\">2. El mirador: Observatorio de aves y merendero<\/span><\/a><\/h4><\/div><div id=\"831bf1813659d2e29\" class=\"panel-collapse collapse \" aria-labelledby=\"toggle_831bf1813659d2e29\"><div class=\"panel-body toggle-content fusion-clearfix\">\n<ul>\n<li><strong>Descripci\u00f3n: <\/strong>Instalaci\u00f3n de observatorio de aves en la parte superior de El Mirador con zona de juegos para los m\u00e1s peque\u00f1os con instrospectiva medioambiental y paneles indicativos de especies de aves frecuentes.<\/li>\n<li><strong>Justificaci\u00f3n:<\/strong>Los Ba\u00f1os de Mula necesita espacios de ocio accesibles para activar el entorno rural del r\u00edo Mula, mejorar cohesi\u00f3n vecinal y turismo. Beneficia a familias, mayores y j\u00f3venes, alineada con la intenciones municipales y m\u00e1s concretamente oportunidad de presentaci\u00f3n de estas propuestas .Impacto medible en identidad y sostenibilidad.<\/li>\n<li><strong>Presupuesto estimado: <\/strong>25.000\u20ac<\/li>\n<li><strong><a href=\"https:\/\/mula.es\/web\/wp-content\/uploads\/2026\/03\/12.pdf\">Documentaci\u00f3n adjunta<\/a><\/strong><\/li>\n<\/ul>\n<\/div><\/div><\/div><div class=\"fusion-panel panel-default panel-4d9927a1bf03a5e46 fusion-toggle-has-divider\" style=\"--awb-title-color:#333333;--awb-content-color:#747474;\"><div class=\"panel-heading\"><h4 class=\"panel-title toggle\" id=\"toggle_4d9927a1bf03a5e46\"><a aria-expanded=\"false\" aria-controls=\"4d9927a1bf03a5e46\" role=\"button\" data-toggle=\"collapse\" data-parent=\"#accordion-61075-1\" data-target=\"#4d9927a1bf03a5e46\" href=\"#4d9927a1bf03a5e46\"><span class=\"fusion-toggle-icon-wrapper\" aria-hidden=\"true\"><i class=\"fa-fusion-box active-icon awb-icon-minus\" aria-hidden=\"true\"><\/i><i class=\"fa-fusion-box inactive-icon awb-icon-plus\" aria-hidden=\"true\"><\/i><\/span><span class=\"fusion-toggle-heading\">3. Roca manantial y circuito agua<\/span><\/a><\/h4><\/div><div id=\"4d9927a1bf03a5e46\" class=\"panel-collapse collapse \" aria-labelledby=\"toggle_4d9927a1bf03a5e46\"><div class=\"panel-body toggle-content fusion-clearfix\">\n<ul>\n<li><strong>Descripci\u00f3n: <\/strong>Restaurar el origen del agua termal, icono de la pedan\u00eda de Los Ba\u00f1os de Mula. Con la puesta en funcionamiento de la roca manantial existe y sin uso hoy en d\u00eda y con la creaci\u00f3n de circuitos de agua basados en los molinos tradicionales de la zona . Recuperar la esencia de los Ba\u00f1os en una de sus\u00a0 actividades antiguas, el molino de agua<\/li>\n<li><strong>Justificaci\u00f3n: <\/strong>Los Ba\u00f1os de Mula necesita espacios de ocio accesibles para activar el entorno rural del r\u00edo Mula, mejorar cohesi\u00f3n vecinal y turismo. Beneficia a familias, mayores y j\u00f3venes, alineada con la intenciones municipales y m\u00e1s concretamente oportunidad de presentaci\u00f3n de estas propuestas .Impacto medible en identidad y sostenibilidad.<\/li>\n<li><strong>Presupuesto estimado: <\/strong>40.000\u20ac<\/li>\n<li><a href=\"https:\/\/mula.es\/web\/wp-content\/uploads\/2026\/03\/13.pdf\"><strong>Documentaci\u00f3n adjunta<\/strong><\/a><\/li>\n<\/ul>\n<\/div><\/div><\/div><div class=\"fusion-panel panel-default panel-7fc7674f86c6568de fusion-toggle-has-divider\" style=\"--awb-title-color:#333333;--awb-content-color:#747474;\"><div class=\"panel-heading\"><h4 class=\"panel-title toggle\" id=\"toggle_7fc7674f86c6568de\"><a aria-expanded=\"false\" aria-controls=\"7fc7674f86c6568de\" role=\"button\" data-toggle=\"collapse\" data-parent=\"#accordion-61075-1\" data-target=\"#7fc7674f86c6568de\" href=\"#7fc7674f86c6568de\"><span class=\"fusion-toggle-icon-wrapper\" aria-hidden=\"true\"><i class=\"fa-fusion-box active-icon awb-icon-minus\" aria-hidden=\"true\"><\/i><i class=\"fa-fusion-box inactive-icon awb-icon-plus\" aria-hidden=\"true\"><\/i><\/span><span class=\"fusion-toggle-heading\">4. Acondicionamiento de la rotonda de Fuente Librilla<\/span><\/a><\/h4><\/div><div id=\"7fc7674f86c6568de\" class=\"panel-collapse collapse \" aria-labelledby=\"toggle_7fc7674f86c6568de\"><div class=\"panel-body toggle-content fusion-clearfix\">\n<ul>\n<li><strong>Descripci\u00f3n: <\/strong>La \u00fanica rotonda que hay en Fuente Librilla y que est\u00e1 en la entrada est\u00e1 completamente abandonada y sin arreglar . Ser\u00eda una buena inversi\u00f3n adecentarla para que as\u00ed la llegada a nuestro pueblo tenga una mejor impresi\u00f3n .<\/li>\n<li><strong>Justificaci\u00f3n: <\/strong>Redonda de la entrada al pueblo sin arreglar lo cual no es una buena imagen para el pueblo.<\/li>\n<li><strong>Observaciones t\u00e9cnicas:<\/strong> Ser\u00eda necesaria autorizaci\u00f3n previa de la CARM (Direcci\u00f3n General de Carreteras) ajustando propuesta a requerimientos de dicha Direcci\u00f3n General.<\/li>\n<li><strong>Presupuesto estimado: <\/strong>25.000\u20ac<\/li>\n<\/ul>\n<\/div><\/div><\/div><div class=\"fusion-panel panel-default panel-80a42970c63c8deca fusion-toggle-has-divider\" style=\"--awb-title-color:#333333;--awb-content-color:#747474;\"><div class=\"panel-heading\"><h4 class=\"panel-title toggle\" id=\"toggle_80a42970c63c8deca\"><a aria-expanded=\"false\" aria-controls=\"80a42970c63c8deca\" role=\"button\" data-toggle=\"collapse\" data-parent=\"#accordion-61075-1\" data-target=\"#80a42970c63c8deca\" href=\"#80a42970c63c8deca\"><span class=\"fusion-toggle-icon-wrapper\" aria-hidden=\"true\"><i class=\"fa-fusion-box active-icon awb-icon-minus\" aria-hidden=\"true\"><\/i><i class=\"fa-fusion-box inactive-icon awb-icon-plus\" aria-hidden=\"true\"><\/i><\/span><span class=\"fusion-toggle-heading\">5. Rehabilitaci\u00f3n del parque de los Cortijos (Fuente Librilla)<\/span><\/a><\/h4><\/div><div id=\"80a42970c63c8deca\" class=\"panel-collapse collapse \" aria-labelledby=\"toggle_80a42970c63c8deca\"><div class=\"panel-body toggle-content fusion-clearfix\">\n<ul>\n<li><strong>Descripci\u00f3n:<\/strong> Adecuaci\u00f3n de pista 3&#215;3 de baloncesto, 3 \u00e1rboles de sombraje, 2 bancos y un peque\u00f1os parque infantil.<\/li>\n<li><strong>Justificaci\u00f3n: <\/strong>Renovaci\u00f3n del Parque de los Cortijos de Fuente Librilla.<\/li>\n<li><strong>Presupuesto estimado: <\/strong>30.000\u20ac<\/li>\n<li><a href=\"https:\/\/mula.es\/web\/wp-content\/uploads\/2026\/03\/19.pdf\"><strong>Documentaci\u00f3n adjunta<\/strong><\/a><\/li>\n<\/ul>\n<\/div><\/div><\/div><div class=\"fusion-panel panel-default panel-87e0caca746947d4f fusion-toggle-has-divider\" style=\"--awb-title-color:#333333;--awb-content-color:#747474;\"><div class=\"panel-heading\"><h4 class=\"panel-title toggle\" id=\"toggle_87e0caca746947d4f\"><a aria-expanded=\"false\" aria-controls=\"87e0caca746947d4f\" role=\"button\" data-toggle=\"collapse\" data-parent=\"#accordion-61075-1\" data-target=\"#87e0caca746947d4f\" href=\"#87e0caca746947d4f\"><span class=\"fusion-toggle-icon-wrapper\" aria-hidden=\"true\"><i class=\"fa-fusion-box active-icon awb-icon-minus\" aria-hidden=\"true\"><\/i><i class=\"fa-fusion-box inactive-icon awb-icon-plus\" aria-hidden=\"true\"><\/i><\/span><span class=\"fusion-toggle-heading\">6. Rutas senderista: el sendero de los Cortijos (Fuente Librilla)<\/span><\/a><\/h4><\/div><div id=\"87e0caca746947d4f\" class=\"panel-collapse collapse \" aria-labelledby=\"toggle_87e0caca746947d4f\"><div class=\"panel-body toggle-content fusion-clearfix\">\n<ul>\n<li><strong>Descripci\u00f3n:<\/strong> Ruta senderista el sendero de los Cortijos: se\u00f1alizar ruta y carteles informativos.<\/li>\n<li><strong>Justificaci\u00f3n:<\/strong> Rutas senderistas propuestas para Fuente Librilla.<\/li>\n<li><strong>Observaciones t\u00e9cnicas: <\/strong>De los tres proyectos presentados previamente, s\u00f3lo es viable uno (El Sendero de los Cortijos) por ser el \u00fanico que se desarrolla zonas p\u00fablicas. Queda condicionada la actuaci\u00f3n a que realmente los terrenos por los que discurre el trazado, sean de dominio p\u00fablico (como parece apriori)<\/li>\n<li><strong>Presupuesto estimado: <\/strong>10.100\u20ac<\/li>\n<\/ul>\n<\/div><\/div><\/div><div class=\"fusion-panel panel-default panel-6f96339bf89df3b82 fusion-toggle-has-divider\" style=\"--awb-title-color:#333333;--awb-content-color:#747474;\"><div class=\"panel-heading\"><h4 class=\"panel-title toggle\" id=\"toggle_6f96339bf89df3b82\"><a aria-expanded=\"false\" aria-controls=\"6f96339bf89df3b82\" role=\"button\" data-toggle=\"collapse\" data-parent=\"#accordion-61075-1\" data-target=\"#6f96339bf89df3b82\" href=\"#6f96339bf89df3b82\"><span class=\"fusion-toggle-icon-wrapper\" aria-hidden=\"true\"><i class=\"fa-fusion-box active-icon awb-icon-minus\" aria-hidden=\"true\"><\/i><i class=\"fa-fusion-box inactive-icon awb-icon-plus\" aria-hidden=\"true\"><\/i><\/span><span class=\"fusion-toggle-heading\">7. Canastas port\u00e1tiles, redes para porter\u00edas y actuaciones de remodelaci\u00f3n de la instalaci\u00f3n el\u00e9ctrica (alumbrado de las pistas)<\/span><\/a><\/h4><\/div><div id=\"6f96339bf89df3b82\" class=\"panel-collapse collapse \" aria-labelledby=\"toggle_6f96339bf89df3b82\"><div class=\"panel-body toggle-content fusion-clearfix\">\n<ul>\n<li><strong>Descripci\u00f3n:<\/strong> Colocaci\u00f3n canastas baloncesto m\u00f3viles, redes de ambas porter\u00edas y de protecci\u00f3n trasera de las mismas e instalaci\u00f3n de un nuevo cuadro el\u00e9ctrico, donde se acometa la independizaci\u00f3n del encendido\/apagado de las torres de focos.<\/li>\n<li><strong>Presupuesto estimado: <\/strong>14.816\u20ac<\/li>\n<\/ul>\n<\/div><\/div><\/div><div class=\"fusion-panel panel-default panel-992d5b8b0eacbaaa6 fusion-toggle-has-divider\" style=\"--awb-title-color:#333333;--awb-content-color:#747474;\"><div class=\"panel-heading\"><h4 class=\"panel-title toggle\" id=\"toggle_992d5b8b0eacbaaa6\"><a aria-expanded=\"false\" aria-controls=\"992d5b8b0eacbaaa6\" role=\"button\" data-toggle=\"collapse\" data-parent=\"#accordion-61075-1\" data-target=\"#992d5b8b0eacbaaa6\" href=\"#992d5b8b0eacbaaa6\"><span class=\"fusion-toggle-icon-wrapper\" aria-hidden=\"true\"><i class=\"fa-fusion-box active-icon awb-icon-minus\" aria-hidden=\"true\"><\/i><i class=\"fa-fusion-box inactive-icon awb-icon-plus\" aria-hidden=\"true\"><\/i><\/span><span class=\"fusion-toggle-heading\">8. Zona Deportiva Central campo f\u00fatbol Y\u00e9char<\/span><\/a><\/h4><\/div><div id=\"992d5b8b0eacbaaa6\" class=\"panel-collapse collapse \" aria-labelledby=\"toggle_992d5b8b0eacbaaa6\"><div class=\"panel-body toggle-content fusion-clearfix\">\n<ul>\n<li><strong>Descripci\u00f3n:<\/strong> Acondicionamiento del terreno actual del campo de f\u00fatbol de Y\u00e9char. Nivelaci\u00f3n y compactado. Instalaci\u00f3n de porter\u00edas reglamentarias F\u00fatbol 7. Delimitaci\u00f3n perimetral. Mejora del drenaje superficial.<\/li>\n<li><strong>Justificaci\u00f3n: <\/strong>El antiguo campo de f\u00fatbol de Y\u00e9char se encuentra actualmente en desuso y presenta un estado de abandono que supone una p\u00e9rdida de oportunidad para la pedan\u00eda y para el municipio de Mula. La propuesta tiene como finalidad recuperar este espacio p\u00fablico para convertirlo en un<\/li>\n<li>enclave multifuncional. Esta propuesta concreta busca recuperar el uso deportivo hist\u00f3rico del recinto<\/li>\n<li><strong>Observaciones t\u00e9cnicas: <\/strong>Por razones de limitaci\u00f3n de presupuesto la actuaci\u00f3n se restringir\u00eda a campo de f\u00fatbol 7, con acabado en arena o similar,<br \/>\nno a la totalidad de la superficie del campo existente.<strong><br \/>\n<\/strong><\/li>\n<li><strong>Presupuesto estimado: <\/strong>50.000\u20ac<\/li>\n<li><a href=\"https:\/\/mula.es\/web\/wp-content\/uploads\/2026\/03\/propuesta-campo-futbol-final-2026-Junta-Vecinal-Yechar.pdf\"><strong>Documentaci\u00f3n adjunta<\/strong><\/a><\/li>\n<\/ul>\n<\/div><\/div><\/div><div class=\"fusion-panel panel-default panel-8a2da41f6cf3e9e77 fusion-toggle-has-divider\" style=\"--awb-title-color:#333333;--awb-content-color:#747474;\"><div class=\"panel-heading\"><h4 class=\"panel-title toggle\" id=\"toggle_8a2da41f6cf3e9e77\"><a aria-expanded=\"false\" aria-controls=\"8a2da41f6cf3e9e77\" role=\"button\" data-toggle=\"collapse\" data-parent=\"#accordion-61075-1\" data-target=\"#8a2da41f6cf3e9e77\" href=\"#8a2da41f6cf3e9e77\"><span class=\"fusion-toggle-icon-wrapper\" aria-hidden=\"true\"><i class=\"fa-fusion-box active-icon awb-icon-minus\" aria-hidden=\"true\"><\/i><i class=\"fa-fusion-box inactive-icon awb-icon-plus\" aria-hidden=\"true\"><\/i><\/span><span class=\"fusion-toggle-heading\">9. Jard\u00edn Bot\u00e1nico y Centro de Interpretaci\u00f3n<\/span><\/a><\/h4><\/div><div id=\"8a2da41f6cf3e9e77\" class=\"panel-collapse collapse \" aria-labelledby=\"toggle_8a2da41f6cf3e9e77\"><div class=\"panel-body toggle-content fusion-clearfix\">\n<ul>\n<li><strong>Descripci\u00f3n:<\/strong> Jard\u00edn bot\u00e1nico y centro de interpretaci\u00f3n con plantaci\u00f3n de especies aut\u00f3ctonas: romero, lavanda, enebro, olivo, algarrobo y almendro. Recuperaci\u00f3n del entorno del Lavaor y abrevadero. Adecuaci\u00f3n b\u00e1sica de los antiguos vestuarios del campo de f\u00fatbol de Y\u00e9char como punto interpretativo.<\/li>\n<li><strong>Justificaci\u00f3n:<\/strong> El antiguo campo de f\u00fatbol de Y\u00e9char se encuentra actualmente en desuso y presenta un estado de abandono que supone una p\u00e9rdida de oportunidad para la pedan\u00eda y para el municipio de Mula. La propuesta tiene como finalidad recuperar este espacio p\u00fablico para convertirlo en un<br \/>\nenclave multifuncional. Esta propuesta concreta busca reforzar identidad local y educaci\u00f3n patrimonial.<\/li>\n<li><strong>Presupuesto estimado: <\/strong>50.000\u20ac<\/li>\n<li><a href=\"https:\/\/mula.es\/web\/wp-content\/uploads\/2026\/03\/propuesta-campo-futbol-final-2026-Junta-Vecinal-Yechar.pdf\"><strong>Documentaci\u00f3n adjunta<\/strong><\/a><\/li>\n<\/ul>\n<\/div><\/div><\/div><div class=\"fusion-panel panel-default panel-e33df7a212c5cfd7e fusion-toggle-has-divider\" style=\"--awb-title-color:#333333;--awb-content-color:#747474;\"><div class=\"panel-heading\"><h4 class=\"panel-title toggle\" id=\"toggle_e33df7a212c5cfd7e\"><a aria-expanded=\"false\" aria-controls=\"e33df7a212c5cfd7e\" role=\"button\" data-toggle=\"collapse\" data-parent=\"#accordion-61075-1\" data-target=\"#e33df7a212c5cfd7e\" href=\"#e33df7a212c5cfd7e\"><span class=\"fusion-toggle-icon-wrapper\" aria-hidden=\"true\"><i class=\"fa-fusion-box active-icon awb-icon-minus\" aria-hidden=\"true\"><\/i><i class=\"fa-fusion-box inactive-icon awb-icon-plus\" aria-hidden=\"true\"><\/i><\/span><span class=\"fusion-toggle-heading\">10. Zona de ocio y gimnasio de calle<\/span><\/a><\/h4><\/div><div id=\"e33df7a212c5cfd7e\" class=\"panel-collapse collapse \" aria-labelledby=\"toggle_e33df7a212c5cfd7e\"><div class=\"panel-body toggle-content fusion-clearfix\">\n<ul>\n<li><strong>Descripci\u00f3n:<\/strong> Zona de ocio y gimnasio de calle con instalaci\u00f3n de elementos de calistenia homologados en el antiguo campo de f\u00fatbol de Y\u00e9char. Bancos de madera. Zona sombreada. Integraci\u00f3n paisaj\u00edstica.<\/li>\n<li><strong>Justificaci\u00f3n:<\/strong> El antiguo campo de f\u00fatbol de Y\u00e9char se encuentra actualmente en desuso y presenta un estado de abandono que supone una p\u00e9rdida de oportunidad para la pedan\u00eda y para el municipio de Mula. La propuesta tiene como finalidad recuperar este espacio p\u00fablico para convertirlo en un<br \/>\nenclave multifuncional. Esta propuesta concreta busca fomentar h\u00e1bitos saludables y convivencia vecinal.<\/li>\n<li><strong>Presupuesto estimado: <\/strong>30.000\u20ac<\/li>\n<li><a href=\"https:\/\/mula.es\/web\/wp-content\/uploads\/2026\/03\/propuesta-campo-futbol-final-2026-Junta-Vecinal-Yechar.pdf\"><strong>Documentaci\u00f3n adjunta<\/strong><\/a><\/li>\n<\/ul>\n<\/div><\/div><\/div><div class=\"fusion-panel panel-default panel-6d63e05c54bf36591 fusion-toggle-has-divider\" style=\"--awb-title-color:#333333;--awb-content-color:#747474;\"><div class=\"panel-heading\"><h4 class=\"panel-title toggle\" id=\"toggle_6d63e05c54bf36591\"><a aria-expanded=\"false\" aria-controls=\"6d63e05c54bf36591\" role=\"button\" data-toggle=\"collapse\" data-parent=\"#accordion-61075-1\" data-target=\"#6d63e05c54bf36591\" href=\"#6d63e05c54bf36591\"><span class=\"fusion-toggle-icon-wrapper\" aria-hidden=\"true\"><i class=\"fa-fusion-box active-icon awb-icon-minus\" aria-hidden=\"true\"><\/i><i class=\"fa-fusion-box inactive-icon awb-icon-plus\" aria-hidden=\"true\"><\/i><\/span><span class=\"fusion-toggle-heading\">11. \u00c1rea de Servicio para Autocaravanas (Exterior del Recinto)<\/span><\/a><\/h4><\/div><div id=\"6d63e05c54bf36591\" class=\"panel-collapse collapse \" aria-labelledby=\"toggle_6d63e05c54bf36591\"><div class=\"panel-body toggle-content fusion-clearfix\">\n<ul>\n<li><strong>Descripci\u00f3n:<\/strong> \u00c1rea de servicio de autocaravanas ubicada fuera del vallado del campo de f\u00fatbol de Y\u00e9char. Caracter\u00edsticas: 6 plazas delimitadas. Plataforma hormigonada para vaciado. Punto de agua potable. Se\u00f1alizaci\u00f3n. Estancia m\u00e1xima 48\u201372 horas.<\/li>\n<li><strong>Justificaci\u00f3n:<\/strong> El antiguo campo de f\u00fatbol de Y\u00e9char se encuentra actualmente en desuso y presenta un estado de abandono que supone una p\u00e9rdida de oportunidad para la pedan\u00eda y para el municipio de Mula. La propuesta tiene como finalidad recuperar este espacio p\u00fablico para convertirlo en un<br \/>\nenclave multifuncional. Esta propuesta concreta busca ordenar turismo itinerante y generar impacto econ\u00f3mico indirecto.<\/li>\n<li><strong>Presupuesto estimado: <\/strong>30.000\u20ac<\/li>\n<li><a href=\"https:\/\/mula.es\/web\/wp-content\/uploads\/2026\/03\/propuesta-campo-futbol-final-2026-Junta-Vecinal-Yechar.pdf\"><strong>Documentaci\u00f3n adjunta<\/strong><\/a><\/li>\n<\/ul>\n<\/div><\/div><\/div><\/div><\/div><\/div><\/div><div class=\"fusion-layout-column fusion_builder_column fusion-builder-column-1 fusion_builder_column_1_1 1_1 fusion-flex-column\" style=\"--awb-bg-size:cover;--awb-width-large:100%;--awb-margin-top-large:0px;--awb-spacing-right-large:1.92%;--awb-margin-bottom-large:0px;--awb-spacing-left-large:1.92%;--awb-width-medium:100%;--awb-spacing-right-medium:1.92%;--awb-spacing-left-medium:1.92%;--awb-width-small:100%;--awb-spacing-right-small:1.92%;--awb-spacing-left-small:1.92%;\"><div class=\"fusion-column-wrapper fusion-flex-justify-content-flex-start fusion-content-layout-column\"><div class=\"fusion-title title fusion-title-2 fusion-title-text fusion-title-size-three\" style=\"--awb-margin-top:80px;--awb-margin-top-small:0px;--awb-margin-right-small:0px;--awb-margin-bottom-small:20px;--awb-margin-left-small:0px;\"><div class=\"title-sep-container title-sep-container-left fusion-no-large-visibility fusion-no-medium-visibility fusion-no-small-visibility\"><div class=\"title-sep sep-double sep-solid\" style=\"border-color:#e0dede;\"><\/div><\/div><span class=\"awb-title-spacer fusion-no-large-visibility fusion-no-medium-visibility fusion-no-small-visibility\"><\/span><h3 class=\"fusion-title-heading title-heading-left\" style=\"margin:0;\"><h2><strong>Propuestas que se van a someter a votaci\u00f3n en Mula<\/strong><\/h2><\/h3><span class=\"awb-title-spacer\"><\/span><div class=\"title-sep-container title-sep-container-right\"><div class=\"title-sep sep-double sep-solid\" style=\"border-color:#e0dede;\"><\/div><\/div><\/div><div class=\"accordian fusion-accordian\" style=\"--awb-border-size:1px;--awb-icon-size:13px;--awb-content-font-size:15px;--awb-icon-alignment:left;--awb-hover-color:#f9f9f9;--awb-border-color:#cccccc;--awb-background-color:#ffffff;--awb-divider-color:#e0dede;--awb-divider-hover-color:#e0dede;--awb-icon-color:#ffffff;--awb-title-color:#333333;--awb-content-color:#747474;--awb-icon-box-color:#333333;--awb-toggle-hover-accent-color:#e10707;--awb-title-font-family:&quot;Antic Slab&quot;;--awb-title-font-weight:regular;--awb-title-font-style:normal;--awb-title-font-size:15px;--awb-content-font-family:&quot;PT Sans&quot;;--awb-content-font-style:normal;--awb-content-font-weight:400;\"><div class=\"panel-group fusion-toggle-icon-boxed\" id=\"accordion-61075-2\"><div class=\"fusion-panel panel-default panel-41cf833c8a9d60671 fusion-toggle-has-divider\" style=\"--awb-title-color:#333333;--awb-content-color:#747474;\"><div class=\"panel-heading\"><h4 class=\"panel-title toggle\" id=\"toggle_41cf833c8a9d60671\"><a aria-expanded=\"false\" aria-controls=\"41cf833c8a9d60671\" role=\"button\" data-toggle=\"collapse\" data-parent=\"#accordion-61075-2\" data-target=\"#41cf833c8a9d60671\" href=\"#41cf833c8a9d60671\"><span class=\"fusion-toggle-icon-wrapper\" aria-hidden=\"true\"><i class=\"fa-fusion-box active-icon awb-icon-minus\" aria-hidden=\"true\"><\/i><i class=\"fa-fusion-box inactive-icon awb-icon-plus\" aria-hidden=\"true\"><\/i><\/span><span class=\"fusion-toggle-heading\">Arreglo de accesos desde la V\u00eda Verde a la Ermita de el Ni\u00f1o de Mula<\/span><\/a><\/h4><\/div><div id=\"41cf833c8a9d60671\" class=\"panel-collapse collapse \" aria-labelledby=\"toggle_41cf833c8a9d60671\"><div class=\"panel-body toggle-content fusion-clearfix\">\n<ul>\n<li><strong>Descripci\u00f3n:<\/strong> Arreglo accesos desde la V\u00eda Verde tanto a la pedan\u00eda de El Ni\u00f1o como al Santuario del Ni\u00f1o Jes\u00fas del Balate, con colocaci\u00f3n de elementos para iluminar los citados pasos.<\/li>\n<li><strong>Justificaci\u00f3n:<\/strong> Arreglo accesos desde la V\u00eda Verde tanto a la pedan\u00eda de El Ni\u00f1o como al Santuario del Ni\u00f1o Jes\u00fas del Balate.<\/li>\n<li><strong>Presupuesto estimado: <\/strong>50.000\u20ac<\/li>\n<\/ul>\n<\/div><\/div><\/div><\/div><\/div><\/div><\/div><\/div><\/div>\n","protected":false},"excerpt":{"rendered":"","protected":false},"author":1,"featured_media":60700,"parent":60685,"menu_order":0,"comment_status":"closed","ping_status":"closed","template":"","meta":{"jetpack_post_was_ever_published":false,"footnotes":""},"class_list":["post-61075","page","type-page","status-publish","has-post-thumbnail","hentry"],"yoast_head":"<!-- This site is optimized with the Yoast SEO plugin v27.5 - https:\/\/yoast.com\/product\/yoast-seo-wordpress\/ -->\n<title>Selecci\u00f3n definitiva propuestas a votaci\u00f3n - Ayuntamiento de Mula<\/title>\n<meta name=\"robots\" content=\"index, follow, max-snippet:-1, max-image-preview:large, max-video-preview:-1\" \/>\n<link rel=\"canonical\" href=\"https:\/\/mula.es\/web\/presupuestos-participativos-2026\/seleccion-definitiva-propuestas-votacion\/\" \/>\n<meta property=\"og:locale\" content=\"es_ES\" \/>\n<meta property=\"og:type\" content=\"article\" \/>\n<meta property=\"og:title\" content=\"Selecci\u00f3n definitiva propuestas a votaci\u00f3n - Ayuntamiento de Mula\" \/>\n<meta property=\"og:url\" content=\"https:\/\/mula.es\/web\/presupuestos-participativos-2026\/seleccion-definitiva-propuestas-votacion\/\" \/>\n<meta property=\"og:site_name\" content=\"Ayuntamiento de Mula\" \/>\n<meta property=\"article:modified_time\" content=\"2026-03-11T08:40:32+00:00\" \/>\n<meta property=\"og:image\" content=\"https:\/\/mula.es\/web\/wp-content\/uploads\/2026\/01\/encabezado_pparticipativos.png\" \/>\n\t<meta property=\"og:image:width\" content=\"2528\" \/>\n\t<meta property=\"og:image:height\" content=\"670\" \/>\n\t<meta property=\"og:image:type\" content=\"image\/png\" \/>\n<meta name=\"twitter:card\" content=\"summary_large_image\" \/>\n<meta name=\"twitter:site\" content=\"@AyuntamientMula\" \/>\n<meta name=\"twitter:label1\" content=\"Tiempo de lectura\" \/>\n\t<meta name=\"twitter:data1\" content=\"6 minutos\" \/>\n<script type=\"application\/ld+json\" class=\"yoast-schema-graph\">{\"@context\":\"https:\\\/\\\/schema.org\",\"@graph\":[{\"@type\":\"WebPage\",\"@id\":\"https:\\\/\\\/mula.es\\\/web\\\/presupuestos-participativos-2026\\\/seleccion-definitiva-propuestas-votacion\\\/\",\"url\":\"https:\\\/\\\/mula.es\\\/web\\\/presupuestos-participativos-2026\\\/seleccion-definitiva-propuestas-votacion\\\/\",\"name\":\"Selecci\u00f3n definitiva propuestas a votaci\u00f3n - Ayuntamiento de Mula\",\"isPartOf\":{\"@id\":\"https:\\\/\\\/mula.es\\\/web\\\/#website\"},\"primaryImageOfPage\":{\"@id\":\"https:\\\/\\\/mula.es\\\/web\\\/presupuestos-participativos-2026\\\/seleccion-definitiva-propuestas-votacion\\\/#primaryimage\"},\"image\":{\"@id\":\"https:\\\/\\\/mula.es\\\/web\\\/presupuestos-participativos-2026\\\/seleccion-definitiva-propuestas-votacion\\\/#primaryimage\"},\"thumbnailUrl\":\"https:\\\/\\\/mula.es\\\/web\\\/wp-content\\\/uploads\\\/2026\\\/01\\\/encabezado_pparticipativos.png\",\"datePublished\":\"2026-03-11T07:44:56+00:00\",\"dateModified\":\"2026-03-11T08:40:32+00:00\",\"breadcrumb\":{\"@id\":\"https:\\\/\\\/mula.es\\\/web\\\/presupuestos-participativos-2026\\\/seleccion-definitiva-propuestas-votacion\\\/#breadcrumb\"},\"inLanguage\":\"es\",\"potentialAction\":[{\"@type\":\"ReadAction\",\"target\":[\"https:\\\/\\\/mula.es\\\/web\\\/presupuestos-participativos-2026\\\/seleccion-definitiva-propuestas-votacion\\\/\"]}]},{\"@type\":\"ImageObject\",\"inLanguage\":\"es\",\"@id\":\"https:\\\/\\\/mula.es\\\/web\\\/presupuestos-participativos-2026\\\/seleccion-definitiva-propuestas-votacion\\\/#primaryimage\",\"url\":\"https:\\\/\\\/mula.es\\\/web\\\/wp-content\\\/uploads\\\/2026\\\/01\\\/encabezado_pparticipativos.png\",\"contentUrl\":\"https:\\\/\\\/mula.es\\\/web\\\/wp-content\\\/uploads\\\/2026\\\/01\\\/encabezado_pparticipativos.png\",\"width\":2528,\"height\":670},{\"@type\":\"BreadcrumbList\",\"@id\":\"https:\\\/\\\/mula.es\\\/web\\\/presupuestos-participativos-2026\\\/seleccion-definitiva-propuestas-votacion\\\/#breadcrumb\",\"itemListElement\":[{\"@type\":\"ListItem\",\"position\":1,\"name\":\"Portada\",\"item\":\"https:\\\/\\\/mula.es\\\/web\\\/\"},{\"@type\":\"ListItem\",\"position\":2,\"name\":\"Presupuestos participativos 2026\",\"item\":\"https:\\\/\\\/mula.es\\\/web\\\/presupuestos-participativos-2026\\\/\"},{\"@type\":\"ListItem\",\"position\":3,\"name\":\"Selecci\u00f3n definitiva propuestas a votaci\u00f3n\"}]},{\"@type\":\"WebSite\",\"@id\":\"https:\\\/\\\/mula.es\\\/web\\\/#website\",\"url\":\"https:\\\/\\\/mula.es\\\/web\\\/\",\"name\":\"Ayuntamiento de Mula\",\"description\":\"P\u00e1gina web del Ayuntamiento de Mula (Regi\u00f3n de Murcia)\",\"potentialAction\":[{\"@type\":\"SearchAction\",\"target\":{\"@type\":\"EntryPoint\",\"urlTemplate\":\"https:\\\/\\\/mula.es\\\/web\\\/?s={search_term_string}\"},\"query-input\":{\"@type\":\"PropertyValueSpecification\",\"valueRequired\":true,\"valueName\":\"search_term_string\"}}],\"inLanguage\":\"es\"}]}<\/script>\n<!-- \/ Yoast SEO plugin. -->","yoast_head_json":{"title":"Selecci\u00f3n definitiva propuestas a votaci\u00f3n - Ayuntamiento de Mula","robots":{"index":"index","follow":"follow","max-snippet":"max-snippet:-1","max-image-preview":"max-image-preview:large","max-video-preview":"max-video-preview:-1"},"canonical":"https:\/\/mula.es\/web\/presupuestos-participativos-2026\/seleccion-definitiva-propuestas-votacion\/","og_locale":"es_ES","og_type":"article","og_title":"Selecci\u00f3n definitiva propuestas a votaci\u00f3n - Ayuntamiento de Mula","og_url":"https:\/\/mula.es\/web\/presupuestos-participativos-2026\/seleccion-definitiva-propuestas-votacion\/","og_site_name":"Ayuntamiento de Mula","article_modified_time":"2026-03-11T08:40:32+00:00","og_image":[{"width":2528,"height":670,"url":"https:\/\/mula.es\/web\/wp-content\/uploads\/2026\/01\/encabezado_pparticipativos.png","type":"image\/png"}],"twitter_card":"summary_large_image","twitter_site":"@AyuntamientMula","twitter_misc":{"Tiempo de lectura":"6 minutos"},"schema":{"@context":"https:\/\/schema.org","@graph":[{"@type":"WebPage","@id":"https:\/\/mula.es\/web\/presupuestos-participativos-2026\/seleccion-definitiva-propuestas-votacion\/","url":"https:\/\/mula.es\/web\/presupuestos-participativos-2026\/seleccion-definitiva-propuestas-votacion\/","name":"Selecci\u00f3n definitiva propuestas a votaci\u00f3n - Ayuntamiento de Mula","isPartOf":{"@id":"https:\/\/mula.es\/web\/#website"},"primaryImageOfPage":{"@id":"https:\/\/mula.es\/web\/presupuestos-participativos-2026\/seleccion-definitiva-propuestas-votacion\/#primaryimage"},"image":{"@id":"https:\/\/mula.es\/web\/presupuestos-participativos-2026\/seleccion-definitiva-propuestas-votacion\/#primaryimage"},"thumbnailUrl":"https:\/\/mula.es\/web\/wp-content\/uploads\/2026\/01\/encabezado_pparticipativos.png","datePublished":"2026-03-11T07:44:56+00:00","dateModified":"2026-03-11T08:40:32+00:00","breadcrumb":{"@id":"https:\/\/mula.es\/web\/presupuestos-participativos-2026\/seleccion-definitiva-propuestas-votacion\/#breadcrumb"},"inLanguage":"es","potentialAction":[{"@type":"ReadAction","target":["https:\/\/mula.es\/web\/presupuestos-participativos-2026\/seleccion-definitiva-propuestas-votacion\/"]}]},{"@type":"ImageObject","inLanguage":"es","@id":"https:\/\/mula.es\/web\/presupuestos-participativos-2026\/seleccion-definitiva-propuestas-votacion\/#primaryimage","url":"https:\/\/mula.es\/web\/wp-content\/uploads\/2026\/01\/encabezado_pparticipativos.png","contentUrl":"https:\/\/mula.es\/web\/wp-content\/uploads\/2026\/01\/encabezado_pparticipativos.png","width":2528,"height":670},{"@type":"BreadcrumbList","@id":"https:\/\/mula.es\/web\/presupuestos-participativos-2026\/seleccion-definitiva-propuestas-votacion\/#breadcrumb","itemListElement":[{"@type":"ListItem","position":1,"name":"Portada","item":"https:\/\/mula.es\/web\/"},{"@type":"ListItem","position":2,"name":"Presupuestos participativos 2026","item":"https:\/\/mula.es\/web\/presupuestos-participativos-2026\/"},{"@type":"ListItem","position":3,"name":"Selecci\u00f3n definitiva propuestas a votaci\u00f3n"}]},{"@type":"WebSite","@id":"https:\/\/mula.es\/web\/#website","url":"https:\/\/mula.es\/web\/","name":"Ayuntamiento de Mula","description":"P\u00e1gina web del Ayuntamiento de Mula (Regi\u00f3n de Murcia)","potentialAction":[{"@type":"SearchAction","target":{"@type":"EntryPoint","urlTemplate":"https:\/\/mula.es\/web\/?s={search_term_string}"},"query-input":{"@type":"PropertyValueSpecification","valueRequired":true,"valueName":"search_term_string"}}],"inLanguage":"es"}]}},"_hostinger_reach_plugin_has_subscription_block":false,"_hostinger_reach_plugin_is_elementor":false,"jetpack_sharing_enabled":true,"jetpack_shortlink":"https:\/\/wp.me\/Pa9DMY-fT5","jetpack-related-posts":[],"_links":{"self":[{"href":"https:\/\/mula.es\/web\/wp-json\/wp\/v2\/pages\/61075","targetHints":{"allow":["GET"]}}],"collection":[{"href":"https:\/\/mula.es\/web\/wp-json\/wp\/v2\/pages"}],"about":[{"href":"https:\/\/mula.es\/web\/wp-json\/wp\/v2\/types\/page"}],"author":[{"embeddable":true,"href":"https:\/\/mula.es\/web\/wp-json\/wp\/v2\/users\/1"}],"replies":[{"embeddable":true,"href":"https:\/\/mula.es\/web\/wp-json\/wp\/v2\/comments?post=61075"}],"version-history":[{"count":8,"href":"https:\/\/mula.es\/web\/wp-json\/wp\/v2\/pages\/61075\/revisions"}],"predecessor-version":[{"id":61084,"href":"https:\/\/mula.es\/web\/wp-json\/wp\/v2\/pages\/61075\/revisions\/61084"}],"up":[{"embeddable":true,"href":"https:\/\/mula.es\/web\/wp-json\/wp\/v2\/pages\/60685"}],"wp:featuredmedia":[{"embeddable":true,"href":"https:\/\/mula.es\/web\/wp-json\/wp\/v2\/media\/60700"}],"wp:attachment":[{"href":"https:\/\/mula.es\/web\/wp-json\/wp\/v2\/media?parent=61075"}],"curies":[{"name":"wp","href":"https:\/\/api.w.org\/{rel}","templated":true}]}}